{"id":7151,"date":"2024-05-14T09:50:58","date_gmt":"2024-05-14T09:50:58","guid":{"rendered":"https:\/\/thelatin.news\/sobre-nos\/"},"modified":"2024-06-08T20:21:00","modified_gmt":"2024-06-08T20:21:00","slug":"sobre-nos","status":"publish","type":"page","link":"https:\/\/thelatin.news\/pt-br\/sobre-nos\/","title":{"rendered":"Sobre n\u00f3s"},"content":{"rendered":"\t\t<div data-elementor-type=\"wp-page\" data-elementor-id=\"7151\" class=\"elementor elementor-7151 elementor-2\">\n\t\t\t\t<div class=\"elementor-element elementor-element-cecbabd e-flex e-con-boxed e-con e-parent\" data-id=\"cecbabd\" data-element_type=\"container\">\n\t\t\t\t\t<div class=\"e-con-inner\">\n\t\t<div class=\"elementor-element elementor-element-142e13d e-con-full e-flex e-con e-child\" data-id=\"142e13d\" data-element_type=\"container\">\n\t\t\t\t<div class=\"elementor-element elementor-element-fafdd90 elementor-widget elementor-widget-text-editor\" data-id=\"fafdd90\" data-element_type=\"widget\" data-widget_type=\"text-editor.default\">\n\t\t\t\t<div class=\"elementor-widget-container\">\n\t\t\t\t\t\t\t<h2>Sobre TheLatin.News\u2122<\/h2><p>TheLatin.News\u2122 agrega, publica e distribui not\u00edcias sobre Andorra, Fran\u00e7a, It\u00e1lia, Mold\u00e1via, Portugal, Rom\u00eania e Espanha. Os comunicados \u00e0 imprensa s\u00e3o publicados e distribu\u00eddos aos meios de comunica\u00e7\u00e3o em franc\u00eas, italiano, portugu\u00eas, espanhol e romeno &#8211; todos os idiomas com ra\u00edzes no latim. Para obter mais informa\u00e7\u00f5es sobre a distribui\u00e7\u00e3o de comunicados \u00e0 imprensa para esses pa\u00edses ou para toda a Europa, entre em contato com <a href=\"https:\/\/europenewswire.net\/\">EuropeNewswire.Net<\/a> ou fale conosco nos seguintes aplicativos de mensagens: <a href=\"https:\/\/api.whatsapp.com\/send\/?phone=18327162363&amp;text&amp;app_absent=0\">WhatsApp<\/a>, <a href=\"skype:groupwebmedia?chat\">Skype<\/a> ou <a href=\"https:\/\/t.me\/groupwebmedia\">Telegram<\/a>.<\/p><h2 style=\"margin: 15px 0;\">Sobre a influ\u00eancia latina na Europa<\/h2><h3><a href=\"https:\/\/thelatin.news\/the-role-of-france-italy-portugal-spain-and-romania-in-europe-a-comprehensive-overview\/\">O papel da Fran\u00e7a, It\u00e1lia, Portugal, Espanha e Rom\u00eania na Europa: Uma vis\u00e3o geral abrangente<\/a><\/h3><p>A Europa \u00e9 um continente rico em hist\u00f3ria, cultura e diversidade econ\u00f4mica, com cada pa\u00eds contribuindo de forma \u00fanica para a estrutura da Uni\u00e3o Europeia (UE). Fran\u00e7a, It\u00e1lia, Portugal, Espanha e Rom\u00eania s\u00e3o cinco dessas na\u00e7\u00f5es, cada uma desempenhando um papel fundamental no desenvolvimento e na sustenta\u00e7\u00e3o da integra\u00e7\u00e3o e da identidade europeias. Este ensaio examina as contribui\u00e7\u00f5es individuais desses pa\u00edses para o projeto europeu..<a href=\"https:\/\/thelatin.news\/the-role-of-france-italy-portugal-spain-and-romania-in-europe-a-comprehensive-overview\/\">.Leia mais<\/a><\/p><h3><a href=\"https:\/\/thelatin.news\/the-legacy-of-latin-tracing-the-romance-languages-in-europe-spain-portugal-italy-france-romania-andorra-and-moldova\/\">The Legacy of Latin: Tracing the Romance Languages in Europe (Espanha, Portugal, It\u00e1lia, Fran\u00e7a, Rom\u00eania, Andorra e Mold\u00e1via)<\/a><\/h3><p>O cen\u00e1rio lingu\u00edstico da Europa \u00e9 uma rica tape\u00e7aria, tecida com fios de origens e hist\u00f3rias diversas. Entre eles, os idiomas com ra\u00edzes no latim, conhecidos como idiomas rom\u00e2nicos, ocupam um lugar especial. Eles s\u00e3o o legado vivo do Imp\u00e9rio Romano, um testemunho da influ\u00eancia duradoura do latim, a l\u00edngua dos romanos..<a href=\"https:\/\/thelatin.news\/the-legacy-of-latin-tracing-the-romance-languages-in-europe-spain-portugal-italy-france-romania-andorra-and-moldova\/\">.Saiba mais<\/a><\/p>\t\t\t\t\t\t<\/div>\n\t\t\t\t<\/div>\n\t\t\t\t<\/div>\n\t\t<div class=\"elementor-element elementor-element-1525e39 e-con-full rb-sticky e-flex e-con e-child\" data-id=\"1525e39\" data-element_type=\"container\">\n\t\t\t\t<div class=\"elementor-element elementor-element-0495956 elementor-widget elementor-widget-foxiz-heading\" data-id=\"0495956\" data-element_type=\"widget\" data-widget_type=\"foxiz-heading.default\">\n\t\t\t\t<div class=\"elementor-widget-container\">\n\t\t\t<div id=\"uid_0495956\" class=\"block-h heading-layout-2\"><div class=\"heading-inner\"><h2 class=\"heading-title\"><span>\u00daltimas not\u00edcias<\/span><\/h2><\/div><\/div>\t\t<\/div>\n\t\t\t\t<\/div>\n\t\t\t\t<div class=\"elementor-element elementor-element-912eb7a elementor-widget elementor-widget-foxiz-list-small-2\" data-id=\"912eb7a\" data-element_type=\"widget\" data-widget_type=\"foxiz-list-small-2.default\">\n\t\t\t\t<div class=\"elementor-widget-container\">\n\t\t\t<div id=\"uid_912eb7a\" class=\"block-wrap block-small block-list block-list-small-2 rb-columns rb-col-1 is-feat-left meta-s-default\"><div class=\"block-inner\">\t\t<div class=\"p-wrap p-small p-list-small-2\" data-pid=\"16263\">\r\n\t\t\t<div class=\"p-content\">\r\n\t\t\t<h5 class=\"entry-title\">\t\t<a class=\"p-url\" href=\"https:\/\/thelatin.news\/pt-br\/sakura-e-air-europa-promovem-famtour-com-agentes-de-viagem-para-a-espanha\/\" rel=\"bookmark\">Sakura e Air Europa promovem famtour com agentes de viagem para a Espanha<\/a><\/h5>\t\t\t<div class=\"p-meta\">\r\n\t\t\t\t<div class=\"meta-inner is-meta\">\r\n\t\t\t\t\t<span class=\"meta-el meta-update\">\r\n\t\t<i class=\"rbi rbi-time\" aria-hidden=\"true\"><\/i>\t\t<time class=\"updated\" datetime=\"2024-12-20T03:10:13+00:00\">20 de dezembro de 2024<\/time>\r\n\t\t<\/span>\r\n\t\t\t\t\t\t<\/div>\r\n\t\t\t\t\t\t\t<\/div>\r\n\t\t\t\t<\/div>\r\n\t\t\t\t<\/div>\r\n\t\t\t<div class=\"p-wrap p-small p-list-small-2\" data-pid=\"15551\">\r\n\t\t\t<div class=\"p-content\">\r\n\t\t\t<h5 class=\"entry-title\">\t\t<a class=\"p-url\" href=\"https:\/\/thelatin.news\/pt-br\/putellas-lidera-viagem-da-espanha-a-lyon-para-quartas-das-olimpiadas\/\" rel=\"bookmark\">Putellas lidera viagem da Espanha a Lyon para quartas das Olimp\u00edadas<\/a><\/h5>\t\t\t<div class=\"p-meta\">\r\n\t\t\t\t<div class=\"meta-inner is-meta\">\r\n\t\t\t\t\t<span class=\"meta-el meta-update\">\r\n\t\t<i class=\"rbi rbi-time\" aria-hidden=\"true\"><\/i>\t\t<time class=\"updated\" datetime=\"2024-10-31T20:50:15+00:00\">31 de outubro de 2024<\/time>\r\n\t\t<\/span>\r\n\t\t\t\t\t\t<\/div>\r\n\t\t\t\t\t\t\t<\/div>\r\n\t\t\t\t<\/div>\r\n\t\t\t\t<\/div>\r\n\t\t\t<div class=\"p-wrap p-small p-list-small-2\" data-pid=\"15550\">\r\n\t\t\t<div class=\"p-content\">\r\n\t\t\t<h5 class=\"entry-title\">\t\t<a class=\"p-url\" href=\"https:\/\/thelatin.news\/pt-br\/real-madrid-anuncia-doacao-milionaria-para-as-vitimas-de-enchentes-na-espanha-itatiaia\/\" rel=\"bookmark\">Real Madrid anuncia doa\u00e7\u00e3o milion\u00e1ria para as v\u00edtimas de enchentes na Espanha &#8211; Itatiaia<\/a><\/h5>\t\t\t<div class=\"p-meta\">\r\n\t\t\t\t<div class=\"meta-inner is-meta\">\r\n\t\t\t\t\t<span class=\"meta-el meta-update\">\r\n\t\t<i class=\"rbi rbi-time\" aria-hidden=\"true\"><\/i>\t\t<time class=\"updated\" datetime=\"2024-10-31T20:40:08+00:00\">31 de outubro de 2024<\/time>\r\n\t\t<\/span>\r\n\t\t\t\t\t\t<\/div>\r\n\t\t\t\t\t\t\t<\/div>\r\n\t\t\t\t<\/div>\r\n\t\t\t\t<\/div>\r\n\t\t\t<div class=\"p-wrap p-small p-list-small-2\" data-pid=\"15365\">\r\n\t\t\t<div class=\"p-content\">\r\n\t\t\t<h5 class=\"entry-title\">\t\t<a class=\"p-url\" href=\"https:\/\/thelatin.news\/pt-br\/programa-oferece-r-92-mil-para-quem-quiser-trabalhar-home-office-na-espanha-aproveite\/\" rel=\"bookmark\">Programa oferece R$ 92 MIL para quem quiser trabalhar home office na Espanha: aproveite!<\/a><\/h5>\t\t\t<div class=\"p-meta\">\r\n\t\t\t\t<div class=\"meta-inner is-meta\">\r\n\t\t\t\t\t<span class=\"meta-el meta-update\">\r\n\t\t<i class=\"rbi rbi-time\" aria-hidden=\"true\"><\/i>\t\t<time class=\"updated\" datetime=\"2024-10-24T19:30:11+00:00\">24 de outubro de 2024<\/time>\r\n\t\t<\/span>\r\n\t\t\t\t\t\t<\/div>\r\n\t\t\t\t\t\t\t<\/div>\r\n\t\t\t\t<\/div>\r\n\t\t\t\t<\/div>\r\n\t\t\t<div class=\"p-wrap p-small p-list-small-2\" data-pid=\"15364\">\r\n\t\t\t<div class=\"p-content\">\r\n\t\t\t<h5 class=\"entry-title\">\t\t<a class=\"p-url\" href=\"https:\/\/thelatin.news\/pt-br\/academia-bello-centro-inicia-hoje-a-viagem-a-espanha\/\" rel=\"bookmark\">Academia Bello Centro inicia hoje a viagem \u00e0 Espanha<\/a><\/h5>\t\t\t<div class=\"p-meta\">\r\n\t\t\t\t<div class=\"meta-inner is-meta\">\r\n\t\t\t\t\t<span class=\"meta-el meta-update\">\r\n\t\t<i class=\"rbi rbi-time\" aria-hidden=\"true\"><\/i>\t\t<time class=\"updated\" datetime=\"2024-10-24T19:10:09+00:00\">24 de outubro de 2024<\/time>\r\n\t\t<\/span>\r\n\t\t\t\t\t\t<\/div>\r\n\t\t\t\t\t\t\t<\/div>\r\n\t\t\t\t<\/div>\r\n\t\t\t\t<\/div>\r\n\t<\/div><\/div>\t\t<\/div>\n\t\t\t\t<\/div>\n\t\t\t\t<\/div>\n\t\t\t\t\t<\/div>\n\t\t\t\t<\/div>\n\t\t\t\t<\/div>\n\t\t","protected":false},"excerpt":{"rendered":"<p>Sobre TheLatin.News\u2122 TheLatin.News\u2122 agrega, publica e distribui not\u00edcias sobre Andorra, Fran\u00e7a, It\u00e1lia, Mold\u00e1via, Portugal, Rom\u00eania e Espanha. Os comunicados \u00e0 imprensa s\u00e3o publicados e distribu\u00eddos aos meios de comunica\u00e7\u00e3o em franc\u00eas, italiano, portugu\u00eas, espanhol e romeno &#8211; todos os idiomas com ra\u00edzes no latim. Para obter mais informa\u00e7\u00f5es sobre a distribui\u00e7\u00e3o de comunicados \u00e0 imprensa [&hellip;]<\/p>\n","protected":false},"author":1,"featured_media":0,"parent":0,"menu_order":0,"comment_status":"closed","ping_status":"closed","template":"","meta":{"footnotes":""},"class_list":["post-7151","page","type-page","status-publish"],"_links":{"self":[{"href":"https:\/\/thelatin.news\/pt-br\/wp-json\/wp\/v2\/pages\/7151","targetHints":{"allow":["GET"]}}],"collection":[{"href":"https:\/\/thelatin.news\/pt-br\/wp-json\/wp\/v2\/pages"}],"about":[{"href":"https:\/\/thelatin.news\/pt-br\/wp-json\/wp\/v2\/types\/page"}],"author":[{"embeddable":true,"href":"https:\/\/thelatin.news\/pt-br\/wp-json\/wp\/v2\/users\/1"}],"replies":[{"embeddable":true,"href":"https:\/\/thelatin.news\/pt-br\/wp-json\/wp\/v2\/comments?post=7151"}],"version-history":[{"count":4,"href":"https:\/\/thelatin.news\/pt-br\/wp-json\/wp\/v2\/pages\/7151\/revisions"}],"predecessor-version":[{"id":10750,"href":"https:\/\/thelatin.news\/pt-br\/wp-json\/wp\/v2\/pages\/7151\/revisions\/10750"}],"wp:attachment":[{"href":"https:\/\/thelatin.news\/pt-br\/wp-json\/wp\/v2\/media?parent=7151"}],"curies":[{"name":"wp","href":"https:\/\/api.w.org\/{rel}","templated":true}]}}