{"id":10026,"date":"2022-10-07T06:42:36","date_gmt":"2022-10-07T06:42:36","guid":{"rendered":"https:\/\/thelatin.news\/casa\/"},"modified":"2024-06-09T06:17:41","modified_gmt":"2024-06-09T06:17:41","slug":"casa","status":"publish","type":"page","link":"https:\/\/thelatin.news\/it\/","title":{"rendered":"Casa"},"content":{"rendered":"\t\t<div data-elementor-type=\"wp-page\" data-elementor-id=\"10026\" class=\"elementor elementor-10026 elementor-2173\">\n\t\t\t\t\t\t<section class=\"elementor-section elementor-top-section elementor-element elementor-element-b326d4c elementor-section-boxed elementor-section-height-default elementor-section-height-default\" data-id=\"b326d4c\" data-element_type=\"section\">\n\t\t\t\t\t\t<div class=\"elementor-container elementor-column-gap-custom\">\n\t\t\t\t\t<div class=\"elementor-column elementor-col-66 elementor-top-column elementor-element elementor-element-3f01a73\" data-id=\"3f01a73\" data-element_type=\"column\">\n\t\t\t<div class=\"elementor-widget-wrap elementor-element-populated\">\n\t\t\t\t\t\t<div class=\"elementor-element elementor-element-8893f7b elementor-widget elementor-widget-foxiz-overlay-1\" data-id=\"8893f7b\" data-element_type=\"widget\" data-widget_type=\"foxiz-overlay-1.default\">\n\t\t\t\t<div class=\"elementor-widget-container\">\n\t\t\t<div id=\"uid_8893f7b\" class=\"block-wrap block-overlay overlay-1 light-overlay-scheme p-gradient rb-tcol-1 rb-mcol-1 ecat-bg-4 ecat-size-big meta-s-default\"><div class=\"block-inner\">\t\t\t<div class=\"post-slider swiper-container pre-load\"  data-play=\"1\" data-speed=\"5000\">\r\n\t\t\t\t<div class=\"swiper-wrapper\">\r\n\t\t\t\t\t\t\t<div class=\"p-wrap p-highlight p-overlay-1 swiper-slide\" data-pid=\"21543\">\r\n\t\t\t<div class=\"overlay-holder\">\r\n\t\t\t\t\t<div class=\"p-featured\">\r\n\t\t\t\t\t<a class=\"p-flink\" href=\"https:\/\/thelatin.news\/it\/navigare-nellecosistema-dellinformazione-con-presse-kompass-live\/\" title=\"Navigare nell\u2019ecosistema dell\u2019informazione con Presse Kompass Live\">\r\n\t\t\t<img loading=\"lazy\" decoding=\"async\" width=\"860\" height=\"373\" src=\"https:\/\/thelatin.news\/wp-content\/uploads\/2026\/04\/Navigating-the-Information-Ecosystem-with-Presse-Kompass-Live-860x373.jpeg\" class=\"featured-img wp-post-image\" alt=\"\" loading=\"lazy\" \/>\t\t<\/a>\r\n\t\t\t\t<\/div>\r\n\t\t\t\t<div class=\"overlay-wrap\">\r\n\t\t\t\t<div class=\"overlay-inner p-content overlay-text\">\r\n\t\t\t\t\t<div class=\"p-categories p-top\"><a class=\"p-category category-id-3261\" href=\"https:\/\/thelatin.news\/it\/category\/press-relesaes-it\/\" rel=\"category\">Comunicati stampa<\/a><a class=\"p-category category-id-3246\" href=\"https:\/\/thelatin.news\/it\/category\/europe-it\/\" rel=\"category\">Europa<\/a><a class=\"p-category category-id-78\" href=\"https:\/\/thelatin.news\/category\/europe\/\" rel=\"category\">Europe<\/a><a class=\"p-category category-id-79\" href=\"https:\/\/thelatin.news\/category\/press-relesaes\/\" rel=\"category\">Press relesaes<\/a><\/div><h2 class=\"entry-title\">\t\t<a class=\"p-url\" href=\"https:\/\/thelatin.news\/it\/navigare-nellecosistema-dellinformazione-con-presse-kompass-live\/\" rel=\"bookmark\">Navigare nell\u2019ecosistema dell\u2019informazione con Presse Kompass Live<\/a><\/h2><p class=\"entry-summary\">La visione strategica: il tuo vero nord nei media DACH Benvenuto su Presse Kompass Live, la principale piattaforma di intelligence e aggregazione di notizie progettata specificamente per la regione DACH&hellip;<\/p>\r\n\t\t\t\t\t\t<div class=\"p-meta\">\r\n\t\t\t\t<div class=\"meta-inner is-meta\">\r\n\t\t\t\t\t<span class=\"meta-el meta-author\">\r\n\t\t\t\t\t<span class=\"meta-label\">By<\/span>\r\n\t\t\t\t<a href=\"https:\/\/thelatin.news\/it\/author\/admin\/\">Newsroom<\/a>\r\n\t\t\t\t<\/span>\r\n\t\t<span class=\"meta-el meta-date\">\r\n\t\t<i class=\"rbi rbi-clock\" aria-hidden=\"true\"><\/i>\t\t<time class=\"date published\" datetime=\"2026-04-21T15:49:51+00:00\">21 Aprile 2026<\/time>\r\n\t\t<\/span>\t\t<span class=\"meta-el meta-read\"><i class=\"rbi rbi-watch\" aria-hidden=\"true\"><\/i>4 Min Read<\/span>\r\n\t\t\t\t\t\t<\/div>\r\n\t\t\t\t\t\t\t<\/div>\r\n\t\t\t\t\t\t<\/div>\r\n\t\t\t<\/div>\r\n\t\t<\/div>\r\n\t\t\t\t<\/div>\r\n\t\t\t<div class=\"p-wrap p-highlight p-overlay-1 swiper-slide\" data-pid=\"21471\">\r\n\t\t\t<div class=\"overlay-holder\">\r\n\t\t\t\t\t<div class=\"p-featured\">\r\n\t\t\t\t\t<a class=\"p-flink\" href=\"https:\/\/thelatin.news\/it\/il-catalizzatore-dellinnovazione-come-la-distribuzione-dei-comunicati-stampa-alimenta-la-crescita-nella-regione-dach\/\" title=\"Il catalizzatore dell\u2019innovazione: come la distribuzione dei comunicati stampa alimenta la crescita nella regione DACH\">\r\n\t\t\t<img loading=\"lazy\" decoding=\"async\" width=\"860\" height=\"399\" src=\"https:\/\/thelatin.news\/wp-content\/uploads\/2026\/04\/The-Catalyst-of-Innovation-How-Press-Release-Distribution-Fuels-Growth-in-the-DACH-Region-860x399.jpeg\" class=\"featured-img wp-post-image\" alt=\"\" loading=\"lazy\" \/>\t\t<\/a>\r\n\t\t\t\t<\/div>\r\n\t\t\t\t<div class=\"overlay-wrap\">\r\n\t\t\t\t<div class=\"overlay-inner p-content overlay-text\">\r\n\t\t\t\t\t<div class=\"p-categories p-top\"><a class=\"p-category category-id-3261\" href=\"https:\/\/thelatin.news\/it\/category\/press-relesaes-it\/\" rel=\"category\">Comunicati stampa<\/a><a class=\"p-category category-id-3246\" href=\"https:\/\/thelatin.news\/it\/category\/europe-it\/\" rel=\"category\">Europa<\/a><a class=\"p-category category-id-78\" href=\"https:\/\/thelatin.news\/category\/europe\/\" rel=\"category\">Europe<\/a><a class=\"p-category category-id-79\" href=\"https:\/\/thelatin.news\/category\/press-relesaes\/\" rel=\"category\">Press relesaes<\/a><\/div><h2 class=\"entry-title\">\t\t<a class=\"p-url\" href=\"https:\/\/thelatin.news\/it\/il-catalizzatore-dellinnovazione-come-la-distribuzione-dei-comunicati-stampa-alimenta-la-crescita-nella-regione-dach\/\" rel=\"bookmark\">Il catalizzatore dell\u2019innovazione: come la distribuzione dei comunicati stampa alimenta la crescita nella regione DACH<\/a><\/h2><p class=\"entry-summary\">La regione DACH\u2014comprendente Germania (D), Austria (A) e Svizzera (CH)\u2014rappresenta il motore economico dell\u2019Europa. Caratterizzata da una produzione industriale senza pari, da una forza lavoro altamente qualificata e da una&hellip;<\/p>\r\n\t\t\t\t\t\t<div class=\"p-meta\">\r\n\t\t\t\t<div class=\"meta-inner is-meta\">\r\n\t\t\t\t\t<span class=\"meta-el meta-author\">\r\n\t\t\t\t\t<span class=\"meta-label\">By<\/span>\r\n\t\t\t\t<a href=\"https:\/\/thelatin.news\/it\/author\/admin\/\">Newsroom<\/a>\r\n\t\t\t\t<\/span>\r\n\t\t<span class=\"meta-el meta-date\">\r\n\t\t<i class=\"rbi rbi-clock\" aria-hidden=\"true\"><\/i>\t\t<time class=\"date published\" datetime=\"2026-04-14T18:03:27+00:00\">14 Aprile 2026<\/time>\r\n\t\t<\/span>\t\t<span class=\"meta-el meta-read\"><i class=\"rbi rbi-watch\" aria-hidden=\"true\"><\/i>17 Min Read<\/span>\r\n\t\t\t\t\t\t<\/div>\r\n\t\t\t\t\t\t\t<\/div>\r\n\t\t\t\t\t\t<\/div>\r\n\t\t\t<\/div>\r\n\t\t<\/div>\r\n\t\t\t\t<\/div>\r\n\t\t\t<div class=\"p-wrap p-highlight p-overlay-1 swiper-slide\" data-pid=\"21425\">\r\n\t\t\t<div class=\"overlay-holder\">\r\n\t\t\t\t\t<div class=\"p-featured\">\r\n\t\t\t\t\t<a class=\"p-flink\" href=\"https:\/\/thelatin.news\/it\/pr-multilingue-nella-regione-dach-vantaggi-dei-comunicati-stampa-localizzati\/\" title=\"PR multilingue nella regione DACH: vantaggi dei comunicati stampa localizzati\">\r\n\t\t\t<img loading=\"lazy\" decoding=\"async\" width=\"860\" height=\"427\" src=\"https:\/\/thelatin.news\/wp-content\/uploads\/2026\/04\/Multilingual-PR-in-the-DACH-Region-Benefits-of-Localized-Press-Releases--860x427.jpeg\" class=\"featured-img wp-post-image\" alt=\"\" loading=\"lazy\" \/>\t\t<\/a>\r\n\t\t\t\t<\/div>\r\n\t\t\t\t<div class=\"overlay-wrap\">\r\n\t\t\t\t<div class=\"overlay-inner p-content overlay-text\">\r\n\t\t\t\t\t<div class=\"p-categories p-top\"><a class=\"p-category category-id-3261\" href=\"https:\/\/thelatin.news\/it\/category\/press-relesaes-it\/\" rel=\"category\">Comunicati stampa<\/a><a class=\"p-category category-id-3246\" href=\"https:\/\/thelatin.news\/it\/category\/europe-it\/\" rel=\"category\">Europa<\/a><a class=\"p-category category-id-78\" href=\"https:\/\/thelatin.news\/category\/europe\/\" rel=\"category\">Europe<\/a><a class=\"p-category category-id-79\" href=\"https:\/\/thelatin.news\/category\/press-relesaes\/\" rel=\"category\">Press relesaes<\/a><\/div><h2 class=\"entry-title\">\t\t<a class=\"p-url\" href=\"https:\/\/thelatin.news\/it\/pr-multilingue-nella-regione-dach-vantaggi-dei-comunicati-stampa-localizzati\/\" rel=\"bookmark\">PR multilingue nella regione DACH: vantaggi dei comunicati stampa localizzati<\/a><\/h2><p class=\"entry-summary\">La regione DACH, che comprende Germania (DE), Austria (AT) e Svizzera (CH), rappresenta uno dei mercati pi\u00f9 solidi dal punto di vista economico e pi\u00f9 diversificati linguisticamente in Europa. Per&hellip;<\/p>\r\n\t\t\t\t\t\t<div class=\"p-meta\">\r\n\t\t\t\t<div class=\"meta-inner is-meta\">\r\n\t\t\t\t\t<span class=\"meta-el meta-author\">\r\n\t\t\t\t\t<span class=\"meta-label\">By<\/span>\r\n\t\t\t\t<a href=\"https:\/\/thelatin.news\/it\/author\/admin\/\">Newsroom<\/a>\r\n\t\t\t\t<\/span>\r\n\t\t<span class=\"meta-el meta-date\">\r\n\t\t<i class=\"rbi rbi-clock\" aria-hidden=\"true\"><\/i>\t\t<time class=\"date published\" datetime=\"2026-04-10T09:05:10+00:00\">10 Aprile 2026<\/time>\r\n\t\t<\/span>\t\t<span class=\"meta-el meta-read\"><i class=\"rbi rbi-watch\" aria-hidden=\"true\"><\/i>4 Min Read<\/span>\r\n\t\t\t\t\t\t<\/div>\r\n\t\t\t\t\t\t\t<\/div>\r\n\t\t\t\t\t\t<\/div>\r\n\t\t\t<\/div>\r\n\t\t<\/div>\r\n\t\t\t\t<\/div>\r\n\t\t\t<div class=\"p-wrap p-highlight p-overlay-1 swiper-slide\" data-pid=\"21347\">\r\n\t\t\t<div class=\"overlay-holder\">\r\n\t\t\t\t\t<div class=\"p-featured\">\r\n\t\t\t\t\t<a class=\"p-flink\" href=\"https:\/\/thelatin.news\/it\/leffetto-catalizzatore-come-la-diffusione-dei-comunicati-stampa-influenza-i-pilastri-economici-della-sicilia-per-il-2026\/\" title=\"L\u2019effetto catalizzatore: come la diffusione dei comunicati stampa influenza i pilastri economici della Sicilia per il 2026.\">\r\n\t\t\t<img loading=\"lazy\" decoding=\"async\" width=\"860\" height=\"469\" src=\"https:\/\/thelatin.news\/wp-content\/uploads\/2026\/04\/Sicilia-Focus-PR-Distribution-as-a-Catalyst-in-ITALIAN-1024x559-860x469.png\" class=\"featured-img wp-post-image\" alt=\"\" loading=\"lazy\" \/>\t\t<\/a>\r\n\t\t\t\t<\/div>\r\n\t\t\t\t<div class=\"overlay-wrap\">\r\n\t\t\t\t<div class=\"overlay-inner p-content overlay-text\">\r\n\t\t\t\t\t<div class=\"p-categories p-top\"><a class=\"p-category category-id-3261\" href=\"https:\/\/thelatin.news\/it\/category\/press-relesaes-it\/\" rel=\"category\">Comunicati stampa<\/a><a class=\"p-category category-id-3246\" href=\"https:\/\/thelatin.news\/it\/category\/europe-it\/\" rel=\"category\">Europa<\/a><a class=\"p-category category-id-78\" href=\"https:\/\/thelatin.news\/category\/europe\/\" rel=\"category\">Europe<\/a><a class=\"p-category category-id-79\" href=\"https:\/\/thelatin.news\/category\/press-relesaes\/\" rel=\"category\">Press relesaes<\/a><\/div><h2 class=\"entry-title\">\t\t<a class=\"p-url\" href=\"https:\/\/thelatin.news\/it\/leffetto-catalizzatore-come-la-diffusione-dei-comunicati-stampa-influenza-i-pilastri-economici-della-sicilia-per-il-2026\/\" rel=\"bookmark\">L\u2019effetto catalizzatore: come la diffusione dei comunicati stampa influenza i pilastri economici della Sicilia per il 2026.<\/a><\/h2><p class=\"entry-summary\">L\u2019anno \u00e8 il 2026 e il panorama mediterraneo non \u00e8 pi\u00f9 definito solo dalla sua storia, ma dai suoi dati, dalla sua energia e dalla sua velocit\u00e0 tecnologica. In questo&hellip;<\/p>\r\n\t\t\t\t\t\t<div class=\"p-meta\">\r\n\t\t\t\t<div class=\"meta-inner is-meta\">\r\n\t\t\t\t\t<span class=\"meta-el meta-author\">\r\n\t\t\t\t\t<span class=\"meta-label\">By<\/span>\r\n\t\t\t\t<a href=\"https:\/\/thelatin.news\/it\/author\/admin\/\">Newsroom<\/a>\r\n\t\t\t\t<\/span>\r\n\t\t<span class=\"meta-el meta-date\">\r\n\t\t<i class=\"rbi rbi-clock\" aria-hidden=\"true\"><\/i>\t\t<time class=\"date published\" datetime=\"2026-04-01T17:05:58+00:00\">1 Aprile 2026<\/time>\r\n\t\t<\/span>\t\t<span class=\"meta-el meta-read\"><i class=\"rbi rbi-watch\" aria-hidden=\"true\"><\/i>5 Min Read<\/span>\r\n\t\t\t\t\t\t<\/div>\r\n\t\t\t\t\t\t\t<\/div>\r\n\t\t\t\t\t\t<\/div>\r\n\t\t\t<\/div>\r\n\t\t<\/div>\r\n\t\t\t\t<\/div>\r\n\t\t\t\t\t<\/div>\r\n\t\t\t\t\t\t\t\t\t<div class=\"slider-pagination slider-pagination-top\"><\/div>\r\n\t\t\t\t\t\t\t\t\t<div class=\"slider-prev rbi rbi-cleft\"><\/div>\r\n\t\t\t\t\t<div class=\"slider-next rbi rbi-cright\"><\/div>\r\n\t\t\t\t\t\t\t<\/div>\r\n\t\t<\/div><\/div>\t\t<\/div>\n\t\t\t\t<\/div>\n\t\t\t\t<div class=\"elementor-element elementor-element-ec35443 elementor-widget elementor-widget-foxiz-heading\" data-id=\"ec35443\" data-element_type=\"widget\" data-widget_type=\"foxiz-heading.default\">\n\t\t\t\t<div class=\"elementor-widget-container\">\n\t\t\t<div id=\"uid_ec35443\" class=\"block-h heading-layout-10\"><div class=\"heading-inner\"><h4 class=\"heading-title\"><span>Ultime notizie dal mondo latino<\/span><\/h4><\/div><\/div>\t\t<\/div>\n\t\t\t\t<\/div>\n\t\t\t\t<div class=\"elementor-element elementor-element-e9b8b62 elementor-widget elementor-widget-foxiz-list-1\" data-id=\"e9b8b62\" data-element_type=\"widget\" data-widget_type=\"foxiz-list-1.default\">\n\t\t\t\t<div class=\"elementor-widget-container\">\n\t\t\t<div id=\"uid_e9b8b62\" class=\"block-wrap block-big block-list block-list-1 rb-columns rb-col-1 rb-tcol-1 rb-mcol-1 hovering-bw-invert bottom-border is-b-border-gray no-last-bb p-vtop ecat-bg-4 is-feat-left meta-s-default\"><\/div>\t\t<\/div>\n\t\t\t\t<\/div>\n\t\t\t\t<div class=\"elementor-element elementor-element-67a9572 elementor-widget elementor-widget-foxiz-list-small-1\" data-id=\"67a9572\" data-element_type=\"widget\" data-widget_type=\"foxiz-list-small-1.default\">\n\t\t\t\t<div class=\"elementor-widget-container\">\n\t\t\t<div id=\"uid_67a9572\" class=\"block-wrap block-small block-list block-list-small-1 rb-columns rb-col-3 rb-tcol-3 rb-mcol-1 is-gap-custom col-border is-border-gray bottom-border is-b-border-gray no-last-bb ecat-bg-4 meta-s-default\"><\/div>\t\t<\/div>\n\t\t\t\t<\/div>\n\t\t\t\t\t<\/div>\n\t\t<\/div>\n\t\t\t\t<div class=\"elementor-column elementor-col-33 elementor-top-column elementor-element elementor-element-ed12735 rb-sticky\" data-id=\"ed12735\" data-element_type=\"column\">\n\t\t\t<div class=\"elementor-widget-wrap elementor-element-populated\">\n\t\t\t\t\t\t<div class=\"elementor-element elementor-element-d09111e elementor-widget elementor-widget-foxiz-heading\" data-id=\"d09111e\" data-element_type=\"widget\" data-widget_type=\"foxiz-heading.default\">\n\t\t\t\t<div class=\"elementor-widget-container\">\n\t\t\t<div id=\"uid_d09111e\" class=\"block-h heading-layout-2\"><div class=\"heading-inner\"><h4 class=\"heading-title\"><a href=\"https:\/\/foxiz.themeruby.com\/time\/my-bookmarks\/\">Solo per te<\/a><\/h4><\/div><\/div>\t\t<\/div>\n\t\t\t\t<\/div>\n\t\t\t\t<div class=\"elementor-element elementor-element-f321c4d elementor-widget elementor-widget-foxiz-grid-1\" data-id=\"f321c4d\" data-element_type=\"widget\" data-widget_type=\"foxiz-grid-1.default\">\n\t\t\t\t<div class=\"elementor-widget-container\">\n\t\t\t<div id=\"uid_f321c4d\" class=\"block-wrap block-grid block-grid-1 rb-columns rb-col-2 rb-tcol-1 rb-mcol-1 is-gap-custom col-border is-border-gray bottom-border is-b-border-gray no-last-bb ecat-bg-4 meta-s-default\"><div class=\"block-inner\">\t\t<div class=\"p-wrap p-grid p-grid-1\" data-pid=\"21270\">\r\n\t\t\t\t<div class=\"feat-holder overlay-text\">\r\n\t\t\t\t\t\t<div class=\"p-featured\">\r\n\t\t\t\t\t<a class=\"p-flink\" href=\"https:\/\/thelatin.news\/it\/italia-prisma-portale-di-notizie-italiano-e-distribuzione-di-comunicati-stampa-aziendali\/\" title=\"Italia Prisma: Portale di Notizie Italiano e Distribuzione di Comunicati Stampa Aziendali\">\r\n\t\t\t<img loading=\"lazy\" decoding=\"async\" width=\"420\" height=\"280\" src=\"https:\/\/thelatin.news\/wp-content\/uploads\/2026\/03\/About-Us-Italia-Prisma-Infographic1-1024x559-420x280.png\" class=\"featured-img wp-post-image\" alt=\"\" loading=\"lazy\" \/>\t\t<\/a>\r\n\t\t\t\t<\/div>\r\n\t<div class=\"p-categories p-top\"><a class=\"p-category category-id-3261\" href=\"https:\/\/thelatin.news\/it\/category\/press-relesaes-it\/\" rel=\"category\">Comunicati stampa<\/a><a class=\"p-category category-id-3246\" href=\"https:\/\/thelatin.news\/it\/category\/europe-it\/\" rel=\"category\">Europa<\/a><a class=\"p-category category-id-78\" href=\"https:\/\/thelatin.news\/category\/europe\/\" rel=\"category\">Europe<\/a><a class=\"p-category category-id-79\" href=\"https:\/\/thelatin.news\/category\/press-relesaes\/\" rel=\"category\">Press relesaes<\/a><\/div>\t\t\t<\/div>\r\n\t\t<h4 class=\"entry-title\">\t\t<a class=\"p-url\" href=\"https:\/\/thelatin.news\/it\/italia-prisma-portale-di-notizie-italiano-e-distribuzione-di-comunicati-stampa-aziendali\/\" rel=\"bookmark\">Italia Prisma: Portale di Notizie Italiano e Distribuzione di Comunicati Stampa Aziendali<\/a><\/h4>\t\t\t<div class=\"p-meta has-bookmark\">\r\n\t\t\t\t<div class=\"meta-inner is-meta\">\r\n\t\t\t\t\t\t\t<span class=\"meta-el meta-read\"><i class=\"rbi rbi-watch\" aria-hidden=\"true\"><\/i>14 Min Read<\/span>\r\n\t\t\t\t\t\t<\/div>\r\n\t\t\t\t<span class=\"rb-bookmark bookmark-trigger\" data-pid=\"21270\"><\/span>\t\t\t<\/div>\r\n\t\t\t\t<\/div>\r\n\t\t\t<div class=\"p-wrap p-grid p-grid-1\" data-pid=\"21276\">\r\n\t\t\t\t<div class=\"feat-holder overlay-text\">\r\n\t\t\t\t\t\t<div class=\"p-featured\">\r\n\t\t\t\t\t<a class=\"p-flink\" href=\"https:\/\/thelatin.news\/it\/rifrangere-lo-spettro-del-successo-aziendale-il-ruolo-essenziale-della-distribuzione-strategica-di-comunicati-stampa-in-italia-e-in-europa\/\" title=\"Rifrangere lo Spettro del Successo Aziendale: Il Ruolo Essenziale della Distribuzione Strategica di Comunicati Stampa in Italia e in Europa\">\r\n\t\t\t<img loading=\"lazy\" decoding=\"async\" width=\"420\" height=\"280\" src=\"https:\/\/thelatin.news\/wp-content\/uploads\/2026\/03\/Refracting-the-Spectrum-of-Business-Success1-1024x559-420x280.png\" class=\"featured-img wp-post-image\" alt=\"\" loading=\"lazy\" \/>\t\t<\/a>\r\n\t\t\t\t<\/div>\r\n\t<div class=\"p-categories p-top\"><a class=\"p-category category-id-3261\" href=\"https:\/\/thelatin.news\/it\/category\/press-relesaes-it\/\" rel=\"category\">Comunicati stampa<\/a><a class=\"p-category category-id-3246\" href=\"https:\/\/thelatin.news\/it\/category\/europe-it\/\" rel=\"category\">Europa<\/a><a class=\"p-category category-id-78\" href=\"https:\/\/thelatin.news\/category\/europe\/\" rel=\"category\">Europe<\/a><a class=\"p-category category-id-79\" href=\"https:\/\/thelatin.news\/category\/press-relesaes\/\" rel=\"category\">Press relesaes<\/a><\/div>\t\t\t<\/div>\r\n\t\t<h4 class=\"entry-title\">\t\t<a class=\"p-url\" href=\"https:\/\/thelatin.news\/it\/rifrangere-lo-spettro-del-successo-aziendale-il-ruolo-essenziale-della-distribuzione-strategica-di-comunicati-stampa-in-italia-e-in-europa\/\" rel=\"bookmark\">Rifrangere lo Spettro del Successo Aziendale: Il Ruolo Essenziale della Distribuzione Strategica di Comunicati Stampa in Italia e in Europa<\/a><\/h4>\t\t\t<div class=\"p-meta has-bookmark\">\r\n\t\t\t\t<div class=\"meta-inner is-meta\">\r\n\t\t\t\t\t\t\t<span class=\"meta-el meta-read\"><i class=\"rbi rbi-watch\" aria-hidden=\"true\"><\/i>9 Min Read<\/span>\r\n\t\t\t\t\t\t<\/div>\r\n\t\t\t\t<span class=\"rb-bookmark bookmark-trigger\" data-pid=\"21276\"><\/span>\t\t\t<\/div>\r\n\t\t\t\t<\/div>\r\n\t\t\t<div class=\"p-wrap p-grid p-grid-1\" data-pid=\"21224\">\r\n\t\t\t\t<div class=\"feat-holder overlay-text\">\r\n\t\t\t\t\t\t<div class=\"p-featured\">\r\n\t\t\t\t\t<a class=\"p-flink\" href=\"https:\/\/thelatin.news\/it\/italia-oggi-24-notizie-dallitalia-business-finanza-e-distribuzione-di-comunicati-stampa\/\" title=\"Italia Oggi 24 | Notizie dall\u2019Italia, Business, Finanza e Distribuzione di Comunicati Stampa\">\r\n\t\t\t<img loading=\"lazy\" decoding=\"async\" width=\"420\" height=\"280\" src=\"https:\/\/thelatin.news\/wp-content\/uploads\/2026\/03\/About-Us-Infographic-ITALIAN-1-1024x559-420x280.png\" class=\"featured-img wp-post-image\" alt=\"\" loading=\"lazy\" \/>\t\t<\/a>\r\n\t\t\t\t<\/div>\r\n\t<div class=\"p-categories p-top\"><a class=\"p-category category-id-3261\" href=\"https:\/\/thelatin.news\/it\/category\/press-relesaes-it\/\" rel=\"category\">Comunicati stampa<\/a><a class=\"p-category category-id-3246\" href=\"https:\/\/thelatin.news\/it\/category\/europe-it\/\" rel=\"category\">Europa<\/a><a class=\"p-category category-id-78\" href=\"https:\/\/thelatin.news\/category\/europe\/\" rel=\"category\">Europe<\/a><a class=\"p-category category-id-79\" href=\"https:\/\/thelatin.news\/category\/press-relesaes\/\" rel=\"category\">Press relesaes<\/a><\/div>\t\t\t<\/div>\r\n\t\t<h4 class=\"entry-title\">\t\t<a class=\"p-url\" href=\"https:\/\/thelatin.news\/it\/italia-oggi-24-notizie-dallitalia-business-finanza-e-distribuzione-di-comunicati-stampa\/\" rel=\"bookmark\">Italia Oggi 24 | Notizie dall\u2019Italia, Business, Finanza e Distribuzione di Comunicati Stampa<\/a><\/h4>\t\t\t<div class=\"p-meta has-bookmark\">\r\n\t\t\t\t<div class=\"meta-inner is-meta\">\r\n\t\t\t\t\t\t\t<span class=\"meta-el meta-read\"><i class=\"rbi rbi-watch\" aria-hidden=\"true\"><\/i>6 Min Read<\/span>\r\n\t\t\t\t\t\t<\/div>\r\n\t\t\t\t<span class=\"rb-bookmark bookmark-trigger\" data-pid=\"21224\"><\/span>\t\t\t<\/div>\r\n\t\t\t\t<\/div>\r\n\t\t\t<div class=\"p-wrap p-grid p-grid-1\" data-pid=\"21230\">\r\n\t\t\t\t<div class=\"feat-holder overlay-text\">\r\n\t\t\t\t\t\t<div class=\"p-featured\">\r\n\t\t\t\t\t<a class=\"p-flink\" href=\"https:\/\/thelatin.news\/it\/come-padroneggiare-le-pr-in-italia-differenziare-la-scrittura-e-la-distribuzione-dei-comunicati-stampa\/\" title=\"Come Padroneggiare le PR in Italia: Differenziare la Scrittura e la Distribuzione dei Comunicati Stampa\">\r\n\t\t\t<img loading=\"lazy\" decoding=\"async\" width=\"420\" height=\"280\" src=\"https:\/\/thelatin.news\/wp-content\/uploads\/2026\/03\/How-to-Master-PR-Italy-ITALIAN-1024x559-420x280.png\" class=\"featured-img wp-post-image\" alt=\"\" loading=\"lazy\" \/>\t\t<\/a>\r\n\t\t\t\t<\/div>\r\n\t<div class=\"p-categories p-top\"><a class=\"p-category category-id-3261\" href=\"https:\/\/thelatin.news\/it\/category\/press-relesaes-it\/\" rel=\"category\">Comunicati stampa<\/a><a class=\"p-category category-id-3246\" href=\"https:\/\/thelatin.news\/it\/category\/europe-it\/\" rel=\"category\">Europa<\/a><a class=\"p-category category-id-78\" href=\"https:\/\/thelatin.news\/category\/europe\/\" rel=\"category\">Europe<\/a><a class=\"p-category category-id-79\" href=\"https:\/\/thelatin.news\/category\/press-relesaes\/\" rel=\"category\">Press relesaes<\/a><\/div>\t\t\t<\/div>\r\n\t\t<h4 class=\"entry-title\">\t\t<a class=\"p-url\" href=\"https:\/\/thelatin.news\/it\/come-padroneggiare-le-pr-in-italia-differenziare-la-scrittura-e-la-distribuzione-dei-comunicati-stampa\/\" rel=\"bookmark\">Come Padroneggiare le PR in Italia: Differenziare la Scrittura e la Distribuzione dei Comunicati Stampa<\/a><\/h4>\t\t\t<div class=\"p-meta has-bookmark\">\r\n\t\t\t\t<div class=\"meta-inner is-meta\">\r\n\t\t\t\t\t\t\t<span class=\"meta-el meta-read\"><i class=\"rbi rbi-watch\" aria-hidden=\"true\"><\/i>5 Min Read<\/span>\r\n\t\t\t\t\t\t<\/div>\r\n\t\t\t\t<span class=\"rb-bookmark bookmark-trigger\" data-pid=\"21230\"><\/span>\t\t\t<\/div>\r\n\t\t\t\t<\/div>\r\n\t<\/div><\/div>\t\t<\/div>\n\t\t\t\t<\/div>\n\t\t\t\t\t<\/div>\n\t\t<\/div>\n\t\t\t\t\t<\/div>\n\t\t<\/section>\n\t\t\t\t<section class=\"elementor-section elementor-top-section elementor-element elementor-element-f1ae7a2 elementor-section-boxed elementor-section-height-default elementor-section-height-default\" data-id=\"f1ae7a2\" data-element_type=\"section\">\n\t\t\t\t\t\t<div class=\"elementor-container elementor-column-gap-custom\">\n\t\t\t\t\t<div class=\"elementor-column elementor-col-100 elementor-top-column elementor-element elementor-element-674dd92\" data-id=\"674dd92\" data-element_type=\"column\">\n\t\t\t<div class=\"elementor-widget-wrap elementor-element-populated\">\n\t\t\t\t\t\t<section class=\"elementor-section elementor-inner-section elementor-element elementor-element-8532d07 elementor-section-full_width elementor-section-height-default elementor-section-height-default\" data-id=\"8532d07\" data-element_type=\"section\">\n\t\t\t\t\t\t<div class=\"elementor-container elementor-column-gap-custom\">\n\t\t\t\t\t<div class=\"elementor-column elementor-col-100 elementor-inner-column elementor-element elementor-element-3bba3ff\" data-id=\"3bba3ff\" data-element_type=\"column\" data-settings=\"{&quot;background_background&quot;:&quot;classic&quot;}\">\n\t\t\t<div class=\"elementor-widget-wrap elementor-element-populated\">\n\t\t\t\t\t\t<div class=\"elementor-element elementor-element-0a662e8 elementor-widget elementor-widget-foxiz-heading\" data-id=\"0a662e8\" data-element_type=\"widget\" data-widget_type=\"foxiz-heading.default\">\n\t\t\t\t<div class=\"elementor-widget-container\">\n\t\t\t<div id=\"uid_0a662e8\" class=\"block-h heading-layout-2\"><div class=\"heading-inner\"><h4 class=\"heading-title\"><a href=\"https:\/\/thelatin.news\/it\/category\/news-it\/tecnologia\/\">Tecnologia<\/a><\/h4><div class=\"heading-tagline h6\"><a class=\"heading-tagline-label\" href=\"https:\/\/thelatin.news\/it\/category\/news-it\/tecnologia\/\">Mostra tutto<\/a><i class=\"rbi rbi-cright heading-tagline-icon\" aria-hidden=\"true\"><\/i><\/div><\/div><\/div>\t\t<\/div>\n\t\t\t\t<\/div>\n\t\t\t\t<div class=\"elementor-element elementor-element-11c4b3f elementor-widget elementor-widget-foxiz-list-1\" data-id=\"11c4b3f\" data-element_type=\"widget\" data-widget_type=\"foxiz-list-1.default\">\n\t\t\t\t<div class=\"elementor-widget-container\">\n\t\t\t<div id=\"uid_11c4b3f\" class=\"block-wrap block-big block-list block-list-1 rb-columns rb-col-2 rb-tcol-1 rb-mcol-1 is-gap-custom col-border is-border-gray hovering-bw bottom-border is-b-border-gray no-last-bb p-vtop is-feat-right meta-s-default\"><div class=\"block-inner\">\t\t<div class=\"p-wrap p-list p-list-1\" data-pid=\"8554\">\r\n\t\t\t<div class=\"list-holder\">\r\n\t\t\t<div class=\"list-feat-holder\">\r\n\t\t\t\t\t\t\t<\/div>\r\n\t\t\t<div class=\"p-content\">\r\n\t\t\t\t<h3 class=\"entry-title\">\t\t<a class=\"p-url\" href=\"https:\/\/thelatin.news\/it\/prezzi-giu-in-italia-francia-e-spagna\/\" rel=\"bookmark\">prezzi gi\u00f9 in Italia, Francia e Spagna<\/a><\/h3><p class=\"entry-summary\">Diventare utenti Starlink, adesso, costa meno in alcuni Paesi europei compresa l'Italia: il fisso mensile&hellip;<\/p>\r\n\t\t\t\t\t\t<div class=\"p-meta has-bookmark\">\r\n\t\t\t\t<div class=\"meta-inner is-meta\">\r\n\t\t\t\t\t<span class=\"meta-el meta-author\">\r\n\t\t\t\t\t<span class=\"meta-label\">By<\/span>\r\n\t\t\t\t<a href=\"https:\/\/thelatin.news\/it\/author\/admin\/\">Newsroom<\/a>\r\n\t\t\t\t<\/span>\r\n\t\t\t\t<span class=\"meta-el meta-read\"><i class=\"rbi rbi-watch\" aria-hidden=\"true\"><\/i>1 Min Read<\/span>\r\n\t\t\t\t\t\t<\/div>\r\n\t\t\t\t<span class=\"rb-bookmark bookmark-trigger\" data-pid=\"8554\"><\/span>\t\t\t<\/div>\r\n\t\t\t\t\t<\/div>\r\n\t\t<\/div>\r\n\t\t\t\t<\/div>\r\n\t\t\t<div class=\"p-wrap p-list p-list-1\" data-pid=\"12559\">\r\n\t\t\t<div class=\"list-holder\">\r\n\t\t\t<div class=\"list-feat-holder\">\r\n\t\t\t\t\t\t\t<\/div>\r\n\t\t\t<div class=\"p-content\">\r\n\t\t\t\t<h3 class=\"entry-title\">\t\t<a class=\"p-url\" href=\"https:\/\/thelatin.news\/it\/giovani-fuoriclasse-violenza-tecnologia-e-maltempo\/\" rel=\"bookmark\">Giovani fuoriclasse violenza tecnologia e maltempo<\/a><\/h3><p class=\"entry-summary\">Giovani fuoriclasse, violenza, tecnologia e maltempo: e lo spettacolo? Euro 2024 ai saluti con Spagna-Inghilterra&hellip;<\/p>\r\n\t\t\t\t\t\t<div class=\"p-meta has-bookmark\">\r\n\t\t\t\t<div class=\"meta-inner is-meta\">\r\n\t\t\t\t\t<span class=\"meta-el meta-author\">\r\n\t\t\t\t\t<span class=\"meta-label\">By<\/span>\r\n\t\t\t\t<a href=\"https:\/\/thelatin.news\/it\/author\/admin\/\">Newsroom<\/a>\r\n\t\t\t\t<\/span>\r\n\t\t\t\t<span class=\"meta-el meta-read\"><i class=\"rbi rbi-watch\" aria-hidden=\"true\"><\/i>1 Min Read<\/span>\r\n\t\t\t\t\t\t<\/div>\r\n\t\t\t\t<span class=\"rb-bookmark bookmark-trigger\" data-pid=\"12559\"><\/span>\t\t\t<\/div>\r\n\t\t\t\t\t<\/div>\r\n\t\t<\/div>\r\n\t\t\t\t<\/div>\r\n\t\t\t<div class=\"p-wrap p-list p-list-1\" data-pid=\"8525\">\r\n\t\t\t<div class=\"list-holder\">\r\n\t\t\t<div class=\"list-feat-holder\">\r\n\t\t\t\t\t\t\t<\/div>\r\n\t\t\t<div class=\"p-content\">\r\n\t\t\t\t<h3 class=\"entry-title\">\t\t<a class=\"p-url\" href=\"https:\/\/thelatin.news\/it\/e-battaglia-sui-diritti-dautore\/\" rel=\"bookmark\">\u00e8 battaglia sui diritti d&#8217;autore<\/a><\/h3><p class=\"entry-summary\">Il giudice della Audiencia Nacional, Santiago Pedraz, ha ordinato il blocco dell'app di messaggistica Telegram&hellip;<\/p>\r\n\t\t\t\t\t\t<div class=\"p-meta has-bookmark\">\r\n\t\t\t\t<div class=\"meta-inner is-meta\">\r\n\t\t\t\t\t<span class=\"meta-el meta-author\">\r\n\t\t\t\t\t<span class=\"meta-label\">By<\/span>\r\n\t\t\t\t<a href=\"https:\/\/thelatin.news\/it\/author\/admin\/\">Newsroom<\/a>\r\n\t\t\t\t<\/span>\r\n\t\t\t\t<span class=\"meta-el meta-read\"><i class=\"rbi rbi-watch\" aria-hidden=\"true\"><\/i>1 Min Read<\/span>\r\n\t\t\t\t\t\t<\/div>\r\n\t\t\t\t<span class=\"rb-bookmark bookmark-trigger\" data-pid=\"8525\"><\/span>\t\t\t<\/div>\r\n\t\t\t\t\t<\/div>\r\n\t\t<\/div>\r\n\t\t\t\t<\/div>\r\n\t\t\t<div class=\"p-wrap p-list p-list-1\" data-pid=\"8692\">\r\n\t\t\t<div class=\"list-holder\">\r\n\t\t\t<div class=\"list-feat-holder\">\r\n\t\t\t\t\t\t\t<\/div>\r\n\t\t\t<div class=\"p-content\">\r\n\t\t\t\t<h3 class=\"entry-title\">\t\t<a class=\"p-url\" href=\"https:\/\/thelatin.news\/it\/tecnologie-quantistiche-disegno-di-legge-pd-basso-chance-storica-per-litalia\/\" rel=\"bookmark\">Tecnologie quantistiche, disegno di legge Pd. Basso: &#8220;Chance storica per l&#8217;Italia&#8221;<\/a><\/h3><p class=\"entry-summary\">Promuovere lo sviluppo delle tecnologie quantistiche, facilitare la transizione tecnologica, formare le nuove competenze necessarie&hellip;<\/p>\r\n\t\t\t\t\t\t<div class=\"p-meta has-bookmark\">\r\n\t\t\t\t<div class=\"meta-inner is-meta\">\r\n\t\t\t\t\t<span class=\"meta-el meta-author\">\r\n\t\t\t\t\t<span class=\"meta-label\">By<\/span>\r\n\t\t\t\t<a href=\"https:\/\/thelatin.news\/it\/author\/admin\/\">Newsroom<\/a>\r\n\t\t\t\t<\/span>\r\n\t\t\t\t<span class=\"meta-el meta-read\"><i class=\"rbi rbi-watch\" aria-hidden=\"true\"><\/i>1 Min Read<\/span>\r\n\t\t\t\t\t\t<\/div>\r\n\t\t\t\t<span class=\"rb-bookmark bookmark-trigger\" data-pid=\"8692\"><\/span>\t\t\t<\/div>\r\n\t\t\t\t\t<\/div>\r\n\t\t<\/div>\r\n\t\t\t\t<\/div>\r\n\t<\/div><\/div>\t\t<\/div>\n\t\t\t\t<\/div>\n\t\t\t\t\t<\/div>\n\t\t<\/div>\n\t\t\t\t\t<\/div>\n\t\t<\/section>\n\t\t\t\t\t<\/div>\n\t\t<\/div>\n\t\t\t\t\t<\/div>\n\t\t<\/section>\n\t\t\t\t<section class=\"elementor-section elementor-top-section elementor-element elementor-element-23948af elementor-section-boxed elementor-section-height-default elementor-section-height-default\" data-id=\"23948af\" data-element_type=\"section\">\n\t\t\t\t\t\t<div class=\"elementor-container elementor-column-gap-custom\">\n\t\t\t\t\t<div class=\"elementor-column elementor-col-100 elementor-top-column elementor-element elementor-element-1726b5b\" data-id=\"1726b5b\" data-element_type=\"column\">\n\t\t\t<div class=\"elementor-widget-wrap elementor-element-populated\">\n\t\t\t\t\t\t<div class=\"elementor-element elementor-element-5da7cb1 elementor-widget elementor-widget-foxiz-heading\" data-id=\"5da7cb1\" data-element_type=\"widget\" data-widget_type=\"foxiz-heading.default\">\n\t\t\t\t<div class=\"elementor-widget-container\">\n\t\t\t<div id=\"uid_5da7cb1\" class=\"block-h heading-layout-10\"><div class=\"heading-inner\"><h4 class=\"heading-title\"><a href=\"https:\/\/thelatin.news\/it\/category\/europe-it\/\">Notizie dall'Europa<\/a><\/h4><div class=\"heading-tagline h6\"><a class=\"heading-tagline-label\" href=\"https:\/\/thelatin.news\/it\/category\/europe-it\/\">Mostra tutto<\/a><i class=\"rbi rbi-cright heading-tagline-icon\" aria-hidden=\"true\"><\/i><\/div><\/div><\/div>\t\t<\/div>\n\t\t\t\t<\/div>\n\t\t\t\t<div class=\"elementor-element elementor-element-068251f elementor-widget elementor-widget-foxiz-grid-1\" data-id=\"068251f\" data-element_type=\"widget\" data-widget_type=\"foxiz-grid-1.default\">\n\t\t\t\t<div class=\"elementor-widget-container\">\n\t\t\t<div id=\"uid_068251f\" class=\"block-wrap block-grid block-grid-1 rb-columns rb-col-4 rb-tcol-2 rb-mcol-1 is-gap-custom col-border is-border-gray bottom-border is-b-border-gray no-last-bb ecat-bg-4 meta-s-default\"><div class=\"block-inner\">\t\t<div class=\"p-wrap p-grid p-grid-1\" data-pid=\"20961\">\r\n\t\t\t\t<div class=\"feat-holder overlay-text\">\r\n\t\t\t\t\t\t<div class=\"p-featured\">\r\n\t\t\t\t\t<a class=\"p-flink\" href=\"https:\/\/thelatin.news\/it\/italia-cronache-il-principale-aggregatore-di-notizie-in-italia-per-tecnologia-sport-ed-economia\/\" title=\"Italia Cronache: Il principale aggregatore di notizie in Italia per Tecnologia, Sport ed Economia.\">\r\n\t\t\t<img loading=\"lazy\" decoding=\"async\" width=\"420\" height=\"280\" src=\"https:\/\/thelatin.news\/wp-content\/uploads\/2026\/03\/About-Italia-Cronache-ITALIAN-420x280.jpg\" class=\"featured-img wp-post-image\" alt=\"\" loading=\"lazy\" \/>\t\t<\/a>\r\n\t\t\t\t<\/div>\r\n\t<div class=\"p-categories p-top\"><a class=\"p-category category-id-3261\" href=\"https:\/\/thelatin.news\/it\/category\/press-relesaes-it\/\" rel=\"category\">Comunicati stampa<\/a><a class=\"p-category category-id-3246\" href=\"https:\/\/thelatin.news\/it\/category\/europe-it\/\" rel=\"category\">Europa<\/a><\/div>\t\t\t<\/div>\r\n\t\t<h4 class=\"entry-title\">\t\t<a class=\"p-url\" href=\"https:\/\/thelatin.news\/it\/italia-cronache-il-principale-aggregatore-di-notizie-in-italia-per-tecnologia-sport-ed-economia\/\" rel=\"bookmark\">Italia Cronache: Il principale aggregatore di notizie in Italia per Tecnologia, Sport ed Economia.<\/a><\/h4><p class=\"entry-summary\">Benvenuto su Italia Cronache. In un\u2019epoca definita dalla velocit\u00e0 incessante dell\u2019informazione, la sfida non \u00e8 pi\u00f9 trovare notizie \u2014 ma&hellip;<\/p>\r\n\t\t\t\t\t\t<div class=\"p-meta has-bookmark\">\r\n\t\t\t\t<div class=\"meta-inner is-meta\">\r\n\t\t\t\t\t\t\t<span class=\"meta-el meta-read\"><i class=\"rbi rbi-watch\" aria-hidden=\"true\"><\/i>6 Min Read<\/span>\r\n\t\t\t\t\t\t<\/div>\r\n\t\t\t\t<span class=\"rb-bookmark bookmark-trigger\" data-pid=\"20961\"><\/span>\t\t\t<\/div>\r\n\t\t\t\t<\/div>\r\n\t\t\t<div class=\"p-wrap p-grid p-grid-1\" data-pid=\"21471\">\r\n\t\t\t\t<div class=\"feat-holder overlay-text\">\r\n\t\t\t\t\t\t<div class=\"p-featured\">\r\n\t\t\t\t\t<a class=\"p-flink\" href=\"https:\/\/thelatin.news\/it\/il-catalizzatore-dellinnovazione-come-la-distribuzione-dei-comunicati-stampa-alimenta-la-crescita-nella-regione-dach\/\" title=\"Il catalizzatore dell\u2019innovazione: come la distribuzione dei comunicati stampa alimenta la crescita nella regione DACH\">\r\n\t\t\t<img loading=\"lazy\" decoding=\"async\" width=\"420\" height=\"280\" src=\"https:\/\/thelatin.news\/wp-content\/uploads\/2026\/04\/The-Catalyst-of-Innovation-How-Press-Release-Distribution-Fuels-Growth-in-the-DACH-Region-420x280.jpeg\" class=\"featured-img wp-post-image\" alt=\"\" loading=\"lazy\" \/>\t\t<\/a>\r\n\t\t\t\t<\/div>\r\n\t<div class=\"p-categories p-top\"><a class=\"p-category category-id-3261\" href=\"https:\/\/thelatin.news\/it\/category\/press-relesaes-it\/\" rel=\"category\">Comunicati stampa<\/a><a class=\"p-category category-id-3246\" href=\"https:\/\/thelatin.news\/it\/category\/europe-it\/\" rel=\"category\">Europa<\/a><a class=\"p-category category-id-78\" href=\"https:\/\/thelatin.news\/category\/europe\/\" rel=\"category\">Europe<\/a><a class=\"p-category category-id-79\" href=\"https:\/\/thelatin.news\/category\/press-relesaes\/\" rel=\"category\">Press relesaes<\/a><\/div>\t\t\t<\/div>\r\n\t\t<h4 class=\"entry-title\">\t\t<a class=\"p-url\" href=\"https:\/\/thelatin.news\/it\/il-catalizzatore-dellinnovazione-come-la-distribuzione-dei-comunicati-stampa-alimenta-la-crescita-nella-regione-dach\/\" rel=\"bookmark\">Il catalizzatore dell\u2019innovazione: come la distribuzione dei comunicati stampa alimenta la crescita nella regione DACH<\/a><\/h4><p class=\"entry-summary\">La regione DACH\u2014comprendente Germania (D), Austria (A) e Svizzera (CH)\u2014rappresenta il motore economico dell\u2019Europa. Caratterizzata da una produzione industriale senza&hellip;<\/p>\r\n\t\t\t\t\t\t<div class=\"p-meta has-bookmark\">\r\n\t\t\t\t<div class=\"meta-inner is-meta\">\r\n\t\t\t\t\t\t\t<span class=\"meta-el meta-read\"><i class=\"rbi rbi-watch\" aria-hidden=\"true\"><\/i>17 Min Read<\/span>\r\n\t\t\t\t\t\t<\/div>\r\n\t\t\t\t<span class=\"rb-bookmark bookmark-trigger\" data-pid=\"21471\"><\/span>\t\t\t<\/div>\r\n\t\t\t\t<\/div>\r\n\t\t\t<div class=\"p-wrap p-grid p-grid-1\" data-pid=\"10696\">\r\n\t\t\t\t<div class=\"feat-holder overlay-text\">\r\n\t\t\t\t\t\t<div class=\"p-featured\">\r\n\t\t\t\t\t<a class=\"p-flink\" href=\"https:\/\/thelatin.news\/it\/la-forza-delleuro-nel-mercato-finanziario-globale\/\" title=\"La forza dell\u2019euro nel mercato finanziario globale\">\r\n\t\t\t<img loading=\"lazy\" decoding=\"async\" width=\"420\" height=\"36\" src=\"https:\/\/thelatin.news\/wp-content\/uploads\/2024\/06\/Arab-Newswire-Press-Release-Distribution-to-Media-Arab-World-and-MENA-regions-1-420x36.png\" class=\"featured-img wp-post-image\" alt=\"\" loading=\"lazy\" \/>\t\t<\/a>\r\n\t\t\t\t<\/div>\r\n\t<div class=\"p-categories p-top\"><a class=\"p-category category-id-3261\" href=\"https:\/\/thelatin.news\/it\/category\/press-relesaes-it\/\" rel=\"category\">Comunicati stampa<\/a><a class=\"p-category category-id-3246\" href=\"https:\/\/thelatin.news\/it\/category\/europe-it\/\" rel=\"category\">Europa<\/a><\/div>\t\t\t<\/div>\r\n\t\t<h4 class=\"entry-title\">\t\t<a class=\"p-url\" href=\"https:\/\/thelatin.news\/it\/la-forza-delleuro-nel-mercato-finanziario-globale\/\" rel=\"bookmark\">La forza dell\u2019euro nel mercato finanziario globale<\/a><\/h4><p class=\"entry-summary\">Il \u200b\u200beuro, come valuta della zona euro, \u00e8 un attore significativo nel mercato finanziario globale. La sua forza pu\u00f2 essere&hellip;<\/p>\r\n\t\t\t\t\t\t<div class=\"p-meta has-bookmark\">\r\n\t\t\t\t<div class=\"meta-inner is-meta\">\r\n\t\t\t\t\t\t\t<span class=\"meta-el meta-read\"><i class=\"rbi rbi-watch\" aria-hidden=\"true\"><\/i>4 Min Read<\/span>\r\n\t\t\t\t\t\t<\/div>\r\n\t\t\t\t<span class=\"rb-bookmark bookmark-trigger\" data-pid=\"10696\"><\/span>\t\t\t<\/div>\r\n\t\t\t\t<\/div>\r\n\t\t\t<div class=\"p-wrap p-grid p-grid-1\" data-pid=\"10692\">\r\n\t\t\t\t<div class=\"feat-holder overlay-text\">\r\n\t\t\t\t\t\t<div class=\"p-featured\">\r\n\t\t\t\t\t<a class=\"p-flink\" href=\"https:\/\/thelatin.news\/it\/il-ruolo-di-francia-italia-portogallo-spagna-e-romania-in-europa-una-panoramica-completa\/\" title=\"Il ruolo di Francia, Italia, Portogallo, Spagna e Romania in Europa: una panoramica completa\">\r\n\t\t\t<img loading=\"lazy\" decoding=\"async\" width=\"420\" height=\"36\" src=\"https:\/\/thelatin.news\/wp-content\/uploads\/2024\/06\/Arab-Newswire-Press-Release-Distribution-to-Media-Arab-World-and-MENA-regions-1-420x36.png\" class=\"featured-img wp-post-image\" alt=\"\" loading=\"lazy\" \/>\t\t<\/a>\r\n\t\t\t\t<\/div>\r\n\t<div class=\"p-categories p-top\"><a class=\"p-category category-id-3261\" href=\"https:\/\/thelatin.news\/it\/category\/press-relesaes-it\/\" rel=\"category\">Comunicati stampa<\/a><a class=\"p-category category-id-3246\" href=\"https:\/\/thelatin.news\/it\/category\/europe-it\/\" rel=\"category\">Europa<\/a><\/div>\t\t\t<\/div>\r\n\t\t<h4 class=\"entry-title\">\t\t<a class=\"p-url\" href=\"https:\/\/thelatin.news\/it\/il-ruolo-di-francia-italia-portogallo-spagna-e-romania-in-europa-una-panoramica-completa\/\" rel=\"bookmark\">Il ruolo di Francia, Italia, Portogallo, Spagna e Romania in Europa: una panoramica completa<\/a><\/h4><p class=\"entry-summary\">L\u2019Europa \u00e8 un continente ricco di storia, cultura e diversit\u00e0 economica, con ciascun paese che contribuisce in modo unico al&hellip;<\/p>\r\n\t\t\t\t\t\t<div class=\"p-meta has-bookmark\">\r\n\t\t\t\t<div class=\"meta-inner is-meta\">\r\n\t\t\t\t\t\t\t<span class=\"meta-el meta-read\"><i class=\"rbi rbi-watch\" aria-hidden=\"true\"><\/i>5 Min Read<\/span>\r\n\t\t\t\t\t\t<\/div>\r\n\t\t\t\t<span class=\"rb-bookmark bookmark-trigger\" data-pid=\"10692\"><\/span>\t\t\t<\/div>\r\n\t\t\t\t<\/div>\r\n\t\t\t<div class=\"p-wrap p-grid p-grid-1\" data-pid=\"13929\">\r\n\t\t\t\t<div class=\"feat-holder overlay-text\">\r\n\t\t\t\t\t\t<div class=\"p-featured\">\r\n\t\t\t\t\t<a class=\"p-flink\" href=\"https:\/\/thelatin.news\/it\/distribuzione-efficace-dei-comunicati-stampa-in-svizzera\/\" title=\"Distribuzione efficace dei comunicati stampa in Svizzera\">\r\n\t\t\t<img loading=\"lazy\" decoding=\"async\" width=\"420\" height=\"280\" src=\"https:\/\/thelatin.news\/wp-content\/uploads\/2024\/07\/Blank-img-420x280.png\" class=\"featured-img wp-post-image\" alt=\"\" loading=\"lazy\" \/>\t\t<\/a>\r\n\t\t\t\t<\/div>\r\n\t<div class=\"p-categories p-top\"><a class=\"p-category category-id-3261\" href=\"https:\/\/thelatin.news\/it\/category\/press-relesaes-it\/\" rel=\"category\">Comunicati stampa<\/a><a class=\"p-category category-id-3246\" href=\"https:\/\/thelatin.news\/it\/category\/europe-it\/\" rel=\"category\">Europa<\/a><a class=\"p-category category-id-78\" href=\"https:\/\/thelatin.news\/category\/europe\/\" rel=\"category\">Europe<\/a><a class=\"p-category category-id-79\" href=\"https:\/\/thelatin.news\/category\/press-relesaes\/\" rel=\"category\">Press relesaes<\/a><\/div>\t\t\t<\/div>\r\n\t\t<h4 class=\"entry-title\">\t\t<a class=\"p-url\" href=\"https:\/\/thelatin.news\/it\/distribuzione-efficace-dei-comunicati-stampa-in-svizzera\/\" rel=\"bookmark\">Distribuzione efficace dei comunicati stampa in Svizzera<\/a><\/h4><p class=\"entry-summary\">Berna, Svizzera \u2013 (EuropeNewswire.Net) \u2014 La Svizzera, con il suo panorama mediatico multilingue e diversificato, presenta sfide e opportunit\u00e0 uniche&hellip;<\/p>\r\n\t\t\t\t\t\t<div class=\"p-meta has-bookmark\">\r\n\t\t\t\t<div class=\"meta-inner is-meta\">\r\n\t\t\t\t\t\t\t<span class=\"meta-el meta-read\"><i class=\"rbi rbi-watch\" aria-hidden=\"true\"><\/i>7 Min Read<\/span>\r\n\t\t\t\t\t\t<\/div>\r\n\t\t\t\t<span class=\"rb-bookmark bookmark-trigger\" data-pid=\"13929\"><\/span>\t\t\t<\/div>\r\n\t\t\t\t<\/div>\r\n\t\t\t<div class=\"p-wrap p-grid p-grid-1\" data-pid=\"12398\">\r\n\t\t\t\t<div class=\"feat-holder overlay-text\">\r\n\t\t\t\t\t\t<div class=\"p-featured\">\r\n\t\t\t\t\t<a class=\"p-flink\" href=\"https:\/\/thelatin.news\/it\/lanatomia-della-redazione-dellue-il-battito-del-cuore-del-giornalismo-in-europa\/\" title=\"L\u2019anatomia della redazione dell\u2019UE: il battito del cuore del giornalismo in Europa\">\r\n\t\t\t<img loading=\"lazy\" decoding=\"async\" width=\"420\" height=\"280\" src=\"https:\/\/thelatin.news\/wp-content\/uploads\/2024\/07\/Blank-img-420x280.png\" class=\"featured-img wp-post-image\" alt=\"\" loading=\"lazy\" \/>\t\t<\/a>\r\n\t\t\t\t<\/div>\r\n\t<div class=\"p-categories p-top\"><a class=\"p-category category-id-3261\" href=\"https:\/\/thelatin.news\/it\/category\/press-relesaes-it\/\" rel=\"category\">Comunicati stampa<\/a><a class=\"p-category category-id-3246\" href=\"https:\/\/thelatin.news\/it\/category\/europe-it\/\" rel=\"category\">Europa<\/a><a class=\"p-category category-id-78\" href=\"https:\/\/thelatin.news\/category\/europe\/\" rel=\"category\">Europe<\/a><a class=\"p-category category-id-79\" href=\"https:\/\/thelatin.news\/category\/press-relesaes\/\" rel=\"category\">Press relesaes<\/a><\/div>\t\t\t<\/div>\r\n\t\t<h4 class=\"entry-title\">\t\t<a class=\"p-url\" href=\"https:\/\/thelatin.news\/it\/lanatomia-della-redazione-dellue-il-battito-del-cuore-del-giornalismo-in-europa\/\" rel=\"bookmark\">L\u2019anatomia della redazione dell\u2019UE: il battito del cuore del giornalismo in Europa<\/a><\/h4><p class=\"entry-summary\">Nell\u2019era dell\u2019informazione, la redazione rappresenta il sistema nervoso centrale del giornalismo, pulsante al ritmo delle ultime notizie e delle storie&hellip;<\/p>\r\n\t\t\t\t\t\t<div class=\"p-meta has-bookmark\">\r\n\t\t\t\t<div class=\"meta-inner is-meta\">\r\n\t\t\t\t\t\t\t<span class=\"meta-el meta-read\"><i class=\"rbi rbi-watch\" aria-hidden=\"true\"><\/i>6 Min Read<\/span>\r\n\t\t\t\t\t\t<\/div>\r\n\t\t\t\t<span class=\"rb-bookmark bookmark-trigger\" data-pid=\"12398\"><\/span>\t\t\t<\/div>\r\n\t\t\t\t<\/div>\r\n\t\t\t<div class=\"p-wrap p-grid p-grid-1\" data-pid=\"12412\">\r\n\t\t\t\t<div class=\"feat-holder overlay-text\">\r\n\t\t\t\t\t\t<div class=\"p-featured\">\r\n\t\t\t\t\t<a class=\"p-flink\" href=\"https:\/\/thelatin.news\/it\/lo-stato-attuale-e-futuro-delle-redazioni-nellunione-europea\/\" title=\"Lo stato attuale e futuro delle redazioni nell\u2019Unione europea\">\r\n\t\t\t<img loading=\"lazy\" decoding=\"async\" width=\"420\" height=\"280\" src=\"https:\/\/thelatin.news\/wp-content\/uploads\/2024\/07\/Blank-img-420x280.png\" class=\"featured-img wp-post-image\" alt=\"\" loading=\"lazy\" \/>\t\t<\/a>\r\n\t\t\t\t<\/div>\r\n\t<div class=\"p-categories p-top\"><a class=\"p-category category-id-3261\" href=\"https:\/\/thelatin.news\/it\/category\/press-relesaes-it\/\" rel=\"category\">Comunicati stampa<\/a><a class=\"p-category category-id-3246\" href=\"https:\/\/thelatin.news\/it\/category\/europe-it\/\" rel=\"category\">Europa<\/a><a class=\"p-category category-id-78\" href=\"https:\/\/thelatin.news\/category\/europe\/\" rel=\"category\">Europe<\/a><a class=\"p-category category-id-79\" href=\"https:\/\/thelatin.news\/category\/press-relesaes\/\" rel=\"category\">Press relesaes<\/a><\/div>\t\t\t<\/div>\r\n\t\t<h4 class=\"entry-title\">\t\t<a class=\"p-url\" href=\"https:\/\/thelatin.news\/it\/lo-stato-attuale-e-futuro-delle-redazioni-nellunione-europea\/\" rel=\"bookmark\">Lo stato attuale e futuro delle redazioni nell\u2019Unione europea<\/a><\/h4><p class=\"entry-summary\">Parigi, Francia \u2013 (EuropeNewswire.Net) \u2014 L\u2019Unione europea (UE) \u00e8 stata a lungo un complesso arazzo di culture, lingue e sistemi&hellip;<\/p>\r\n\t\t\t\t\t\t<div class=\"p-meta has-bookmark\">\r\n\t\t\t\t<div class=\"meta-inner is-meta\">\r\n\t\t\t\t\t\t\t<span class=\"meta-el meta-read\"><i class=\"rbi rbi-watch\" aria-hidden=\"true\"><\/i>6 Min Read<\/span>\r\n\t\t\t\t\t\t<\/div>\r\n\t\t\t\t<span class=\"rb-bookmark bookmark-trigger\" data-pid=\"12412\"><\/span>\t\t\t<\/div>\r\n\t\t\t\t<\/div>\r\n\t\t\t<div class=\"p-wrap p-grid p-grid-1\" data-pid=\"20250\">\r\n\t\t\t\t<div class=\"feat-holder overlay-text\">\r\n\t\t\t\t\t\t<div class=\"p-featured\">\r\n\t\t\t\t\t<a class=\"p-flink\" href=\"https:\/\/thelatin.news\/it\/offerta-terramaster-prime-day-di-ottobre-2025-fino-al-30-di-sconto-sulle-soluzioni-di-archiviazione-all-flash-e-altro\/\" title=\"Offerta TerraMaster Prime Day di ottobre 2025: Fino al 30% di sconto sulle soluzioni di archiviazione All-Flash e altro!\">\r\n\t\t\t<img loading=\"lazy\" decoding=\"async\" width=\"420\" height=\"280\" src=\"https:\/\/thelatin.news\/wp-content\/uploads\/2025\/10\/TerraMaster-October-Prime-Day-420x280.jpg\" class=\"featured-img wp-post-image\" alt=\"\" loading=\"lazy\" \/>\t\t<\/a>\r\n\t\t\t\t<\/div>\r\n\t<div class=\"p-categories p-top\"><a class=\"p-category category-id-3261\" href=\"https:\/\/thelatin.news\/it\/category\/press-relesaes-it\/\" rel=\"category\">Comunicati stampa<\/a><a class=\"p-category category-id-3246\" href=\"https:\/\/thelatin.news\/it\/category\/europe-it\/\" rel=\"category\">Europa<\/a><a class=\"p-category category-id-78\" href=\"https:\/\/thelatin.news\/category\/europe\/\" rel=\"category\">Europe<\/a><a class=\"p-category category-id-79\" href=\"https:\/\/thelatin.news\/category\/press-relesaes\/\" rel=\"category\">Press relesaes<\/a><\/div>\t\t\t<\/div>\r\n\t\t<h4 class=\"entry-title\">\t\t<a class=\"p-url\" href=\"https:\/\/thelatin.news\/it\/offerta-terramaster-prime-day-di-ottobre-2025-fino-al-30-di-sconto-sulle-soluzioni-di-archiviazione-all-flash-e-altro\/\" rel=\"bookmark\">Offerta TerraMaster Prime Day di ottobre 2025: Fino al 30% di sconto sulle soluzioni di archiviazione All-Flash e altro!<\/a><\/h4><p class=\"entry-summary\">TerraMaster (EuropeNewswire.net) \u2014 TerraMaster, un leader globale nelle soluzioni di archiviazione innovative, ha annunciato offerte esclusive per il Prime Day&hellip;<\/p>\r\n\t\t\t\t\t\t<div class=\"p-meta has-bookmark\">\r\n\t\t\t\t<div class=\"meta-inner is-meta\">\r\n\t\t\t\t\t\t\t<span class=\"meta-el meta-read\"><i class=\"rbi rbi-watch\" aria-hidden=\"true\"><\/i>3 Min Read<\/span>\r\n\t\t\t\t\t\t<\/div>\r\n\t\t\t\t<span class=\"rb-bookmark bookmark-trigger\" data-pid=\"20250\"><\/span>\t\t\t<\/div>\r\n\t\t\t\t<\/div>\r\n\t<\/div><\/div>\t\t<\/div>\n\t\t\t\t<\/div>\n\t\t\t\t\t<\/div>\n\t\t<\/div>\n\t\t\t\t\t<\/div>\n\t\t<\/section>\n\t\t\t\t<section class=\"elementor-section elementor-top-section elementor-element elementor-element-676b101 elementor-section-boxed elementor-section-height-default elementor-section-height-default\" data-id=\"676b101\" data-element_type=\"section\">\n\t\t\t\t\t\t<div class=\"elementor-container elementor-column-gap-custom\">\n\t\t\t\t\t<div class=\"elementor-column elementor-col-100 elementor-top-column elementor-element elementor-element-1aaf73e\" data-id=\"1aaf73e\" data-element_type=\"column\">\n\t\t\t<div class=\"elementor-widget-wrap elementor-element-populated\">\n\t\t\t\t\t\t<div class=\"elementor-element elementor-element-dd329cb elementor-widget elementor-widget-foxiz-heading\" data-id=\"dd329cb\" data-element_type=\"widget\" data-widget_type=\"foxiz-heading.default\">\n\t\t\t\t<div class=\"elementor-widget-container\">\n\t\t\t<div id=\"uid_dd329cb\" class=\"block-h heading-layout-5\"><div class=\"heading-inner\"><h3 class=\"heading-title\"><a href=\"https:\/\/thelatin.news\/it\/category\/news-it\/andora-it\/\">Andora\n    <\/a><\/h3><div class=\"heading-tagline h6\"><a class=\"heading-tagline-label\" href=\"https:\/\/thelatin.news\/it\/category\/news-it\/andora-it\/\">Mostra tutto<\/a><i class=\"rbi rbi-cright heading-tagline-icon\" aria-hidden=\"true\"><\/i><\/div><\/div><\/div>\t\t<\/div>\n\t\t\t\t<\/div>\n\t\t\t\t<div class=\"elementor-element elementor-element-9ef60e7 elementor-widget elementor-widget-foxiz-list-small-1\" data-id=\"9ef60e7\" data-element_type=\"widget\" data-widget_type=\"foxiz-list-small-1.default\">\n\t\t\t\t<div class=\"elementor-widget-container\">\n\t\t\t<div id=\"uid_9ef60e7\" class=\"block-wrap block-small block-list block-list-small-1 short-pagination rb-columns rb-col-5 rb-tcol-4 rb-mcol-1 is-gap-custom col-border is-border-gray bottom-border is-b-border-gray no-last-bb ecat-bg-4 meta-s-default\"><div class=\"block-inner\">\t\t<div class=\"p-wrap p-small p-list-small-1\" data-pid=\"15382\">\r\n\t\t\t<div class=\"p-content\">\r\n\t\t\t<div class=\"p-categories p-top\"><a class=\"p-category category-id-81\" href=\"https:\/\/thelatin.news\/category\/news\/france\/\" rel=\"category\">France<\/a><a class=\"p-category category-id-3251\" href=\"https:\/\/thelatin.news\/it\/category\/news-it\/france-it\/\" rel=\"category\">Francia<\/a><a class=\"p-category category-id-3215\" href=\"https:\/\/thelatin.news\/category\/news\/travel\/\" rel=\"category\">Travel<\/a><a class=\"p-category category-id-3260\" href=\"https:\/\/thelatin.news\/it\/category\/news-it\/travel-it\/\" rel=\"category\">Viaggio<\/a><\/div><h3 class=\"entry-title\">\t\t<a class=\"p-url\" href=\"https:\/\/thelatin.news\/it\/il-presidente-francese-macron-in-marocco-una-analisi-prima-del-viaggio-ufficiale\/\" rel=\"bookmark\">Il Presidente francese Macron in Marocco: una analisi prima del viaggio ufficiale<\/a><\/h3><p class=\"entry-summary\">Genera PDFStampaIn questi giorni si \u00e8 concretizzato l\u2019annuncio ufficiale della visita del Presidente Macron in&hellip;<\/p>\r\n\t\t\t\t\t\t<div class=\"p-meta has-bookmark\">\r\n\t\t\t\t<div class=\"meta-inner is-meta\">\r\n\t\t\t\t\t\t\t<span class=\"meta-el meta-read\"><i class=\"rbi rbi-watch\" aria-hidden=\"true\"><\/i>1 Min Read<\/span>\r\n\t\t\t\t\t\t<\/div>\r\n\t\t\t\t<span class=\"rb-bookmark bookmark-trigger\" data-pid=\"15382\"><\/span>\t\t\t<\/div>\r\n\t\t\t\t<\/div>\r\n\t\t\t\t<\/div>\r\n\t\t\t<div class=\"p-wrap p-small p-list-small-1\" data-pid=\"15381\">\r\n\t\t\t<div class=\"p-content\">\r\n\t\t\t<div class=\"p-categories p-top\"><a class=\"p-category category-id-81\" href=\"https:\/\/thelatin.news\/category\/news\/france\/\" rel=\"category\">France<\/a><a class=\"p-category category-id-3251\" href=\"https:\/\/thelatin.news\/it\/category\/news-it\/france-it\/\" rel=\"category\">Francia<\/a><a class=\"p-category category-id-7\" href=\"https:\/\/thelatin.news\/category\/news\/technology\/\" rel=\"category\">Technology<\/a><a class=\"p-category category-id-3259\" href=\"https:\/\/thelatin.news\/it\/category\/news-it\/tecnologia\/\" rel=\"category\">Tecnologia<\/a><\/div><h3 class=\"entry-title\">\t\t<a class=\"p-url\" href=\"https:\/\/thelatin.news\/it\/chiamate-truffa-con-il-prefisso-francese-33-come-difendersi-dalla-nuova-minaccia-telefonica\/\" rel=\"bookmark\">Chiamate truffa con il prefisso francese +33: come difendersi dalla nuova minaccia telefonica<\/a><\/h3><p class=\"entry-summary\">Prima la richiesta di spostarsi su WhatsApp, poi quella di inviare dati sensibili: guai a&hellip;<\/p>\r\n\t\t\t\t\t\t<div class=\"p-meta has-bookmark\">\r\n\t\t\t\t<div class=\"meta-inner is-meta\">\r\n\t\t\t\t\t\t\t<span class=\"meta-el meta-read\"><i class=\"rbi rbi-watch\" aria-hidden=\"true\"><\/i>0 Min Read<\/span>\r\n\t\t\t\t\t\t<\/div>\r\n\t\t\t\t<span class=\"rb-bookmark bookmark-trigger\" data-pid=\"15381\"><\/span>\t\t\t<\/div>\r\n\t\t\t\t<\/div>\r\n\t\t\t\t<\/div>\r\n\t\t\t<div class=\"p-wrap p-small p-list-small-1\" data-pid=\"14074\">\r\n\t\t\t<div class=\"p-content\">\r\n\t\t\t<div class=\"p-categories p-top\"><a class=\"p-category category-id-81\" href=\"https:\/\/thelatin.news\/category\/news\/france\/\" rel=\"category\">France<\/a><a class=\"p-category category-id-3251\" href=\"https:\/\/thelatin.news\/it\/category\/news-it\/france-it\/\" rel=\"category\">Francia<\/a><a class=\"p-category category-id-3258\" href=\"https:\/\/thelatin.news\/it\/category\/news-it\/sports-it\/\" rel=\"category\">Gli sport<\/a><a class=\"p-category category-id-3\" href=\"https:\/\/thelatin.news\/category\/news\/sports\/\" rel=\"category\">Sports<\/a><\/div><h3 class=\"entry-title\">\t\t<a class=\"p-url\" href=\"https:\/\/thelatin.news\/it\/francia-manu-kone-e-olise-dallolimpiade-a-deschamps\/\" rel=\"bookmark\">Francia: Manu Kon\u00e9 e Olise dall&#8217;Olimpiade a Deschamps<\/a><\/h3><p class=\"entry-summary\">di ANSA \u00a0\u00a029-08-2024 - 14:58 (ANSA) - PARIGI, 29 AGO - Medaglie d'argento con la&hellip;<\/p>\r\n\t\t\t\t\t\t<div class=\"p-meta has-bookmark\">\r\n\t\t\t\t<div class=\"meta-inner is-meta\">\r\n\t\t\t\t\t\t\t<span class=\"meta-el meta-read\"><i class=\"rbi rbi-watch\" aria-hidden=\"true\"><\/i>1 Min Read<\/span>\r\n\t\t\t\t\t\t<\/div>\r\n\t\t\t\t<span class=\"rb-bookmark bookmark-trigger\" data-pid=\"14074\"><\/span>\t\t\t<\/div>\r\n\t\t\t\t<\/div>\r\n\t\t\t\t<\/div>\r\n\t\t\t<div class=\"p-wrap p-small p-list-small-1\" data-pid=\"14073\">\r\n\t\t\t<div class=\"p-content\">\r\n\t\t\t<div class=\"p-categories p-top\"><a class=\"p-category category-id-81\" href=\"https:\/\/thelatin.news\/category\/news\/france\/\" rel=\"category\">France<\/a><a class=\"p-category category-id-3251\" href=\"https:\/\/thelatin.news\/it\/category\/news-it\/france-it\/\" rel=\"category\">Francia<\/a><a class=\"p-category category-id-3215\" href=\"https:\/\/thelatin.news\/category\/news\/travel\/\" rel=\"category\">Travel<\/a><a class=\"p-category category-id-3260\" href=\"https:\/\/thelatin.news\/it\/category\/news-it\/travel-it\/\" rel=\"category\">Viaggio<\/a><\/div><h3 class=\"entry-title\">\t\t<a class=\"p-url\" href=\"https:\/\/thelatin.news\/it\/percorsi-alternativi-per-viaggiare-tra-francia-e-italia\/\" rel=\"bookmark\">percorsi alternativi per viaggiare tra Francia e Italia<\/a><\/h3><p class=\"entry-summary\">Powered by Condividi questo articolo Se state progettando un viaggio in auto tra Francia e&hellip;<\/p>\r\n\t\t\t\t\t\t<div class=\"p-meta has-bookmark\">\r\n\t\t\t\t<div class=\"meta-inner is-meta\">\r\n\t\t\t\t\t\t\t<span class=\"meta-el meta-read\"><i class=\"rbi rbi-watch\" aria-hidden=\"true\"><\/i>1 Min Read<\/span>\r\n\t\t\t\t\t\t<\/div>\r\n\t\t\t\t<span class=\"rb-bookmark bookmark-trigger\" data-pid=\"14073\"><\/span>\t\t\t<\/div>\r\n\t\t\t\t<\/div>\r\n\t\t\t\t<\/div>\r\n\t\t\t<div class=\"p-wrap p-small p-list-small-1\" data-pid=\"14072\">\r\n\t\t\t<div class=\"p-content\">\r\n\t\t\t<div class=\"p-categories p-top\"><a class=\"p-category category-id-81\" href=\"https:\/\/thelatin.news\/category\/news\/france\/\" rel=\"category\">France<\/a><a class=\"p-category category-id-3251\" href=\"https:\/\/thelatin.news\/it\/category\/news-it\/france-it\/\" rel=\"category\">Francia<\/a><a class=\"p-category category-id-7\" href=\"https:\/\/thelatin.news\/category\/news\/technology\/\" rel=\"category\">Technology<\/a><a class=\"p-category category-id-3259\" href=\"https:\/\/thelatin.news\/it\/category\/news-it\/tecnologia\/\" rel=\"category\">Tecnologia<\/a><\/div><h3 class=\"entry-title\">\t\t<a class=\"p-url\" href=\"https:\/\/thelatin.news\/it\/il-ceo-di-telegram-pavel-durov-e-sotto-indagine-ufficiale-in-francia-notizie-sulla-tecnologia\/\" rel=\"bookmark\">Il CEO di Telegram Pavel Durov \u00e8 sotto indagine ufficiale in Francia Notizie sulla tecnologia<\/a><\/h3><p class=\"entry-summary\">Il CEO di Telegram Pavel Durov, di origine russa, \u00e8 stato posto sotto indagine formale&hellip;<\/p>\r\n\t\t\t\t\t\t<div class=\"p-meta has-bookmark\">\r\n\t\t\t\t<div class=\"meta-inner is-meta\">\r\n\t\t\t\t\t\t\t<span class=\"meta-el meta-read\"><i class=\"rbi rbi-watch\" aria-hidden=\"true\"><\/i>1 Min Read<\/span>\r\n\t\t\t\t\t\t<\/div>\r\n\t\t\t\t<span class=\"rb-bookmark bookmark-trigger\" data-pid=\"14072\"><\/span>\t\t\t<\/div>\r\n\t\t\t\t<\/div>\r\n\t\t\t\t<\/div>\r\n\t\t\t<div class=\"p-wrap p-small p-list-small-1\" data-pid=\"13749\">\r\n\t\t\t<div class=\"p-content\">\r\n\t\t\t<div class=\"p-categories p-top\"><a class=\"p-category category-id-81\" href=\"https:\/\/thelatin.news\/category\/news\/france\/\" rel=\"category\">France<\/a><a class=\"p-category category-id-3251\" href=\"https:\/\/thelatin.news\/it\/category\/news-it\/france-it\/\" rel=\"category\">Francia<\/a><a class=\"p-category category-id-3258\" href=\"https:\/\/thelatin.news\/it\/category\/news-it\/sports-it\/\" rel=\"category\">Gli sport<\/a><a class=\"p-category category-id-3\" href=\"https:\/\/thelatin.news\/category\/news\/sports\/\" rel=\"category\">Sports<\/a><\/div><h3 class=\"entry-title\">\t\t<a class=\"p-url\" href=\"https:\/\/thelatin.news\/it\/francia-allerta-uova-contaminate-da-pfas-nei-pollai-domestici\/\" rel=\"bookmark\">Francia, allerta uova contaminate da Pfas nei pollai domestici<\/a><\/h3><p class=\"entry-summary\">(Adnkronos) \u2013 A Nord della Francia \u00e8 allarme per le uova dei pollai domestici, risultate&hellip;<\/p>\r\n\t\t\t\t\t\t<div class=\"p-meta has-bookmark\">\r\n\t\t\t\t<div class=\"meta-inner is-meta\">\r\n\t\t\t\t\t\t\t<span class=\"meta-el meta-read\"><i class=\"rbi rbi-watch\" aria-hidden=\"true\"><\/i>1 Min Read<\/span>\r\n\t\t\t\t\t\t<\/div>\r\n\t\t\t\t<span class=\"rb-bookmark bookmark-trigger\" data-pid=\"13749\"><\/span>\t\t\t<\/div>\r\n\t\t\t\t<\/div>\r\n\t\t\t\t<\/div>\r\n\t\t\t<div class=\"p-wrap p-small p-list-small-1\" data-pid=\"13748\">\r\n\t\t\t<div class=\"p-content\">\r\n\t\t\t<div class=\"p-categories p-top\"><a class=\"p-category category-id-81\" href=\"https:\/\/thelatin.news\/category\/news\/france\/\" rel=\"category\">France<\/a><a class=\"p-category category-id-3251\" href=\"https:\/\/thelatin.news\/it\/category\/news-it\/france-it\/\" rel=\"category\">Francia<\/a><a class=\"p-category category-id-3215\" href=\"https:\/\/thelatin.news\/category\/news\/travel\/\" rel=\"category\">Travel<\/a><a class=\"p-category category-id-3260\" href=\"https:\/\/thelatin.news\/it\/category\/news-it\/travel-it\/\" rel=\"category\">Viaggio<\/a><\/div><h3 class=\"entry-title\">\t\t<a class=\"p-url\" href=\"https:\/\/thelatin.news\/it\/oltre-le-olimpiadi-e-parigi-il-nord-della-francia-e-un-vero-trionfo-di-tradizioni-e-luoghi-dautore\/\" rel=\"bookmark\">Oltre le olimpiadi e Parigi, il nord della Francia \u00e8 un vero trionfo di tradizioni e luoghi d&#8217;autore<\/a><\/h3><p class=\"entry-summary\">\u00a0Nuovo viaggio da organizzare e ancora una volta il pensiero va alla Francia. Sette giorni&hellip;<\/p>\r\n\t\t\t\t\t\t<div class=\"p-meta has-bookmark\">\r\n\t\t\t\t<div class=\"meta-inner is-meta\">\r\n\t\t\t\t\t\t\t<span class=\"meta-el meta-read\"><i class=\"rbi rbi-watch\" aria-hidden=\"true\"><\/i>1 Min Read<\/span>\r\n\t\t\t\t\t\t<\/div>\r\n\t\t\t\t<span class=\"rb-bookmark bookmark-trigger\" data-pid=\"13748\"><\/span>\t\t\t<\/div>\r\n\t\t\t\t<\/div>\r\n\t\t\t\t<\/div>\r\n\t\t\t<div class=\"p-wrap p-small p-list-small-1\" data-pid=\"13747\">\r\n\t\t\t<div class=\"p-content\">\r\n\t\t\t<div class=\"p-categories p-top\"><a class=\"p-category category-id-81\" href=\"https:\/\/thelatin.news\/category\/news\/france\/\" rel=\"category\">France<\/a><a class=\"p-category category-id-3251\" href=\"https:\/\/thelatin.news\/it\/category\/news-it\/france-it\/\" rel=\"category\">Francia<\/a><a class=\"p-category category-id-7\" href=\"https:\/\/thelatin.news\/category\/news\/technology\/\" rel=\"category\">Technology<\/a><a class=\"p-category category-id-3259\" href=\"https:\/\/thelatin.news\/it\/category\/news-it\/tecnologia\/\" rel=\"category\">Tecnologia<\/a><\/div><h3 class=\"entry-title\">\t\t<a class=\"p-url\" href=\"https:\/\/thelatin.news\/it\/corexalys-larma-segreta-cyber-della-francia\/\" rel=\"bookmark\">Corexalys, l&#8217;arma segreta cyber della Francia<\/a><\/h3><p class=\"entry-summary\">Con la recente vendita delle sue piattaforme OSINT (Open Source Intelligence) a ChapsVision, la societ\u00e0&hellip;<\/p>\r\n\t\t\t\t\t\t<div class=\"p-meta has-bookmark\">\r\n\t\t\t\t<div class=\"meta-inner is-meta\">\r\n\t\t\t\t\t\t\t<span class=\"meta-el meta-read\"><i class=\"rbi rbi-watch\" aria-hidden=\"true\"><\/i>1 Min Read<\/span>\r\n\t\t\t\t\t\t<\/div>\r\n\t\t\t\t<span class=\"rb-bookmark bookmark-trigger\" data-pid=\"13747\"><\/span>\t\t\t<\/div>\r\n\t\t\t\t<\/div>\r\n\t\t\t\t<\/div>\r\n\t\t\t<div class=\"p-wrap p-small p-list-small-1\" data-pid=\"13401\">\r\n\t\t\t<div class=\"p-content\">\r\n\t\t\t<div class=\"p-categories p-top\"><a class=\"p-category category-id-81\" href=\"https:\/\/thelatin.news\/category\/news\/france\/\" rel=\"category\">France<\/a><a class=\"p-category category-id-3251\" href=\"https:\/\/thelatin.news\/it\/category\/news-it\/france-it\/\" rel=\"category\">Francia<\/a><a class=\"p-category category-id-3258\" href=\"https:\/\/thelatin.news\/it\/category\/news-it\/sports-it\/\" rel=\"category\">Gli sport<\/a><a class=\"p-category category-id-3\" href=\"https:\/\/thelatin.news\/category\/news\/sports\/\" rel=\"category\">Sports<\/a><\/div><h3 class=\"entry-title\">\t\t<a class=\"p-url\" href=\"https:\/\/thelatin.news\/it\/lezioni-di-sport-per-la-politica\/\" rel=\"bookmark\">lezioni di sport per la politica<\/a><\/h3><p class=\"entry-summary\">Non aveva pi\u00f9 voglia di guardarsi allo specchio. Come una maratoneta o un\u2019amazzone caduta in&hellip;<\/p>\r\n\t\t\t\t\t\t<div class=\"p-meta has-bookmark\">\r\n\t\t\t\t<div class=\"meta-inner is-meta\">\r\n\t\t\t\t\t\t\t<span class=\"meta-el meta-read\"><i class=\"rbi rbi-watch\" aria-hidden=\"true\"><\/i>1 Min Read<\/span>\r\n\t\t\t\t\t\t<\/div>\r\n\t\t\t\t<span class=\"rb-bookmark bookmark-trigger\" data-pid=\"13401\"><\/span>\t\t\t<\/div>\r\n\t\t\t\t<\/div>\r\n\t\t\t\t<\/div>\r\n\t\t\t<div class=\"p-wrap p-small p-list-small-1\" data-pid=\"13400\">\r\n\t\t\t<div class=\"p-content\">\r\n\t\t\t<div class=\"p-categories p-top\"><a class=\"p-category category-id-81\" href=\"https:\/\/thelatin.news\/category\/news\/france\/\" rel=\"category\">France<\/a><a class=\"p-category category-id-3251\" href=\"https:\/\/thelatin.news\/it\/category\/news-it\/france-it\/\" rel=\"category\">Francia<\/a><a class=\"p-category category-id-3215\" href=\"https:\/\/thelatin.news\/category\/news\/travel\/\" rel=\"category\">Travel<\/a><a class=\"p-category category-id-3260\" href=\"https:\/\/thelatin.news\/it\/category\/news-it\/travel-it\/\" rel=\"category\">Viaggio<\/a><\/div><h3 class=\"entry-title\">\t\t<a class=\"p-url\" href=\"https:\/\/thelatin.news\/it\/prosegue-il-gemellaggio-tra-polla-e-francia-italia2news\/\" rel=\"bookmark\">prosegue il gemellaggio tra Polla e Francia \u2013 Italia2news<\/a><\/h3><p class=\"entry-summary\">Continua il gemellaggio tra la comunit\u00e0 Pollese e i gruppi di giovani studenti di Quinsac,&hellip;<\/p>\r\n\t\t\t\t\t\t<div class=\"p-meta has-bookmark\">\r\n\t\t\t\t<div class=\"meta-inner is-meta\">\r\n\t\t\t\t\t\t\t<span class=\"meta-el meta-read\"><i class=\"rbi rbi-watch\" aria-hidden=\"true\"><\/i>1 Min Read<\/span>\r\n\t\t\t\t\t\t<\/div>\r\n\t\t\t\t<span class=\"rb-bookmark bookmark-trigger\" data-pid=\"13400\"><\/span>\t\t\t<\/div>\r\n\t\t\t\t<\/div>\r\n\t\t\t\t<\/div>\r\n\t<\/div>\t\t<div class=\"pagination-wrap pagination-loadmore\">\r\n\t\t\t<a href=\"#\" class=\"loadmore-trigger\"><span>Mostra di pi\u00f9\n<\/span><i class=\"rb-loader\" aria-hidden=\"true\"><\/i><\/a>\r\n\t\t<\/div>\r\n\t\t<\/div>\t\t<\/div>\n\t\t\t\t<\/div>\n\t\t\t\t\t<\/div>\n\t\t<\/div>\n\t\t\t\t\t<\/div>\n\t\t<\/section>\n\t\t\t\t<section class=\"elementor-section elementor-top-section elementor-element elementor-element-66a14dd elementor-section-boxed elementor-section-height-default elementor-section-height-default\" data-id=\"66a14dd\" data-element_type=\"section\">\n\t\t\t\t\t\t<div class=\"elementor-container elementor-column-gap-custom\">\n\t\t\t\t\t<div class=\"elementor-column elementor-col-100 elementor-top-column elementor-element elementor-element-abcf949\" data-id=\"abcf949\" data-element_type=\"column\">\n\t\t\t<div class=\"elementor-widget-wrap elementor-element-populated\">\n\t\t\t\t\t\t<div class=\"elementor-element elementor-element-30502c2 elementor-widget elementor-widget-foxiz-heading\" data-id=\"30502c2\" data-element_type=\"widget\" data-widget_type=\"foxiz-heading.default\">\n\t\t\t\t<div class=\"elementor-widget-container\">\n\t\t\t<div id=\"uid_30502c2\" class=\"block-h heading-layout-5\"><div class=\"heading-inner\"><h3 class=\"heading-title\"><a href=\"https:\/\/thelatin.news\/it\/category\/news-it\/france-it\/\">Francia<\/a><\/h3><div class=\"heading-tagline h6\"><a class=\"heading-tagline-label\" href=\"https:\/\/thelatin.news\/it\/category\/news-it\/france-it\/\">Mostra tutto<\/a><i class=\"rbi rbi-cright heading-tagline-icon\" aria-hidden=\"true\"><\/i><\/div><\/div><\/div>\t\t<\/div>\n\t\t\t\t<\/div>\n\t\t\t\t<div class=\"elementor-element elementor-element-d98d01a elementor-widget elementor-widget-foxiz-list-small-1\" data-id=\"d98d01a\" data-element_type=\"widget\" data-widget_type=\"foxiz-list-small-1.default\">\n\t\t\t\t<div class=\"elementor-widget-container\">\n\t\t\t<div id=\"uid_d98d01a\" class=\"block-wrap block-small block-list block-list-small-1 short-pagination rb-columns rb-col-5 rb-tcol-4 rb-mcol-1 is-gap-custom col-border is-border-gray bottom-border is-b-border-gray no-last-bb ecat-bg-4 meta-s-default\"><div class=\"block-inner\">\t\t<div class=\"p-wrap p-small p-list-small-1\" data-pid=\"15384\">\r\n\t\t\t<div class=\"p-content\">\r\n\t\t\t<div class=\"p-categories p-top\"><a class=\"p-category category-id-3248\" href=\"https:\/\/thelatin.news\/it\/category\/news-it\/andora-it\/\" rel=\"category\">Andora<\/a><a class=\"p-category category-id-86\" href=\"https:\/\/thelatin.news\/category\/news\/andora\/\" rel=\"category\">Andora<\/a><a class=\"p-category category-id-3250\" href=\"https:\/\/thelatin.news\/it\/category\/news-it\/entertainment-it\/\" rel=\"category\">Divertimento<\/a><a class=\"p-category category-id-82\" href=\"https:\/\/thelatin.news\/category\/news\/entertainment\/\" rel=\"category\">Entertainment<\/a><\/div><h3 class=\"entry-title\">\t\t<a class=\"p-url\" href=\"https:\/\/thelatin.news\/it\/piemontepress\/\" rel=\"bookmark\">PiemontePress<\/a><\/h3>\t\t\t<div class=\"p-meta has-bookmark\">\r\n\t\t\t\t<div class=\"meta-inner is-meta\">\r\n\t\t\t\t\t\t\t<span class=\"meta-el meta-read\"><i class=\"rbi rbi-watch\" aria-hidden=\"true\"><\/i>0 Min Read<\/span>\r\n\t\t\t\t\t\t<\/div>\r\n\t\t\t\t<span class=\"rb-bookmark bookmark-trigger\" data-pid=\"15384\"><\/span>\t\t\t<\/div>\r\n\t\t\t\t<\/div>\r\n\t\t\t\t<\/div>\r\n\t\t\t<div class=\"p-wrap p-small p-list-small-1\" data-pid=\"15379\">\r\n\t\t\t<div class=\"p-content\">\r\n\t\t\t<div class=\"p-categories p-top\"><a class=\"p-category category-id-3250\" href=\"https:\/\/thelatin.news\/it\/category\/news-it\/entertainment-it\/\" rel=\"category\">Divertimento<\/a><a class=\"p-category category-id-82\" href=\"https:\/\/thelatin.news\/category\/news\/entertainment\/\" rel=\"category\">Entertainment<\/a><a class=\"p-category category-id-3254\" href=\"https:\/\/thelatin.news\/it\/category\/news-it\/modolva-it\/\" rel=\"category\">Modolva<\/a><a class=\"p-category category-id-87\" href=\"https:\/\/thelatin.news\/category\/news\/modolva\/\" rel=\"category\">Modolva<\/a><\/div><h3 class=\"entry-title\">\t\t<a class=\"p-url\" href=\"https:\/\/thelatin.news\/it\/idee-weekend-eventi-e-parchi-a-tema\/\" rel=\"bookmark\">idee weekend, eventi e parchi a tema<\/a><\/h3><p class=\"entry-summary\">Indice Mostra di pi\u00f9 Halloween \u00e8 una festa magica per grandi e piccini. I bambini,&hellip;<\/p>\r\n\t\t\t\t\t\t<div class=\"p-meta has-bookmark\">\r\n\t\t\t\t<div class=\"meta-inner is-meta\">\r\n\t\t\t\t\t\t\t<span class=\"meta-el meta-read\"><i class=\"rbi rbi-watch\" aria-hidden=\"true\"><\/i>1 Min Read<\/span>\r\n\t\t\t\t\t\t<\/div>\r\n\t\t\t\t<span class=\"rb-bookmark bookmark-trigger\" data-pid=\"15379\"><\/span>\t\t\t<\/div>\r\n\t\t\t\t<\/div>\r\n\t\t\t\t<\/div>\r\n\t\t\t<div class=\"p-wrap p-small p-list-small-1\" data-pid=\"15373\">\r\n\t\t\t<div class=\"p-content\">\r\n\t\t\t<div class=\"p-categories p-top\"><a class=\"p-category category-id-3250\" href=\"https:\/\/thelatin.news\/it\/category\/news-it\/entertainment-it\/\" rel=\"category\">Divertimento<\/a><a class=\"p-category category-id-82\" href=\"https:\/\/thelatin.news\/category\/news\/entertainment\/\" rel=\"category\">Entertainment<\/a><a class=\"p-category category-id-3255\" href=\"https:\/\/thelatin.news\/it\/category\/news-it\/portugal-it\/\" rel=\"category\">Portogallo<\/a><a class=\"p-category category-id-83\" href=\"https:\/\/thelatin.news\/category\/news\/portugal\/\" rel=\"category\">Portugal<\/a><\/div><h3 class=\"entry-title\">\t\t<a class=\"p-url\" href=\"https:\/\/thelatin.news\/it\/maldarizzi-presenta-in-anteprima-le-due-novita-di-mg-e-il-nuovo-brand-cinese-dongfeng-ora-sabato-26-e-domenica-27-nella-sede-di-lecce-di-via-portogallo-16-la-festa-di-sconti-musica-e-divert\/\" rel=\"bookmark\">MALDARIZZI PRESENTA IN ANTEPRIMA LE DUE NOVITA\u2019 DI MG E IL NUOVO BRAND CINESE DONGFENG. ORA SABATO 26 E DOMENICA 27 NELLA SEDE DI LECCE DI VIA PORTOGALLO 16 LA FESTA DI SCONTI, MUSICA E DIVERTIMENTO<\/a><\/h3><p class=\"entry-summary\">(Rdl) ______ Novit\u00e0 in casa Maldarizzi, che nella sede di Lecce in viale Portogallo 16&hellip;<\/p>\r\n\t\t\t\t\t\t<div class=\"p-meta has-bookmark\">\r\n\t\t\t\t<div class=\"meta-inner is-meta\">\r\n\t\t\t\t\t\t\t<span class=\"meta-el meta-read\"><i class=\"rbi rbi-watch\" aria-hidden=\"true\"><\/i>1 Min Read<\/span>\r\n\t\t\t\t\t\t<\/div>\r\n\t\t\t\t<span class=\"rb-bookmark bookmark-trigger\" data-pid=\"15373\"><\/span>\t\t\t<\/div>\r\n\t\t\t\t<\/div>\r\n\t\t\t\t<\/div>\r\n\t\t\t<div class=\"p-wrap p-small p-list-small-1\" data-pid=\"14076\">\r\n\t\t\t<div class=\"p-content\">\r\n\t\t\t<div class=\"p-categories p-top\"><a class=\"p-category category-id-3248\" href=\"https:\/\/thelatin.news\/it\/category\/news-it\/andora-it\/\" rel=\"category\">Andora<\/a><a class=\"p-category category-id-86\" href=\"https:\/\/thelatin.news\/category\/news\/andora\/\" rel=\"category\">Andora<\/a><a class=\"p-category category-id-3250\" href=\"https:\/\/thelatin.news\/it\/category\/news-it\/entertainment-it\/\" rel=\"category\">Divertimento<\/a><a class=\"p-category category-id-82\" href=\"https:\/\/thelatin.news\/category\/news\/entertainment\/\" rel=\"category\">Entertainment<\/a><\/div><h3 class=\"entry-title\">\t\t<a class=\"p-url\" href=\"https:\/\/thelatin.news\/it\/uninvasione-di-personaggi-dei-cartoni-colora-lagosto-di-andora-col-carnevale-estivo-lavocedigenova-it\/\" rel=\"bookmark\">Un&#8217;invasione di personaggi dei cartoni colora l&#8217;agosto di Andora col Carnevale estivo\u00a0&#8211;\u00a0Lavocedigenova.it<\/a><\/h3><p class=\"entry-summary\">Un'invasione di personaggi direttamente dal mondo dei cartoni animati, un' accesa battaglia di coriandoli con&hellip;<\/p>\r\n\t\t\t\t\t\t<div class=\"p-meta has-bookmark\">\r\n\t\t\t\t<div class=\"meta-inner is-meta\">\r\n\t\t\t\t\t\t\t<span class=\"meta-el meta-read\"><i class=\"rbi rbi-watch\" aria-hidden=\"true\"><\/i>1 Min Read<\/span>\r\n\t\t\t\t\t\t<\/div>\r\n\t\t\t\t<span class=\"rb-bookmark bookmark-trigger\" data-pid=\"14076\"><\/span>\t\t\t<\/div>\r\n\t\t\t\t<\/div>\r\n\t\t\t\t<\/div>\r\n\t\t\t<div class=\"p-wrap p-small p-list-small-1\" data-pid=\"14070\">\r\n\t\t\t<div class=\"p-content\">\r\n\t\t\t<div class=\"p-categories p-top\"><a class=\"p-category category-id-3250\" href=\"https:\/\/thelatin.news\/it\/category\/news-it\/entertainment-it\/\" rel=\"category\">Divertimento<\/a><a class=\"p-category category-id-82\" href=\"https:\/\/thelatin.news\/category\/news\/entertainment\/\" rel=\"category\">Entertainment<\/a><a class=\"p-category category-id-3254\" href=\"https:\/\/thelatin.news\/it\/category\/news-it\/modolva-it\/\" rel=\"category\">Modolva<\/a><a class=\"p-category category-id-87\" href=\"https:\/\/thelatin.news\/category\/news\/modolva\/\" rel=\"category\">Modolva<\/a><\/div><h3 class=\"entry-title\">\t\t<a class=\"p-url\" href=\"https:\/\/thelatin.news\/it\/settebello-al-comando-del-proprio-girone\/\" rel=\"bookmark\">Settebello al comando del proprio girone<\/a><\/h3><p class=\"entry-summary\">CLICCA QUI PER AGGIORNARE LA DIRETTA LIVE 22.18 Grazie per averci seguito e appuntamento al&hellip;<\/p>\r\n\t\t\t\t\t\t<div class=\"p-meta has-bookmark\">\r\n\t\t\t\t<div class=\"meta-inner is-meta\">\r\n\t\t\t\t\t\t\t<span class=\"meta-el meta-read\"><i class=\"rbi rbi-watch\" aria-hidden=\"true\"><\/i>1 Min Read<\/span>\r\n\t\t\t\t\t\t<\/div>\r\n\t\t\t\t<span class=\"rb-bookmark bookmark-trigger\" data-pid=\"14070\"><\/span>\t\t\t<\/div>\r\n\t\t\t\t<\/div>\r\n\t\t\t\t<\/div>\r\n\t\t\t<div class=\"p-wrap p-small p-list-small-1\" data-pid=\"14064\">\r\n\t\t\t<div class=\"p-content\">\r\n\t\t\t<div class=\"p-categories p-top\"><a class=\"p-category category-id-3250\" href=\"https:\/\/thelatin.news\/it\/category\/news-it\/entertainment-it\/\" rel=\"category\">Divertimento<\/a><a class=\"p-category category-id-82\" href=\"https:\/\/thelatin.news\/category\/news\/entertainment\/\" rel=\"category\">Entertainment<\/a><a class=\"p-category category-id-3255\" href=\"https:\/\/thelatin.news\/it\/category\/news-it\/portugal-it\/\" rel=\"category\">Portogallo<\/a><a class=\"p-category category-id-83\" href=\"https:\/\/thelatin.news\/category\/news\/portugal\/\" rel=\"category\">Portugal<\/a><\/div><h3 class=\"entry-title\">\t\t<a class=\"p-url\" href=\"https:\/\/thelatin.news\/it\/le-10-migliori-destinazioni-europee-per-il-divertimento-dei-single\/\" rel=\"bookmark\">Le 10 migliori destinazioni europee per il divertimento dei single<\/a><\/h3><p class=\"entry-summary\">L\u2019Europa \u00e8 un continente che offre una vasta gamma di opportunit\u00e0 per chi cerca divertimento&hellip;<\/p>\r\n\t\t\t\t\t\t<div class=\"p-meta has-bookmark\">\r\n\t\t\t\t<div class=\"meta-inner is-meta\">\r\n\t\t\t\t\t\t\t<span class=\"meta-el meta-read\"><i class=\"rbi rbi-watch\" aria-hidden=\"true\"><\/i>1 Min Read<\/span>\r\n\t\t\t\t\t\t<\/div>\r\n\t\t\t\t<span class=\"rb-bookmark bookmark-trigger\" data-pid=\"14064\"><\/span>\t\t\t<\/div>\r\n\t\t\t\t<\/div>\r\n\t\t\t\t<\/div>\r\n\t\t\t<div class=\"p-wrap p-small p-list-small-1\" data-pid=\"13751\">\r\n\t\t\t<div class=\"p-content\">\r\n\t\t\t<div class=\"p-categories p-top\"><a class=\"p-category category-id-86\" href=\"https:\/\/thelatin.news\/category\/news\/andora\/\" rel=\"category\">Andora<\/a><a class=\"p-category category-id-3248\" href=\"https:\/\/thelatin.news\/it\/category\/news-it\/andora-it\/\" rel=\"category\">Andora<\/a><a class=\"p-category category-id-3250\" href=\"https:\/\/thelatin.news\/it\/category\/news-it\/entertainment-it\/\" rel=\"category\">Divertimento<\/a><a class=\"p-category category-id-82\" href=\"https:\/\/thelatin.news\/category\/news\/entertainment\/\" rel=\"category\">Entertainment<\/a><\/div><h3 class=\"entry-title\">\t\t<a class=\"p-url\" href=\"https:\/\/thelatin.news\/it\/andora-a-palazzo-tagliaferro-proiezione-del-documentario-le-mani-toccano-il-mondo\/\" rel=\"bookmark\">Andora, a Palazzo Tagliaferro proiezione del documentario\u00a0&#8220;Le mani toccano il mondo&#8221;<\/a><\/h3><p class=\"entry-summary\">Andora \u2013 Scoprire le opere d\u2019arte pi\u00f9 famose attraverso le mani. E\u2019 la possibilit\u00e0 offerta&hellip;<\/p>\r\n\t\t\t\t\t\t<div class=\"p-meta has-bookmark\">\r\n\t\t\t\t<div class=\"meta-inner is-meta\">\r\n\t\t\t\t\t\t\t<span class=\"meta-el meta-read\"><i class=\"rbi rbi-watch\" aria-hidden=\"true\"><\/i>1 Min Read<\/span>\r\n\t\t\t\t\t\t<\/div>\r\n\t\t\t\t<span class=\"rb-bookmark bookmark-trigger\" data-pid=\"13751\"><\/span>\t\t\t<\/div>\r\n\t\t\t\t<\/div>\r\n\t\t\t\t<\/div>\r\n\t\t\t<div class=\"p-wrap p-small p-list-small-1\" data-pid=\"13745\">\r\n\t\t\t<div class=\"p-content\">\r\n\t\t\t<div class=\"p-categories p-top\"><a class=\"p-category category-id-3250\" href=\"https:\/\/thelatin.news\/it\/category\/news-it\/entertainment-it\/\" rel=\"category\">Divertimento<\/a><a class=\"p-category category-id-82\" href=\"https:\/\/thelatin.news\/category\/news\/entertainment\/\" rel=\"category\">Entertainment<\/a><a class=\"p-category category-id-87\" href=\"https:\/\/thelatin.news\/category\/news\/modolva\/\" rel=\"category\">Modolva<\/a><a class=\"p-category category-id-3254\" href=\"https:\/\/thelatin.news\/it\/category\/news-it\/modolva-it\/\" rel=\"category\">Modolva<\/a><\/div><h3 class=\"entry-title\">\t\t<a class=\"p-url\" href=\"https:\/\/thelatin.news\/it\/co-ro-sul-lungomare-santangelo-la-notte-dello-ionio\/\" rel=\"bookmark\">Co-Ro, sul lungomare Sant\u2019Angelo la \u201cNotte dello Ionio\u201d<\/a><\/h3><p class=\"entry-summary\">Il prossimo 6 agosto, Corigliano-Rossano si prepara alla notte pi\u00f9 lunga dell'estate lasciando spazio alla&hellip;<\/p>\r\n\t\t\t\t\t\t<div class=\"p-meta has-bookmark\">\r\n\t\t\t\t<div class=\"meta-inner is-meta\">\r\n\t\t\t\t\t\t\t<span class=\"meta-el meta-read\"><i class=\"rbi rbi-watch\" aria-hidden=\"true\"><\/i>1 Min Read<\/span>\r\n\t\t\t\t\t\t<\/div>\r\n\t\t\t\t<span class=\"rb-bookmark bookmark-trigger\" data-pid=\"13745\"><\/span>\t\t\t<\/div>\r\n\t\t\t\t<\/div>\r\n\t\t\t\t<\/div>\r\n\t\t\t<div class=\"p-wrap p-small p-list-small-1\" data-pid=\"13739\">\r\n\t\t\t<div class=\"p-content\">\r\n\t\t\t<div class=\"p-categories p-top\"><a class=\"p-category category-id-3250\" href=\"https:\/\/thelatin.news\/it\/category\/news-it\/entertainment-it\/\" rel=\"category\">Divertimento<\/a><a class=\"p-category category-id-82\" href=\"https:\/\/thelatin.news\/category\/news\/entertainment\/\" rel=\"category\">Entertainment<\/a><a class=\"p-category category-id-3255\" href=\"https:\/\/thelatin.news\/it\/category\/news-it\/portugal-it\/\" rel=\"category\">Portogallo<\/a><a class=\"p-category category-id-83\" href=\"https:\/\/thelatin.news\/category\/news\/portugal\/\" rel=\"category\">Portugal<\/a><\/div><h3 class=\"entry-title\">\t\t<a class=\"p-url\" href=\"https:\/\/thelatin.news\/it\/da-marvao-e-sintra-portogallo-inedito-fra-montagne-e-mare\/\" rel=\"bookmark\">Da Marv\u00e3o e Sintra, Portogallo inedito fra montagne e mare<\/a><\/h3><p class=\"entry-summary\">Dici\u00a0Portogallo\u00a0e pensi immediatamente a Lisbona e Porto, oppure a ben note localit\u00e0 affacciate sull\u2019Oceano come&hellip;<\/p>\r\n\t\t\t\t\t\t<div class=\"p-meta has-bookmark\">\r\n\t\t\t\t<div class=\"meta-inner is-meta\">\r\n\t\t\t\t\t\t\t<span class=\"meta-el meta-read\"><i class=\"rbi rbi-watch\" aria-hidden=\"true\"><\/i>1 Min Read<\/span>\r\n\t\t\t\t\t\t<\/div>\r\n\t\t\t\t<span class=\"rb-bookmark bookmark-trigger\" data-pid=\"13739\"><\/span>\t\t\t<\/div>\r\n\t\t\t\t<\/div>\r\n\t\t\t\t<\/div>\r\n\t\t\t<div class=\"p-wrap p-small p-list-small-1\" data-pid=\"13403\">\r\n\t\t\t<div class=\"p-content\">\r\n\t\t\t<div class=\"p-categories p-top\"><a class=\"p-category category-id-3248\" href=\"https:\/\/thelatin.news\/it\/category\/news-it\/andora-it\/\" rel=\"category\">Andora<\/a><a class=\"p-category category-id-86\" href=\"https:\/\/thelatin.news\/category\/news\/andora\/\" rel=\"category\">Andora<\/a><a class=\"p-category category-id-3250\" href=\"https:\/\/thelatin.news\/it\/category\/news-it\/entertainment-it\/\" rel=\"category\">Divertimento<\/a><a class=\"p-category category-id-82\" href=\"https:\/\/thelatin.news\/category\/news\/entertainment\/\" rel=\"category\">Entertainment<\/a><\/div><h3 class=\"entry-title\">\t\t<a class=\"p-url\" href=\"https:\/\/thelatin.news\/it\/fipe-savona-presentato-a-le-vele-di-alassio-il-nuovo-decalogo-comportamenti-volto-alla-sicurezza-nei-locali-della-movida-video\/\" rel=\"bookmark\">Fipe Savona: presentato a Le Vele di Alassio il nuovo decalogo comportamenti, volto alla sicurezza nei locali della movida (video)<\/a><\/h3><p class=\"entry-summary\">di Mary Caridi. La Fipe, Federazione italiana pubblici esercizi della provincia di Savona, e Silb-Fipe&hellip;<\/p>\r\n\t\t\t\t\t\t<div class=\"p-meta has-bookmark\">\r\n\t\t\t\t<div class=\"meta-inner is-meta\">\r\n\t\t\t\t\t\t\t<span class=\"meta-el meta-read\"><i class=\"rbi rbi-watch\" aria-hidden=\"true\"><\/i>1 Min Read<\/span>\r\n\t\t\t\t\t\t<\/div>\r\n\t\t\t\t<span class=\"rb-bookmark bookmark-trigger\" data-pid=\"13403\"><\/span>\t\t\t<\/div>\r\n\t\t\t\t<\/div>\r\n\t\t\t\t<\/div>\r\n\t<\/div>\t\t<div class=\"pagination-wrap pagination-loadmore\">\r\n\t\t\t<a href=\"#\" class=\"loadmore-trigger\"><span>Mostra di pi\u00f9\n<\/span><i class=\"rb-loader\" aria-hidden=\"true\"><\/i><\/a>\r\n\t\t<\/div>\r\n\t\t<\/div>\t\t<\/div>\n\t\t\t\t<\/div>\n\t\t\t\t\t<\/div>\n\t\t<\/div>\n\t\t\t\t\t<\/div>\n\t\t<\/section>\n\t\t\t\t<section class=\"elementor-section elementor-top-section elementor-element elementor-element-38be9ad elementor-section-boxed elementor-section-height-default elementor-section-height-default\" data-id=\"38be9ad\" data-element_type=\"section\">\n\t\t\t\t\t\t<div class=\"elementor-container elementor-column-gap-custom\">\n\t\t\t\t\t<div class=\"elementor-column elementor-col-100 elementor-top-column elementor-element elementor-element-a114fe3\" data-id=\"a114fe3\" data-element_type=\"column\">\n\t\t\t<div class=\"elementor-widget-wrap elementor-element-populated\">\n\t\t\t\t\t\t<div class=\"elementor-element elementor-element-f98747a elementor-widget elementor-widget-foxiz-heading\" data-id=\"f98747a\" data-element_type=\"widget\" data-widget_type=\"foxiz-heading.default\">\n\t\t\t\t<div class=\"elementor-widget-container\">\n\t\t\t<div id=\"uid_f98747a\" class=\"block-h heading-layout-5\"><div class=\"heading-inner\"><h3 class=\"heading-title\"><a href=\"https:\/\/thelatin.news\/it\/category\/news-it\/modolva-it\/\">Modolva<\/a><\/h3><div class=\"heading-tagline h6\"><a class=\"heading-tagline-label\" href=\"https:\/\/thelatin.news\/it\/category\/news-it\/modolva-it\/\">Mostra tutto<\/a><i class=\"rbi rbi-cright heading-tagline-icon\" aria-hidden=\"true\"><\/i><\/div><\/div><\/div>\t\t<\/div>\n\t\t\t\t<\/div>\n\t\t\t\t<div class=\"elementor-element elementor-element-5555b09 elementor-widget elementor-widget-foxiz-list-small-1\" data-id=\"5555b09\" data-element_type=\"widget\" data-widget_type=\"foxiz-list-small-1.default\">\n\t\t\t\t<div class=\"elementor-widget-container\">\n\t\t\t<div id=\"uid_5555b09\" class=\"block-wrap block-small block-list block-list-small-1 short-pagination rb-columns rb-col-5 rb-tcol-4 rb-mcol-1 is-gap-custom col-border is-border-gray bottom-border is-b-border-gray no-last-bb ecat-bg-4 meta-s-default\"><div class=\"block-inner\">\t\t<div class=\"p-wrap p-small p-list-small-1\" data-pid=\"15374\">\r\n\t\t\t<div class=\"p-content\">\r\n\t\t\t<div class=\"p-categories p-top\"><a class=\"p-category category-id-3249\" href=\"https:\/\/thelatin.news\/it\/category\/news-it\/business-it\/\" rel=\"category\">Attivit\u00e0 commerciale<\/a><a class=\"p-category category-id-2\" href=\"https:\/\/thelatin.news\/category\/news\/business\/\" rel=\"category\">Business<\/a><a class=\"p-category category-id-3255\" href=\"https:\/\/thelatin.news\/it\/category\/news-it\/portugal-it\/\" rel=\"category\">Portogallo<\/a><a class=\"p-category category-id-83\" href=\"https:\/\/thelatin.news\/category\/news\/portugal\/\" rel=\"category\">Portugal<\/a><\/div><h3 class=\"entry-title\">\t\t<a class=\"p-url\" href=\"https:\/\/thelatin.news\/it\/la-ccilsa-festeggia-44-anni-e-la-giornata-del-patrimonio\/\" rel=\"bookmark\">La CCILSA festeggia 44 anni e la Giornata del Patrimonio<\/a><\/h3><p class=\"entry-summary\">L'ambasciatore sudafricano in Portogallo e l'imprenditore Tim Vieira spingono per rafforzare i legami tra Sudafrica&hellip;<\/p>\r\n\t\t\t\t\t\t<div class=\"p-meta has-bookmark\">\r\n\t\t\t\t<div class=\"meta-inner is-meta\">\r\n\t\t\t\t\t\t\t<span class=\"meta-el meta-read\"><i class=\"rbi rbi-watch\" aria-hidden=\"true\"><\/i>1 Min Read<\/span>\r\n\t\t\t\t\t\t<\/div>\r\n\t\t\t\t<span class=\"rb-bookmark bookmark-trigger\" data-pid=\"15374\"><\/span>\t\t\t<\/div>\r\n\t\t\t\t<\/div>\r\n\t\t\t\t<\/div>\r\n\t\t\t<div class=\"p-wrap p-small p-list-small-1\" data-pid=\"15373\">\r\n\t\t\t<div class=\"p-content\">\r\n\t\t\t<div class=\"p-categories p-top\"><a class=\"p-category category-id-3250\" href=\"https:\/\/thelatin.news\/it\/category\/news-it\/entertainment-it\/\" rel=\"category\">Divertimento<\/a><a class=\"p-category category-id-82\" href=\"https:\/\/thelatin.news\/category\/news\/entertainment\/\" rel=\"category\">Entertainment<\/a><a class=\"p-category category-id-3255\" href=\"https:\/\/thelatin.news\/it\/category\/news-it\/portugal-it\/\" rel=\"category\">Portogallo<\/a><a class=\"p-category category-id-83\" href=\"https:\/\/thelatin.news\/category\/news\/portugal\/\" rel=\"category\">Portugal<\/a><\/div><h3 class=\"entry-title\">\t\t<a class=\"p-url\" href=\"https:\/\/thelatin.news\/it\/maldarizzi-presenta-in-anteprima-le-due-novita-di-mg-e-il-nuovo-brand-cinese-dongfeng-ora-sabato-26-e-domenica-27-nella-sede-di-lecce-di-via-portogallo-16-la-festa-di-sconti-musica-e-divert\/\" rel=\"bookmark\">MALDARIZZI PRESENTA IN ANTEPRIMA LE DUE NOVITA\u2019 DI MG E IL NUOVO BRAND CINESE DONGFENG. ORA SABATO 26 E DOMENICA 27 NELLA SEDE DI LECCE DI VIA PORTOGALLO 16 LA FESTA DI SCONTI, MUSICA E DIVERTIMENTO<\/a><\/h3><p class=\"entry-summary\">(Rdl) ______ Novit\u00e0 in casa Maldarizzi, che nella sede di Lecce in viale Portogallo 16&hellip;<\/p>\r\n\t\t\t\t\t\t<div class=\"p-meta has-bookmark\">\r\n\t\t\t\t<div class=\"meta-inner is-meta\">\r\n\t\t\t\t\t\t\t<span class=\"meta-el meta-read\"><i class=\"rbi rbi-watch\" aria-hidden=\"true\"><\/i>1 Min Read<\/span>\r\n\t\t\t\t\t\t<\/div>\r\n\t\t\t\t<span class=\"rb-bookmark bookmark-trigger\" data-pid=\"15373\"><\/span>\t\t\t<\/div>\r\n\t\t\t\t<\/div>\r\n\t\t\t\t<\/div>\r\n\t\t\t<div class=\"p-wrap p-small p-list-small-1\" data-pid=\"15372\">\r\n\t\t\t<div class=\"p-content\">\r\n\t\t\t<div class=\"p-categories p-top\"><a class=\"p-category category-id-5\" href=\"https:\/\/thelatin.news\/category\/news\/lifestyle\/\" rel=\"category\">Lifestyle<\/a><a class=\"p-category category-id-3255\" href=\"https:\/\/thelatin.news\/it\/category\/news-it\/portugal-it\/\" rel=\"category\">Portogallo<\/a><a class=\"p-category category-id-83\" href=\"https:\/\/thelatin.news\/category\/news\/portugal\/\" rel=\"category\">Portugal<\/a><a class=\"p-category category-id-3253\" href=\"https:\/\/thelatin.news\/it\/category\/news-it\/lifestyle-it\/\" rel=\"category\">Stile di vita<\/a><\/div><h3 class=\"entry-title\">\t\t<a class=\"p-url\" href=\"https:\/\/thelatin.news\/it\/perche-i-nordamericani-sono-cosi-affascinati-dallimmobiliare-portoghese\/\" rel=\"bookmark\">Perch\u00e9 i nordamericani sono cos\u00ec affascinati dall&#8217;immobiliare portoghese?<\/a><\/h3><p class=\"entry-summary\">Il Portogallo \u00e8 salito rapidamente alla ribalta come una delle destinazioni immobiliari pi\u00f9 ambite d'Europa&hellip;<\/p>\r\n\t\t\t\t\t\t<div class=\"p-meta has-bookmark\">\r\n\t\t\t\t<div class=\"meta-inner is-meta\">\r\n\t\t\t\t\t\t\t<span class=\"meta-el meta-read\"><i class=\"rbi rbi-watch\" aria-hidden=\"true\"><\/i>1 Min Read<\/span>\r\n\t\t\t\t\t\t<\/div>\r\n\t\t\t\t<span class=\"rb-bookmark bookmark-trigger\" data-pid=\"15372\"><\/span>\t\t\t<\/div>\r\n\t\t\t\t<\/div>\r\n\t\t\t\t<\/div>\r\n\t\t\t<div class=\"p-wrap p-small p-list-small-1\" data-pid=\"14065\">\r\n\t\t\t<div class=\"p-content\">\r\n\t\t\t<div class=\"p-categories p-top\"><a class=\"p-category category-id-3249\" href=\"https:\/\/thelatin.news\/it\/category\/news-it\/business-it\/\" rel=\"category\">Attivit\u00e0 commerciale<\/a><a class=\"p-category category-id-2\" href=\"https:\/\/thelatin.news\/category\/news\/business\/\" rel=\"category\">Business<\/a><a class=\"p-category category-id-3255\" href=\"https:\/\/thelatin.news\/it\/category\/news-it\/portugal-it\/\" rel=\"category\">Portogallo<\/a><a class=\"p-category category-id-83\" href=\"https:\/\/thelatin.news\/category\/news\/portugal\/\" rel=\"category\">Portugal<\/a><\/div><h3 class=\"entry-title\">\t\t<a class=\"p-url\" href=\"https:\/\/thelatin.news\/it\/birkenstock-apre-uno-stabilimento-da-13-mila-metri-quadri-in-portogallo\/\" rel=\"bookmark\">Birkenstock apre uno stabilimento da 13 mila metri quadri in Portogallo<\/a><\/h3><p class=\"entry-summary\">&#13; &#13; Un adv Birkenstock (ph official website)&#13; Birkenstock aumenta la sua capacit\u00e0 produttiva e&hellip;<\/p>\r\n\t\t\t\t\t\t<div class=\"p-meta has-bookmark\">\r\n\t\t\t\t<div class=\"meta-inner is-meta\">\r\n\t\t\t\t\t\t\t<span class=\"meta-el meta-read\"><i class=\"rbi rbi-watch\" aria-hidden=\"true\"><\/i>0 Min Read<\/span>\r\n\t\t\t\t\t\t<\/div>\r\n\t\t\t\t<span class=\"rb-bookmark bookmark-trigger\" data-pid=\"14065\"><\/span>\t\t\t<\/div>\r\n\t\t\t\t<\/div>\r\n\t\t\t\t<\/div>\r\n\t\t\t<div class=\"p-wrap p-small p-list-small-1\" data-pid=\"14064\">\r\n\t\t\t<div class=\"p-content\">\r\n\t\t\t<div class=\"p-categories p-top\"><a class=\"p-category category-id-3250\" href=\"https:\/\/thelatin.news\/it\/category\/news-it\/entertainment-it\/\" rel=\"category\">Divertimento<\/a><a class=\"p-category category-id-82\" href=\"https:\/\/thelatin.news\/category\/news\/entertainment\/\" rel=\"category\">Entertainment<\/a><a class=\"p-category category-id-3255\" href=\"https:\/\/thelatin.news\/it\/category\/news-it\/portugal-it\/\" rel=\"category\">Portogallo<\/a><a class=\"p-category category-id-83\" href=\"https:\/\/thelatin.news\/category\/news\/portugal\/\" rel=\"category\">Portugal<\/a><\/div><h3 class=\"entry-title\">\t\t<a class=\"p-url\" href=\"https:\/\/thelatin.news\/it\/le-10-migliori-destinazioni-europee-per-il-divertimento-dei-single\/\" rel=\"bookmark\">Le 10 migliori destinazioni europee per il divertimento dei single<\/a><\/h3><p class=\"entry-summary\">L\u2019Europa \u00e8 un continente che offre una vasta gamma di opportunit\u00e0 per chi cerca divertimento&hellip;<\/p>\r\n\t\t\t\t\t\t<div class=\"p-meta has-bookmark\">\r\n\t\t\t\t<div class=\"meta-inner is-meta\">\r\n\t\t\t\t\t\t\t<span class=\"meta-el meta-read\"><i class=\"rbi rbi-watch\" aria-hidden=\"true\"><\/i>1 Min Read<\/span>\r\n\t\t\t\t\t\t<\/div>\r\n\t\t\t\t<span class=\"rb-bookmark bookmark-trigger\" data-pid=\"14064\"><\/span>\t\t\t<\/div>\r\n\t\t\t\t<\/div>\r\n\t\t\t\t<\/div>\r\n\t\t\t<div class=\"p-wrap p-small p-list-small-1\" data-pid=\"14063\">\r\n\t\t\t<div class=\"p-content\">\r\n\t\t\t<div class=\"p-categories p-top\"><a class=\"p-category category-id-5\" href=\"https:\/\/thelatin.news\/category\/news\/lifestyle\/\" rel=\"category\">Lifestyle<\/a><a class=\"p-category category-id-3255\" href=\"https:\/\/thelatin.news\/it\/category\/news-it\/portugal-it\/\" rel=\"category\">Portogallo<\/a><a class=\"p-category category-id-83\" href=\"https:\/\/thelatin.news\/category\/news\/portugal\/\" rel=\"category\">Portugal<\/a><a class=\"p-category category-id-3253\" href=\"https:\/\/thelatin.news\/it\/category\/news-it\/lifestyle-it\/\" rel=\"category\">Stile di vita<\/a><\/div><h3 class=\"entry-title\">\t\t<a class=\"p-url\" href=\"https:\/\/thelatin.news\/it\/il-rapporto-immobiliare-internazionale-classifica-il-portogallo-come-la-scelta-migliore-per-il-trasferimento-e-linvestimento-in-proprieta-di-lusso\/\" rel=\"bookmark\">Il rapporto immobiliare internazionale classifica il Portogallo come la scelta migliore per il trasferimento e l&#8217;investimento in propriet\u00e0 di lusso<\/a><\/h3><p class=\"entry-summary\">L'ultima ricerca internazionale indipendente di Property Market-Index mette in evidenza perch\u00e9 il Portogallo, in particolare&hellip;<\/p>\r\n\t\t\t\t\t\t<div class=\"p-meta has-bookmark\">\r\n\t\t\t\t<div class=\"meta-inner is-meta\">\r\n\t\t\t\t\t\t\t<span class=\"meta-el meta-read\"><i class=\"rbi rbi-watch\" aria-hidden=\"true\"><\/i>1 Min Read<\/span>\r\n\t\t\t\t\t\t<\/div>\r\n\t\t\t\t<span class=\"rb-bookmark bookmark-trigger\" data-pid=\"14063\"><\/span>\t\t\t<\/div>\r\n\t\t\t\t<\/div>\r\n\t\t\t\t<\/div>\r\n\t\t\t<div class=\"p-wrap p-small p-list-small-1\" data-pid=\"13740\">\r\n\t\t\t<div class=\"p-content\">\r\n\t\t\t<div class=\"p-categories p-top\"><a class=\"p-category category-id-3249\" href=\"https:\/\/thelatin.news\/it\/category\/news-it\/business-it\/\" rel=\"category\">Attivit\u00e0 commerciale<\/a><a class=\"p-category category-id-2\" href=\"https:\/\/thelatin.news\/category\/news\/business\/\" rel=\"category\">Business<\/a><a class=\"p-category category-id-3255\" href=\"https:\/\/thelatin.news\/it\/category\/news-it\/portugal-it\/\" rel=\"category\">Portogallo<\/a><a class=\"p-category category-id-83\" href=\"https:\/\/thelatin.news\/category\/news\/portugal\/\" rel=\"category\">Portugal<\/a><\/div><h3 class=\"entry-title\">\t\t<a class=\"p-url\" href=\"https:\/\/thelatin.news\/it\/nuovo-cliente-portoghese-per-erredue-firmato-un-ordine-per-un-elettrolizzatore-alcalino-da-125-mw\/\" rel=\"bookmark\">Nuovo cliente portoghese per ErreDue: firmato un ordine per un elettrolizzatore alcalino da 1,25 MW<\/a><\/h3><p class=\"entry-summary\">Nonostante l\u2019approssimarsi della pausa estiva, non si ferma l\u2019attivit\u00e0 commerciale di ErreDue: la societ\u00e0 livornese&hellip;<\/p>\r\n\t\t\t\t\t\t<div class=\"p-meta has-bookmark\">\r\n\t\t\t\t<div class=\"meta-inner is-meta\">\r\n\t\t\t\t\t\t\t<span class=\"meta-el meta-read\"><i class=\"rbi rbi-watch\" aria-hidden=\"true\"><\/i>1 Min Read<\/span>\r\n\t\t\t\t\t\t<\/div>\r\n\t\t\t\t<span class=\"rb-bookmark bookmark-trigger\" data-pid=\"13740\"><\/span>\t\t\t<\/div>\r\n\t\t\t\t<\/div>\r\n\t\t\t\t<\/div>\r\n\t\t\t<div class=\"p-wrap p-small p-list-small-1\" data-pid=\"13739\">\r\n\t\t\t<div class=\"p-content\">\r\n\t\t\t<div class=\"p-categories p-top\"><a class=\"p-category category-id-3250\" href=\"https:\/\/thelatin.news\/it\/category\/news-it\/entertainment-it\/\" rel=\"category\">Divertimento<\/a><a class=\"p-category category-id-82\" href=\"https:\/\/thelatin.news\/category\/news\/entertainment\/\" rel=\"category\">Entertainment<\/a><a class=\"p-category category-id-3255\" href=\"https:\/\/thelatin.news\/it\/category\/news-it\/portugal-it\/\" rel=\"category\">Portogallo<\/a><a class=\"p-category category-id-83\" href=\"https:\/\/thelatin.news\/category\/news\/portugal\/\" rel=\"category\">Portugal<\/a><\/div><h3 class=\"entry-title\">\t\t<a class=\"p-url\" href=\"https:\/\/thelatin.news\/it\/da-marvao-e-sintra-portogallo-inedito-fra-montagne-e-mare\/\" rel=\"bookmark\">Da Marv\u00e3o e Sintra, Portogallo inedito fra montagne e mare<\/a><\/h3><p class=\"entry-summary\">Dici\u00a0Portogallo\u00a0e pensi immediatamente a Lisbona e Porto, oppure a ben note localit\u00e0 affacciate sull\u2019Oceano come&hellip;<\/p>\r\n\t\t\t\t\t\t<div class=\"p-meta has-bookmark\">\r\n\t\t\t\t<div class=\"meta-inner is-meta\">\r\n\t\t\t\t\t\t\t<span class=\"meta-el meta-read\"><i class=\"rbi rbi-watch\" aria-hidden=\"true\"><\/i>1 Min Read<\/span>\r\n\t\t\t\t\t\t<\/div>\r\n\t\t\t\t<span class=\"rb-bookmark bookmark-trigger\" data-pid=\"13739\"><\/span>\t\t\t<\/div>\r\n\t\t\t\t<\/div>\r\n\t\t\t\t<\/div>\r\n\t\t\t<div class=\"p-wrap p-small p-list-small-1\" data-pid=\"13738\">\r\n\t\t\t<div class=\"p-content\">\r\n\t\t\t<div class=\"p-categories p-top\"><a class=\"p-category category-id-5\" href=\"https:\/\/thelatin.news\/category\/news\/lifestyle\/\" rel=\"category\">Lifestyle<\/a><a class=\"p-category category-id-3255\" href=\"https:\/\/thelatin.news\/it\/category\/news-it\/portugal-it\/\" rel=\"category\">Portogallo<\/a><a class=\"p-category category-id-83\" href=\"https:\/\/thelatin.news\/category\/news\/portugal\/\" rel=\"category\">Portugal<\/a><a class=\"p-category category-id-3253\" href=\"https:\/\/thelatin.news\/it\/category\/news-it\/lifestyle-it\/\" rel=\"category\">Stile di vita<\/a><\/div><h3 class=\"entry-title\">\t\t<a class=\"p-url\" href=\"https:\/\/thelatin.news\/it\/portogallo-un-astro-nascente-per-le-case-vacanza-e-gli-investimenti-nel-turismo\/\" rel=\"bookmark\">Portogallo: un astro nascente per le case vacanza e gli investimenti nel turismo<\/a><\/h3><p class=\"entry-summary\">Dalle spiagge assolate dell'Algarve alla tranquilla campagna dell'Alentejo, il paesaggio variegato del Paese offre una&hellip;<\/p>\r\n\t\t\t\t\t\t<div class=\"p-meta has-bookmark\">\r\n\t\t\t\t<div class=\"meta-inner is-meta\">\r\n\t\t\t\t\t\t\t<span class=\"meta-el meta-read\"><i class=\"rbi rbi-watch\" aria-hidden=\"true\"><\/i>1 Min Read<\/span>\r\n\t\t\t\t\t\t<\/div>\r\n\t\t\t\t<span class=\"rb-bookmark bookmark-trigger\" data-pid=\"13738\"><\/span>\t\t\t<\/div>\r\n\t\t\t\t<\/div>\r\n\t\t\t\t<\/div>\r\n\t\t\t<div class=\"p-wrap p-small p-list-small-1\" data-pid=\"13392\">\r\n\t\t\t<div class=\"p-content\">\r\n\t\t\t<div class=\"p-categories p-top\"><a class=\"p-category category-id-3249\" href=\"https:\/\/thelatin.news\/it\/category\/news-it\/business-it\/\" rel=\"category\">Attivit\u00e0 commerciale<\/a><a class=\"p-category category-id-2\" href=\"https:\/\/thelatin.news\/category\/news\/business\/\" rel=\"category\">Business<\/a><a class=\"p-category category-id-3255\" href=\"https:\/\/thelatin.news\/it\/category\/news-it\/portugal-it\/\" rel=\"category\">Portogallo<\/a><a class=\"p-category category-id-83\" href=\"https:\/\/thelatin.news\/category\/news\/portugal\/\" rel=\"category\">Portugal<\/a><\/div><h3 class=\"entry-title\">\t\t<a class=\"p-url\" href=\"https:\/\/thelatin.news\/it\/sanlorenzo-med-affida-a-johannes-h-brechmann-lo-sviluppo-commerciale-in-spagna-e-portogallo\/\" rel=\"bookmark\">Sanlorenzo MED affida a Johannes H. Brechmann lo sviluppo commerciale in Spagna e Portogallo<\/a><\/h3><p class=\"entry-summary\">Sanlorenzo MED, network commerciale estero europeo del cantiere Sanlorenzo, guidato dal CEO Ferruccio Rossi, ha&hellip;<\/p>\r\n\t\t\t\t\t\t<div class=\"p-meta has-bookmark\">\r\n\t\t\t\t<div class=\"meta-inner is-meta\">\r\n\t\t\t\t\t\t\t<span class=\"meta-el meta-read\"><i class=\"rbi rbi-watch\" aria-hidden=\"true\"><\/i>1 Min Read<\/span>\r\n\t\t\t\t\t\t<\/div>\r\n\t\t\t\t<span class=\"rb-bookmark bookmark-trigger\" data-pid=\"13392\"><\/span>\t\t\t<\/div>\r\n\t\t\t\t<\/div>\r\n\t\t\t\t<\/div>\r\n\t<\/div>\t\t<div class=\"pagination-wrap pagination-loadmore\">\r\n\t\t\t<a href=\"#\" class=\"loadmore-trigger\"><span>Mostra di pi\u00f9\n<\/span><i class=\"rb-loader\" aria-hidden=\"true\"><\/i><\/a>\r\n\t\t<\/div>\r\n\t\t<\/div>\t\t<\/div>\n\t\t\t\t<\/div>\n\t\t\t\t\t<\/div>\n\t\t<\/div>\n\t\t\t\t\t<\/div>\n\t\t<\/section>\n\t\t\t\t<section class=\"elementor-section elementor-top-section elementor-element elementor-element-354033e elementor-section-boxed elementor-section-height-default elementor-section-height-default\" data-id=\"354033e\" data-element_type=\"section\">\n\t\t\t\t\t\t<div class=\"elementor-container elementor-column-gap-custom\">\n\t\t\t\t\t<div class=\"elementor-column elementor-col-100 elementor-top-column elementor-element elementor-element-064bb3e\" data-id=\"064bb3e\" data-element_type=\"column\">\n\t\t\t<div class=\"elementor-widget-wrap elementor-element-populated\">\n\t\t\t\t\t\t<div class=\"elementor-element elementor-element-0fc4619 elementor-widget elementor-widget-foxiz-heading\" data-id=\"0fc4619\" data-element_type=\"widget\" data-widget_type=\"foxiz-heading.default\">\n\t\t\t\t<div class=\"elementor-widget-container\">\n\t\t\t<div id=\"uid_0fc4619\" class=\"block-h heading-layout-5\"><div class=\"heading-inner\"><h3 class=\"heading-title\"><a href=\"https:\/\/thelatin.news\/it\/category\/news-it\/italy-it\/\">Italia<\/a><\/h3><div class=\"heading-tagline h6\"><a class=\"heading-tagline-label\" href=\"https:\/\/thelatin.news\/it\/category\/news-it\/italy-it\/\">Mostra tutto<\/a><i class=\"rbi rbi-cright heading-tagline-icon\" aria-hidden=\"true\"><\/i><\/div><\/div><\/div>\t\t<\/div>\n\t\t\t\t<\/div>\n\t\t\t\t<div class=\"elementor-element elementor-element-373d4fb elementor-widget elementor-widget-foxiz-list-small-1\" data-id=\"373d4fb\" data-element_type=\"widget\" data-widget_type=\"foxiz-list-small-1.default\">\n\t\t\t\t<div class=\"elementor-widget-container\">\n\t\t\t<div id=\"uid_373d4fb\" class=\"block-wrap block-small block-list block-list-small-1 short-pagination rb-columns rb-col-5 rb-tcol-4 rb-mcol-1 is-gap-custom col-border is-border-gray bottom-border is-b-border-gray no-last-bb ecat-bg-4 meta-s-default\"><div class=\"block-inner\">\t\t<div class=\"p-wrap p-small p-list-small-1\" data-pid=\"16148\">\r\n\t\t\t<div class=\"p-content\">\r\n\t\t\t<div class=\"p-categories p-top\"><a class=\"p-category category-id-3258\" href=\"https:\/\/thelatin.news\/it\/category\/news-it\/sports-it\/\" rel=\"category\">Gli sport<\/a><a class=\"p-category category-id-3257\" href=\"https:\/\/thelatin.news\/it\/category\/news-it\/spain-it\/\" rel=\"category\">Spagna<\/a><a class=\"p-category category-id-84\" href=\"https:\/\/thelatin.news\/category\/news\/spain\/\" rel=\"category\">Spain<\/a><a class=\"p-category category-id-3\" href=\"https:\/\/thelatin.news\/category\/news\/sports\/\" rel=\"category\">Sports<\/a><\/div><h3 class=\"entry-title\">\t\t<a class=\"p-url\" href=\"https:\/\/thelatin.news\/it\/i-mondiali-2030-in-spagna-portogallo-e-marocco-nel-2034-in-arabia-agenzia-ansa\/\" rel=\"bookmark\">I Mondiali 2030 in Spagna, Portogallo e Marocco, nel 2034 in Arabia &#8211; Agenzia ANSA<\/a><\/h3><p class=\"entry-summary\">I Mondiali 2030 in Spagna, Portogallo e Marocco, nel 2034 in Arabia&nbsp;&nbsp;Agenzia ANSACalcio, Mondiale centenario&hellip;<\/p>\r\n\t\t\t\t\t\t<div class=\"p-meta has-bookmark\">\r\n\t\t\t\t<div class=\"meta-inner is-meta\">\r\n\t\t\t\t\t\t\t<span class=\"meta-el meta-read\"><i class=\"rbi rbi-watch\" aria-hidden=\"true\"><\/i>1 Min Read<\/span>\r\n\t\t\t\t\t\t<\/div>\r\n\t\t\t\t<span class=\"rb-bookmark bookmark-trigger\" data-pid=\"16148\"><\/span>\t\t\t<\/div>\r\n\t\t\t\t<\/div>\r\n\t\t\t\t<\/div>\r\n\t\t\t<div class=\"p-wrap p-small p-list-small-1\" data-pid=\"15870\">\r\n\t\t\t<div class=\"p-content\">\r\n\t\t\t<div class=\"p-categories p-top\"><a class=\"p-category category-id-3258\" href=\"https:\/\/thelatin.news\/it\/category\/news-it\/sports-it\/\" rel=\"category\">Gli sport<\/a><a class=\"p-category category-id-3257\" href=\"https:\/\/thelatin.news\/it\/category\/news-it\/spain-it\/\" rel=\"category\">Spagna<\/a><a class=\"p-category category-id-84\" href=\"https:\/\/thelatin.news\/category\/news\/spain\/\" rel=\"category\">Spain<\/a><a class=\"p-category category-id-3\" href=\"https:\/\/thelatin.news\/category\/news\/sports\/\" rel=\"category\">Sports<\/a><\/div><h3 class=\"entry-title\">\t\t<a class=\"p-url\" href=\"https:\/\/thelatin.news\/it\/coppa-davis-spagna-subito-fuori-olanda-prima-semifinalista-rivivi-il-live-corriere-dello-sport\/\" rel=\"bookmark\">Coppa Davis: Spagna subito fuori, Olanda prima semifinalista. Rivivi il LIVE &#8211; Corriere dello Sport<\/a><\/h3><p class=\"entry-summary\">Coppa Davis: Spagna subito fuori, Olanda prima semifinalista. Rivivi il LIVE&nbsp;&nbsp;Corriere dello SportCoppa Davis, Spagna-Olanda&hellip;<\/p>\r\n\t\t\t\t\t\t<div class=\"p-meta has-bookmark\">\r\n\t\t\t\t<div class=\"meta-inner is-meta\">\r\n\t\t\t\t\t\t\t<span class=\"meta-el meta-read\"><i class=\"rbi rbi-watch\" aria-hidden=\"true\"><\/i>1 Min Read<\/span>\r\n\t\t\t\t\t\t<\/div>\r\n\t\t\t\t<span class=\"rb-bookmark bookmark-trigger\" data-pid=\"15870\"><\/span>\t\t\t<\/div>\r\n\t\t\t\t<\/div>\r\n\t\t\t\t<\/div>\r\n\t\t\t<div class=\"p-wrap p-small p-list-small-1\" data-pid=\"15371\">\r\n\t\t\t<div class=\"p-content\">\r\n\t\t\t<div class=\"p-categories p-top\"><a class=\"p-category category-id-3258\" href=\"https:\/\/thelatin.news\/it\/category\/news-it\/sports-it\/\" rel=\"category\">Gli sport<\/a><a class=\"p-category category-id-3257\" href=\"https:\/\/thelatin.news\/it\/category\/news-it\/spain-it\/\" rel=\"category\">Spagna<\/a><a class=\"p-category category-id-84\" href=\"https:\/\/thelatin.news\/category\/news\/spain\/\" rel=\"category\">Spain<\/a><a class=\"p-category category-id-3\" href=\"https:\/\/thelatin.news\/category\/news\/sports\/\" rel=\"category\">Sports<\/a><\/div><h3 class=\"entry-title\">\t\t<a class=\"p-url\" href=\"https:\/\/thelatin.news\/it\/calcio-razzismo-insulti-a-vinicius-quattro-arresti-in-spagna\/\" rel=\"bookmark\">Calcio: Razzismo. Insulti a Vinicius, quattro arresti in Spagna<\/a><\/h3><p class=\"entry-summary\">di Italpress \u00a0\u00a024-10-2024 - 12:03 L'accusa \u00e8 di incitamento all'odio per i fatti prima del&hellip;<\/p>\r\n\t\t\t\t\t\t<div class=\"p-meta has-bookmark\">\r\n\t\t\t\t<div class=\"meta-inner is-meta\">\r\n\t\t\t\t\t\t\t<span class=\"meta-el meta-read\"><i class=\"rbi rbi-watch\" aria-hidden=\"true\"><\/i>1 Min Read<\/span>\r\n\t\t\t\t\t\t<\/div>\r\n\t\t\t\t<span class=\"rb-bookmark bookmark-trigger\" data-pid=\"15371\"><\/span>\t\t\t<\/div>\r\n\t\t\t\t<\/div>\r\n\t\t\t\t<\/div>\r\n\t\t\t<div class=\"p-wrap p-small p-list-small-1\" data-pid=\"15370\">\r\n\t\t\t<div class=\"p-content\">\r\n\t\t\t<div class=\"p-categories p-top\"><a class=\"p-category category-id-3257\" href=\"https:\/\/thelatin.news\/it\/category\/news-it\/spain-it\/\" rel=\"category\">Spagna<\/a><a class=\"p-category category-id-84\" href=\"https:\/\/thelatin.news\/category\/news\/spain\/\" rel=\"category\">Spain<\/a><a class=\"p-category category-id-3215\" href=\"https:\/\/thelatin.news\/category\/news\/travel\/\" rel=\"category\">Travel<\/a><a class=\"p-category category-id-3260\" href=\"https:\/\/thelatin.news\/it\/category\/news-it\/travel-it\/\" rel=\"category\">Viaggio<\/a><\/div><h3 class=\"entry-title\">\t\t<a class=\"p-url\" href=\"https:\/\/thelatin.news\/it\/tanti-viaggi-nella-storia-dallantica-cultura-musulmana-in-spagna-allimportanza-della-festa-al-museo-pasqualino-giornate-di-studio\/\" rel=\"bookmark\">Tanti viaggi nella storia: dall\u2019antica cultura musulmana in Spagna all\u2019importanza della festa. Al Museo Pasqualino giornate di studio<\/a><\/h3><p class=\"entry-summary\">13 Ott 2024 21:13*Domani, luned\u00ec 14 ottobre alle 17,* l*\u2019Instituto Cervantes* di *Palermo *(Chiesa sconsacrata&hellip;<\/p>\r\n\t\t\t\t\t\t<div class=\"p-meta has-bookmark\">\r\n\t\t\t\t<div class=\"meta-inner is-meta\">\r\n\t\t\t\t\t\t\t<span class=\"meta-el meta-read\"><i class=\"rbi rbi-watch\" aria-hidden=\"true\"><\/i>1 Min Read<\/span>\r\n\t\t\t\t\t\t<\/div>\r\n\t\t\t\t<span class=\"rb-bookmark bookmark-trigger\" data-pid=\"15370\"><\/span>\t\t\t<\/div>\r\n\t\t\t\t<\/div>\r\n\t\t\t\t<\/div>\r\n\t\t\t<div class=\"p-wrap p-small p-list-small-1\" data-pid=\"15369\">\r\n\t\t\t<div class=\"p-content\">\r\n\t\t\t<div class=\"p-categories p-top\"><a class=\"p-category category-id-3257\" href=\"https:\/\/thelatin.news\/it\/category\/news-it\/spain-it\/\" rel=\"category\">Spagna<\/a><a class=\"p-category category-id-84\" href=\"https:\/\/thelatin.news\/category\/news\/spain\/\" rel=\"category\">Spain<\/a><a class=\"p-category category-id-7\" href=\"https:\/\/thelatin.news\/category\/news\/technology\/\" rel=\"category\">Technology<\/a><a class=\"p-category category-id-3259\" href=\"https:\/\/thelatin.news\/it\/category\/news-it\/tecnologia\/\" rel=\"category\">Tecnologia<\/a><\/div><h3 class=\"entry-title\">\t\t<a class=\"p-url\" href=\"https:\/\/thelatin.news\/it\/influencer-muore-a-26-anni-precipitando-dal-ponte-piu-alto-della-spagna-voleva-creare-contenuti-per-i-social\/\" rel=\"bookmark\">Influencer muore a 26 anni precipitando dal ponte pi\u00f9 alto della Spagna: \u00abVoleva creare contenuti per i social\u00bb<\/a><\/h3><p class=\"entry-summary\">\u00c8 finita nel peggiore dei modi l'ultima scalata (vietata) di Lewis Stevenson: fatale un'improvvisa perdita&hellip;<\/p>\r\n\t\t\t\t\t\t<div class=\"p-meta has-bookmark\">\r\n\t\t\t\t<div class=\"meta-inner is-meta\">\r\n\t\t\t\t\t\t\t<span class=\"meta-el meta-read\"><i class=\"rbi rbi-watch\" aria-hidden=\"true\"><\/i>0 Min Read<\/span>\r\n\t\t\t\t\t\t<\/div>\r\n\t\t\t\t<span class=\"rb-bookmark bookmark-trigger\" data-pid=\"15369\"><\/span>\t\t\t<\/div>\r\n\t\t\t\t<\/div>\r\n\t\t\t\t<\/div>\r\n\t\t\t<div class=\"p-wrap p-small p-list-small-1\" data-pid=\"14062\">\r\n\t\t\t<div class=\"p-content\">\r\n\t\t\t<div class=\"p-categories p-top\"><a class=\"p-category category-id-3258\" href=\"https:\/\/thelatin.news\/it\/category\/news-it\/sports-it\/\" rel=\"category\">Gli sport<\/a><a class=\"p-category category-id-3257\" href=\"https:\/\/thelatin.news\/it\/category\/news-it\/spain-it\/\" rel=\"category\">Spagna<\/a><a class=\"p-category category-id-84\" href=\"https:\/\/thelatin.news\/category\/news\/spain\/\" rel=\"category\">Spain<\/a><a class=\"p-category category-id-3\" href=\"https:\/\/thelatin.news\/category\/news\/sports\/\" rel=\"category\">Sports<\/a><\/div><h3 class=\"entry-title\">\t\t<a class=\"p-url\" href=\"https:\/\/thelatin.news\/it\/motogp-gli-orari-e-dove-vedere-il-gp-aragon-spagna-2024-in-tv\/\" rel=\"bookmark\">MotoGp, gli orari e dove vedere il Gp Aragon (Spagna) 2024 in tv<\/a><\/h3><p class=\"entry-summary\">Il\u00a0Motomondiale sbarca ad Aragon\u00a0per la dodicesima\u00a0gara dell\u2019anno. Si parte gioved\u00ec con la conferenza stampa piloti&hellip;<\/p>\r\n\t\t\t\t\t\t<div class=\"p-meta has-bookmark\">\r\n\t\t\t\t<div class=\"meta-inner is-meta\">\r\n\t\t\t\t\t\t\t<span class=\"meta-el meta-read\"><i class=\"rbi rbi-watch\" aria-hidden=\"true\"><\/i>1 Min Read<\/span>\r\n\t\t\t\t\t\t<\/div>\r\n\t\t\t\t<span class=\"rb-bookmark bookmark-trigger\" data-pid=\"14062\"><\/span>\t\t\t<\/div>\r\n\t\t\t\t<\/div>\r\n\t\t\t\t<\/div>\r\n\t\t\t<div class=\"p-wrap p-small p-list-small-1\" data-pid=\"14061\">\r\n\t\t\t<div class=\"p-content\">\r\n\t\t\t<div class=\"p-categories p-top\"><a class=\"p-category category-id-3257\" href=\"https:\/\/thelatin.news\/it\/category\/news-it\/spain-it\/\" rel=\"category\">Spagna<\/a><a class=\"p-category category-id-84\" href=\"https:\/\/thelatin.news\/category\/news\/spain\/\" rel=\"category\">Spain<\/a><a class=\"p-category category-id-3215\" href=\"https:\/\/thelatin.news\/category\/news\/travel\/\" rel=\"category\">Travel<\/a><a class=\"p-category category-id-3260\" href=\"https:\/\/thelatin.news\/it\/category\/news-it\/travel-it\/\" rel=\"category\">Viaggio<\/a><\/div><h3 class=\"entry-title\">\t\t<a class=\"p-url\" href=\"https:\/\/thelatin.news\/it\/aumentano-i-viaggi-allestero-a-settembre\/\" rel=\"bookmark\">aumentano i viaggi all&#8217;estero a settembre<\/a><\/h3><p class=\"entry-summary\">Sempre meno \u2018mese di spalla\u2019, sempre pi\u00f9 protagonista delle vacanze. Settembre sta aumentando il suo&hellip;<\/p>\r\n\t\t\t\t\t\t<div class=\"p-meta has-bookmark\">\r\n\t\t\t\t<div class=\"meta-inner is-meta\">\r\n\t\t\t\t\t\t\t<span class=\"meta-el meta-read\"><i class=\"rbi rbi-watch\" aria-hidden=\"true\"><\/i>1 Min Read<\/span>\r\n\t\t\t\t\t\t<\/div>\r\n\t\t\t\t<span class=\"rb-bookmark bookmark-trigger\" data-pid=\"14061\"><\/span>\t\t\t<\/div>\r\n\t\t\t\t<\/div>\r\n\t\t\t\t<\/div>\r\n\t\t\t<div class=\"p-wrap p-small p-list-small-1\" data-pid=\"14060\">\r\n\t\t\t<div class=\"p-content\">\r\n\t\t\t<div class=\"p-categories p-top\"><a class=\"p-category category-id-3257\" href=\"https:\/\/thelatin.news\/it\/category\/news-it\/spain-it\/\" rel=\"category\">Spagna<\/a><a class=\"p-category category-id-84\" href=\"https:\/\/thelatin.news\/category\/news\/spain\/\" rel=\"category\">Spain<\/a><a class=\"p-category category-id-7\" href=\"https:\/\/thelatin.news\/category\/news\/technology\/\" rel=\"category\">Technology<\/a><a class=\"p-category category-id-3259\" href=\"https:\/\/thelatin.news\/it\/category\/news-it\/tecnologia\/\" rel=\"category\">Tecnologia<\/a><\/div><h3 class=\"entry-title\">\t\t<a class=\"p-url\" href=\"https:\/\/thelatin.news\/it\/la-qualificazione-agli-europei-batte-la-spagna-in-due-set\/\" rel=\"bookmark\">la qualificazione agli Europei batte la Spagna in due set<\/a><\/h3><p class=\"entry-summary\">Solo due settimane fa, la squadra di pallavolo maschile svedese ha giocato la sua prima&hellip;<\/p>\r\n\t\t\t\t\t\t<div class=\"p-meta has-bookmark\">\r\n\t\t\t\t<div class=\"meta-inner is-meta\">\r\n\t\t\t\t\t\t\t<span class=\"meta-el meta-read\"><i class=\"rbi rbi-watch\" aria-hidden=\"true\"><\/i>1 Min Read<\/span>\r\n\t\t\t\t\t\t<\/div>\r\n\t\t\t\t<span class=\"rb-bookmark bookmark-trigger\" data-pid=\"14060\"><\/span>\t\t\t<\/div>\r\n\t\t\t\t<\/div>\r\n\t\t\t\t<\/div>\r\n\t\t\t<div class=\"p-wrap p-small p-list-small-1\" data-pid=\"13737\">\r\n\t\t\t<div class=\"p-content\">\r\n\t\t\t<div class=\"p-categories p-top\"><a class=\"p-category category-id-3258\" href=\"https:\/\/thelatin.news\/it\/category\/news-it\/sports-it\/\" rel=\"category\">Gli sport<\/a><a class=\"p-category category-id-3257\" href=\"https:\/\/thelatin.news\/it\/category\/news-it\/spain-it\/\" rel=\"category\">Spagna<\/a><a class=\"p-category category-id-84\" href=\"https:\/\/thelatin.news\/category\/news\/spain\/\" rel=\"category\">Spain<\/a><a class=\"p-category category-id-3\" href=\"https:\/\/thelatin.news\/category\/news\/sports\/\" rel=\"category\">Sports<\/a><\/div><h3 class=\"entry-title\">\t\t<a class=\"p-url\" href=\"https:\/\/thelatin.news\/it\/cheddira-in-procinto-di-trasferirsi-in-prestito-in-spagna-moretto-dichiara-sono-in-corso-trattative\/\" rel=\"bookmark\">Cheddira in procinto di trasferirsi in prestito in Spagna. Moretto dichiara: \u201cSono in corso trattative\u201d<\/a><\/h3><p class=\"entry-summary\">Walid Cheddira: Possibile Addio al Napoli L\u2019attaccante marocchino potrebbe presto lasciare il Napoli, con il&hellip;<\/p>\r\n\t\t\t\t\t\t<div class=\"p-meta has-bookmark\">\r\n\t\t\t\t<div class=\"meta-inner is-meta\">\r\n\t\t\t\t\t\t\t<span class=\"meta-el meta-read\"><i class=\"rbi rbi-watch\" aria-hidden=\"true\"><\/i>1 Min Read<\/span>\r\n\t\t\t\t\t\t<\/div>\r\n\t\t\t\t<span class=\"rb-bookmark bookmark-trigger\" data-pid=\"13737\"><\/span>\t\t\t<\/div>\r\n\t\t\t\t<\/div>\r\n\t\t\t\t<\/div>\r\n\t\t\t<div class=\"p-wrap p-small p-list-small-1\" data-pid=\"13736\">\r\n\t\t\t<div class=\"p-content\">\r\n\t\t\t<div class=\"p-categories p-top\"><a class=\"p-category category-id-3257\" href=\"https:\/\/thelatin.news\/it\/category\/news-it\/spain-it\/\" rel=\"category\">Spagna<\/a><a class=\"p-category category-id-84\" href=\"https:\/\/thelatin.news\/category\/news\/spain\/\" rel=\"category\">Spain<\/a><a class=\"p-category category-id-3215\" href=\"https:\/\/thelatin.news\/category\/news\/travel\/\" rel=\"category\">Travel<\/a><a class=\"p-category category-id-3260\" href=\"https:\/\/thelatin.news\/it\/category\/news-it\/travel-it\/\" rel=\"category\">Viaggio<\/a><\/div><h3 class=\"entry-title\">\t\t<a class=\"p-url\" href=\"https:\/\/thelatin.news\/it\/queste-sono-le-attrazioni-piu-eco-friendly-del-mondo-quante-ne-hai-viste\/\" rel=\"bookmark\">Queste sono le attrazioni pi\u00f9 eco-friendly del mondo (quante ne hai viste?)<\/a><\/h3><p class=\"entry-summary\">Anche i monumenti possono essere amici dell'ecologia: scopriamo la classifica delle attrazioni pi\u00f9 eco-friendly del&hellip;<\/p>\r\n\t\t\t\t\t\t<div class=\"p-meta has-bookmark\">\r\n\t\t\t\t<div class=\"meta-inner is-meta\">\r\n\t\t\t\t\t\t\t<span class=\"meta-el meta-read\"><i class=\"rbi rbi-watch\" aria-hidden=\"true\"><\/i>1 Min Read<\/span>\r\n\t\t\t\t\t\t<\/div>\r\n\t\t\t\t<span class=\"rb-bookmark bookmark-trigger\" data-pid=\"13736\"><\/span>\t\t\t<\/div>\r\n\t\t\t\t<\/div>\r\n\t\t\t\t<\/div>\r\n\t<\/div>\t\t<div class=\"pagination-wrap pagination-loadmore\">\r\n\t\t\t<a href=\"#\" class=\"loadmore-trigger\"><span>Mostra di pi\u00f9\n<\/span><i class=\"rb-loader\" aria-hidden=\"true\"><\/i><\/a>\r\n\t\t<\/div>\r\n\t\t<\/div>\t\t<\/div>\n\t\t\t\t<\/div>\n\t\t\t\t\t<\/div>\n\t\t<\/div>\n\t\t\t\t\t<\/div>\n\t\t<\/section>\n\t\t\t\t<section class=\"elementor-section elementor-top-section elementor-element elementor-element-22b019a elementor-section-boxed elementor-section-height-default elementor-section-height-default\" data-id=\"22b019a\" data-element_type=\"section\">\n\t\t\t\t\t\t<div class=\"elementor-container elementor-column-gap-custom\">\n\t\t\t\t\t<div class=\"elementor-column elementor-col-100 elementor-top-column elementor-element elementor-element-bbed2d6\" data-id=\"bbed2d6\" data-element_type=\"column\">\n\t\t\t<div class=\"elementor-widget-wrap elementor-element-populated\">\n\t\t\t\t\t\t<div class=\"elementor-element elementor-element-d18c535 elementor-widget elementor-widget-foxiz-heading\" data-id=\"d18c535\" data-element_type=\"widget\" data-widget_type=\"foxiz-heading.default\">\n\t\t\t\t<div class=\"elementor-widget-container\">\n\t\t\t<div id=\"uid_d18c535\" class=\"block-h heading-layout-5\"><div class=\"heading-inner\"><h3 class=\"heading-title\"><a href=\"https:\/\/thelatin.news\/it\/category\/news-it\/portugal-it\/\">Portogallo<\/a><\/h3><div class=\"heading-tagline h6\"><a class=\"heading-tagline-label\" href=\"https:\/\/thelatin.news\/it\/category\/news-it\/portugal-it\/\">Mostra tutto<\/a><i class=\"rbi rbi-cright heading-tagline-icon\" aria-hidden=\"true\"><\/i><\/div><\/div><\/div>\t\t<\/div>\n\t\t\t\t<\/div>\n\t\t\t\t<div class=\"elementor-element elementor-element-c34d8fa elementor-widget elementor-widget-foxiz-list-small-1\" data-id=\"c34d8fa\" data-element_type=\"widget\" data-widget_type=\"foxiz-list-small-1.default\">\n\t\t\t\t<div class=\"elementor-widget-container\">\n\t\t\t<div id=\"uid_c34d8fa\" class=\"block-wrap block-small block-list block-list-small-1 short-pagination rb-columns rb-col-5 rb-tcol-4 rb-mcol-1 is-gap-custom col-border is-border-gray bottom-border is-b-border-gray no-last-bb ecat-bg-4 meta-s-default\"><div class=\"block-inner\">\t\t<div class=\"p-wrap p-small p-list-small-1\" data-pid=\"15377\">\r\n\t\t\t<div class=\"p-content\">\r\n\t\t\t<div class=\"p-categories p-top\"><a class=\"p-category category-id-3258\" href=\"https:\/\/thelatin.news\/it\/category\/news-it\/sports-it\/\" rel=\"category\">Gli sport<\/a><a class=\"p-category category-id-3252\" href=\"https:\/\/thelatin.news\/it\/category\/news-it\/italy-it\/\" rel=\"category\">Italia<\/a><a class=\"p-category category-id-85\" href=\"https:\/\/thelatin.news\/category\/news\/italy\/\" rel=\"category\">Italy<\/a><a class=\"p-category category-id-3\" href=\"https:\/\/thelatin.news\/category\/news\/sports\/\" rel=\"category\">Sports<\/a><\/div><h3 class=\"entry-title\">\t\t<a class=\"p-url\" href=\"https:\/\/thelatin.news\/it\/calcio-femminile-italia-in-cerca-di-certezze-nellamichevole-contro-malta-al-tre-fontane\/\" rel=\"bookmark\">Calcio femminile, Italia in cerca di certezze nell&#8217;amichevole contro Malta al Tre Fontane<\/a><\/h3><p class=\"entry-summary\">Le qualificazioni agli Europei 2025 di calcio femminile sono gi\u00e0 un ricordo e la Nazionale&hellip;<\/p>\r\n\t\t\t\t\t\t<div class=\"p-meta has-bookmark\">\r\n\t\t\t\t<div class=\"meta-inner is-meta\">\r\n\t\t\t\t\t\t\t<span class=\"meta-el meta-read\"><i class=\"rbi rbi-watch\" aria-hidden=\"true\"><\/i>1 Min Read<\/span>\r\n\t\t\t\t\t\t<\/div>\r\n\t\t\t\t<span class=\"rb-bookmark bookmark-trigger\" data-pid=\"15377\"><\/span>\t\t\t<\/div>\r\n\t\t\t\t<\/div>\r\n\t\t\t\t<\/div>\r\n\t\t\t<div class=\"p-wrap p-small p-list-small-1\" data-pid=\"15376\">\r\n\t\t\t<div class=\"p-content\">\r\n\t\t\t<div class=\"p-categories p-top\"><a class=\"p-category category-id-3252\" href=\"https:\/\/thelatin.news\/it\/category\/news-it\/italy-it\/\" rel=\"category\">Italia<\/a><a class=\"p-category category-id-85\" href=\"https:\/\/thelatin.news\/category\/news\/italy\/\" rel=\"category\">Italy<\/a><a class=\"p-category category-id-3215\" href=\"https:\/\/thelatin.news\/category\/news\/travel\/\" rel=\"category\">Travel<\/a><a class=\"p-category category-id-3260\" href=\"https:\/\/thelatin.news\/it\/category\/news-it\/travel-it\/\" rel=\"category\">Viaggio<\/a><\/div><h3 class=\"entry-title\">\t\t<a class=\"p-url\" href=\"https:\/\/thelatin.news\/it\/litalia-del-pinot-nero-a-roma-viaggio-tra-le-regioni-del-vino\/\" rel=\"bookmark\">L&#8217;Italia del Pinot Nero: a Roma viaggio tra le regioni del vino<\/a><\/h3><p class=\"entry-summary\">Tutto pronto a Roma, negli spazi del Belstav Hotel, per L\u2019Italia del Pinot Nero, due&hellip;<\/p>\r\n\t\t\t\t\t\t<div class=\"p-meta has-bookmark\">\r\n\t\t\t\t<div class=\"meta-inner is-meta\">\r\n\t\t\t\t\t\t\t<span class=\"meta-el meta-read\"><i class=\"rbi rbi-watch\" aria-hidden=\"true\"><\/i>1 Min Read<\/span>\r\n\t\t\t\t\t\t<\/div>\r\n\t\t\t\t<span class=\"rb-bookmark bookmark-trigger\" data-pid=\"15376\"><\/span>\t\t\t<\/div>\r\n\t\t\t\t<\/div>\r\n\t\t\t\t<\/div>\r\n\t\t\t<div class=\"p-wrap p-small p-list-small-1\" data-pid=\"15375\">\r\n\t\t\t<div class=\"p-content\">\r\n\t\t\t<div class=\"p-categories p-top\"><a class=\"p-category category-id-3252\" href=\"https:\/\/thelatin.news\/it\/category\/news-it\/italy-it\/\" rel=\"category\">Italia<\/a><a class=\"p-category category-id-85\" href=\"https:\/\/thelatin.news\/category\/news\/italy\/\" rel=\"category\">Italy<\/a><a class=\"p-category category-id-7\" href=\"https:\/\/thelatin.news\/category\/news\/technology\/\" rel=\"category\">Technology<\/a><a class=\"p-category category-id-3259\" href=\"https:\/\/thelatin.news\/it\/category\/news-it\/tecnologia\/\" rel=\"category\">Tecnologia<\/a><\/div><h3 class=\"entry-title\">\t\t<a class=\"p-url\" href=\"https:\/\/thelatin.news\/it\/i-corsi-di-formazione-alla-tecnologia-per-disabili-visivi-italia\/\" rel=\"bookmark\">I corsi di formazione alla tecnologia per disabili visivi &#8211; Italia<\/a><\/h3><p class=\"entry-summary\">Se hai cambiato idea e non ti vuoi abbonare, puoi sempre esprimere il tuo consenso&hellip;<\/p>\r\n\t\t\t\t\t\t<div class=\"p-meta has-bookmark\">\r\n\t\t\t\t<div class=\"meta-inner is-meta\">\r\n\t\t\t\t\t\t\t<span class=\"meta-el meta-read\"><i class=\"rbi rbi-watch\" aria-hidden=\"true\"><\/i>1 Min Read<\/span>\r\n\t\t\t\t\t\t<\/div>\r\n\t\t\t\t<span class=\"rb-bookmark bookmark-trigger\" data-pid=\"15375\"><\/span>\t\t\t<\/div>\r\n\t\t\t\t<\/div>\r\n\t\t\t\t<\/div>\r\n\t\t\t<div class=\"p-wrap p-small p-list-small-1\" data-pid=\"14068\">\r\n\t\t\t<div class=\"p-content\">\r\n\t\t\t<div class=\"p-categories p-top\"><a class=\"p-category category-id-3258\" href=\"https:\/\/thelatin.news\/it\/category\/news-it\/sports-it\/\" rel=\"category\">Gli sport<\/a><a class=\"p-category category-id-3252\" href=\"https:\/\/thelatin.news\/it\/category\/news-it\/italy-it\/\" rel=\"category\">Italia<\/a><a class=\"p-category category-id-85\" href=\"https:\/\/thelatin.news\/category\/news\/italy\/\" rel=\"category\">Italy<\/a><a class=\"p-category category-id-3\" href=\"https:\/\/thelatin.news\/category\/news\/sports\/\" rel=\"category\">Sports<\/a><\/div><h3 class=\"entry-title\">\t\t<a class=\"p-url\" href=\"https:\/\/thelatin.news\/it\/gp-italia-2024-gli-orari-tv-di-monza-diretta-su-sky-e-tv8-orari\/\" rel=\"bookmark\">GP Italia 2024, gli orari TV di Monza: diretta su Sky e TV8 &#8211; Orari<\/a><\/h3><p class=\"entry-summary\">Asfalto nuovo a Monza Dopo il dominio di Lando Norris e della McLaren a Zandvoort&hellip;<\/p>\r\n\t\t\t\t\t\t<div class=\"p-meta has-bookmark\">\r\n\t\t\t\t<div class=\"meta-inner is-meta\">\r\n\t\t\t\t\t\t\t<span class=\"meta-el meta-read\"><i class=\"rbi rbi-watch\" aria-hidden=\"true\"><\/i>1 Min Read<\/span>\r\n\t\t\t\t\t\t<\/div>\r\n\t\t\t\t<span class=\"rb-bookmark bookmark-trigger\" data-pid=\"14068\"><\/span>\t\t\t<\/div>\r\n\t\t\t\t<\/div>\r\n\t\t\t\t<\/div>\r\n\t\t\t<div class=\"p-wrap p-small p-list-small-1\" data-pid=\"14067\">\r\n\t\t\t<div class=\"p-content\">\r\n\t\t\t<div class=\"p-categories p-top\"><a class=\"p-category category-id-3252\" href=\"https:\/\/thelatin.news\/it\/category\/news-it\/italy-it\/\" rel=\"category\">Italia<\/a><a class=\"p-category category-id-85\" href=\"https:\/\/thelatin.news\/category\/news\/italy\/\" rel=\"category\">Italy<\/a><a class=\"p-category category-id-3215\" href=\"https:\/\/thelatin.news\/category\/news\/travel\/\" rel=\"category\">Travel<\/a><a class=\"p-category category-id-3260\" href=\"https:\/\/thelatin.news\/it\/category\/news-it\/travel-it\/\" rel=\"category\">Viaggio<\/a><\/div><h3 class=\"entry-title\">\t\t<a class=\"p-url\" href=\"https:\/\/thelatin.news\/it\/egitto-piu-charter-dallitalia-targati-mayfair-jets\/\" rel=\"bookmark\">Egitto, pi\u00f9 charter dall\u2019Italia targati Mayfair Jets<\/a><\/h3><p class=\"entry-summary\">29 Agosto 07:00 2024 da Redazione Stampa questo articolo Mayfair Jets ha presentato un nuovo&hellip;<\/p>\r\n\t\t\t\t\t\t<div class=\"p-meta has-bookmark\">\r\n\t\t\t\t<div class=\"meta-inner is-meta\">\r\n\t\t\t\t\t\t\t<span class=\"meta-el meta-read\"><i class=\"rbi rbi-watch\" aria-hidden=\"true\"><\/i>0 Min Read<\/span>\r\n\t\t\t\t\t\t<\/div>\r\n\t\t\t\t<span class=\"rb-bookmark bookmark-trigger\" data-pid=\"14067\"><\/span>\t\t\t<\/div>\r\n\t\t\t\t<\/div>\r\n\t\t\t\t<\/div>\r\n\t\t\t<div class=\"p-wrap p-small p-list-small-1\" data-pid=\"14066\">\r\n\t\t\t<div class=\"p-content\">\r\n\t\t\t<div class=\"p-categories p-top\"><a class=\"p-category category-id-3252\" href=\"https:\/\/thelatin.news\/it\/category\/news-it\/italy-it\/\" rel=\"category\">Italia<\/a><a class=\"p-category category-id-85\" href=\"https:\/\/thelatin.news\/category\/news\/italy\/\" rel=\"category\">Italy<\/a><a class=\"p-category category-id-7\" href=\"https:\/\/thelatin.news\/category\/news\/technology\/\" rel=\"category\">Technology<\/a><a class=\"p-category category-id-3259\" href=\"https:\/\/thelatin.news\/it\/category\/news-it\/tecnologia\/\" rel=\"category\">Tecnologia<\/a><\/div><h3 class=\"entry-title\">\t\t<a class=\"p-url\" href=\"https:\/\/thelatin.news\/it\/nuova-tecnologia-di-refrigerazione-tempo-italia-meteo-news\/\" rel=\"bookmark\">Nuova tecnologia di refrigerazione &#8211; TEMPO ITALIA meteo news<\/a><\/h3><p class=\"entry-summary\">Gli ingegneri dell\u2019Hong Kong University of Science and Technology (HKUST) hanno stabilito un nuovo record&hellip;<\/p>\r\n\t\t\t\t\t\t<div class=\"p-meta has-bookmark\">\r\n\t\t\t\t<div class=\"meta-inner is-meta\">\r\n\t\t\t\t\t\t\t<span class=\"meta-el meta-read\"><i class=\"rbi rbi-watch\" aria-hidden=\"true\"><\/i>1 Min Read<\/span>\r\n\t\t\t\t\t\t<\/div>\r\n\t\t\t\t<span class=\"rb-bookmark bookmark-trigger\" data-pid=\"14066\"><\/span>\t\t\t<\/div>\r\n\t\t\t\t<\/div>\r\n\t\t\t\t<\/div>\r\n\t\t\t<div class=\"p-wrap p-small p-list-small-1\" data-pid=\"13743\">\r\n\t\t\t<div class=\"p-content\">\r\n\t\t\t<div class=\"p-categories p-top\"><a class=\"p-category category-id-3258\" href=\"https:\/\/thelatin.news\/it\/category\/news-it\/sports-it\/\" rel=\"category\">Gli sport<\/a><a class=\"p-category category-id-3252\" href=\"https:\/\/thelatin.news\/it\/category\/news-it\/italy-it\/\" rel=\"category\">Italia<\/a><a class=\"p-category category-id-85\" href=\"https:\/\/thelatin.news\/category\/news\/italy\/\" rel=\"category\">Italy<\/a><a class=\"p-category category-id-3\" href=\"https:\/\/thelatin.news\/category\/news\/sports\/\" rel=\"category\">Sports<\/a><\/div><h3 class=\"entry-title\">\t\t<a class=\"p-url\" href=\"https:\/\/thelatin.news\/it\/omicidio-saman-madre-torna-in-italia-estradata-dal-pakistan\/\" rel=\"bookmark\">Omicidio Saman, madre torna in Italia: estradata dal Pakistan<\/a><\/h3><p class=\"entry-summary\">(Adnkronos) \u2013 Con l'estradizione della madre di Saman Abbas, Nazia Shaheen, in arrivo oggi in&hellip;<\/p>\r\n\t\t\t\t\t\t<div class=\"p-meta has-bookmark\">\r\n\t\t\t\t<div class=\"meta-inner is-meta\">\r\n\t\t\t\t\t\t\t<span class=\"meta-el meta-read\"><i class=\"rbi rbi-watch\" aria-hidden=\"true\"><\/i>1 Min Read<\/span>\r\n\t\t\t\t\t\t<\/div>\r\n\t\t\t\t<span class=\"rb-bookmark bookmark-trigger\" data-pid=\"13743\"><\/span>\t\t\t<\/div>\r\n\t\t\t\t<\/div>\r\n\t\t\t\t<\/div>\r\n\t\t\t<div class=\"p-wrap p-small p-list-small-1\" data-pid=\"13742\">\r\n\t\t\t<div class=\"p-content\">\r\n\t\t\t<div class=\"p-categories p-top\"><a class=\"p-category category-id-3252\" href=\"https:\/\/thelatin.news\/it\/category\/news-it\/italy-it\/\" rel=\"category\">Italia<\/a><a class=\"p-category category-id-85\" href=\"https:\/\/thelatin.news\/category\/news\/italy\/\" rel=\"category\">Italy<\/a><a class=\"p-category category-id-3215\" href=\"https:\/\/thelatin.news\/category\/news\/travel\/\" rel=\"category\">Travel<\/a><a class=\"p-category category-id-3260\" href=\"https:\/\/thelatin.news\/it\/category\/news-it\/travel-it\/\" rel=\"category\">Viaggio<\/a><\/div><h3 class=\"entry-title\">\t\t<a class=\"p-url\" href=\"https:\/\/thelatin.news\/it\/dovra-scontare-lergastolo-per-lomicidio-della-figlia\/\" rel=\"bookmark\">dovr\u00e0 scontare l&#8217;ergastolo per l&#8217;omicidio della figlia<\/a><\/h3><p class=\"entry-summary\">Nazia Shaheen, mamma della diciottenne Saman Abbas, uccisa nella campagna di Novellara la notte tra&hellip;<\/p>\r\n\t\t\t\t\t\t<div class=\"p-meta has-bookmark\">\r\n\t\t\t\t<div class=\"meta-inner is-meta\">\r\n\t\t\t\t\t\t\t<span class=\"meta-el meta-read\"><i class=\"rbi rbi-watch\" aria-hidden=\"true\"><\/i>0 Min Read<\/span>\r\n\t\t\t\t\t\t<\/div>\r\n\t\t\t\t<span class=\"rb-bookmark bookmark-trigger\" data-pid=\"13742\"><\/span>\t\t\t<\/div>\r\n\t\t\t\t<\/div>\r\n\t\t\t\t<\/div>\r\n\t\t\t<div class=\"p-wrap p-small p-list-small-1\" data-pid=\"13741\">\r\n\t\t\t<div class=\"p-content\">\r\n\t\t\t<div class=\"p-categories p-top\"><a class=\"p-category category-id-3252\" href=\"https:\/\/thelatin.news\/it\/category\/news-it\/italy-it\/\" rel=\"category\">Italia<\/a><a class=\"p-category category-id-85\" href=\"https:\/\/thelatin.news\/category\/news\/italy\/\" rel=\"category\">Italy<\/a><a class=\"p-category category-id-7\" href=\"https:\/\/thelatin.news\/category\/news\/technology\/\" rel=\"category\">Technology<\/a><a class=\"p-category category-id-3259\" href=\"https:\/\/thelatin.news\/it\/category\/news-it\/tecnologia\/\" rel=\"category\">Tecnologia<\/a><\/div><h3 class=\"entry-title\">\t\t<a class=\"p-url\" href=\"https:\/\/thelatin.news\/it\/in-italia-decessi-per-caldo-triplicheranno-entro-il-2100\/\" rel=\"bookmark\">In Italia decessi per caldo triplicheranno entro il 2100<\/a><\/h3><p class=\"entry-summary\">Oltre 28mila vittime l\u2019anno solo in Italia a causa delle ondate di calore, il triplo&hellip;<\/p>\r\n\t\t\t\t\t\t<div class=\"p-meta has-bookmark\">\r\n\t\t\t\t<div class=\"meta-inner is-meta\">\r\n\t\t\t\t\t\t\t<span class=\"meta-el meta-read\"><i class=\"rbi rbi-watch\" aria-hidden=\"true\"><\/i>1 Min Read<\/span>\r\n\t\t\t\t\t\t<\/div>\r\n\t\t\t\t<span class=\"rb-bookmark bookmark-trigger\" data-pid=\"13741\"><\/span>\t\t\t<\/div>\r\n\t\t\t\t<\/div>\r\n\t\t\t\t<\/div>\r\n\t\t\t<div class=\"p-wrap p-small p-list-small-1\" data-pid=\"13395\">\r\n\t\t\t<div class=\"p-content\">\r\n\t\t\t<div class=\"p-categories p-top\"><a class=\"p-category category-id-3258\" href=\"https:\/\/thelatin.news\/it\/category\/news-it\/sports-it\/\" rel=\"category\">Gli sport<\/a><a class=\"p-category category-id-3252\" href=\"https:\/\/thelatin.news\/it\/category\/news-it\/italy-it\/\" rel=\"category\">Italia<\/a><a class=\"p-category category-id-85\" href=\"https:\/\/thelatin.news\/category\/news\/italy\/\" rel=\"category\">Italy<\/a><a class=\"p-category category-id-3\" href=\"https:\/\/thelatin.news\/category\/news\/sports\/\" rel=\"category\">Sports<\/a><\/div><h3 class=\"entry-title\">\t\t<a class=\"p-url\" href=\"https:\/\/thelatin.news\/it\/payero-due-reti-in-italia-entrambe-al-bologna\/\" rel=\"bookmark\">Payero, due reti in Italia, entrambe al Bologna<\/a><\/h3><p class=\"entry-summary\">93 E\u2019 gi\u00e0 tempo di Fantacampionato e la Gazzetta dello sport d\u00e0 i consigli per&hellip;<\/p>\r\n\t\t\t\t\t\t<div class=\"p-meta has-bookmark\">\r\n\t\t\t\t<div class=\"meta-inner is-meta\">\r\n\t\t\t\t\t\t\t<span class=\"meta-el meta-read\"><i class=\"rbi rbi-watch\" aria-hidden=\"true\"><\/i>1 Min Read<\/span>\r\n\t\t\t\t\t\t<\/div>\r\n\t\t\t\t<span class=\"rb-bookmark bookmark-trigger\" data-pid=\"13395\"><\/span>\t\t\t<\/div>\r\n\t\t\t\t<\/div>\r\n\t\t\t\t<\/div>\r\n\t<\/div>\t\t<div class=\"pagination-wrap pagination-loadmore\">\r\n\t\t\t<a href=\"#\" class=\"loadmore-trigger\"><span>Mostra di pi\u00f9\n<\/span><i class=\"rb-loader\" aria-hidden=\"true\"><\/i><\/a>\r\n\t\t<\/div>\r\n\t\t<\/div>\t\t<\/div>\n\t\t\t\t<\/div>\n\t\t\t\t\t<\/div>\n\t\t<\/div>\n\t\t\t\t\t<\/div>\n\t\t<\/section>\n\t\t\t\t<section class=\"elementor-section elementor-top-section elementor-element elementor-element-0b0cf0f elementor-section-boxed elementor-section-height-default elementor-section-height-default\" data-id=\"0b0cf0f\" data-element_type=\"section\">\n\t\t\t\t\t\t<div class=\"elementor-container elementor-column-gap-custom\">\n\t\t\t\t\t<div class=\"elementor-column elementor-col-100 elementor-top-column elementor-element elementor-element-324ea15\" data-id=\"324ea15\" data-element_type=\"column\">\n\t\t\t<div class=\"elementor-widget-wrap elementor-element-populated\">\n\t\t\t\t\t\t<div class=\"elementor-element elementor-element-ad4958c elementor-widget elementor-widget-foxiz-heading\" data-id=\"ad4958c\" data-element_type=\"widget\" data-widget_type=\"foxiz-heading.default\">\n\t\t\t\t<div class=\"elementor-widget-container\">\n\t\t\t<div id=\"uid_ad4958c\" class=\"block-h heading-layout-5\"><div class=\"heading-inner\"><h3 class=\"heading-title\"><a href=\"https:\/\/thelatin.news\/it\/category\/news-it\/spain-it\/\">Spagna\n\n<\/a><\/h3><div class=\"heading-tagline h6\"><a class=\"heading-tagline-label\" href=\"https:\/\/thelatin.news\/it\/category\/news-it\/spain-it\/\">Mostra tutto<\/a><i class=\"rbi rbi-cright heading-tagline-icon\" aria-hidden=\"true\"><\/i><\/div><\/div><\/div>\t\t<\/div>\n\t\t\t\t<\/div>\n\t\t\t\t<div class=\"elementor-element elementor-element-34ab81a elementor-widget elementor-widget-foxiz-list-small-1\" data-id=\"34ab81a\" data-element_type=\"widget\" data-widget_type=\"foxiz-list-small-1.default\">\n\t\t\t\t<div class=\"elementor-widget-container\">\n\t\t\t<div id=\"uid_34ab81a\" class=\"block-wrap block-small block-list block-list-small-1 short-pagination rb-columns rb-col-5 rb-tcol-4 rb-mcol-1 is-gap-custom col-border is-border-gray bottom-border is-b-border-gray no-last-bb ecat-bg-4 meta-s-default\"><div class=\"block-inner\">\t\t<div class=\"p-wrap p-small p-list-small-1\" data-pid=\"15385\">\r\n\t\t\t<div class=\"p-content\">\r\n\t\t\t<div class=\"p-categories p-top\"><a class=\"p-category category-id-86\" href=\"https:\/\/thelatin.news\/category\/news\/andora\/\" rel=\"category\">Andora<\/a><a class=\"p-category category-id-3248\" href=\"https:\/\/thelatin.news\/it\/category\/news-it\/andora-it\/\" rel=\"category\">Andora<\/a><a class=\"p-category category-id-3249\" href=\"https:\/\/thelatin.news\/it\/category\/news-it\/business-it\/\" rel=\"category\">Attivit\u00e0 commerciale<\/a><a class=\"p-category category-id-2\" href=\"https:\/\/thelatin.news\/category\/news\/business\/\" rel=\"category\">Business<\/a><\/div><h3 class=\"entry-title\">\t\t<a class=\"p-url\" href=\"https:\/\/thelatin.news\/it\/ad-andora-dal-3-al-6-ottobre-torna-il-windfestival-liguria-business-journal\/\" rel=\"bookmark\">Ad Andora dal 3 al 6 ottobre torna il WindFestival \u2013 Liguria Business Journal<\/a><\/h3><p class=\"entry-summary\">Ad Andora dal 3 al 6 ottobre torna iI WindFestival, l\u2019expo dedicato agli action sport&hellip;<\/p>\r\n\t\t\t\t\t\t<div class=\"p-meta has-bookmark\">\r\n\t\t\t\t<div class=\"meta-inner is-meta\">\r\n\t\t\t\t\t\t\t<span class=\"meta-el meta-read\"><i class=\"rbi rbi-watch\" aria-hidden=\"true\"><\/i>1 Min Read<\/span>\r\n\t\t\t\t\t\t<\/div>\r\n\t\t\t\t<span class=\"rb-bookmark bookmark-trigger\" data-pid=\"15385\"><\/span>\t\t\t<\/div>\r\n\t\t\t\t<\/div>\r\n\t\t\t\t<\/div>\r\n\t\t\t<div class=\"p-wrap p-small p-list-small-1\" data-pid=\"15384\">\r\n\t\t\t<div class=\"p-content\">\r\n\t\t\t<div class=\"p-categories p-top\"><a class=\"p-category category-id-3248\" href=\"https:\/\/thelatin.news\/it\/category\/news-it\/andora-it\/\" rel=\"category\">Andora<\/a><a class=\"p-category category-id-86\" href=\"https:\/\/thelatin.news\/category\/news\/andora\/\" rel=\"category\">Andora<\/a><a class=\"p-category category-id-3250\" href=\"https:\/\/thelatin.news\/it\/category\/news-it\/entertainment-it\/\" rel=\"category\">Divertimento<\/a><a class=\"p-category category-id-82\" href=\"https:\/\/thelatin.news\/category\/news\/entertainment\/\" rel=\"category\">Entertainment<\/a><\/div><h3 class=\"entry-title\">\t\t<a class=\"p-url\" href=\"https:\/\/thelatin.news\/it\/piemontepress\/\" rel=\"bookmark\">PiemontePress<\/a><\/h3>\t\t\t<div class=\"p-meta has-bookmark\">\r\n\t\t\t\t<div class=\"meta-inner is-meta\">\r\n\t\t\t\t\t\t\t<span class=\"meta-el meta-read\"><i class=\"rbi rbi-watch\" aria-hidden=\"true\"><\/i>0 Min Read<\/span>\r\n\t\t\t\t\t\t<\/div>\r\n\t\t\t\t<span class=\"rb-bookmark bookmark-trigger\" data-pid=\"15384\"><\/span>\t\t\t<\/div>\r\n\t\t\t\t<\/div>\r\n\t\t\t\t<\/div>\r\n\t\t\t<div class=\"p-wrap p-small p-list-small-1\" data-pid=\"15383\">\r\n\t\t\t<div class=\"p-content\">\r\n\t\t\t<div class=\"p-categories p-top\"><a class=\"p-category category-id-86\" href=\"https:\/\/thelatin.news\/category\/news\/andora\/\" rel=\"category\">Andora<\/a><a class=\"p-category category-id-3248\" href=\"https:\/\/thelatin.news\/it\/category\/news-it\/andora-it\/\" rel=\"category\">Andora<\/a><a class=\"p-category category-id-5\" href=\"https:\/\/thelatin.news\/category\/news\/lifestyle\/\" rel=\"category\">Lifestyle<\/a><a class=\"p-category category-id-3253\" href=\"https:\/\/thelatin.news\/it\/category\/news-it\/lifestyle-it\/\" rel=\"category\">Stile di vita<\/a><\/div><h3 class=\"entry-title\">\t\t<a class=\"p-url\" href=\"https:\/\/thelatin.news\/it\/andora-palazzo-tagliaferro-e-il-museo-mineralogico-location-esterne-del-festival-della-scienza\/\" rel=\"bookmark\">Andora, Palazzo Tagliaferro e il Museo Mineralogico location esterne del Festival della Scienza<\/a><\/h3><p class=\"entry-summary\">Andora. Tre laboratori per le scuole, una conferenza e una visita guidata aperta al pubblico&hellip;<\/p>\r\n\t\t\t\t\t\t<div class=\"p-meta has-bookmark\">\r\n\t\t\t\t<div class=\"meta-inner is-meta\">\r\n\t\t\t\t\t\t\t<span class=\"meta-el meta-read\"><i class=\"rbi rbi-watch\" aria-hidden=\"true\"><\/i>1 Min Read<\/span>\r\n\t\t\t\t\t\t<\/div>\r\n\t\t\t\t<span class=\"rb-bookmark bookmark-trigger\" data-pid=\"15383\"><\/span>\t\t\t<\/div>\r\n\t\t\t\t<\/div>\r\n\t\t\t\t<\/div>\r\n\t\t\t<div class=\"p-wrap p-small p-list-small-1\" data-pid=\"14077\">\r\n\t\t\t<div class=\"p-content\">\r\n\t\t\t<div class=\"p-categories p-top\"><a class=\"p-category category-id-86\" href=\"https:\/\/thelatin.news\/category\/news\/andora\/\" rel=\"category\">Andora<\/a><a class=\"p-category category-id-3248\" href=\"https:\/\/thelatin.news\/it\/category\/news-it\/andora-it\/\" rel=\"category\">Andora<\/a><a class=\"p-category category-id-3249\" href=\"https:\/\/thelatin.news\/it\/category\/news-it\/business-it\/\" rel=\"category\">Attivit\u00e0 commerciale<\/a><a class=\"p-category category-id-2\" href=\"https:\/\/thelatin.news\/category\/news\/business\/\" rel=\"category\">Business<\/a><\/div><h3 class=\"entry-title\">\t\t<a class=\"p-url\" href=\"https:\/\/thelatin.news\/it\/stretta-sullalcol-ad-alassio-nelle-aree-della-movida-divieto-di-vendita-e-consumo-notturno-di-bevande-alcoliche\/\" rel=\"bookmark\">Stretta sull&#8217;alcol ad Alassio nelle aree della movida: divieto di vendita e consumo notturno di bevande alcoliche<\/a><\/h3><p class=\"entry-summary\">di Mary Caridi. Alassio. Contenere schiamazzi e rumori molesti, prevenire risse e garantire tranquillit\u00e0 e&hellip;<\/p>\r\n\t\t\t\t\t\t<div class=\"p-meta has-bookmark\">\r\n\t\t\t\t<div class=\"meta-inner is-meta\">\r\n\t\t\t\t\t\t\t<span class=\"meta-el meta-read\"><i class=\"rbi rbi-watch\" aria-hidden=\"true\"><\/i>1 Min Read<\/span>\r\n\t\t\t\t\t\t<\/div>\r\n\t\t\t\t<span class=\"rb-bookmark bookmark-trigger\" data-pid=\"14077\"><\/span>\t\t\t<\/div>\r\n\t\t\t\t<\/div>\r\n\t\t\t\t<\/div>\r\n\t\t\t<div class=\"p-wrap p-small p-list-small-1\" data-pid=\"14076\">\r\n\t\t\t<div class=\"p-content\">\r\n\t\t\t<div class=\"p-categories p-top\"><a class=\"p-category category-id-3248\" href=\"https:\/\/thelatin.news\/it\/category\/news-it\/andora-it\/\" rel=\"category\">Andora<\/a><a class=\"p-category category-id-86\" href=\"https:\/\/thelatin.news\/category\/news\/andora\/\" rel=\"category\">Andora<\/a><a class=\"p-category category-id-3250\" href=\"https:\/\/thelatin.news\/it\/category\/news-it\/entertainment-it\/\" rel=\"category\">Divertimento<\/a><a class=\"p-category category-id-82\" href=\"https:\/\/thelatin.news\/category\/news\/entertainment\/\" rel=\"category\">Entertainment<\/a><\/div><h3 class=\"entry-title\">\t\t<a class=\"p-url\" href=\"https:\/\/thelatin.news\/it\/uninvasione-di-personaggi-dei-cartoni-colora-lagosto-di-andora-col-carnevale-estivo-lavocedigenova-it\/\" rel=\"bookmark\">Un&#8217;invasione di personaggi dei cartoni colora l&#8217;agosto di Andora col Carnevale estivo\u00a0&#8211;\u00a0Lavocedigenova.it<\/a><\/h3><p class=\"entry-summary\">Un'invasione di personaggi direttamente dal mondo dei cartoni animati, un' accesa battaglia di coriandoli con&hellip;<\/p>\r\n\t\t\t\t\t\t<div class=\"p-meta has-bookmark\">\r\n\t\t\t\t<div class=\"meta-inner is-meta\">\r\n\t\t\t\t\t\t\t<span class=\"meta-el meta-read\"><i class=\"rbi rbi-watch\" aria-hidden=\"true\"><\/i>1 Min Read<\/span>\r\n\t\t\t\t\t\t<\/div>\r\n\t\t\t\t<span class=\"rb-bookmark bookmark-trigger\" data-pid=\"14076\"><\/span>\t\t\t<\/div>\r\n\t\t\t\t<\/div>\r\n\t\t\t\t<\/div>\r\n\t\t\t<div class=\"p-wrap p-small p-list-small-1\" data-pid=\"14075\">\r\n\t\t\t<div class=\"p-content\">\r\n\t\t\t<div class=\"p-categories p-top\"><a class=\"p-category category-id-3248\" href=\"https:\/\/thelatin.news\/it\/category\/news-it\/andora-it\/\" rel=\"category\">Andora<\/a><a class=\"p-category category-id-86\" href=\"https:\/\/thelatin.news\/category\/news\/andora\/\" rel=\"category\">Andora<\/a><a class=\"p-category category-id-5\" href=\"https:\/\/thelatin.news\/category\/news\/lifestyle\/\" rel=\"category\">Lifestyle<\/a><a class=\"p-category category-id-3253\" href=\"https:\/\/thelatin.news\/it\/category\/news-it\/lifestyle-it\/\" rel=\"category\">Stile di vita<\/a><\/div><h3 class=\"entry-title\">\t\t<a class=\"p-url\" href=\"https:\/\/thelatin.news\/it\/dalla-francia-a-laigueglia-dom-biziere-il-campione-di-marcia-acquatica-sceglie-il-borgo-del-longevity\/\" rel=\"bookmark\">Dalla Francia a Laigueglia, Dom Bizi\u00e8re, il campione di marcia acquatica, sceglie il borgo del Longevity<\/a><\/h3><p class=\"entry-summary\">Quando la disciplina lo seduce al punto da diventare \u201cLongeur\u201d pluricampione di Francia, allenatore formatore,&hellip;<\/p>\r\n\t\t\t\t\t\t<div class=\"p-meta has-bookmark\">\r\n\t\t\t\t<div class=\"meta-inner is-meta\">\r\n\t\t\t\t\t\t\t<span class=\"meta-el meta-read\"><i class=\"rbi rbi-watch\" aria-hidden=\"true\"><\/i>1 Min Read<\/span>\r\n\t\t\t\t\t\t<\/div>\r\n\t\t\t\t<span class=\"rb-bookmark bookmark-trigger\" data-pid=\"14075\"><\/span>\t\t\t<\/div>\r\n\t\t\t\t<\/div>\r\n\t\t\t\t<\/div>\r\n\t\t\t<div class=\"p-wrap p-small p-list-small-1\" data-pid=\"13752\">\r\n\t\t\t<div class=\"p-content\">\r\n\t\t\t<div class=\"p-categories p-top\"><a class=\"p-category category-id-3248\" href=\"https:\/\/thelatin.news\/it\/category\/news-it\/andora-it\/\" rel=\"category\">Andora<\/a><a class=\"p-category category-id-86\" href=\"https:\/\/thelatin.news\/category\/news\/andora\/\" rel=\"category\">Andora<\/a><a class=\"p-category category-id-3249\" href=\"https:\/\/thelatin.news\/it\/category\/news-it\/business-it\/\" rel=\"category\">Attivit\u00e0 commerciale<\/a><a class=\"p-category category-id-2\" href=\"https:\/\/thelatin.news\/category\/news\/business\/\" rel=\"category\">Business<\/a><\/div><h3 class=\"entry-title\">\t\t<a class=\"p-url\" href=\"https:\/\/thelatin.news\/it\/il-book-party-ha-debuttato-con-successo-in-via-roma-ad-andora\/\" rel=\"bookmark\">Il Book party ha debuttato con successo in via Roma ad Andora<\/a><\/h3><p class=\"entry-summary\">Leggere in silenzio seduti al tavolino oppure al microfono per condividere i passi pi\u00f9 significativi&hellip;<\/p>\r\n\t\t\t\t\t\t<div class=\"p-meta has-bookmark\">\r\n\t\t\t\t<div class=\"meta-inner is-meta\">\r\n\t\t\t\t\t\t\t<span class=\"meta-el meta-read\"><i class=\"rbi rbi-watch\" aria-hidden=\"true\"><\/i>1 Min Read<\/span>\r\n\t\t\t\t\t\t<\/div>\r\n\t\t\t\t<span class=\"rb-bookmark bookmark-trigger\" data-pid=\"13752\"><\/span>\t\t\t<\/div>\r\n\t\t\t\t<\/div>\r\n\t\t\t\t<\/div>\r\n\t\t\t<div class=\"p-wrap p-small p-list-small-1\" data-pid=\"13751\">\r\n\t\t\t<div class=\"p-content\">\r\n\t\t\t<div class=\"p-categories p-top\"><a class=\"p-category category-id-86\" href=\"https:\/\/thelatin.news\/category\/news\/andora\/\" rel=\"category\">Andora<\/a><a class=\"p-category category-id-3248\" href=\"https:\/\/thelatin.news\/it\/category\/news-it\/andora-it\/\" rel=\"category\">Andora<\/a><a class=\"p-category category-id-3250\" href=\"https:\/\/thelatin.news\/it\/category\/news-it\/entertainment-it\/\" rel=\"category\">Divertimento<\/a><a class=\"p-category category-id-82\" href=\"https:\/\/thelatin.news\/category\/news\/entertainment\/\" rel=\"category\">Entertainment<\/a><\/div><h3 class=\"entry-title\">\t\t<a class=\"p-url\" href=\"https:\/\/thelatin.news\/it\/andora-a-palazzo-tagliaferro-proiezione-del-documentario-le-mani-toccano-il-mondo\/\" rel=\"bookmark\">Andora, a Palazzo Tagliaferro proiezione del documentario\u00a0&#8220;Le mani toccano il mondo&#8221;<\/a><\/h3><p class=\"entry-summary\">Andora \u2013 Scoprire le opere d\u2019arte pi\u00f9 famose attraverso le mani. E\u2019 la possibilit\u00e0 offerta&hellip;<\/p>\r\n\t\t\t\t\t\t<div class=\"p-meta has-bookmark\">\r\n\t\t\t\t<div class=\"meta-inner is-meta\">\r\n\t\t\t\t\t\t\t<span class=\"meta-el meta-read\"><i class=\"rbi rbi-watch\" aria-hidden=\"true\"><\/i>1 Min Read<\/span>\r\n\t\t\t\t\t\t<\/div>\r\n\t\t\t\t<span class=\"rb-bookmark bookmark-trigger\" data-pid=\"13751\"><\/span>\t\t\t<\/div>\r\n\t\t\t\t<\/div>\r\n\t\t\t\t<\/div>\r\n\t\t\t<div class=\"p-wrap p-small p-list-small-1\" data-pid=\"13750\">\r\n\t\t\t<div class=\"p-content\">\r\n\t\t\t<div class=\"p-categories p-top\"><a class=\"p-category category-id-86\" href=\"https:\/\/thelatin.news\/category\/news\/andora\/\" rel=\"category\">Andora<\/a><a class=\"p-category category-id-3248\" href=\"https:\/\/thelatin.news\/it\/category\/news-it\/andora-it\/\" rel=\"category\">Andora<\/a><a class=\"p-category category-id-5\" href=\"https:\/\/thelatin.news\/category\/news\/lifestyle\/\" rel=\"category\">Lifestyle<\/a><a class=\"p-category category-id-3253\" href=\"https:\/\/thelatin.news\/it\/category\/news-it\/lifestyle-it\/\" rel=\"category\">Stile di vita<\/a><\/div><h3 class=\"entry-title\">\t\t<a class=\"p-url\" href=\"https:\/\/thelatin.news\/it\/andora-piange-il-partigiano-leo-fassio-testimone-della-resistenza\/\" rel=\"bookmark\">Andora piange il partigiano Leo Fassio, testimone della Resistenza<\/a><\/h3><p class=\"entry-summary\">Andora. Si \u00e8 spento nella notte il 99enne partigiano Leo Fassio, e sono molte le&hellip;<\/p>\r\n\t\t\t\t\t\t<div class=\"p-meta has-bookmark\">\r\n\t\t\t\t<div class=\"meta-inner is-meta\">\r\n\t\t\t\t\t\t\t<span class=\"meta-el meta-read\"><i class=\"rbi rbi-watch\" aria-hidden=\"true\"><\/i>1 Min Read<\/span>\r\n\t\t\t\t\t\t<\/div>\r\n\t\t\t\t<span class=\"rb-bookmark bookmark-trigger\" data-pid=\"13750\"><\/span>\t\t\t<\/div>\r\n\t\t\t\t<\/div>\r\n\t\t\t\t<\/div>\r\n\t\t\t<div class=\"p-wrap p-small p-list-small-1\" data-pid=\"13404\">\r\n\t\t\t<div class=\"p-content\">\r\n\t\t\t<div class=\"p-categories p-top\"><a class=\"p-category category-id-86\" href=\"https:\/\/thelatin.news\/category\/news\/andora\/\" rel=\"category\">Andora<\/a><a class=\"p-category category-id-3248\" href=\"https:\/\/thelatin.news\/it\/category\/news-it\/andora-it\/\" rel=\"category\">Andora<\/a><a class=\"p-category category-id-3249\" href=\"https:\/\/thelatin.news\/it\/category\/news-it\/business-it\/\" rel=\"category\">Attivit\u00e0 commerciale<\/a><a class=\"p-category category-id-2\" href=\"https:\/\/thelatin.news\/category\/news\/business\/\" rel=\"category\">Business<\/a><\/div><h3 class=\"entry-title\">\t\t<a class=\"p-url\" href=\"https:\/\/thelatin.news\/it\/lettura-silenziosa-o-in-condivisione-ad-andora-debutta-il-book-party-savonanews-it\/\" rel=\"bookmark\">Lettura silenziosa o in condivisione, ad Andora debutta il &#8220;Book Party&#8221;\u00a0&#8211;\u00a0Savonanews.it<\/a><\/h3><p class=\"entry-summary\">Leggere in silenzio seduti al tavolino oppure al microfono per condividere i passi pi\u00f9 significativi&hellip;<\/p>\r\n\t\t\t\t\t\t<div class=\"p-meta has-bookmark\">\r\n\t\t\t\t<div class=\"meta-inner is-meta\">\r\n\t\t\t\t\t\t\t<span class=\"meta-el meta-read\"><i class=\"rbi rbi-watch\" aria-hidden=\"true\"><\/i>1 Min Read<\/span>\r\n\t\t\t\t\t\t<\/div>\r\n\t\t\t\t<span class=\"rb-bookmark bookmark-trigger\" data-pid=\"13404\"><\/span>\t\t\t<\/div>\r\n\t\t\t\t<\/div>\r\n\t\t\t\t<\/div>\r\n\t<\/div>\t\t<div class=\"pagination-wrap pagination-loadmore\">\r\n\t\t\t<a href=\"#\" class=\"loadmore-trigger\"><span>Mostra di pi\u00f9\n<\/span><i class=\"rb-loader\" aria-hidden=\"true\"><\/i><\/a>\r\n\t\t<\/div>\r\n\t\t<\/div>\t\t<\/div>\n\t\t\t\t<\/div>\n\t\t\t\t\t<\/div>\n\t\t<\/div>\n\t\t\t\t\t<\/div>\n\t\t<\/section>\n\t\t\t\t<section class=\"elementor-section elementor-top-section elementor-element elementor-element-84bf734 elementor-section-boxed elementor-section-height-default elementor-section-height-default\" data-id=\"84bf734\" data-element_type=\"section\">\n\t\t\t\t\t\t<div class=\"elementor-container elementor-column-gap-custom\">\n\t\t\t\t\t<div class=\"elementor-column elementor-col-100 elementor-top-column elementor-element elementor-element-c759ace\" data-id=\"c759ace\" data-element_type=\"column\">\n\t\t\t<div class=\"elementor-widget-wrap elementor-element-populated\">\n\t\t\t\t\t\t<div class=\"elementor-element elementor-element-313ebbe elementor-widget elementor-widget-foxiz-heading\" data-id=\"313ebbe\" data-element_type=\"widget\" data-widget_type=\"foxiz-heading.default\">\n\t\t\t\t<div class=\"elementor-widget-container\">\n\t\t\t<div id=\"uid_313ebbe\" class=\"block-h heading-layout-5\"><div class=\"heading-inner\"><h3 class=\"heading-title\"><a href=\"https:\/\/thelatin.news\/it\/category\/news-it\/romainia-it\/\">Romainia<\/a><\/h3><div class=\"heading-tagline h6\"><a class=\"heading-tagline-label\" href=\"https:\/\/thelatin.news\/it\/category\/news-it\/romainia-it\/\">Mostra tutto<\/a><i class=\"rbi rbi-cright heading-tagline-icon\" aria-hidden=\"true\"><\/i><\/div><\/div><\/div>\t\t<\/div>\n\t\t\t\t<\/div>\n\t\t\t\t<div class=\"elementor-element elementor-element-d72cc81 elementor-widget elementor-widget-foxiz-list-small-1\" data-id=\"d72cc81\" data-element_type=\"widget\" data-widget_type=\"foxiz-list-small-1.default\">\n\t\t\t\t<div class=\"elementor-widget-container\">\n\t\t\t<div id=\"uid_d72cc81\" class=\"block-wrap block-small block-list block-list-small-1 short-pagination rb-columns rb-col-5 rb-tcol-4 rb-mcol-1 is-gap-custom col-border is-border-gray bottom-border is-b-border-gray no-last-bb ecat-bg-4 meta-s-default\"><div class=\"block-inner\">\t\t<div class=\"p-wrap p-small p-list-small-1\" data-pid=\"15380\">\r\n\t\t\t<div class=\"p-content\">\r\n\t\t\t<div class=\"p-categories p-top\"><a class=\"p-category category-id-3249\" href=\"https:\/\/thelatin.news\/it\/category\/news-it\/business-it\/\" rel=\"category\">Attivit\u00e0 commerciale<\/a><a class=\"p-category category-id-2\" href=\"https:\/\/thelatin.news\/category\/news\/business\/\" rel=\"category\">Business<\/a><a class=\"p-category category-id-87\" href=\"https:\/\/thelatin.news\/category\/news\/modolva\/\" rel=\"category\">Modolva<\/a><a class=\"p-category category-id-3254\" href=\"https:\/\/thelatin.news\/it\/category\/news-it\/modolva-it\/\" rel=\"category\">Modolva<\/a><\/div><h3 class=\"entry-title\">\t\t<a class=\"p-url\" href=\"https:\/\/thelatin.news\/it\/latitante-rumeno-arrestato-dalla-guardia-di-finanza-a-reggio-giornale-di-calabria\/\" rel=\"bookmark\">Latitante rumeno arrestato dalla Guardia di Finanza a Reggio \u2013 Giornale di Calabria<\/a><\/h3><p class=\"entry-summary\">&#13; &#13; &#13; &#13; &#13; REGGIO CALABRIA. Un cittadino rumeno latitante di 64 anni, di&hellip;<\/p>\r\n\t\t\t\t\t\t<div class=\"p-meta has-bookmark\">\r\n\t\t\t\t<div class=\"meta-inner is-meta\">\r\n\t\t\t\t\t\t\t<span class=\"meta-el meta-read\"><i class=\"rbi rbi-watch\" aria-hidden=\"true\"><\/i>1 Min Read<\/span>\r\n\t\t\t\t\t\t<\/div>\r\n\t\t\t\t<span class=\"rb-bookmark bookmark-trigger\" data-pid=\"15380\"><\/span>\t\t\t<\/div>\r\n\t\t\t\t<\/div>\r\n\t\t\t\t<\/div>\r\n\t\t\t<div class=\"p-wrap p-small p-list-small-1\" data-pid=\"15379\">\r\n\t\t\t<div class=\"p-content\">\r\n\t\t\t<div class=\"p-categories p-top\"><a class=\"p-category category-id-3250\" href=\"https:\/\/thelatin.news\/it\/category\/news-it\/entertainment-it\/\" rel=\"category\">Divertimento<\/a><a class=\"p-category category-id-82\" href=\"https:\/\/thelatin.news\/category\/news\/entertainment\/\" rel=\"category\">Entertainment<\/a><a class=\"p-category category-id-3254\" href=\"https:\/\/thelatin.news\/it\/category\/news-it\/modolva-it\/\" rel=\"category\">Modolva<\/a><a class=\"p-category category-id-87\" href=\"https:\/\/thelatin.news\/category\/news\/modolva\/\" rel=\"category\">Modolva<\/a><\/div><h3 class=\"entry-title\">\t\t<a class=\"p-url\" href=\"https:\/\/thelatin.news\/it\/idee-weekend-eventi-e-parchi-a-tema\/\" rel=\"bookmark\">idee weekend, eventi e parchi a tema<\/a><\/h3><p class=\"entry-summary\">Indice Mostra di pi\u00f9 Halloween \u00e8 una festa magica per grandi e piccini. I bambini,&hellip;<\/p>\r\n\t\t\t\t\t\t<div class=\"p-meta has-bookmark\">\r\n\t\t\t\t<div class=\"meta-inner is-meta\">\r\n\t\t\t\t\t\t\t<span class=\"meta-el meta-read\"><i class=\"rbi rbi-watch\" aria-hidden=\"true\"><\/i>1 Min Read<\/span>\r\n\t\t\t\t\t\t<\/div>\r\n\t\t\t\t<span class=\"rb-bookmark bookmark-trigger\" data-pid=\"15379\"><\/span>\t\t\t<\/div>\r\n\t\t\t\t<\/div>\r\n\t\t\t\t<\/div>\r\n\t\t\t<div class=\"p-wrap p-small p-list-small-1\" data-pid=\"15378\">\r\n\t\t\t<div class=\"p-content\">\r\n\t\t\t<div class=\"p-categories p-top\"><a class=\"p-category category-id-5\" href=\"https:\/\/thelatin.news\/category\/news\/lifestyle\/\" rel=\"category\">Lifestyle<\/a><a class=\"p-category category-id-87\" href=\"https:\/\/thelatin.news\/category\/news\/modolva\/\" rel=\"category\">Modolva<\/a><a class=\"p-category category-id-3254\" href=\"https:\/\/thelatin.news\/it\/category\/news-it\/modolva-it\/\" rel=\"category\">Modolva<\/a><a class=\"p-category category-id-3253\" href=\"https:\/\/thelatin.news\/it\/category\/news-it\/lifestyle-it\/\" rel=\"category\">Stile di vita<\/a><\/div><h3 class=\"entry-title\">\t\t<a class=\"p-url\" href=\"https:\/\/thelatin.news\/it\/il-manuale-di-guerra-ibrida-della-russia-per-la-moldova-cosa-prevede\/\" rel=\"bookmark\">Il manuale di guerra ibrida della Russia per la Moldova: cosa prevede<\/a><\/h3><p class=\"entry-summary\">Questo articolo \u00e8 stato pubblicato originariamente in\u00a0inglese La presidente moldava Maia Sandu ha dichiarato che&hellip;<\/p>\r\n\t\t\t\t\t\t<div class=\"p-meta has-bookmark\">\r\n\t\t\t\t<div class=\"meta-inner is-meta\">\r\n\t\t\t\t\t\t\t<span class=\"meta-el meta-read\"><i class=\"rbi rbi-watch\" aria-hidden=\"true\"><\/i>1 Min Read<\/span>\r\n\t\t\t\t\t\t<\/div>\r\n\t\t\t\t<span class=\"rb-bookmark bookmark-trigger\" data-pid=\"15378\"><\/span>\t\t\t<\/div>\r\n\t\t\t\t<\/div>\r\n\t\t\t\t<\/div>\r\n\t\t\t<div class=\"p-wrap p-small p-list-small-1\" data-pid=\"14071\">\r\n\t\t\t<div class=\"p-content\">\r\n\t\t\t<div class=\"p-categories p-top\"><a class=\"p-category category-id-3249\" href=\"https:\/\/thelatin.news\/it\/category\/news-it\/business-it\/\" rel=\"category\">Attivit\u00e0 commerciale<\/a><a class=\"p-category category-id-2\" href=\"https:\/\/thelatin.news\/category\/news\/business\/\" rel=\"category\">Business<\/a><a class=\"p-category category-id-87\" href=\"https:\/\/thelatin.news\/category\/news\/modolva\/\" rel=\"category\">Modolva<\/a><a class=\"p-category category-id-3254\" href=\"https:\/\/thelatin.news\/it\/category\/news-it\/modolva-it\/\" rel=\"category\">Modolva<\/a><\/div><h3 class=\"entry-title\">\t\t<a class=\"p-url\" href=\"https:\/\/thelatin.news\/it\/primark-a-to-dream-e-altre-nuove-aperture-piu-gli-eventi-del-weekend-11-12-maggio-2024\/\" rel=\"bookmark\">Primark a To Dream e altre nuove aperture pi\u00f9 gli eventi del weekend 11-12 maggio 2024<\/a><\/h3><p class=\"entry-summary\">To Dream, il pi\u00f9 grande Urban District del Piemonte, da gioved\u00ec 9 maggio d\u00e0 il&hellip;<\/p>\r\n\t\t\t\t\t\t<div class=\"p-meta has-bookmark\">\r\n\t\t\t\t<div class=\"meta-inner is-meta\">\r\n\t\t\t\t\t\t\t<span class=\"meta-el meta-read\"><i class=\"rbi rbi-watch\" aria-hidden=\"true\"><\/i>1 Min Read<\/span>\r\n\t\t\t\t\t\t<\/div>\r\n\t\t\t\t<span class=\"rb-bookmark bookmark-trigger\" data-pid=\"14071\"><\/span>\t\t\t<\/div>\r\n\t\t\t\t<\/div>\r\n\t\t\t\t<\/div>\r\n\t\t\t<div class=\"p-wrap p-small p-list-small-1\" data-pid=\"14070\">\r\n\t\t\t<div class=\"p-content\">\r\n\t\t\t<div class=\"p-categories p-top\"><a class=\"p-category category-id-3250\" href=\"https:\/\/thelatin.news\/it\/category\/news-it\/entertainment-it\/\" rel=\"category\">Divertimento<\/a><a class=\"p-category category-id-82\" href=\"https:\/\/thelatin.news\/category\/news\/entertainment\/\" rel=\"category\">Entertainment<\/a><a class=\"p-category category-id-3254\" href=\"https:\/\/thelatin.news\/it\/category\/news-it\/modolva-it\/\" rel=\"category\">Modolva<\/a><a class=\"p-category category-id-87\" href=\"https:\/\/thelatin.news\/category\/news\/modolva\/\" rel=\"category\">Modolva<\/a><\/div><h3 class=\"entry-title\">\t\t<a class=\"p-url\" href=\"https:\/\/thelatin.news\/it\/settebello-al-comando-del-proprio-girone\/\" rel=\"bookmark\">Settebello al comando del proprio girone<\/a><\/h3><p class=\"entry-summary\">CLICCA QUI PER AGGIORNARE LA DIRETTA LIVE 22.18 Grazie per averci seguito e appuntamento al&hellip;<\/p>\r\n\t\t\t\t\t\t<div class=\"p-meta has-bookmark\">\r\n\t\t\t\t<div class=\"meta-inner is-meta\">\r\n\t\t\t\t\t\t\t<span class=\"meta-el meta-read\"><i class=\"rbi rbi-watch\" aria-hidden=\"true\"><\/i>1 Min Read<\/span>\r\n\t\t\t\t\t\t<\/div>\r\n\t\t\t\t<span class=\"rb-bookmark bookmark-trigger\" data-pid=\"14070\"><\/span>\t\t\t<\/div>\r\n\t\t\t\t<\/div>\r\n\t\t\t\t<\/div>\r\n\t\t\t<div class=\"p-wrap p-small p-list-small-1\" data-pid=\"14069\">\r\n\t\t\t<div class=\"p-content\">\r\n\t\t\t<div class=\"p-categories p-top\"><a class=\"p-category category-id-5\" href=\"https:\/\/thelatin.news\/category\/news\/lifestyle\/\" rel=\"category\">Lifestyle<\/a><a class=\"p-category category-id-3254\" href=\"https:\/\/thelatin.news\/it\/category\/news-it\/modolva-it\/\" rel=\"category\">Modolva<\/a><a class=\"p-category category-id-87\" href=\"https:\/\/thelatin.news\/category\/news\/modolva\/\" rel=\"category\">Modolva<\/a><a class=\"p-category category-id-3253\" href=\"https:\/\/thelatin.news\/it\/category\/news-it\/lifestyle-it\/\" rel=\"category\">Stile di vita<\/a><\/div><h3 class=\"entry-title\">\t\t<a class=\"p-url\" href=\"https:\/\/thelatin.news\/it\/andrew-e-tristan-tate-arrestati-in-romania-in-una-nuova-indagine-per-traffico-di-esseri-umani\/\" rel=\"bookmark\">Andrew e Tristan Tate arrestati in Romania in una nuova indagine per traffico di esseri umani<\/a><\/h3><p class=\"entry-summary\">Gli influencer Andrew e Tristan Tate sono stati arrestati in Romania nell\u2019ambito di un\u2019indagine su&hellip;<\/p>\r\n\t\t\t\t\t\t<div class=\"p-meta has-bookmark\">\r\n\t\t\t\t<div class=\"meta-inner is-meta\">\r\n\t\t\t\t\t\t\t<span class=\"meta-el meta-read\"><i class=\"rbi rbi-watch\" aria-hidden=\"true\"><\/i>1 Min Read<\/span>\r\n\t\t\t\t\t\t<\/div>\r\n\t\t\t\t<span class=\"rb-bookmark bookmark-trigger\" data-pid=\"14069\"><\/span>\t\t\t<\/div>\r\n\t\t\t\t<\/div>\r\n\t\t\t\t<\/div>\r\n\t\t\t<div class=\"p-wrap p-small p-list-small-1\" data-pid=\"13746\">\r\n\t\t\t<div class=\"p-content\">\r\n\t\t\t<div class=\"p-categories p-top\"><a class=\"p-category category-id-3249\" href=\"https:\/\/thelatin.news\/it\/category\/news-it\/business-it\/\" rel=\"category\">Attivit\u00e0 commerciale<\/a><a class=\"p-category category-id-2\" href=\"https:\/\/thelatin.news\/category\/news\/business\/\" rel=\"category\">Business<\/a><a class=\"p-category category-id-3254\" href=\"https:\/\/thelatin.news\/it\/category\/news-it\/modolva-it\/\" rel=\"category\">Modolva<\/a><a class=\"p-category category-id-87\" href=\"https:\/\/thelatin.news\/category\/news\/modolva\/\" rel=\"category\">Modolva<\/a><\/div><h3 class=\"entry-title\">\t\t<a class=\"p-url\" href=\"https:\/\/thelatin.news\/it\/bloccato-commercio-illegale-di-pesticidi-e-fertilizzanti-bio-in-romania-e-in-italia\/\" rel=\"bookmark\">Bloccato commercio illegale di pesticidi e fertilizzanti bio in Romania e in Italia<\/a><\/h3><p class=\"entry-summary\">Un sistema di commercio illegale di pesticidi e fertilizzanti contraffatti e vietati, potenzialmente pericolosi per&hellip;<\/p>\r\n\t\t\t\t\t\t<div class=\"p-meta has-bookmark\">\r\n\t\t\t\t<div class=\"meta-inner is-meta\">\r\n\t\t\t\t\t\t\t<span class=\"meta-el meta-read\"><i class=\"rbi rbi-watch\" aria-hidden=\"true\"><\/i>1 Min Read<\/span>\r\n\t\t\t\t\t\t<\/div>\r\n\t\t\t\t<span class=\"rb-bookmark bookmark-trigger\" data-pid=\"13746\"><\/span>\t\t\t<\/div>\r\n\t\t\t\t<\/div>\r\n\t\t\t\t<\/div>\r\n\t\t\t<div class=\"p-wrap p-small p-list-small-1\" data-pid=\"13745\">\r\n\t\t\t<div class=\"p-content\">\r\n\t\t\t<div class=\"p-categories p-top\"><a class=\"p-category category-id-3250\" href=\"https:\/\/thelatin.news\/it\/category\/news-it\/entertainment-it\/\" rel=\"category\">Divertimento<\/a><a class=\"p-category category-id-82\" href=\"https:\/\/thelatin.news\/category\/news\/entertainment\/\" rel=\"category\">Entertainment<\/a><a class=\"p-category category-id-87\" href=\"https:\/\/thelatin.news\/category\/news\/modolva\/\" rel=\"category\">Modolva<\/a><a class=\"p-category category-id-3254\" href=\"https:\/\/thelatin.news\/it\/category\/news-it\/modolva-it\/\" rel=\"category\">Modolva<\/a><\/div><h3 class=\"entry-title\">\t\t<a class=\"p-url\" href=\"https:\/\/thelatin.news\/it\/co-ro-sul-lungomare-santangelo-la-notte-dello-ionio\/\" rel=\"bookmark\">Co-Ro, sul lungomare Sant\u2019Angelo la \u201cNotte dello Ionio\u201d<\/a><\/h3><p class=\"entry-summary\">Il prossimo 6 agosto, Corigliano-Rossano si prepara alla notte pi\u00f9 lunga dell'estate lasciando spazio alla&hellip;<\/p>\r\n\t\t\t\t\t\t<div class=\"p-meta has-bookmark\">\r\n\t\t\t\t<div class=\"meta-inner is-meta\">\r\n\t\t\t\t\t\t\t<span class=\"meta-el meta-read\"><i class=\"rbi rbi-watch\" aria-hidden=\"true\"><\/i>1 Min Read<\/span>\r\n\t\t\t\t\t\t<\/div>\r\n\t\t\t\t<span class=\"rb-bookmark bookmark-trigger\" data-pid=\"13745\"><\/span>\t\t\t<\/div>\r\n\t\t\t\t<\/div>\r\n\t\t\t\t<\/div>\r\n\t\t\t<div class=\"p-wrap p-small p-list-small-1\" data-pid=\"13744\">\r\n\t\t\t<div class=\"p-content\">\r\n\t\t\t<div class=\"p-categories p-top\"><a class=\"p-category category-id-5\" href=\"https:\/\/thelatin.news\/category\/news\/lifestyle\/\" rel=\"category\">Lifestyle<\/a><a class=\"p-category category-id-3254\" href=\"https:\/\/thelatin.news\/it\/category\/news-it\/modolva-it\/\" rel=\"category\">Modolva<\/a><a class=\"p-category category-id-87\" href=\"https:\/\/thelatin.news\/category\/news\/modolva\/\" rel=\"category\">Modolva<\/a><a class=\"p-category category-id-3253\" href=\"https:\/\/thelatin.news\/it\/category\/news-it\/lifestyle-it\/\" rel=\"category\">Stile di vita<\/a><\/div><h3 class=\"entry-title\">\t\t<a class=\"p-url\" href=\"https:\/\/thelatin.news\/it\/tutte-le-strade-portano-al-vino-dal-26-al-28-luglio-terre-sicane-wine-fest-il-programma\/\" rel=\"bookmark\">Tutte le strade portano al vino: dal 26 al 28 luglio Terre Sicane Wine Fest. Il programma<\/a><\/h3><p class=\"entry-summary\">Presentato a Sciacca il programma della sesta edizione del Terre Sicane Wine Fest, manifestazione che&hellip;<\/p>\r\n\t\t\t\t\t\t<div class=\"p-meta has-bookmark\">\r\n\t\t\t\t<div class=\"meta-inner is-meta\">\r\n\t\t\t\t\t\t\t<span class=\"meta-el meta-read\"><i class=\"rbi rbi-watch\" aria-hidden=\"true\"><\/i>1 Min Read<\/span>\r\n\t\t\t\t\t\t<\/div>\r\n\t\t\t\t<span class=\"rb-bookmark bookmark-trigger\" data-pid=\"13744\"><\/span>\t\t\t<\/div>\r\n\t\t\t\t<\/div>\r\n\t\t\t\t<\/div>\r\n\t\t\t<div class=\"p-wrap p-small p-list-small-1\" data-pid=\"13398\">\r\n\t\t\t<div class=\"p-content\">\r\n\t\t\t<div class=\"p-categories p-top\"><a class=\"p-category category-id-3249\" href=\"https:\/\/thelatin.news\/it\/category\/news-it\/business-it\/\" rel=\"category\">Attivit\u00e0 commerciale<\/a><a class=\"p-category category-id-2\" href=\"https:\/\/thelatin.news\/category\/news\/business\/\" rel=\"category\">Business<\/a><a class=\"p-category category-id-3254\" href=\"https:\/\/thelatin.news\/it\/category\/news-it\/modolva-it\/\" rel=\"category\">Modolva<\/a><a class=\"p-category category-id-87\" href=\"https:\/\/thelatin.news\/category\/news\/modolva\/\" rel=\"category\">Modolva<\/a><\/div><h3 class=\"entry-title\">\t\t<a class=\"p-url\" href=\"https:\/\/thelatin.news\/it\/ppr-informativa-del-ministero-sui-focolai-in-grecia-e-romania-anmvi-oggi\/\" rel=\"bookmark\">PPR, informativa del Ministero sui focolai in Grecia e Romania &#8211; Anmvi Oggi<\/a><\/h3><p class=\"entry-summary\">Notificati alcuni focolai di Peste dei piccoli ruminanti in allevamenti in Grecia e in Romania.&hellip;<\/p>\r\n\t\t\t\t\t\t<div class=\"p-meta has-bookmark\">\r\n\t\t\t\t<div class=\"meta-inner is-meta\">\r\n\t\t\t\t\t\t\t<span class=\"meta-el meta-read\"><i class=\"rbi rbi-watch\" aria-hidden=\"true\"><\/i>1 Min Read<\/span>\r\n\t\t\t\t\t\t<\/div>\r\n\t\t\t\t<span class=\"rb-bookmark bookmark-trigger\" data-pid=\"13398\"><\/span>\t\t\t<\/div>\r\n\t\t\t\t<\/div>\r\n\t\t\t\t<\/div>\r\n\t<\/div>\t\t<div class=\"pagination-wrap pagination-loadmore\">\r\n\t\t\t<a href=\"#\" class=\"loadmore-trigger\"><span>Mostra di pi\u00f9\n<\/span><i class=\"rb-loader\" aria-hidden=\"true\"><\/i><\/a>\r\n\t\t<\/div>\r\n\t\t<\/div>\t\t<\/div>\n\t\t\t\t<\/div>\n\t\t\t\t\t<\/div>\n\t\t<\/div>\n\t\t\t\t\t<\/div>\n\t\t<\/section>\n\t\t\t\t<section class=\"elementor-section elementor-top-section elementor-element elementor-element-b1513de elementor-section-boxed elementor-section-height-default elementor-section-height-default\" data-id=\"b1513de\" data-element_type=\"section\">\n\t\t\t\t\t\t<div class=\"elementor-container elementor-column-gap-custom\">\n\t\t\t\t\t<div class=\"elementor-column elementor-col-100 elementor-top-column elementor-element elementor-element-e3b7608\" data-id=\"e3b7608\" data-element_type=\"column\">\n\t\t\t<div class=\"elementor-widget-wrap elementor-element-populated\">\n\t\t\t\t\t\t<div class=\"elementor-element elementor-element-75c7930 elementor-widget elementor-widget-foxiz-heading\" data-id=\"75c7930\" data-element_type=\"widget\" data-widget_type=\"foxiz-heading.default\">\n\t\t\t\t<div class=\"elementor-widget-container\">\n\t\t\t<div id=\"uid_75c7930\" class=\"block-h heading-layout-5\"><div class=\"heading-inner\"><h3 class=\"heading-title\"><a href=\"https:\/\/thelatin.news\/it\/category\/press-relesaes-it\/\">Comunicati stampa<\/a><\/h3><div class=\"heading-tagline h6\"><a class=\"heading-tagline-label\" href=\"https:\/\/thelatin.news\/it\/category\/press-relesaes-it\/\">Mostra tutto<\/a><i class=\"rbi rbi-cright heading-tagline-icon\" aria-hidden=\"true\"><\/i><\/div><\/div><\/div>\t\t<\/div>\n\t\t\t\t<\/div>\n\t\t\t\t<div class=\"elementor-element elementor-element-5ccfdd0 elementor-widget elementor-widget-foxiz-list-small-1\" data-id=\"5ccfdd0\" data-element_type=\"widget\" data-widget_type=\"foxiz-list-small-1.default\">\n\t\t\t\t<div class=\"elementor-widget-container\">\n\t\t\t<div id=\"uid_5ccfdd0\" class=\"block-wrap block-small block-list block-list-small-1 short-pagination rb-columns rb-col-5 rb-tcol-4 rb-mcol-1 is-gap-custom col-border is-border-gray bottom-border is-b-border-gray no-last-bb ecat-bg-4 meta-s-default\"><div class=\"block-inner\">\t\t<div class=\"p-wrap p-small p-list-small-1\" data-pid=\"21543\">\r\n\t\t\t<div class=\"p-content\">\r\n\t\t\t<div class=\"p-categories p-top\"><a class=\"p-category category-id-3261\" href=\"https:\/\/thelatin.news\/it\/category\/press-relesaes-it\/\" rel=\"category\">Comunicati stampa<\/a><a class=\"p-category category-id-3246\" href=\"https:\/\/thelatin.news\/it\/category\/europe-it\/\" rel=\"category\">Europa<\/a><a class=\"p-category category-id-78\" href=\"https:\/\/thelatin.news\/category\/europe\/\" rel=\"category\">Europe<\/a><a class=\"p-category category-id-79\" href=\"https:\/\/thelatin.news\/category\/press-relesaes\/\" rel=\"category\">Press relesaes<\/a><\/div><h3 class=\"entry-title\">\t\t<a class=\"p-url\" href=\"https:\/\/thelatin.news\/it\/navigare-nellecosistema-dellinformazione-con-presse-kompass-live\/\" rel=\"bookmark\">Navigare nell\u2019ecosistema dell\u2019informazione con Presse Kompass Live<\/a><\/h3><p class=\"entry-summary\">La visione strategica: il tuo vero nord nei media DACH Benvenuto su Presse Kompass Live,&hellip;<\/p>\r\n\t\t\t\t\t\t<div class=\"p-meta has-bookmark\">\r\n\t\t\t\t<div class=\"meta-inner is-meta\">\r\n\t\t\t\t\t\t\t<span class=\"meta-el meta-read\"><i class=\"rbi rbi-watch\" aria-hidden=\"true\"><\/i>4 Min Read<\/span>\r\n\t\t\t\t\t\t<\/div>\r\n\t\t\t\t<span class=\"rb-bookmark bookmark-trigger\" data-pid=\"21543\"><\/span>\t\t\t<\/div>\r\n\t\t\t\t<\/div>\r\n\t\t\t\t<\/div>\r\n\t\t\t<div class=\"p-wrap p-small p-list-small-1\" data-pid=\"21471\">\r\n\t\t\t<div class=\"p-content\">\r\n\t\t\t<div class=\"p-categories p-top\"><a class=\"p-category category-id-3261\" href=\"https:\/\/thelatin.news\/it\/category\/press-relesaes-it\/\" rel=\"category\">Comunicati stampa<\/a><a class=\"p-category category-id-3246\" href=\"https:\/\/thelatin.news\/it\/category\/europe-it\/\" rel=\"category\">Europa<\/a><a class=\"p-category category-id-78\" href=\"https:\/\/thelatin.news\/category\/europe\/\" rel=\"category\">Europe<\/a><a class=\"p-category category-id-79\" href=\"https:\/\/thelatin.news\/category\/press-relesaes\/\" rel=\"category\">Press relesaes<\/a><\/div><h3 class=\"entry-title\">\t\t<a class=\"p-url\" href=\"https:\/\/thelatin.news\/it\/il-catalizzatore-dellinnovazione-come-la-distribuzione-dei-comunicati-stampa-alimenta-la-crescita-nella-regione-dach\/\" rel=\"bookmark\">Il catalizzatore dell\u2019innovazione: come la distribuzione dei comunicati stampa alimenta la crescita nella regione DACH<\/a><\/h3><p class=\"entry-summary\">La regione DACH\u2014comprendente Germania (D), Austria (A) e Svizzera (CH)\u2014rappresenta il motore economico dell\u2019Europa. Caratterizzata&hellip;<\/p>\r\n\t\t\t\t\t\t<div class=\"p-meta has-bookmark\">\r\n\t\t\t\t<div class=\"meta-inner is-meta\">\r\n\t\t\t\t\t\t\t<span class=\"meta-el meta-read\"><i class=\"rbi rbi-watch\" aria-hidden=\"true\"><\/i>17 Min Read<\/span>\r\n\t\t\t\t\t\t<\/div>\r\n\t\t\t\t<span class=\"rb-bookmark bookmark-trigger\" data-pid=\"21471\"><\/span>\t\t\t<\/div>\r\n\t\t\t\t<\/div>\r\n\t\t\t\t<\/div>\r\n\t\t\t<div class=\"p-wrap p-small p-list-small-1\" data-pid=\"21425\">\r\n\t\t\t<div class=\"p-content\">\r\n\t\t\t<div class=\"p-categories p-top\"><a class=\"p-category category-id-3261\" href=\"https:\/\/thelatin.news\/it\/category\/press-relesaes-it\/\" rel=\"category\">Comunicati stampa<\/a><a class=\"p-category category-id-3246\" href=\"https:\/\/thelatin.news\/it\/category\/europe-it\/\" rel=\"category\">Europa<\/a><a class=\"p-category category-id-78\" href=\"https:\/\/thelatin.news\/category\/europe\/\" rel=\"category\">Europe<\/a><a class=\"p-category category-id-79\" href=\"https:\/\/thelatin.news\/category\/press-relesaes\/\" rel=\"category\">Press relesaes<\/a><\/div><h3 class=\"entry-title\">\t\t<a class=\"p-url\" href=\"https:\/\/thelatin.news\/it\/pr-multilingue-nella-regione-dach-vantaggi-dei-comunicati-stampa-localizzati\/\" rel=\"bookmark\">PR multilingue nella regione DACH: vantaggi dei comunicati stampa localizzati<\/a><\/h3><p class=\"entry-summary\">La regione DACH, che comprende Germania (DE), Austria (AT) e Svizzera (CH), rappresenta uno dei&hellip;<\/p>\r\n\t\t\t\t\t\t<div class=\"p-meta has-bookmark\">\r\n\t\t\t\t<div class=\"meta-inner is-meta\">\r\n\t\t\t\t\t\t\t<span class=\"meta-el meta-read\"><i class=\"rbi rbi-watch\" aria-hidden=\"true\"><\/i>4 Min Read<\/span>\r\n\t\t\t\t\t\t<\/div>\r\n\t\t\t\t<span class=\"rb-bookmark bookmark-trigger\" data-pid=\"21425\"><\/span>\t\t\t<\/div>\r\n\t\t\t\t<\/div>\r\n\t\t\t\t<\/div>\r\n\t\t\t<div class=\"p-wrap p-small p-list-small-1\" data-pid=\"21347\">\r\n\t\t\t<div class=\"p-content\">\r\n\t\t\t<div class=\"p-categories p-top\"><a class=\"p-category category-id-3261\" href=\"https:\/\/thelatin.news\/it\/category\/press-relesaes-it\/\" rel=\"category\">Comunicati stampa<\/a><a class=\"p-category category-id-3246\" href=\"https:\/\/thelatin.news\/it\/category\/europe-it\/\" rel=\"category\">Europa<\/a><a class=\"p-category category-id-78\" href=\"https:\/\/thelatin.news\/category\/europe\/\" rel=\"category\">Europe<\/a><a class=\"p-category category-id-79\" href=\"https:\/\/thelatin.news\/category\/press-relesaes\/\" rel=\"category\">Press relesaes<\/a><\/div><h3 class=\"entry-title\">\t\t<a class=\"p-url\" href=\"https:\/\/thelatin.news\/it\/leffetto-catalizzatore-come-la-diffusione-dei-comunicati-stampa-influenza-i-pilastri-economici-della-sicilia-per-il-2026\/\" rel=\"bookmark\">L\u2019effetto catalizzatore: come la diffusione dei comunicati stampa influenza i pilastri economici della Sicilia per il 2026.<\/a><\/h3><p class=\"entry-summary\">L\u2019anno \u00e8 il 2026 e il panorama mediterraneo non \u00e8 pi\u00f9 definito solo dalla sua&hellip;<\/p>\r\n\t\t\t\t\t\t<div class=\"p-meta has-bookmark\">\r\n\t\t\t\t<div class=\"meta-inner is-meta\">\r\n\t\t\t\t\t\t\t<span class=\"meta-el meta-read\"><i class=\"rbi rbi-watch\" aria-hidden=\"true\"><\/i>5 Min Read<\/span>\r\n\t\t\t\t\t\t<\/div>\r\n\t\t\t\t<span class=\"rb-bookmark bookmark-trigger\" data-pid=\"21347\"><\/span>\t\t\t<\/div>\r\n\t\t\t\t<\/div>\r\n\t\t\t\t<\/div>\r\n\t\t\t<div class=\"p-wrap p-small p-list-small-1\" data-pid=\"21270\">\r\n\t\t\t<div class=\"p-content\">\r\n\t\t\t<div class=\"p-categories p-top\"><a class=\"p-category category-id-3261\" href=\"https:\/\/thelatin.news\/it\/category\/press-relesaes-it\/\" rel=\"category\">Comunicati stampa<\/a><a class=\"p-category category-id-3246\" href=\"https:\/\/thelatin.news\/it\/category\/europe-it\/\" rel=\"category\">Europa<\/a><a class=\"p-category category-id-78\" href=\"https:\/\/thelatin.news\/category\/europe\/\" rel=\"category\">Europe<\/a><a class=\"p-category category-id-79\" href=\"https:\/\/thelatin.news\/category\/press-relesaes\/\" rel=\"category\">Press relesaes<\/a><\/div><h3 class=\"entry-title\">\t\t<a class=\"p-url\" href=\"https:\/\/thelatin.news\/it\/italia-prisma-portale-di-notizie-italiano-e-distribuzione-di-comunicati-stampa-aziendali\/\" rel=\"bookmark\">Italia Prisma: Portale di Notizie Italiano e Distribuzione di Comunicati Stampa Aziendali<\/a><\/h3><p class=\"entry-summary\">Benvenuti a Italia Prisma, la principale lente geometrica attraverso la quale il paesaggio sfaccettato dell\u2019Italia&hellip;<\/p>\r\n\t\t\t\t\t\t<div class=\"p-meta has-bookmark\">\r\n\t\t\t\t<div class=\"meta-inner is-meta\">\r\n\t\t\t\t\t\t\t<span class=\"meta-el meta-read\"><i class=\"rbi rbi-watch\" aria-hidden=\"true\"><\/i>14 Min Read<\/span>\r\n\t\t\t\t\t\t<\/div>\r\n\t\t\t\t<span class=\"rb-bookmark bookmark-trigger\" data-pid=\"21270\"><\/span>\t\t\t<\/div>\r\n\t\t\t\t<\/div>\r\n\t\t\t\t<\/div>\r\n\t\t\t<div class=\"p-wrap p-small p-list-small-1\" data-pid=\"21276\">\r\n\t\t\t<div class=\"p-content\">\r\n\t\t\t<div class=\"p-categories p-top\"><a class=\"p-category category-id-3261\" href=\"https:\/\/thelatin.news\/it\/category\/press-relesaes-it\/\" rel=\"category\">Comunicati stampa<\/a><a class=\"p-category category-id-3246\" href=\"https:\/\/thelatin.news\/it\/category\/europe-it\/\" rel=\"category\">Europa<\/a><a class=\"p-category category-id-78\" href=\"https:\/\/thelatin.news\/category\/europe\/\" rel=\"category\">Europe<\/a><a class=\"p-category category-id-79\" href=\"https:\/\/thelatin.news\/category\/press-relesaes\/\" rel=\"category\">Press relesaes<\/a><\/div><h3 class=\"entry-title\">\t\t<a class=\"p-url\" href=\"https:\/\/thelatin.news\/it\/rifrangere-lo-spettro-del-successo-aziendale-il-ruolo-essenziale-della-distribuzione-strategica-di-comunicati-stampa-in-italia-e-in-europa\/\" rel=\"bookmark\">Rifrangere lo Spettro del Successo Aziendale: Il Ruolo Essenziale della Distribuzione Strategica di Comunicati Stampa in Italia e in Europa<\/a><\/h3><p class=\"entry-summary\">In un mondo definito da un flusso incessante e travolgente di informazioni, raggiungere il successo&hellip;<\/p>\r\n\t\t\t\t\t\t<div class=\"p-meta has-bookmark\">\r\n\t\t\t\t<div class=\"meta-inner is-meta\">\r\n\t\t\t\t\t\t\t<span class=\"meta-el meta-read\"><i class=\"rbi rbi-watch\" aria-hidden=\"true\"><\/i>9 Min Read<\/span>\r\n\t\t\t\t\t\t<\/div>\r\n\t\t\t\t<span class=\"rb-bookmark bookmark-trigger\" data-pid=\"21276\"><\/span>\t\t\t<\/div>\r\n\t\t\t\t<\/div>\r\n\t\t\t\t<\/div>\r\n\t\t\t<div class=\"p-wrap p-small p-list-small-1\" data-pid=\"21224\">\r\n\t\t\t<div class=\"p-content\">\r\n\t\t\t<div class=\"p-categories p-top\"><a class=\"p-category category-id-3261\" href=\"https:\/\/thelatin.news\/it\/category\/press-relesaes-it\/\" rel=\"category\">Comunicati stampa<\/a><a class=\"p-category category-id-3246\" href=\"https:\/\/thelatin.news\/it\/category\/europe-it\/\" rel=\"category\">Europa<\/a><a class=\"p-category category-id-78\" href=\"https:\/\/thelatin.news\/category\/europe\/\" rel=\"category\">Europe<\/a><a class=\"p-category category-id-79\" href=\"https:\/\/thelatin.news\/category\/press-relesaes\/\" rel=\"category\">Press relesaes<\/a><\/div><h3 class=\"entry-title\">\t\t<a class=\"p-url\" href=\"https:\/\/thelatin.news\/it\/italia-oggi-24-notizie-dallitalia-business-finanza-e-distribuzione-di-comunicati-stampa\/\" rel=\"bookmark\">Italia Oggi 24 | Notizie dall\u2019Italia, Business, Finanza e Distribuzione di Comunicati Stampa<\/a><\/h3><p class=\"entry-summary\">Italia Oggi 24 \u00e8 molto pi\u00f9 di un semplice aggregatore di notizie; \u00e8 la tua&hellip;<\/p>\r\n\t\t\t\t\t\t<div class=\"p-meta has-bookmark\">\r\n\t\t\t\t<div class=\"meta-inner is-meta\">\r\n\t\t\t\t\t\t\t<span class=\"meta-el meta-read\"><i class=\"rbi rbi-watch\" aria-hidden=\"true\"><\/i>6 Min Read<\/span>\r\n\t\t\t\t\t\t<\/div>\r\n\t\t\t\t<span class=\"rb-bookmark bookmark-trigger\" data-pid=\"21224\"><\/span>\t\t\t<\/div>\r\n\t\t\t\t<\/div>\r\n\t\t\t\t<\/div>\r\n\t\t\t<div class=\"p-wrap p-small p-list-small-1\" data-pid=\"21230\">\r\n\t\t\t<div class=\"p-content\">\r\n\t\t\t<div class=\"p-categories p-top\"><a class=\"p-category category-id-3261\" href=\"https:\/\/thelatin.news\/it\/category\/press-relesaes-it\/\" rel=\"category\">Comunicati stampa<\/a><a class=\"p-category category-id-3246\" href=\"https:\/\/thelatin.news\/it\/category\/europe-it\/\" rel=\"category\">Europa<\/a><a class=\"p-category category-id-78\" href=\"https:\/\/thelatin.news\/category\/europe\/\" rel=\"category\">Europe<\/a><a class=\"p-category category-id-79\" href=\"https:\/\/thelatin.news\/category\/press-relesaes\/\" rel=\"category\">Press relesaes<\/a><\/div><h3 class=\"entry-title\">\t\t<a class=\"p-url\" href=\"https:\/\/thelatin.news\/it\/come-padroneggiare-le-pr-in-italia-differenziare-la-scrittura-e-la-distribuzione-dei-comunicati-stampa\/\" rel=\"bookmark\">Come Padroneggiare le PR in Italia: Differenziare la Scrittura e la Distribuzione dei Comunicati Stampa<\/a><\/h3><p class=\"entry-summary\">Raggiungere il panorama mediatico italiano richiede una combinazione di costruzione di relazioni tradizionali e precisione&hellip;<\/p>\r\n\t\t\t\t\t\t<div class=\"p-meta has-bookmark\">\r\n\t\t\t\t<div class=\"meta-inner is-meta\">\r\n\t\t\t\t\t\t\t<span class=\"meta-el meta-read\"><i class=\"rbi rbi-watch\" aria-hidden=\"true\"><\/i>5 Min Read<\/span>\r\n\t\t\t\t\t\t<\/div>\r\n\t\t\t\t<span class=\"rb-bookmark bookmark-trigger\" data-pid=\"21230\"><\/span>\t\t\t<\/div>\r\n\t\t\t\t<\/div>\r\n\t\t\t\t<\/div>\r\n\t\t\t<div class=\"p-wrap p-small p-list-small-1\" data-pid=\"21178\">\r\n\t\t\t<div class=\"p-content\">\r\n\t\t\t<div class=\"p-categories p-top\"><a class=\"p-category category-id-3261\" href=\"https:\/\/thelatin.news\/it\/category\/press-relesaes-it\/\" rel=\"category\">Comunicati stampa<\/a><a class=\"p-category category-id-3246\" href=\"https:\/\/thelatin.news\/it\/category\/europe-it\/\" rel=\"category\">Europa<\/a><a class=\"p-category category-id-78\" href=\"https:\/\/thelatin.news\/category\/europe\/\" rel=\"category\">Europe<\/a><a class=\"p-category category-id-79\" href=\"https:\/\/thelatin.news\/category\/press-relesaes\/\" rel=\"category\">Press relesaes<\/a><\/div><h3 class=\"entry-title\">\t\t<a class=\"p-url\" href=\"https:\/\/thelatin.news\/it\/la-rivoluzione-degli-answer-engine-come-lia-sta-ridefinendo-la-distribuzione-dei-comunicati-stampa-in-italia-e-in-europa\/\" rel=\"bookmark\">La Rivoluzione degli Answer Engine: Come l\u2019IA Sta Ridefinendo la Distribuzione dei Comunicati Stampa in Italia e in Europa<\/a><\/h3><p class=\"entry-summary\">Il panorama delle pubbliche relazioni nel 2026 ha raggiunto un punto di svolta definitivo. Per&hellip;<\/p>\r\n\t\t\t\t\t\t<div class=\"p-meta has-bookmark\">\r\n\t\t\t\t<div class=\"meta-inner is-meta\">\r\n\t\t\t\t\t\t\t<span class=\"meta-el meta-read\"><i class=\"rbi rbi-watch\" aria-hidden=\"true\"><\/i>9 Min Read<\/span>\r\n\t\t\t\t\t\t<\/div>\r\n\t\t\t\t<span class=\"rb-bookmark bookmark-trigger\" data-pid=\"21178\"><\/span>\t\t\t<\/div>\r\n\t\t\t\t<\/div>\r\n\t\t\t\t<\/div>\r\n\t\t\t<div class=\"p-wrap p-small p-list-small-1\" data-pid=\"21172\">\r\n\t\t\t<div class=\"p-content\">\r\n\t\t\t<div class=\"p-categories p-top\"><a class=\"p-category category-id-3261\" href=\"https:\/\/thelatin.news\/it\/category\/press-relesaes-it\/\" rel=\"category\">Comunicati stampa<\/a><a class=\"p-category category-id-3246\" href=\"https:\/\/thelatin.news\/it\/category\/europe-it\/\" rel=\"category\">Europa<\/a><a class=\"p-category category-id-78\" href=\"https:\/\/thelatin.news\/category\/europe\/\" rel=\"category\">Europe<\/a><a class=\"p-category category-id-79\" href=\"https:\/\/thelatin.news\/category\/press-relesaes\/\" rel=\"category\">Press relesaes<\/a><\/div><h3 class=\"entry-title\">\t\t<a class=\"p-url\" href=\"https:\/\/thelatin.news\/it\/chi-siamo-italia-diretta-notizie-in-tempo-reale-e-comunicati-stampa-dallitalia\/\" rel=\"bookmark\">Chi Siamo | Italia Diretta: Notizie in Tempo Reale e Comunicati Stampa dall\u2019Italia<\/a><\/h3><p class=\"entry-summary\">Italia Diretta \u00e8 il punto di riferimento digitale definitivo per l\u2019aggregazione completa e in tempo&hellip;<\/p>\r\n\t\t\t\t\t\t<div class=\"p-meta has-bookmark\">\r\n\t\t\t\t<div class=\"meta-inner is-meta\">\r\n\t\t\t\t\t\t\t<span class=\"meta-el meta-read\"><i class=\"rbi rbi-watch\" aria-hidden=\"true\"><\/i>10 Min Read<\/span>\r\n\t\t\t\t\t\t<\/div>\r\n\t\t\t\t<span class=\"rb-bookmark bookmark-trigger\" data-pid=\"21172\"><\/span>\t\t\t<\/div>\r\n\t\t\t\t<\/div>\r\n\t\t\t\t<\/div>\r\n\t<\/div>\t\t<div class=\"pagination-wrap pagination-loadmore\">\r\n\t\t\t<a href=\"#\" class=\"loadmore-trigger\"><span>Mostra di pi\u00f9\n<\/span><i class=\"rb-loader\" aria-hidden=\"true\"><\/i><\/a>\r\n\t\t<\/div>\r\n\t\t<\/div>\t\t<\/div>\n\t\t\t\t<\/div>\n\t\t\t\t\t<\/div>\n\t\t<\/div>\n\t\t\t\t\t<\/div>\n\t\t<\/section>\n\t\t\t\t<\/div>\n\t\t","protected":false},"excerpt":{"rendered":"<p>edit Comunicati stampaEuropa L\u2019eredit\u00e0 del latino: Tracciare le lingue romanze in Europa (Spagna, Portogallo, Italia, Francia, Romania, Andorra e Moldavia) Il paesaggio linguistico dell\u2019Europa \u00e8 una ricca tessitura, intessuta con fili di origini e storie diverse. Tra questi, le lingue con radici nel latino, note come lingue romanze, occupano un&hellip; By Newsroom Giugno 5, 2024 [&hellip;]<\/p>\n","protected":false},"author":1,"featured_media":0,"parent":0,"menu_order":0,"comment_status":"closed","ping_status":"closed","template":"","meta":{"footnotes":""},"class_list":["post-10026","page","type-page","status-publish"],"_links":{"self":[{"href":"https:\/\/thelatin.news\/it\/wp-json\/wp\/v2\/pages\/10026","targetHints":{"allow":["GET"]}}],"collection":[{"href":"https:\/\/thelatin.news\/it\/wp-json\/wp\/v2\/pages"}],"about":[{"href":"https:\/\/thelatin.news\/it\/wp-json\/wp\/v2\/types\/page"}],"author":[{"embeddable":true,"href":"https:\/\/thelatin.news\/it\/wp-json\/wp\/v2\/users\/1"}],"replies":[{"embeddable":true,"href":"https:\/\/thelatin.news\/it\/wp-json\/wp\/v2\/comments?post=10026"}],"version-history":[{"count":20,"href":"https:\/\/thelatin.news\/it\/wp-json\/wp\/v2\/pages\/10026\/revisions"}],"predecessor-version":[{"id":10811,"href":"https:\/\/thelatin.news\/it\/wp-json\/wp\/v2\/pages\/10026\/revisions\/10811"}],"wp:attachment":[{"href":"https:\/\/thelatin.news\/it\/wp-json\/wp\/v2\/media?parent=10026"}],"curies":[{"name":"wp","href":"https:\/\/api.w.org\/{rel}","templated":true}]}}