{"id":7162,"date":"2024-05-14T09:50:58","date_gmt":"2024-05-14T09:50:58","guid":{"rendered":"https:\/\/thelatin.news\/a-propos-de-nous\/"},"modified":"2024-06-08T20:17:56","modified_gmt":"2024-06-08T20:17:56","slug":"a-propos-de-nous","status":"publish","type":"page","link":"https:\/\/thelatin.news\/fr\/a-propos-de-nous\/","title":{"rendered":"\u00c0 propos"},"content":{"rendered":"\t\t<div data-elementor-type=\"wp-page\" data-elementor-id=\"7162\" class=\"elementor elementor-7162 elementor-2\">\n\t\t\t\t<div class=\"elementor-element elementor-element-cecbabd e-flex e-con-boxed e-con e-parent\" data-id=\"cecbabd\" data-element_type=\"container\">\n\t\t\t\t\t<div class=\"e-con-inner\">\n\t\t<div class=\"elementor-element elementor-element-142e13d e-con-full e-flex e-con e-child\" data-id=\"142e13d\" data-element_type=\"container\">\n\t\t\t\t<div class=\"elementor-element elementor-element-fafdd90 elementor-widget elementor-widget-text-editor\" data-id=\"fafdd90\" data-element_type=\"widget\" data-widget_type=\"text-editor.default\">\n\t\t\t\t<div class=\"elementor-widget-container\">\n\t\t\t\t\t\t\t<h2>A propos de TheLatin.News\u2122<\/h2><p>TheLatin.News\u2122 agr\u00e8ge, publie et distribue des nouvelles sur l&rsquo;Andorre, la France, l&rsquo;Italie, la Moldavie, le Portugal, la Roumanie et l&rsquo;Espagne. Les communiqu\u00e9s de presse sont publi\u00e9s et distribu\u00e9s aux m\u00e9dias en fran\u00e7ais, en italien, en portugais, en espagnol et en romain, toutes langues dont les racines sont latines. Pour plus d&rsquo;informations sur la distribution de communiqu\u00e9s de presse dans ces pays ou dans toute l&rsquo;Europe, contactez <a href=\"https:\/\/europenewswire.net\/\">EuropeNewswire.Net<\/a> ou joignez-nous sur ces applications de messagerie : <a href=\"https:\/\/api.whatsapp.com\/send\/?phone=18327162363&amp;text&amp;app_absent=0\">WhatsApp<\/a>, <a href=\"skype:groupwebmedia?chat\">Skype<\/a> ou <a href=\"https:\/\/t.me\/groupwebmedia\">Telegram<\/a>.<\/p><h2 style=\"margin: 15px 0;\">\u00c0 propos de l\u2019influence latine en Europe<\/h2><h3><a href=\"https:\/\/thelatin.news\/the-role-of-france-italy-portugal-spain-and-romania-in-europe-a-comprehensive-overview\/\">Le r\u00f4le de la France, de l&rsquo;Italie, du Portugal, de l&rsquo;Espagne et de la Roumanie en Europe : Une vue d&rsquo;ensemble<\/a><\/h3><p>L&rsquo;Europe est un continent riche en histoire, en culture et en diversit\u00e9 \u00e9conomique, chaque pays apportant une contribution unique au tissu de l&rsquo;Union europ\u00e9enne (UE). La France, l&rsquo;Italie, le Portugal, l&rsquo;Espagne et la Roumanie sont cinq de ces nations, chacune jouant un r\u00f4le essentiel dans le d\u00e9veloppement et le maintien de l&rsquo;int\u00e9gration et de l&rsquo;identit\u00e9 europ\u00e9ennes. Cet essai examine les contributions individuelles de ces pays au projet europ\u00e9en..<a href=\"https:\/\/thelatin.news\/the-role-of-france-italy-portugal-spain-and-romania-in-europe-a-comprehensive-overview\/\">.Lire la suite<\/a><\/p><h3><a href=\"https:\/\/thelatin.news\/the-legacy-of-latin-tracing-the-romance-languages-in-europe-spain-portugal-italy-france-romania-andorra-and-moldova\/\">L&rsquo;h\u00e9ritage du latin : sur la trace des langues romanes en Europe (Espagne, Portugal, Italie, France, Roumanie, Andorre et Moldavie)<\/a><\/h3><p>Le paysage linguistique de l&rsquo;Europe est une riche tapisserie, tiss\u00e9e de fils d&rsquo;origines et d&rsquo;histoires diverses. Parmi celles-ci, les langues ayant des racines latines, appel\u00e9es langues romanes, occupent une place particuli\u00e8re. Ils sont l&rsquo;h\u00e9ritage vivant de l&rsquo;Empire romain et t\u00e9moignent de l&rsquo;influence durable du latin, la langue des Romains..<a href=\"https:\/\/thelatin.news\/the-legacy-of-latin-tracing-the-romance-languages-in-europe-spain-portugal-italy-france-romania-andorra-and-moldova\/\">.Lire la suite<\/a><\/p>\t\t\t\t\t\t<\/div>\n\t\t\t\t<\/div>\n\t\t\t\t<\/div>\n\t\t<div class=\"elementor-element elementor-element-1525e39 e-con-full rb-sticky e-flex e-con e-child\" data-id=\"1525e39\" data-element_type=\"container\">\n\t\t\t\t<div class=\"elementor-element elementor-element-0495956 elementor-widget elementor-widget-foxiz-heading\" data-id=\"0495956\" data-element_type=\"widget\" data-widget_type=\"foxiz-heading.default\">\n\t\t\t\t<div class=\"elementor-widget-container\">\n\t\t\t<div id=\"uid_0495956\" class=\"block-h heading-layout-2\"><div class=\"heading-inner\"><h2 class=\"heading-title\"><span>Derni\u00e8res nouvelles<\/span><\/h2><\/div><\/div>\t\t<\/div>\n\t\t\t\t<\/div>\n\t\t\t\t<div class=\"elementor-element elementor-element-912eb7a elementor-widget elementor-widget-foxiz-list-small-2\" data-id=\"912eb7a\" data-element_type=\"widget\" data-widget_type=\"foxiz-list-small-2.default\">\n\t\t\t\t<div class=\"elementor-widget-container\">\n\t\t\t<div id=\"uid_912eb7a\" class=\"block-wrap block-small block-list block-list-small-2 rb-columns rb-col-1 is-feat-left meta-s-default\"><div class=\"block-inner\">\t\t<div class=\"p-wrap p-small p-list-small-2\" data-pid=\"21545\">\r\n\t\t\t\t<div class=\"feat-holder\">\t\t<div class=\"p-featured ratio-v1\">\r\n\t\t\t\t\t<a class=\"p-flink\" href=\"https:\/\/thelatin.news\/fr\/naviguer-dans-lecosysteme-de-linformation-avec-presse-kompass-live\/\" title=\"Naviguer dans l\u2019\u00e9cosyst\u00e8me de l\u2019information avec Presse Kompass Live\">\r\n\t\t\t<img loading=\"lazy\" decoding=\"async\" width=\"150\" height=\"150\" src=\"https:\/\/thelatin.news\/wp-content\/uploads\/2026\/04\/1776794410_Navigating-the-Information-Ecosystem-with-Presse-Kompass-Live-150x150.jpeg\" class=\"featured-img wp-post-image\" alt=\"\" loading=\"lazy\" \/>\t\t<\/a>\r\n\t\t\t\t<\/div>\r\n\t<\/div>\r\n\t\t\t\t<div class=\"p-content\">\r\n\t\t\t<h5 class=\"entry-title\">\t\t<a class=\"p-url\" href=\"https:\/\/thelatin.news\/fr\/naviguer-dans-lecosysteme-de-linformation-avec-presse-kompass-live\/\" rel=\"bookmark\">Naviguer dans l\u2019\u00e9cosyst\u00e8me de l\u2019information avec Presse Kompass Live<\/a><\/h5>\t\t\t<div class=\"p-meta\">\r\n\t\t\t\t<div class=\"meta-inner is-meta\">\r\n\t\t\t\t\t<span class=\"meta-el meta-update\">\r\n\t\t<i class=\"rbi rbi-time\" aria-hidden=\"true\"><\/i>\t\t<time class=\"updated\" datetime=\"2026-04-21T15:43:43+00:00\">21 avril 2026<\/time>\r\n\t\t<\/span>\r\n\t\t\t\t\t\t<\/div>\r\n\t\t\t\t\t\t\t<\/div>\r\n\t\t\t\t<\/div>\r\n\t\t\t\t<\/div>\r\n\t\t\t<div class=\"p-wrap p-small p-list-small-2\" data-pid=\"21473\">\r\n\t\t\t\t<div class=\"feat-holder\">\t\t<div class=\"p-featured ratio-v1\">\r\n\t\t\t\t\t<a class=\"p-flink\" href=\"https:\/\/thelatin.news\/fr\/le-catalyseur-de-linnovation-comment-la-distribution-de-communiques-de-presse-stimule-la-croissance-dans-la-region-dach\/\" title=\"Le catalyseur de l\u2019innovation : comment la distribution de communiqu\u00e9s de presse stimule la croissance dans la r\u00e9gion DACH\">\r\n\t\t\t<img loading=\"lazy\" decoding=\"async\" width=\"150\" height=\"150\" src=\"https:\/\/thelatin.news\/wp-content\/uploads\/2026\/04\/1776200405_The-Catalyst-of-Innovation-How-Press-Release-Distribution-Fuels-Growth-in-the-DACH-Region-150x150.jpeg\" class=\"featured-img wp-post-image\" alt=\"\" loading=\"lazy\" \/>\t\t<\/a>\r\n\t\t\t\t<\/div>\r\n\t<\/div>\r\n\t\t\t\t<div class=\"p-content\">\r\n\t\t\t<h5 class=\"entry-title\">\t\t<a class=\"p-url\" href=\"https:\/\/thelatin.news\/fr\/le-catalyseur-de-linnovation-comment-la-distribution-de-communiques-de-presse-stimule-la-croissance-dans-la-region-dach\/\" rel=\"bookmark\">Le catalyseur de l\u2019innovation : comment la distribution de communiqu\u00e9s de presse stimule la croissance dans la r\u00e9gion DACH<\/a><\/h5>\t\t\t<div class=\"p-meta\">\r\n\t\t\t\t<div class=\"meta-inner is-meta\">\r\n\t\t\t\t\t<span class=\"meta-el meta-update\">\r\n\t\t<i class=\"rbi rbi-time\" aria-hidden=\"true\"><\/i>\t\t<time class=\"updated\" datetime=\"2026-04-14T17:35:14+00:00\">14 avril 2026<\/time>\r\n\t\t<\/span>\r\n\t\t\t\t\t\t<\/div>\r\n\t\t\t\t\t\t\t<\/div>\r\n\t\t\t\t<\/div>\r\n\t\t\t\t<\/div>\r\n\t\t\t<div class=\"p-wrap p-small p-list-small-2\" data-pid=\"21427\">\r\n\t\t\t\t<div class=\"feat-holder\">\t\t<div class=\"p-featured ratio-v1\">\r\n\t\t\t\t\t<a class=\"p-flink\" href=\"https:\/\/thelatin.news\/fr\/relations-presse-multilingues-dans-la-region-dach-les-avantages-des-communiques-de-presse-localises\/\" title=\"Relations presse multilingues dans la r\u00e9gion DACH\u00a0: les avantages des communiqu\u00e9s de presse localis\u00e9s\">\r\n\t\t\t<img loading=\"lazy\" decoding=\"async\" width=\"150\" height=\"150\" src=\"https:\/\/thelatin.news\/wp-content\/uploads\/2026\/04\/1775822407_Multilingual-PR-in-the-DACH-Region-Benefits-of-Localized-Press-Releases--150x150.jpeg\" class=\"featured-img wp-post-image\" alt=\"\" loading=\"lazy\" \/>\t\t<\/a>\r\n\t\t\t\t<\/div>\r\n\t<\/div>\r\n\t\t\t\t<div class=\"p-content\">\r\n\t\t\t<h5 class=\"entry-title\">\t\t<a class=\"p-url\" href=\"https:\/\/thelatin.news\/fr\/relations-presse-multilingues-dans-la-region-dach-les-avantages-des-communiques-de-presse-localises\/\" rel=\"bookmark\">Relations presse multilingues dans la r\u00e9gion DACH\u00a0: les avantages des communiqu\u00e9s de presse localis\u00e9s<\/a><\/h5>\t\t\t<div class=\"p-meta\">\r\n\t\t\t\t<div class=\"meta-inner is-meta\">\r\n\t\t\t\t\t<span class=\"meta-el meta-update\">\r\n\t\t<i class=\"rbi rbi-time\" aria-hidden=\"true\"><\/i>\t\t<time class=\"updated\" datetime=\"2026-04-10T08:32:21+00:00\">10 avril 2026<\/time>\r\n\t\t<\/span>\r\n\t\t\t\t\t\t<\/div>\r\n\t\t\t\t\t\t\t<\/div>\r\n\t\t\t\t<\/div>\r\n\t\t\t\t<\/div>\r\n\t\t\t<div class=\"p-wrap p-small p-list-small-2\" data-pid=\"20968\">\r\n\t\t\t\t<div class=\"feat-holder\">\t\t<div class=\"p-featured ratio-v1\">\r\n\t\t\t\t\t<a class=\"p-flink\" href=\"https:\/\/thelatin.news\/fr\/soldes-de-printemps-terramaster-jusqua-30-sur-les-stockages-nas-et-das-la-nouvelle-gamme-phare-egalement-concernee\/\" title=\"Soldes de Printemps TerraMaster : Jusqu\u2019\u00e0 -30% sur les stockages NAS et DAS \u2014 La nouvelle gamme phare \u00e9galement concern\u00e9e !\">\r\n\t\t\t<img loading=\"lazy\" decoding=\"async\" width=\"150\" height=\"150\" src=\"https:\/\/thelatin.news\/wp-content\/uploads\/2026\/03\/Soldes-de-Printemps-TerraMaster-150x150.jpg\" class=\"featured-img wp-post-image\" alt=\"\" loading=\"lazy\" \/>\t\t<\/a>\r\n\t\t\t\t<\/div>\r\n\t<\/div>\r\n\t\t\t\t<div class=\"p-content\">\r\n\t\t\t<h5 class=\"entry-title\">\t\t<a class=\"p-url\" href=\"https:\/\/thelatin.news\/fr\/soldes-de-printemps-terramaster-jusqua-30-sur-les-stockages-nas-et-das-la-nouvelle-gamme-phare-egalement-concernee\/\" rel=\"bookmark\">Soldes de Printemps TerraMaster : Jusqu\u2019\u00e0 -30% sur les stockages NAS et DAS \u2014 La nouvelle gamme phare \u00e9galement concern\u00e9e !<\/a><\/h5>\t\t\t<div class=\"p-meta\">\r\n\t\t\t\t<div class=\"meta-inner is-meta\">\r\n\t\t\t\t\t<span class=\"meta-el meta-update\">\r\n\t\t<i class=\"rbi rbi-time\" aria-hidden=\"true\"><\/i>\t\t<time class=\"updated\" datetime=\"2026-03-10T05:03:13+00:00\">10 mars 2026<\/time>\r\n\t\t<\/span>\r\n\t\t\t\t\t\t<\/div>\r\n\t\t\t\t\t\t\t<\/div>\r\n\t\t\t\t<\/div>\r\n\t\t\t\t<\/div>\r\n\t\t\t<div class=\"p-wrap p-small p-list-small-2\" data-pid=\"20667\">\r\n\t\t\t\t<div class=\"feat-holder\">\t\t<div class=\"p-featured ratio-v1\">\r\n\t\t\t\t\t<a class=\"p-flink\" href=\"https:\/\/thelatin.news\/fr\/lancement-du-terramaster-d1-ssd-pro-un-boitier-thunderbolt-5-80-gbps-atteint-7061-mo-s-avec-un-design-tout-aluminium-sans-ventilateur-2\/\" title=\"Lancement du TerraMaster D1 SSD Pro : Un bo\u00eetier Thunderbolt 5 80 Gbps atteint 7061 Mo\/s avec un design tout aluminium sans ventilateur\">\r\n\t\t\t<img loading=\"lazy\" decoding=\"async\" width=\"150\" height=\"150\" src=\"https:\/\/thelatin.news\/wp-content\/uploads\/2026\/01\/1769019008_TerraMaster-D1-SSD-Pro-150x150.jpg\" class=\"featured-img wp-post-image\" alt=\"\" loading=\"lazy\" \/>\t\t<\/a>\r\n\t\t\t\t<\/div>\r\n\t<\/div>\r\n\t\t\t\t<div class=\"p-content\">\r\n\t\t\t<h5 class=\"entry-title\">\t\t<a class=\"p-url\" href=\"https:\/\/thelatin.news\/fr\/lancement-du-terramaster-d1-ssd-pro-un-boitier-thunderbolt-5-80-gbps-atteint-7061-mo-s-avec-un-design-tout-aluminium-sans-ventilateur-2\/\" rel=\"bookmark\">Lancement du TerraMaster D1 SSD Pro : Un bo\u00eetier Thunderbolt 5 80 Gbps atteint 7061 Mo\/s avec un design tout aluminium sans ventilateur<\/a><\/h5>\t\t\t<div class=\"p-meta\">\r\n\t\t\t\t<div class=\"meta-inner is-meta\">\r\n\t\t\t\t\t<span class=\"meta-el meta-update\">\r\n\t\t<i class=\"rbi rbi-time\" aria-hidden=\"true\"><\/i>\t\t<time class=\"updated\" datetime=\"2026-01-21T16:37:26+00:00\">21 janvier 2026<\/time>\r\n\t\t<\/span>\r\n\t\t\t\t\t\t<\/div>\r\n\t\t\t\t\t\t\t<\/div>\r\n\t\t\t\t<\/div>\r\n\t\t\t\t<\/div>\r\n\t<\/div><\/div>\t\t<\/div>\n\t\t\t\t<\/div>\n\t\t\t\t<\/div>\n\t\t\t\t\t<\/div>\n\t\t\t\t<\/div>\n\t\t\t\t<\/div>\n\t\t","protected":false},"excerpt":{"rendered":"<p>A propos de TheLatin.News\u2122 TheLatin.News\u2122 agr\u00e8ge, publie et distribue des nouvelles sur l&rsquo;Andorre, la France, l&rsquo;Italie, la Moldavie, le Portugal, la Roumanie et l&rsquo;Espagne. Les communiqu\u00e9s de presse sont publi\u00e9s et distribu\u00e9s aux m\u00e9dias en fran\u00e7ais, en italien, en portugais, en espagnol et en romain, toutes langues dont les racines sont latines. Pour plus d&rsquo;informations [&hellip;]<\/p>\n","protected":false},"author":1,"featured_media":0,"parent":0,"menu_order":0,"comment_status":"closed","ping_status":"closed","template":"","meta":{"footnotes":""},"class_list":["post-7162","page","type-page","status-publish"],"_links":{"self":[{"href":"https:\/\/thelatin.news\/fr\/wp-json\/wp\/v2\/pages\/7162","targetHints":{"allow":["GET"]}}],"collection":[{"href":"https:\/\/thelatin.news\/fr\/wp-json\/wp\/v2\/pages"}],"about":[{"href":"https:\/\/thelatin.news\/fr\/wp-json\/wp\/v2\/types\/page"}],"author":[{"embeddable":true,"href":"https:\/\/thelatin.news\/fr\/wp-json\/wp\/v2\/users\/1"}],"replies":[{"embeddable":true,"href":"https:\/\/thelatin.news\/fr\/wp-json\/wp\/v2\/comments?post=7162"}],"version-history":[{"count":5,"href":"https:\/\/thelatin.news\/fr\/wp-json\/wp\/v2\/pages\/7162\/revisions"}],"predecessor-version":[{"id":10744,"href":"https:\/\/thelatin.news\/fr\/wp-json\/wp\/v2\/pages\/7162\/revisions\/10744"}],"wp:attachment":[{"href":"https:\/\/thelatin.news\/fr\/wp-json\/wp\/v2\/media?parent=7162"}],"curies":[{"name":"wp","href":"https:\/\/api.w.org\/{rel}","templated":true}]}}