{"id":10031,"date":"2022-10-07T06:42:36","date_gmt":"2022-10-07T06:42:36","guid":{"rendered":"https:\/\/thelatin.news\/accueil\/"},"modified":"2024-06-09T06:27:27","modified_gmt":"2024-06-09T06:27:27","slug":"accueil","status":"publish","type":"page","link":"https:\/\/thelatin.news\/fr\/","title":{"rendered":"Accueil"},"content":{"rendered":"\t\t<div data-elementor-type=\"wp-page\" data-elementor-id=\"10031\" class=\"elementor elementor-10031 elementor-2173\">\n\t\t\t\t\t\t<section class=\"elementor-section elementor-top-section elementor-element elementor-element-b326d4c elementor-section-boxed elementor-section-height-default elementor-section-height-default\" data-id=\"b326d4c\" data-element_type=\"section\">\n\t\t\t\t\t\t<div class=\"elementor-container elementor-column-gap-custom\">\n\t\t\t\t\t<div class=\"elementor-column elementor-col-66 elementor-top-column elementor-element elementor-element-3f01a73\" data-id=\"3f01a73\" data-element_type=\"column\">\n\t\t\t<div class=\"elementor-widget-wrap elementor-element-populated\">\n\t\t\t\t\t\t<div class=\"elementor-element elementor-element-8893f7b elementor-widget elementor-widget-foxiz-overlay-1\" data-id=\"8893f7b\" data-element_type=\"widget\" data-widget_type=\"foxiz-overlay-1.default\">\n\t\t\t\t<div class=\"elementor-widget-container\">\n\t\t\t<div id=\"uid_8893f7b\" class=\"block-wrap block-overlay overlay-1 light-overlay-scheme p-gradient rb-tcol-1 rb-mcol-1 ecat-bg-4 ecat-size-big meta-s-default\"><div class=\"block-inner\">\t\t\t<div class=\"post-slider swiper-container pre-load\"  data-play=\"1\" data-speed=\"5000\">\r\n\t\t\t\t<div class=\"swiper-wrapper\">\r\n\t\t\t\t\t\t\t<div class=\"p-wrap p-highlight p-overlay-1 swiper-slide\" data-pid=\"21613\">\r\n\t\t\t<div class=\"overlay-holder\">\r\n\t\t\t\t\t<div class=\"p-featured\">\r\n\t\t\t\t\t<a class=\"p-flink\" href=\"https:\/\/thelatin.news\/fr\/boitier-robuste-terramaster-d1-ssd-etancheite-ip67-resistance-a-lecrasement-de-12-tonne-reinvente-le-stockage-mobile\/\" title=\"Bo\u00eetier Robuste TerraMaster D1 SSD : \u00c9tanch\u00e9it\u00e9 IP67 &#038; R\u00e9sistance \u00e0 l\u2019\u00c9crasement de 1,2 Tonne, R\u00e9invente le Stockage Mobile\">\r\n\t\t\t<img loading=\"lazy\" decoding=\"async\" width=\"628\" height=\"355\" src=\"https:\/\/thelatin.news\/wp-content\/uploads\/2026\/04\/Boitier-Robuste-TerraMaster-D1-SSD.jpg\" class=\"featured-img wp-post-image\" alt=\"\" loading=\"lazy\" \/>\t\t<\/a>\r\n\t\t\t\t<\/div>\r\n\t\t\t\t<div class=\"overlay-wrap\">\r\n\t\t\t\t<div class=\"overlay-inner p-content overlay-text\">\r\n\t\t\t\t\t<div class=\"p-categories p-top\"><a class=\"p-category category-id-3245\" href=\"https:\/\/thelatin.news\/fr\/category\/press-relesaes-fr\/\" rel=\"category\">Communiqu\u00e9s de presse<\/a><a class=\"p-category category-id-78\" href=\"https:\/\/thelatin.news\/category\/europe\/\" rel=\"category\">Europe<\/a><a class=\"p-category category-id-3230\" href=\"https:\/\/thelatin.news\/fr\/category\/europe-fr\/\" rel=\"category\">L'Europe<\/a><a class=\"p-category category-id-79\" href=\"https:\/\/thelatin.news\/category\/press-relesaes\/\" rel=\"category\">Press relesaes<\/a><\/div><h2 class=\"entry-title\">\t\t<a class=\"p-url\" href=\"https:\/\/thelatin.news\/fr\/boitier-robuste-terramaster-d1-ssd-etancheite-ip67-resistance-a-lecrasement-de-12-tonne-reinvente-le-stockage-mobile\/\" rel=\"bookmark\">Bo\u00eetier Robuste TerraMaster D1 SSD : \u00c9tanch\u00e9it\u00e9 IP67 &#038; R\u00e9sistance \u00e0 l\u2019\u00c9crasement de 1,2 Tonne, R\u00e9invente le Stockage Mobile<\/a><\/h2><p class=\"entry-summary\">TerraMaster D1 SSD (EuropeNewswire.net) \u2014 La marque de stockage professionnelle TerraMaster pr\u00e9sente officiellement aujourd\u2019hui son tout nouveau bo\u00eetier SSD portable robuste \u2013 le D1 SSD. Con\u00e7u pour les utilisateurs exigeant&hellip;<\/p>\r\n\t\t\t\t\t\t<div class=\"p-meta\">\r\n\t\t\t\t<div class=\"meta-inner is-meta\">\r\n\t\t\t\t\t<span class=\"meta-el meta-author\">\r\n\t\t\t\t\t<span class=\"meta-label\">By<\/span>\r\n\t\t\t\t<a href=\"https:\/\/thelatin.news\/fr\/author\/admin\/\">Newsroom<\/a>\r\n\t\t\t\t<\/span>\r\n\t\t<span class=\"meta-el meta-date\">\r\n\t\t<i class=\"rbi rbi-clock\" aria-hidden=\"true\"><\/i>\t\t<time class=\"date published\" datetime=\"2026-04-28T05:05:34+00:00\">28 avril 2026<\/time>\r\n\t\t<\/span>\t\t<span class=\"meta-el meta-read\"><i class=\"rbi rbi-watch\" aria-hidden=\"true\"><\/i>4 Min Read<\/span>\r\n\t\t\t\t\t\t<\/div>\r\n\t\t\t\t\t\t\t<\/div>\r\n\t\t\t\t\t\t<\/div>\r\n\t\t\t<\/div>\r\n\t\t<\/div>\r\n\t\t\t\t<\/div>\r\n\t\t\t<div class=\"p-wrap p-highlight p-overlay-1 swiper-slide\" data-pid=\"21545\">\r\n\t\t\t<div class=\"overlay-holder\">\r\n\t\t\t\t\t<div class=\"p-featured\">\r\n\t\t\t\t\t<a class=\"p-flink\" href=\"https:\/\/thelatin.news\/fr\/naviguer-dans-lecosysteme-de-linformation-avec-presse-kompass-live\/\" title=\"Naviguer dans l\u2019\u00e9cosyst\u00e8me de l\u2019information avec Presse Kompass Live\">\r\n\t\t\t<img loading=\"lazy\" decoding=\"async\" width=\"860\" height=\"373\" src=\"https:\/\/thelatin.news\/wp-content\/uploads\/2026\/04\/1776794410_Navigating-the-Information-Ecosystem-with-Presse-Kompass-Live-860x373.jpeg\" class=\"featured-img wp-post-image\" alt=\"\" loading=\"lazy\" \/>\t\t<\/a>\r\n\t\t\t\t<\/div>\r\n\t\t\t\t<div class=\"overlay-wrap\">\r\n\t\t\t\t<div class=\"overlay-inner p-content overlay-text\">\r\n\t\t\t\t\t<div class=\"p-categories p-top\"><a class=\"p-category category-id-3245\" href=\"https:\/\/thelatin.news\/fr\/category\/press-relesaes-fr\/\" rel=\"category\">Communiqu\u00e9s de presse<\/a><a class=\"p-category category-id-78\" href=\"https:\/\/thelatin.news\/category\/europe\/\" rel=\"category\">Europe<\/a><a class=\"p-category category-id-3230\" href=\"https:\/\/thelatin.news\/fr\/category\/europe-fr\/\" rel=\"category\">L'Europe<\/a><a class=\"p-category category-id-79\" href=\"https:\/\/thelatin.news\/category\/press-relesaes\/\" rel=\"category\">Press relesaes<\/a><\/div><h2 class=\"entry-title\">\t\t<a class=\"p-url\" href=\"https:\/\/thelatin.news\/fr\/naviguer-dans-lecosysteme-de-linformation-avec-presse-kompass-live\/\" rel=\"bookmark\">Naviguer dans l\u2019\u00e9cosyst\u00e8me de l\u2019information avec Presse Kompass Live<\/a><\/h2><p class=\"entry-summary\">La vision ex\u00e9cutive : votre v\u00e9ritable nord dans les m\u00e9dias DACH Bienvenue sur Presse Kompass Live, la plateforme d\u2019intelligence et d\u2019agr\u00e9gation d\u2019actualit\u00e9s de premier plan con\u00e7ue sp\u00e9cifiquement pour la r\u00e9gion&hellip;<\/p>\r\n\t\t\t\t\t\t<div class=\"p-meta\">\r\n\t\t\t\t<div class=\"meta-inner is-meta\">\r\n\t\t\t\t\t<span class=\"meta-el meta-author\">\r\n\t\t\t\t\t<span class=\"meta-label\">By<\/span>\r\n\t\t\t\t<a href=\"https:\/\/thelatin.news\/fr\/author\/admin\/\">Newsroom<\/a>\r\n\t\t\t\t<\/span>\r\n\t\t<span class=\"meta-el meta-date\">\r\n\t\t<i class=\"rbi rbi-clock\" aria-hidden=\"true\"><\/i>\t\t<time class=\"date published\" datetime=\"2026-04-21T15:43:43+00:00\">21 avril 2026<\/time>\r\n\t\t<\/span>\t\t<span class=\"meta-el meta-read\"><i class=\"rbi rbi-watch\" aria-hidden=\"true\"><\/i>6 Min Read<\/span>\r\n\t\t\t\t\t\t<\/div>\r\n\t\t\t\t\t\t\t<\/div>\r\n\t\t\t\t\t\t<\/div>\r\n\t\t\t<\/div>\r\n\t\t<\/div>\r\n\t\t\t\t<\/div>\r\n\t\t\t<div class=\"p-wrap p-highlight p-overlay-1 swiper-slide\" data-pid=\"21473\">\r\n\t\t\t<div class=\"overlay-holder\">\r\n\t\t\t\t\t<div class=\"p-featured\">\r\n\t\t\t\t\t<a class=\"p-flink\" href=\"https:\/\/thelatin.news\/fr\/le-catalyseur-de-linnovation-comment-la-distribution-de-communiques-de-presse-stimule-la-croissance-dans-la-region-dach\/\" title=\"Le catalyseur de l\u2019innovation : comment la distribution de communiqu\u00e9s de presse stimule la croissance dans la r\u00e9gion DACH\">\r\n\t\t\t<img loading=\"lazy\" decoding=\"async\" width=\"860\" height=\"399\" src=\"https:\/\/thelatin.news\/wp-content\/uploads\/2026\/04\/1776200405_The-Catalyst-of-Innovation-How-Press-Release-Distribution-Fuels-Growth-in-the-DACH-Region-860x399.jpeg\" class=\"featured-img wp-post-image\" alt=\"\" loading=\"lazy\" \/>\t\t<\/a>\r\n\t\t\t\t<\/div>\r\n\t\t\t\t<div class=\"overlay-wrap\">\r\n\t\t\t\t<div class=\"overlay-inner p-content overlay-text\">\r\n\t\t\t\t\t<div class=\"p-categories p-top\"><a class=\"p-category category-id-3245\" href=\"https:\/\/thelatin.news\/fr\/category\/press-relesaes-fr\/\" rel=\"category\">Communiqu\u00e9s de presse<\/a><a class=\"p-category category-id-78\" href=\"https:\/\/thelatin.news\/category\/europe\/\" rel=\"category\">Europe<\/a><a class=\"p-category category-id-3230\" href=\"https:\/\/thelatin.news\/fr\/category\/europe-fr\/\" rel=\"category\">L'Europe<\/a><a class=\"p-category category-id-79\" href=\"https:\/\/thelatin.news\/category\/press-relesaes\/\" rel=\"category\">Press relesaes<\/a><\/div><h2 class=\"entry-title\">\t\t<a class=\"p-url\" href=\"https:\/\/thelatin.news\/fr\/le-catalyseur-de-linnovation-comment-la-distribution-de-communiques-de-presse-stimule-la-croissance-dans-la-region-dach\/\" rel=\"bookmark\">Le catalyseur de l\u2019innovation : comment la distribution de communiqu\u00e9s de presse stimule la croissance dans la r\u00e9gion DACH<\/a><\/h2><p class=\"entry-summary\">La r\u00e9gion DACH \u2014 comprenant l\u2019Allemagne (D), l\u2019Autriche (A) et la Suisse (CH) \u2014 repr\u00e9sente le moteur \u00e9conomique de l\u2019Europe. Caract\u00e9ris\u00e9e par une production industrielle in\u00e9gal\u00e9e, une main-d\u2019\u0153uvre hautement qualifi\u00e9e&hellip;<\/p>\r\n\t\t\t\t\t\t<div class=\"p-meta\">\r\n\t\t\t\t<div class=\"meta-inner is-meta\">\r\n\t\t\t\t\t<span class=\"meta-el meta-author\">\r\n\t\t\t\t\t<span class=\"meta-label\">By<\/span>\r\n\t\t\t\t<a href=\"https:\/\/thelatin.news\/fr\/author\/admin\/\">Newsroom<\/a>\r\n\t\t\t\t<\/span>\r\n\t\t<span class=\"meta-el meta-date\">\r\n\t\t<i class=\"rbi rbi-clock\" aria-hidden=\"true\"><\/i>\t\t<time class=\"date published\" datetime=\"2026-04-14T17:35:14+00:00\">14 avril 2026<\/time>\r\n\t\t<\/span>\t\t<span class=\"meta-el meta-read\"><i class=\"rbi rbi-watch\" aria-hidden=\"true\"><\/i>11 Min Read<\/span>\r\n\t\t\t\t\t\t<\/div>\r\n\t\t\t\t\t\t\t<\/div>\r\n\t\t\t\t\t\t<\/div>\r\n\t\t\t<\/div>\r\n\t\t<\/div>\r\n\t\t\t\t<\/div>\r\n\t\t\t<div class=\"p-wrap p-highlight p-overlay-1 swiper-slide\" data-pid=\"21427\">\r\n\t\t\t<div class=\"overlay-holder\">\r\n\t\t\t\t\t<div class=\"p-featured\">\r\n\t\t\t\t\t<a class=\"p-flink\" href=\"https:\/\/thelatin.news\/fr\/relations-presse-multilingues-dans-la-region-dach-les-avantages-des-communiques-de-presse-localises\/\" title=\"Relations presse multilingues dans la r\u00e9gion DACH\u00a0: les avantages des communiqu\u00e9s de presse localis\u00e9s\">\r\n\t\t\t<img loading=\"lazy\" decoding=\"async\" width=\"860\" height=\"427\" src=\"https:\/\/thelatin.news\/wp-content\/uploads\/2026\/04\/1775822407_Multilingual-PR-in-the-DACH-Region-Benefits-of-Localized-Press-Releases--860x427.jpeg\" class=\"featured-img wp-post-image\" alt=\"\" loading=\"lazy\" \/>\t\t<\/a>\r\n\t\t\t\t<\/div>\r\n\t\t\t\t<div class=\"overlay-wrap\">\r\n\t\t\t\t<div class=\"overlay-inner p-content overlay-text\">\r\n\t\t\t\t\t<div class=\"p-categories p-top\"><a class=\"p-category category-id-3245\" href=\"https:\/\/thelatin.news\/fr\/category\/press-relesaes-fr\/\" rel=\"category\">Communiqu\u00e9s de presse<\/a><a class=\"p-category category-id-78\" href=\"https:\/\/thelatin.news\/category\/europe\/\" rel=\"category\">Europe<\/a><a class=\"p-category category-id-3230\" href=\"https:\/\/thelatin.news\/fr\/category\/europe-fr\/\" rel=\"category\">L'Europe<\/a><a class=\"p-category category-id-79\" href=\"https:\/\/thelatin.news\/category\/press-relesaes\/\" rel=\"category\">Press relesaes<\/a><\/div><h2 class=\"entry-title\">\t\t<a class=\"p-url\" href=\"https:\/\/thelatin.news\/fr\/relations-presse-multilingues-dans-la-region-dach-les-avantages-des-communiques-de-presse-localises\/\" rel=\"bookmark\">Relations presse multilingues dans la r\u00e9gion DACH\u00a0: les avantages des communiqu\u00e9s de presse localis\u00e9s<\/a><\/h2><p class=\"entry-summary\">La r\u00e9gion DACH (Allemagne, Autriche et Suisse) repr\u00e9sente l\u2019un des march\u00e9s les plus dynamiques \u00e9conomiquement et les plus diversifi\u00e9s linguistiquement d\u2019Europe. Pour les entreprises souhaitant s\u2019implanter durablement, accro\u00eetre leurs parts&hellip;<\/p>\r\n\t\t\t\t\t\t<div class=\"p-meta\">\r\n\t\t\t\t<div class=\"meta-inner is-meta\">\r\n\t\t\t\t\t<span class=\"meta-el meta-author\">\r\n\t\t\t\t\t<span class=\"meta-label\">By<\/span>\r\n\t\t\t\t<a href=\"https:\/\/thelatin.news\/fr\/author\/admin\/\">Newsroom<\/a>\r\n\t\t\t\t<\/span>\r\n\t\t<span class=\"meta-el meta-date\">\r\n\t\t<i class=\"rbi rbi-clock\" aria-hidden=\"true\"><\/i>\t\t<time class=\"date published\" datetime=\"2026-04-10T08:32:21+00:00\">10 avril 2026<\/time>\r\n\t\t<\/span>\t\t<span class=\"meta-el meta-read\"><i class=\"rbi rbi-watch\" aria-hidden=\"true\"><\/i>15 Min Read<\/span>\r\n\t\t\t\t\t\t<\/div>\r\n\t\t\t\t\t\t\t<\/div>\r\n\t\t\t\t\t\t<\/div>\r\n\t\t\t<\/div>\r\n\t\t<\/div>\r\n\t\t\t\t<\/div>\r\n\t\t\t\t\t<\/div>\r\n\t\t\t\t\t\t\t\t\t<div class=\"slider-pagination slider-pagination-top\"><\/div>\r\n\t\t\t\t\t\t\t\t\t<div class=\"slider-prev rbi rbi-cleft\"><\/div>\r\n\t\t\t\t\t<div class=\"slider-next rbi rbi-cright\"><\/div>\r\n\t\t\t\t\t\t\t<\/div>\r\n\t\t<\/div><\/div>\t\t<\/div>\n\t\t\t\t<\/div>\n\t\t\t\t<div class=\"elementor-element elementor-element-ec35443 elementor-widget elementor-widget-foxiz-heading\" data-id=\"ec35443\" data-element_type=\"widget\" data-widget_type=\"foxiz-heading.default\">\n\t\t\t\t<div class=\"elementor-widget-container\">\n\t\t\t<div id=\"uid_ec35443\" class=\"block-h heading-layout-10\"><div class=\"heading-inner\"><h4 class=\"heading-title\"><span>Derni\u00e8res nouvelles latines<\/span><\/h4><\/div><\/div>\t\t<\/div>\n\t\t\t\t<\/div>\n\t\t\t\t<div class=\"elementor-element elementor-element-e9b8b62 elementor-widget elementor-widget-foxiz-list-1\" data-id=\"e9b8b62\" data-element_type=\"widget\" data-widget_type=\"foxiz-list-1.default\">\n\t\t\t\t<div class=\"elementor-widget-container\">\n\t\t\t<div id=\"uid_e9b8b62\" class=\"block-wrap block-big block-list block-list-1 rb-columns rb-col-1 rb-tcol-1 rb-mcol-1 hovering-bw-invert bottom-border is-b-border-gray no-last-bb p-vtop ecat-bg-4 is-feat-left meta-s-default\"><\/div>\t\t<\/div>\n\t\t\t\t<\/div>\n\t\t\t\t<div class=\"elementor-element elementor-element-67a9572 elementor-widget elementor-widget-foxiz-list-small-1\" data-id=\"67a9572\" data-element_type=\"widget\" data-widget_type=\"foxiz-list-small-1.default\">\n\t\t\t\t<div class=\"elementor-widget-container\">\n\t\t\t<div id=\"uid_67a9572\" class=\"block-wrap block-small block-list block-list-small-1 rb-columns rb-col-3 rb-tcol-3 rb-mcol-1 is-gap-custom col-border is-border-gray bottom-border is-b-border-gray no-last-bb ecat-bg-4 meta-s-default\"><\/div>\t\t<\/div>\n\t\t\t\t<\/div>\n\t\t\t\t\t<\/div>\n\t\t<\/div>\n\t\t\t\t<div class=\"elementor-column elementor-col-33 elementor-top-column elementor-element elementor-element-ed12735 rb-sticky\" data-id=\"ed12735\" data-element_type=\"column\">\n\t\t\t<div class=\"elementor-widget-wrap elementor-element-populated\">\n\t\t\t\t\t\t<div class=\"elementor-element elementor-element-d09111e elementor-widget elementor-widget-foxiz-heading\" data-id=\"d09111e\" data-element_type=\"widget\" data-widget_type=\"foxiz-heading.default\">\n\t\t\t\t<div class=\"elementor-widget-container\">\n\t\t\t<div id=\"uid_d09111e\" class=\"block-h heading-layout-2\"><div class=\"heading-inner\"><h4 class=\"heading-title\"><a href=\"https:\/\/foxiz.themeruby.com\/time\/my-bookmarks\/\">Juste pour vous<\/a><\/h4><\/div><\/div>\t\t<\/div>\n\t\t\t\t<\/div>\n\t\t\t\t<div class=\"elementor-element elementor-element-f321c4d elementor-widget elementor-widget-foxiz-grid-1\" data-id=\"f321c4d\" data-element_type=\"widget\" data-widget_type=\"foxiz-grid-1.default\">\n\t\t\t\t<div class=\"elementor-widget-container\">\n\t\t\t<div id=\"uid_f321c4d\" class=\"block-wrap block-grid block-grid-1 rb-columns rb-col-2 rb-tcol-1 rb-mcol-1 is-gap-custom col-border is-border-gray bottom-border is-b-border-gray no-last-bb ecat-bg-4 meta-s-default\"><div class=\"block-inner\">\t\t<div class=\"p-wrap p-grid p-grid-1\" data-pid=\"20968\">\r\n\t\t\t\t<div class=\"feat-holder overlay-text\">\r\n\t\t\t\t\t\t<div class=\"p-featured\">\r\n\t\t\t\t\t<a class=\"p-flink\" href=\"https:\/\/thelatin.news\/fr\/soldes-de-printemps-terramaster-jusqua-30-sur-les-stockages-nas-et-das-la-nouvelle-gamme-phare-egalement-concernee\/\" title=\"Soldes de Printemps TerraMaster : Jusqu\u2019\u00e0 -30% sur les stockages NAS et DAS \u2014 La nouvelle gamme phare \u00e9galement concern\u00e9e !\">\r\n\t\t\t<img loading=\"lazy\" decoding=\"async\" width=\"420\" height=\"280\" src=\"https:\/\/thelatin.news\/wp-content\/uploads\/2026\/03\/Soldes-de-Printemps-TerraMaster-420x280.jpg\" class=\"featured-img wp-post-image\" alt=\"\" loading=\"lazy\" \/>\t\t<\/a>\r\n\t\t\t\t<\/div>\r\n\t<div class=\"p-categories p-top\"><a class=\"p-category category-id-3245\" href=\"https:\/\/thelatin.news\/fr\/category\/press-relesaes-fr\/\" rel=\"category\">Communiqu\u00e9s de presse<\/a><a class=\"p-category category-id-3230\" href=\"https:\/\/thelatin.news\/fr\/category\/europe-fr\/\" rel=\"category\">L'Europe<\/a><\/div>\t\t\t<\/div>\r\n\t\t<h4 class=\"entry-title\">\t\t<a class=\"p-url\" href=\"https:\/\/thelatin.news\/fr\/soldes-de-printemps-terramaster-jusqua-30-sur-les-stockages-nas-et-das-la-nouvelle-gamme-phare-egalement-concernee\/\" rel=\"bookmark\">Soldes de Printemps TerraMaster : Jusqu\u2019\u00e0 -30% sur les stockages NAS et DAS \u2014 La nouvelle gamme phare \u00e9galement concern\u00e9e !<\/a><\/h4>\t\t\t<div class=\"p-meta has-bookmark\">\r\n\t\t\t\t<div class=\"meta-inner is-meta\">\r\n\t\t\t\t\t\t\t<span class=\"meta-el meta-read\"><i class=\"rbi rbi-watch\" aria-hidden=\"true\"><\/i>3 Min Read<\/span>\r\n\t\t\t\t\t\t<\/div>\r\n\t\t\t\t<span class=\"rb-bookmark bookmark-trigger\" data-pid=\"20968\"><\/span>\t\t\t<\/div>\r\n\t\t\t\t<\/div>\r\n\t\t\t<div class=\"p-wrap p-grid p-grid-1\" data-pid=\"20667\">\r\n\t\t\t\t<div class=\"feat-holder overlay-text\">\r\n\t\t\t\t\t\t<div class=\"p-featured\">\r\n\t\t\t\t\t<a class=\"p-flink\" href=\"https:\/\/thelatin.news\/fr\/lancement-du-terramaster-d1-ssd-pro-un-boitier-thunderbolt-5-80-gbps-atteint-7061-mo-s-avec-un-design-tout-aluminium-sans-ventilateur-2\/\" title=\"Lancement du TerraMaster D1 SSD Pro : Un bo\u00eetier Thunderbolt 5 80 Gbps atteint 7061 Mo\/s avec un design tout aluminium sans ventilateur\">\r\n\t\t\t<img loading=\"lazy\" decoding=\"async\" width=\"420\" height=\"280\" src=\"https:\/\/thelatin.news\/wp-content\/uploads\/2026\/01\/1769019008_TerraMaster-D1-SSD-Pro-420x280.jpg\" class=\"featured-img wp-post-image\" alt=\"\" loading=\"lazy\" \/>\t\t<\/a>\r\n\t\t\t\t<\/div>\r\n\t<div class=\"p-categories p-top\"><a class=\"p-category category-id-3245\" href=\"https:\/\/thelatin.news\/fr\/category\/press-relesaes-fr\/\" rel=\"category\">Communiqu\u00e9s de presse<\/a><a class=\"p-category category-id-78\" href=\"https:\/\/thelatin.news\/category\/europe\/\" rel=\"category\">Europe<\/a><a class=\"p-category category-id-3230\" href=\"https:\/\/thelatin.news\/fr\/category\/europe-fr\/\" rel=\"category\">L'Europe<\/a><a class=\"p-category category-id-79\" href=\"https:\/\/thelatin.news\/category\/press-relesaes\/\" rel=\"category\">Press relesaes<\/a><\/div>\t\t\t<\/div>\r\n\t\t<h4 class=\"entry-title\">\t\t<a class=\"p-url\" href=\"https:\/\/thelatin.news\/fr\/lancement-du-terramaster-d1-ssd-pro-un-boitier-thunderbolt-5-80-gbps-atteint-7061-mo-s-avec-un-design-tout-aluminium-sans-ventilateur-2\/\" rel=\"bookmark\">Lancement du TerraMaster D1 SSD Pro : Un bo\u00eetier Thunderbolt 5 80 Gbps atteint 7061 Mo\/s avec un design tout aluminium sans ventilateur<\/a><\/h4>\t\t\t<div class=\"p-meta has-bookmark\">\r\n\t\t\t\t<div class=\"meta-inner is-meta\">\r\n\t\t\t\t\t\t\t<span class=\"meta-el meta-read\"><i class=\"rbi rbi-watch\" aria-hidden=\"true\"><\/i>4 Min Read<\/span>\r\n\t\t\t\t\t\t<\/div>\r\n\t\t\t\t<span class=\"rb-bookmark bookmark-trigger\" data-pid=\"20667\"><\/span>\t\t\t<\/div>\r\n\t\t\t\t<\/div>\r\n\t\t\t<div class=\"p-wrap p-grid p-grid-1\" data-pid=\"20661\">\r\n\t\t\t\t<div class=\"feat-holder overlay-text\">\r\n\t\t\t\t\t\t<div class=\"p-featured\">\r\n\t\t\t\t\t<a class=\"p-flink\" href=\"https:\/\/thelatin.news\/fr\/with-the-attendance-of-turki-alalshikh-and-as-part-of-riyadh-season-the-6th-edition-of-joy-awards-brings-together-and-honors-a-distinguished-lineup-of-global-stars-2\/\" title=\"With the attendance of Turki Alalshikh and as part of Riyadh Season\u2026 the 6th edition of JOY AWARDS brings together and honors a distinguished lineup of global stars\">\r\n\t\t\t<img loading=\"lazy\" decoding=\"async\" width=\"420\" height=\"280\" src=\"https:\/\/thelatin.news\/wp-content\/uploads\/2026\/01\/1768794007_JOY-AWARDS-420x280.jpg\" class=\"featured-img wp-post-image\" alt=\"\" loading=\"lazy\" \/>\t\t<\/a>\r\n\t\t\t\t<\/div>\r\n\t<div class=\"p-categories p-top\"><a class=\"p-category category-id-3245\" href=\"https:\/\/thelatin.news\/fr\/category\/press-relesaes-fr\/\" rel=\"category\">Communiqu\u00e9s de presse<\/a><a class=\"p-category category-id-78\" href=\"https:\/\/thelatin.news\/category\/europe\/\" rel=\"category\">Europe<\/a><a class=\"p-category category-id-3230\" href=\"https:\/\/thelatin.news\/fr\/category\/europe-fr\/\" rel=\"category\">L'Europe<\/a><a class=\"p-category category-id-79\" href=\"https:\/\/thelatin.news\/category\/press-relesaes\/\" rel=\"category\">Press relesaes<\/a><\/div>\t\t\t<\/div>\r\n\t\t<h4 class=\"entry-title\">\t\t<a class=\"p-url\" href=\"https:\/\/thelatin.news\/fr\/with-the-attendance-of-turki-alalshikh-and-as-part-of-riyadh-season-the-6th-edition-of-joy-awards-brings-together-and-honors-a-distinguished-lineup-of-global-stars-2\/\" rel=\"bookmark\">With the attendance of Turki Alalshikh and as part of Riyadh Season\u2026 the 6th edition of JOY AWARDS brings together and honors a distinguished lineup of global stars<\/a><\/h4>\t\t\t<div class=\"p-meta has-bookmark\">\r\n\t\t\t\t<div class=\"meta-inner is-meta\">\r\n\t\t\t\t\t\t\t<span class=\"meta-el meta-read\"><i class=\"rbi rbi-watch\" aria-hidden=\"true\"><\/i>4 Min Read<\/span>\r\n\t\t\t\t\t\t<\/div>\r\n\t\t\t\t<span class=\"rb-bookmark bookmark-trigger\" data-pid=\"20661\"><\/span>\t\t\t<\/div>\r\n\t\t\t\t<\/div>\r\n\t\t\t<div class=\"p-wrap p-grid p-grid-1\" data-pid=\"20528\">\r\n\t\t\t\t<div class=\"feat-holder overlay-text\">\r\n\t\t\t\t\t\t<div class=\"p-featured\">\r\n\t\t\t\t\t<a class=\"p-flink\" href=\"https:\/\/thelatin.news\/fr\/avantages-de-la-distribution-de-communiques-de-presse-en-france-et-dans-les-pays-francophones-deurope\/\" title=\"Avantages de la distribution de communiqu\u00e9s de presse en France et dans les pays francophones d\u2019Europe\">\r\n\t\t\t<img loading=\"lazy\" decoding=\"async\" width=\"420\" height=\"280\" src=\"https:\/\/thelatin.news\/wp-content\/uploads\/2025\/12\/Benefits-of-PR-Distribution-in-France-and-in-Francophonie-in-Europe-FRENCH-1024x683-420x280.png\" class=\"featured-img wp-post-image\" alt=\"\" loading=\"lazy\" \/>\t\t<\/a>\r\n\t\t\t\t<\/div>\r\n\t<div class=\"p-categories p-top\"><a class=\"p-category category-id-3245\" href=\"https:\/\/thelatin.news\/fr\/category\/press-relesaes-fr\/\" rel=\"category\">Communiqu\u00e9s de presse<\/a><a class=\"p-category category-id-78\" href=\"https:\/\/thelatin.news\/category\/europe\/\" rel=\"category\">Europe<\/a><a class=\"p-category category-id-3230\" href=\"https:\/\/thelatin.news\/fr\/category\/europe-fr\/\" rel=\"category\">L'Europe<\/a><a class=\"p-category category-id-79\" href=\"https:\/\/thelatin.news\/category\/press-relesaes\/\" rel=\"category\">Press relesaes<\/a><\/div>\t\t\t<\/div>\r\n\t\t<h4 class=\"entry-title\">\t\t<a class=\"p-url\" href=\"https:\/\/thelatin.news\/fr\/avantages-de-la-distribution-de-communiques-de-presse-en-france-et-dans-les-pays-francophones-deurope\/\" rel=\"bookmark\">Avantages de la distribution de communiqu\u00e9s de presse en France et dans les pays francophones d\u2019Europe<\/a><\/h4>\t\t\t<div class=\"p-meta has-bookmark\">\r\n\t\t\t\t<div class=\"meta-inner is-meta\">\r\n\t\t\t\t\t\t\t<span class=\"meta-el meta-read\"><i class=\"rbi rbi-watch\" aria-hidden=\"true\"><\/i>7 Min Read<\/span>\r\n\t\t\t\t\t\t<\/div>\r\n\t\t\t\t<span class=\"rb-bookmark bookmark-trigger\" data-pid=\"20528\"><\/span>\t\t\t<\/div>\r\n\t\t\t\t<\/div>\r\n\t<\/div><\/div>\t\t<\/div>\n\t\t\t\t<\/div>\n\t\t\t\t\t<\/div>\n\t\t<\/div>\n\t\t\t\t\t<\/div>\n\t\t<\/section>\n\t\t\t\t<section class=\"elementor-section elementor-top-section elementor-element elementor-element-f1ae7a2 elementor-section-boxed elementor-section-height-default elementor-section-height-default\" data-id=\"f1ae7a2\" data-element_type=\"section\">\n\t\t\t\t\t\t<div class=\"elementor-container elementor-column-gap-custom\">\n\t\t\t\t\t<div class=\"elementor-column elementor-col-100 elementor-top-column elementor-element elementor-element-674dd92\" data-id=\"674dd92\" data-element_type=\"column\">\n\t\t\t<div class=\"elementor-widget-wrap elementor-element-populated\">\n\t\t\t\t\t\t<section class=\"elementor-section elementor-inner-section elementor-element elementor-element-8532d07 elementor-section-full_width elementor-section-height-default elementor-section-height-default\" data-id=\"8532d07\" data-element_type=\"section\">\n\t\t\t\t\t\t<div class=\"elementor-container elementor-column-gap-custom\">\n\t\t\t\t\t<div class=\"elementor-column elementor-col-100 elementor-inner-column elementor-element elementor-element-3bba3ff\" data-id=\"3bba3ff\" data-element_type=\"column\" data-settings=\"{&quot;background_background&quot;:&quot;classic&quot;}\">\n\t\t\t<div class=\"elementor-widget-wrap elementor-element-populated\">\n\t\t\t\t\t\t<div class=\"elementor-element elementor-element-0a662e8 elementor-widget elementor-widget-foxiz-heading\" data-id=\"0a662e8\" data-element_type=\"widget\" data-widget_type=\"foxiz-heading.default\">\n\t\t\t\t<div class=\"elementor-widget-container\">\n\t\t\t<div id=\"uid_0a662e8\" class=\"block-h heading-layout-2\"><div class=\"heading-inner\"><h4 class=\"heading-title\"><a href=\"https:\/\/thelatin.news\/fr\/category\/news-fr\/technology-fr\/\">Technologie<\/a><\/h4><div class=\"heading-tagline h6\"><a class=\"heading-tagline-label\" href=\"https:\/\/thelatin.news\/fr\/category\/news-fr\/technology-fr\/\">Voir tout<\/a><i class=\"rbi rbi-cright heading-tagline-icon\" aria-hidden=\"true\"><\/i><\/div><\/div><\/div>\t\t<\/div>\n\t\t\t\t<\/div>\n\t\t\t\t<div class=\"elementor-element elementor-element-11c4b3f elementor-widget elementor-widget-foxiz-list-1\" data-id=\"11c4b3f\" data-element_type=\"widget\" data-widget_type=\"foxiz-list-1.default\">\n\t\t\t\t<div class=\"elementor-widget-container\">\n\t\t\t<div id=\"uid_11c4b3f\" class=\"block-wrap block-big block-list block-list-1 rb-columns rb-col-2 rb-tcol-1 rb-mcol-1 is-gap-custom col-border is-border-gray hovering-bw bottom-border is-b-border-gray no-last-bb p-vtop is-feat-right meta-s-default\"><div class=\"block-inner\">\t\t<div class=\"p-wrap p-list p-list-1\" data-pid=\"11637\">\r\n\t\t\t<div class=\"list-holder\">\r\n\t\t\t<div class=\"list-feat-holder\">\r\n\t\t\t\t\t\t\t<\/div>\r\n\t\t\t<div class=\"p-content\">\r\n\t\t\t\t<h3 class=\"entry-title\">\t\t<a class=\"p-url\" href=\"https:\/\/thelatin.news\/fr\/nathalie-maubon-fondatrice-hcs-pharma-nous-avons-une-technologie-souveraine-importante-pour-la-france\/\" rel=\"bookmark\">Nathalie Maubon Fondatrice HCS Pharma : \u00ab\u00a0Nous avons une technologie souveraine, importante pour la France\u00a0\u00bb<\/a><\/h3><p class=\"entry-summary\">Nathalie Maubon fondatrice de HCS Pharma revient sur les derni\u00e8res actualit\u00e9s de l\u2019entreprise. En 2022&hellip;<\/p>\r\n\t\t\t\t\t\t<div class=\"p-meta has-bookmark\">\r\n\t\t\t\t<div class=\"meta-inner is-meta\">\r\n\t\t\t\t\t<span class=\"meta-el meta-author\">\r\n\t\t\t\t\t<span class=\"meta-label\">By<\/span>\r\n\t\t\t\t<a href=\"https:\/\/thelatin.news\/fr\/author\/admin\/\">Newsroom<\/a>\r\n\t\t\t\t<\/span>\r\n\t\t\t\t<span class=\"meta-el meta-read\"><i class=\"rbi rbi-watch\" aria-hidden=\"true\"><\/i>1 Min Read<\/span>\r\n\t\t\t\t\t\t<\/div>\r\n\t\t\t\t<span class=\"rb-bookmark bookmark-trigger\" data-pid=\"11637\"><\/span>\t\t\t<\/div>\r\n\t\t\t\t\t<\/div>\r\n\t\t<\/div>\r\n\t\t\t\t<\/div>\r\n\t\t\t<div class=\"p-wrap p-list p-list-1\" data-pid=\"8216\">\r\n\t\t\t<div class=\"list-holder\">\r\n\t\t\t<div class=\"list-feat-holder\">\r\n\t\t\t\t\t\t\t<\/div>\r\n\t\t\t<div class=\"p-content\">\r\n\t\t\t\t<h3 class=\"entry-title\">\t\t<a class=\"p-url\" href=\"https:\/\/thelatin.news\/fr\/polemique-apres-real-barca-sur-labsence-de-la-goal-line-technology\/\" rel=\"bookmark\">pol\u00e9mique apr\u00e8s Real-Bar\u00e7a sur l\u2019absence de la goal-line technology<\/a><\/h3><p class=\"entry-summary\">Par\u00a0La r\u00e9daction Publi\u00e9 le 22\/04\/2024 \u00e0 07:23, Mis \u00e0 jour le 22\/04\/2024 \u00e0 11:26 \"&hellip;<\/p>\r\n\t\t\t\t\t\t<div class=\"p-meta has-bookmark\">\r\n\t\t\t\t<div class=\"meta-inner is-meta\">\r\n\t\t\t\t\t<span class=\"meta-el meta-author\">\r\n\t\t\t\t\t<span class=\"meta-label\">By<\/span>\r\n\t\t\t\t<a href=\"https:\/\/thelatin.news\/fr\/author\/admin\/\">Newsroom<\/a>\r\n\t\t\t\t<\/span>\r\n\t\t\t\t<span class=\"meta-el meta-read\"><i class=\"rbi rbi-watch\" aria-hidden=\"true\"><\/i>0 Min Read<\/span>\r\n\t\t\t\t\t\t<\/div>\r\n\t\t\t\t<span class=\"rb-bookmark bookmark-trigger\" data-pid=\"8216\"><\/span>\t\t\t<\/div>\r\n\t\t\t\t\t<\/div>\r\n\t\t<\/div>\r\n\t\t\t\t<\/div>\r\n\t\t\t<div class=\"p-wrap p-list p-list-1\" data-pid=\"8436\">\r\n\t\t\t<div class=\"list-holder\">\r\n\t\t\t<div class=\"list-feat-holder\">\r\n\t\t\t\t\t\t\t<\/div>\r\n\t\t\t<div class=\"p-content\">\r\n\t\t\t\t<h3 class=\"entry-title\">\t\t<a class=\"p-url\" href=\"https:\/\/thelatin.news\/fr\/eos-technologie-devoile-le-veloce-330-un-drone-kamikaze-made-in-france\/\" rel=\"bookmark\">EOS Technologie d\u00e9voile le Veloce 330, un \u00ab\u00a0drone kamikaze\u00a0\u00bb made in France<\/a><\/h3><p class=\"entry-summary\">EOS Technologie a d\u00e9voil\u00e9 le drone Veloce 330 command\u00e9 par la DGA lors d'un test&hellip;<\/p>\r\n\t\t\t\t\t\t<div class=\"p-meta has-bookmark\">\r\n\t\t\t\t<div class=\"meta-inner is-meta\">\r\n\t\t\t\t\t<span class=\"meta-el meta-author\">\r\n\t\t\t\t\t<span class=\"meta-label\">By<\/span>\r\n\t\t\t\t<a href=\"https:\/\/thelatin.news\/fr\/author\/admin\/\">Newsroom<\/a>\r\n\t\t\t\t<\/span>\r\n\t\t\t\t<span class=\"meta-el meta-read\"><i class=\"rbi rbi-watch\" aria-hidden=\"true\"><\/i>1 Min Read<\/span>\r\n\t\t\t\t\t\t<\/div>\r\n\t\t\t\t<span class=\"rb-bookmark bookmark-trigger\" data-pid=\"8436\"><\/span>\t\t\t<\/div>\r\n\t\t\t\t\t<\/div>\r\n\t\t<\/div>\r\n\t\t\t\t<\/div>\r\n\t\t\t<div class=\"p-wrap p-list p-list-1\" data-pid=\"11936\">\r\n\t\t\t<div class=\"list-holder\">\r\n\t\t\t<div class=\"list-feat-holder\">\r\n\t\t\t\t\t\t\t<\/div>\r\n\t\t\t<div class=\"p-content\">\r\n\t\t\t\t<h3 class=\"entry-title\">\t\t<a class=\"p-url\" href=\"https:\/\/thelatin.news\/fr\/medincell-en-presentation-en-italie\/\" rel=\"bookmark\">Medincell : en pr\u00e9sentation en Italie<\/a><\/h3><p class=\"entry-summary\">Medincell pr\u00e9sentera ses avanc\u00e9es R&amp;D bas\u00e9es sur ses technologies injectables \u00e0 action prolong\u00e9e lors de&hellip;<\/p>\r\n\t\t\t\t\t\t<div class=\"p-meta has-bookmark\">\r\n\t\t\t\t<div class=\"meta-inner is-meta\">\r\n\t\t\t\t\t<span class=\"meta-el meta-author\">\r\n\t\t\t\t\t<span class=\"meta-label\">By<\/span>\r\n\t\t\t\t<a href=\"https:\/\/thelatin.news\/fr\/author\/admin\/\">Newsroom<\/a>\r\n\t\t\t\t<\/span>\r\n\t\t\t\t<span class=\"meta-el meta-read\"><i class=\"rbi rbi-watch\" aria-hidden=\"true\"><\/i>1 Min Read<\/span>\r\n\t\t\t\t\t\t<\/div>\r\n\t\t\t\t<span class=\"rb-bookmark bookmark-trigger\" data-pid=\"11936\"><\/span>\t\t\t<\/div>\r\n\t\t\t\t\t<\/div>\r\n\t\t<\/div>\r\n\t\t\t\t<\/div>\r\n\t<\/div><\/div>\t\t<\/div>\n\t\t\t\t<\/div>\n\t\t\t\t\t<\/div>\n\t\t<\/div>\n\t\t\t\t\t<\/div>\n\t\t<\/section>\n\t\t\t\t\t<\/div>\n\t\t<\/div>\n\t\t\t\t\t<\/div>\n\t\t<\/section>\n\t\t\t\t<section class=\"elementor-section elementor-top-section elementor-element elementor-element-23948af elementor-section-boxed elementor-section-height-default elementor-section-height-default\" data-id=\"23948af\" data-element_type=\"section\">\n\t\t\t\t\t\t<div class=\"elementor-container elementor-column-gap-custom\">\n\t\t\t\t\t<div class=\"elementor-column elementor-col-100 elementor-top-column elementor-element elementor-element-1726b5b\" data-id=\"1726b5b\" data-element_type=\"column\">\n\t\t\t<div class=\"elementor-widget-wrap elementor-element-populated\">\n\t\t\t\t\t\t<div class=\"elementor-element elementor-element-5da7cb1 elementor-widget elementor-widget-foxiz-heading\" data-id=\"5da7cb1\" data-element_type=\"widget\" data-widget_type=\"foxiz-heading.default\">\n\t\t\t\t<div class=\"elementor-widget-container\">\n\t\t\t<div id=\"uid_5da7cb1\" class=\"block-h heading-layout-10\"><div class=\"heading-inner\"><h4 class=\"heading-title\"><a href=\"https:\/\/thelatin.news\/fr\/category\/europe-fr\/\">Nouvelles d'Europe<\/a><\/h4><div class=\"heading-tagline h6\"><a class=\"heading-tagline-label\" href=\"https:\/\/thelatin.news\/fr\/category\/europe-fr\/\">Voir tout<\/a><i class=\"rbi rbi-cright heading-tagline-icon\" aria-hidden=\"true\"><\/i><\/div><\/div><\/div>\t\t<\/div>\n\t\t\t\t<\/div>\n\t\t\t\t<div class=\"elementor-element elementor-element-068251f elementor-widget elementor-widget-foxiz-grid-1\" data-id=\"068251f\" data-element_type=\"widget\" data-widget_type=\"foxiz-grid-1.default\">\n\t\t\t\t<div class=\"elementor-widget-container\">\n\t\t\t<div id=\"uid_068251f\" class=\"block-wrap block-grid block-grid-1 rb-columns rb-col-4 rb-tcol-2 rb-mcol-1 is-gap-custom col-border is-border-gray bottom-border is-b-border-gray no-last-bb ecat-bg-4 meta-s-default\"><div class=\"block-inner\">\t\t<div class=\"p-wrap p-grid p-grid-1\" data-pid=\"13931\">\r\n\t\t\t\t<div class=\"feat-holder overlay-text\">\r\n\t\t\t\t\t\t<div class=\"p-featured\">\r\n\t\t\t\t\t<a class=\"p-flink\" href=\"https:\/\/thelatin.news\/fr\/distribution-efficace-des-communiques-de-presse-en-suisse\/\" title=\"Distribution efficace des communiqu\u00e9s de presse en Suisse\">\r\n\t\t\t<img loading=\"lazy\" decoding=\"async\" width=\"420\" height=\"280\" src=\"https:\/\/thelatin.news\/wp-content\/uploads\/2024\/07\/Blank-img-420x280.png\" class=\"featured-img wp-post-image\" alt=\"\" loading=\"lazy\" \/>\t\t<\/a>\r\n\t\t\t\t<\/div>\r\n\t<div class=\"p-categories p-top\"><a class=\"p-category category-id-3245\" href=\"https:\/\/thelatin.news\/fr\/category\/press-relesaes-fr\/\" rel=\"category\">Communiqu\u00e9s de presse<\/a><a class=\"p-category category-id-78\" href=\"https:\/\/thelatin.news\/category\/europe\/\" rel=\"category\">Europe<\/a><a class=\"p-category category-id-3230\" href=\"https:\/\/thelatin.news\/fr\/category\/europe-fr\/\" rel=\"category\">L'Europe<\/a><a class=\"p-category category-id-79\" href=\"https:\/\/thelatin.news\/category\/press-relesaes\/\" rel=\"category\">Press relesaes<\/a><\/div>\t\t\t<\/div>\r\n\t\t<h4 class=\"entry-title\">\t\t<a class=\"p-url\" href=\"https:\/\/thelatin.news\/fr\/distribution-efficace-des-communiques-de-presse-en-suisse\/\" rel=\"bookmark\">Distribution efficace des communiqu\u00e9s de presse en Suisse<\/a><\/h4><p class=\"entry-summary\">Berne, Suisse \u2013 (EuropeNewswire.Net) \u2014 La Suisse, avec son paysage m\u00e9diatique multilingue et diversifi\u00e9, pr\u00e9sente des d\u00e9fis et des opportunit\u00e9s&hellip;<\/p>\r\n\t\t\t\t\t\t<div class=\"p-meta has-bookmark\">\r\n\t\t\t\t<div class=\"meta-inner is-meta\">\r\n\t\t\t\t\t\t\t<span class=\"meta-el meta-read\"><i class=\"rbi rbi-watch\" aria-hidden=\"true\"><\/i>8 Min Read<\/span>\r\n\t\t\t\t\t\t<\/div>\r\n\t\t\t\t<span class=\"rb-bookmark bookmark-trigger\" data-pid=\"13931\"><\/span>\t\t\t<\/div>\r\n\t\t\t\t<\/div>\r\n\t\t\t<div class=\"p-wrap p-grid p-grid-1\" data-pid=\"12386\">\r\n\t\t\t\t<div class=\"feat-holder overlay-text\">\r\n\t\t\t\t\t\t<div class=\"p-featured\">\r\n\t\t\t\t\t<a class=\"p-flink\" href=\"https:\/\/thelatin.news\/fr\/letat-actuel-et-futur-des-redactions-dans-lunion-europeenne\/\" title=\"L\u2019\u00e9tat actuel et futur des r\u00e9dactions dans l\u2019Union europ\u00e9enne\">\r\n\t\t\t<img loading=\"lazy\" decoding=\"async\" width=\"420\" height=\"280\" src=\"https:\/\/thelatin.news\/wp-content\/uploads\/2024\/07\/Blank-img-420x280.png\" class=\"featured-img wp-post-image\" alt=\"\" loading=\"lazy\" \/>\t\t<\/a>\r\n\t\t\t\t<\/div>\r\n\t<div class=\"p-categories p-top\"><a class=\"p-category category-id-3245\" href=\"https:\/\/thelatin.news\/fr\/category\/press-relesaes-fr\/\" rel=\"category\">Communiqu\u00e9s de presse<\/a><a class=\"p-category category-id-78\" href=\"https:\/\/thelatin.news\/category\/europe\/\" rel=\"category\">Europe<\/a><a class=\"p-category category-id-3230\" href=\"https:\/\/thelatin.news\/fr\/category\/europe-fr\/\" rel=\"category\">L'Europe<\/a><a class=\"p-category category-id-79\" href=\"https:\/\/thelatin.news\/category\/press-relesaes\/\" rel=\"category\">Press relesaes<\/a><\/div>\t\t\t<\/div>\r\n\t\t<h4 class=\"entry-title\">\t\t<a class=\"p-url\" href=\"https:\/\/thelatin.news\/fr\/letat-actuel-et-futur-des-redactions-dans-lunion-europeenne\/\" rel=\"bookmark\">L\u2019\u00e9tat actuel et futur des r\u00e9dactions dans l\u2019Union europ\u00e9enne<\/a><\/h4><p class=\"entry-summary\">Paris, France \u2013 (EuropeNewswire.Net) \u2014 L\u2019Union europ\u00e9enne (UE) est depuis longtemps une tapisserie complexe de cultures, de langues et syst\u00e8mes&hellip;<\/p>\r\n\t\t\t\t\t\t<div class=\"p-meta has-bookmark\">\r\n\t\t\t\t<div class=\"meta-inner is-meta\">\r\n\t\t\t\t\t\t\t<span class=\"meta-el meta-read\"><i class=\"rbi rbi-watch\" aria-hidden=\"true\"><\/i>6 Min Read<\/span>\r\n\t\t\t\t\t\t<\/div>\r\n\t\t\t\t<span class=\"rb-bookmark bookmark-trigger\" data-pid=\"12386\"><\/span>\t\t\t<\/div>\r\n\t\t\t\t<\/div>\r\n\t\t\t<div class=\"p-wrap p-grid p-grid-1\" data-pid=\"14725\">\r\n\t\t\t\t<div class=\"feat-holder overlay-text\">\r\n\t\t\t\t\t\t<div class=\"p-featured\">\r\n\t\t\t\t\t<a class=\"p-flink\" href=\"https:\/\/thelatin.news\/fr\/la-cpi-tient-a-la-haye-le-neuvieme-seminaire-sur-la-cooperation-avec-des-points-de-contact-nationaux\/\" title=\"La CPI tient \u00e0 La Haye le neuvi\u00e8me s\u00e9minaire sur la coop\u00e9ration avec des points de contact nationaux\">\r\n\t\t\t<img loading=\"lazy\" decoding=\"async\" width=\"420\" height=\"280\" src=\"https:\/\/thelatin.news\/wp-content\/uploads\/2024\/09\/ICC-President-Judge-Tomoko-Akane-ICC-Prosecutor-Karim-A.A.-Khan-KC-and-ICC-Registrar-Osvaldo-Zavala-420x280.png\" class=\"featured-img wp-post-image\" alt=\"\" loading=\"lazy\" \/>\t\t<\/a>\r\n\t\t\t\t<\/div>\r\n\t<div class=\"p-categories p-top\"><a class=\"p-category category-id-3245\" href=\"https:\/\/thelatin.news\/fr\/category\/press-relesaes-fr\/\" rel=\"category\">Communiqu\u00e9s de presse<\/a><a class=\"p-category category-id-78\" href=\"https:\/\/thelatin.news\/category\/europe\/\" rel=\"category\">Europe<\/a><a class=\"p-category category-id-3230\" href=\"https:\/\/thelatin.news\/fr\/category\/europe-fr\/\" rel=\"category\">L'Europe<\/a><a class=\"p-category category-id-79\" href=\"https:\/\/thelatin.news\/category\/press-relesaes\/\" rel=\"category\">Press relesaes<\/a><\/div>\t\t\t<\/div>\r\n\t\t<h4 class=\"entry-title\">\t\t<a class=\"p-url\" href=\"https:\/\/thelatin.news\/fr\/la-cpi-tient-a-la-haye-le-neuvieme-seminaire-sur-la-cooperation-avec-des-points-de-contact-nationaux\/\" rel=\"bookmark\">La CPI tient \u00e0 La Haye le neuvi\u00e8me s\u00e9minaire sur la coop\u00e9ration avec des points de contact nationaux<\/a><\/h4><p class=\"entry-summary\">ICC President Judge Tomoko Akane, ICC Prosecutor Karim A.A. Khan KC and ICC Registrar Osvaldo Zavala Giler with participants of&hellip;<\/p>\r\n\t\t\t\t\t\t<div class=\"p-meta has-bookmark\">\r\n\t\t\t\t<div class=\"meta-inner is-meta\">\r\n\t\t\t\t\t\t\t<span class=\"meta-el meta-read\"><i class=\"rbi rbi-watch\" aria-hidden=\"true\"><\/i>5 Min Read<\/span>\r\n\t\t\t\t\t\t<\/div>\r\n\t\t\t\t<span class=\"rb-bookmark bookmark-trigger\" data-pid=\"14725\"><\/span>\t\t\t<\/div>\r\n\t\t\t\t<\/div>\r\n\t\t\t<div class=\"p-wrap p-grid p-grid-1\" data-pid=\"21613\">\r\n\t\t\t\t<div class=\"feat-holder overlay-text\">\r\n\t\t\t\t\t\t<div class=\"p-featured\">\r\n\t\t\t\t\t<a class=\"p-flink\" href=\"https:\/\/thelatin.news\/fr\/boitier-robuste-terramaster-d1-ssd-etancheite-ip67-resistance-a-lecrasement-de-12-tonne-reinvente-le-stockage-mobile\/\" title=\"Bo\u00eetier Robuste TerraMaster D1 SSD : \u00c9tanch\u00e9it\u00e9 IP67 &#038; R\u00e9sistance \u00e0 l\u2019\u00c9crasement de 1,2 Tonne, R\u00e9invente le Stockage Mobile\">\r\n\t\t\t<img loading=\"lazy\" decoding=\"async\" width=\"420\" height=\"280\" src=\"https:\/\/thelatin.news\/wp-content\/uploads\/2026\/04\/Boitier-Robuste-TerraMaster-D1-SSD-420x280.jpg\" class=\"featured-img wp-post-image\" alt=\"\" loading=\"lazy\" \/>\t\t<\/a>\r\n\t\t\t\t<\/div>\r\n\t<div class=\"p-categories p-top\"><a class=\"p-category category-id-3245\" href=\"https:\/\/thelatin.news\/fr\/category\/press-relesaes-fr\/\" rel=\"category\">Communiqu\u00e9s de presse<\/a><a class=\"p-category category-id-78\" href=\"https:\/\/thelatin.news\/category\/europe\/\" rel=\"category\">Europe<\/a><a class=\"p-category category-id-3230\" href=\"https:\/\/thelatin.news\/fr\/category\/europe-fr\/\" rel=\"category\">L'Europe<\/a><a class=\"p-category category-id-79\" href=\"https:\/\/thelatin.news\/category\/press-relesaes\/\" rel=\"category\">Press relesaes<\/a><\/div>\t\t\t<\/div>\r\n\t\t<h4 class=\"entry-title\">\t\t<a class=\"p-url\" href=\"https:\/\/thelatin.news\/fr\/boitier-robuste-terramaster-d1-ssd-etancheite-ip67-resistance-a-lecrasement-de-12-tonne-reinvente-le-stockage-mobile\/\" rel=\"bookmark\">Bo\u00eetier Robuste TerraMaster D1 SSD : \u00c9tanch\u00e9it\u00e9 IP67 &#038; R\u00e9sistance \u00e0 l\u2019\u00c9crasement de 1,2 Tonne, R\u00e9invente le Stockage Mobile<\/a><\/h4><p class=\"entry-summary\">TerraMaster D1 SSD (EuropeNewswire.net) \u2014 La marque de stockage professionnelle TerraMaster pr\u00e9sente officiellement aujourd\u2019hui son tout nouveau bo\u00eetier SSD portable&hellip;<\/p>\r\n\t\t\t\t\t\t<div class=\"p-meta has-bookmark\">\r\n\t\t\t\t<div class=\"meta-inner is-meta\">\r\n\t\t\t\t\t\t\t<span class=\"meta-el meta-read\"><i class=\"rbi rbi-watch\" aria-hidden=\"true\"><\/i>4 Min Read<\/span>\r\n\t\t\t\t\t\t<\/div>\r\n\t\t\t\t<span class=\"rb-bookmark bookmark-trigger\" data-pid=\"21613\"><\/span>\t\t\t<\/div>\r\n\t\t\t\t<\/div>\r\n\t\t\t<div class=\"p-wrap p-grid p-grid-1\" data-pid=\"20457\">\r\n\t\t\t\t<div class=\"feat-holder overlay-text\">\r\n\t\t\t\t\t\t<div class=\"p-featured\">\r\n\t\t\t\t\t<a class=\"p-flink\" href=\"https:\/\/thelatin.news\/fr\/terramaster-tos-system-15eme-anniversaire-la-beta-de-tos-7-est-desormais-ouverte-mondialement\/\" title=\"TerraMaster TOS System 15\u00e8me Anniversaire : La B\u00eata de TOS 7 est d\u00e9sormais Ouverte Mondialement\">\r\n\t\t\t<img loading=\"lazy\" decoding=\"async\" width=\"420\" height=\"280\" src=\"https:\/\/thelatin.news\/wp-content\/uploads\/2025\/12\/1765873207_TerraMaster-TOS-7-15th-Anniversary-420x280.jpg\" class=\"featured-img wp-post-image\" alt=\"\" loading=\"lazy\" \/>\t\t<\/a>\r\n\t\t\t\t<\/div>\r\n\t<div class=\"p-categories p-top\"><a class=\"p-category category-id-3245\" href=\"https:\/\/thelatin.news\/fr\/category\/press-relesaes-fr\/\" rel=\"category\">Communiqu\u00e9s de presse<\/a><a class=\"p-category category-id-78\" href=\"https:\/\/thelatin.news\/category\/europe\/\" rel=\"category\">Europe<\/a><a class=\"p-category category-id-3230\" href=\"https:\/\/thelatin.news\/fr\/category\/europe-fr\/\" rel=\"category\">L'Europe<\/a><a class=\"p-category category-id-79\" href=\"https:\/\/thelatin.news\/category\/press-relesaes\/\" rel=\"category\">Press relesaes<\/a><\/div>\t\t\t<\/div>\r\n\t\t<h4 class=\"entry-title\">\t\t<a class=\"p-url\" href=\"https:\/\/thelatin.news\/fr\/terramaster-tos-system-15eme-anniversaire-la-beta-de-tos-7-est-desormais-ouverte-mondialement\/\" rel=\"bookmark\">TerraMaster TOS System 15\u00e8me Anniversaire : La B\u00eata de TOS 7 est d\u00e9sormais Ouverte Mondialement<\/a><\/h4><p class=\"entry-summary\">TerraMaster TOS 7 (EuropeNewswire.net) \u2014 TerraMaster, une marque de stockage professionnelle d\u00e9di\u00e9e \u00e0 fournir des solutions innovantes pour les utilisateurs&hellip;<\/p>\r\n\t\t\t\t\t\t<div class=\"p-meta has-bookmark\">\r\n\t\t\t\t<div class=\"meta-inner is-meta\">\r\n\t\t\t\t\t\t\t<span class=\"meta-el meta-read\"><i class=\"rbi rbi-watch\" aria-hidden=\"true\"><\/i>4 Min Read<\/span>\r\n\t\t\t\t\t\t<\/div>\r\n\t\t\t\t<span class=\"rb-bookmark bookmark-trigger\" data-pid=\"20457\"><\/span>\t\t\t<\/div>\r\n\t\t\t\t<\/div>\r\n\t\t\t<div class=\"p-wrap p-grid p-grid-1\" data-pid=\"13587\">\r\n\t\t\t\t<div class=\"feat-holder overlay-text\">\r\n\t\t\t\t\t\t<div class=\"p-featured\">\r\n\t\t\t\t\t<a class=\"p-flink\" href=\"https:\/\/thelatin.news\/fr\/comment-paris-se-compare-aux-autres-villes-deurope\/\" title=\"Comment Paris se compare aux autres villes d\u2019Europe\">\r\n\t\t\t<img loading=\"lazy\" decoding=\"async\" width=\"420\" height=\"280\" src=\"https:\/\/thelatin.news\/wp-content\/uploads\/2024\/07\/Blank-img-420x280.png\" class=\"featured-img wp-post-image\" alt=\"\" loading=\"lazy\" \/>\t\t<\/a>\r\n\t\t\t\t<\/div>\r\n\t<div class=\"p-categories p-top\"><a class=\"p-category category-id-3245\" href=\"https:\/\/thelatin.news\/fr\/category\/press-relesaes-fr\/\" rel=\"category\">Communiqu\u00e9s de presse<\/a><a class=\"p-category category-id-78\" href=\"https:\/\/thelatin.news\/category\/europe\/\" rel=\"category\">Europe<\/a><a class=\"p-category category-id-3230\" href=\"https:\/\/thelatin.news\/fr\/category\/europe-fr\/\" rel=\"category\">L'Europe<\/a><a class=\"p-category category-id-79\" href=\"https:\/\/thelatin.news\/category\/press-relesaes\/\" rel=\"category\">Press relesaes<\/a><\/div>\t\t\t<\/div>\r\n\t\t<h4 class=\"entry-title\">\t\t<a class=\"p-url\" href=\"https:\/\/thelatin.news\/fr\/comment-paris-se-compare-aux-autres-villes-deurope\/\" rel=\"bookmark\">Comment Paris se compare aux autres villes d\u2019Europe<\/a><\/h4><p class=\"entry-summary\">Paris, France \u2014 (EuropeNewswire.Net) \u2014 Paris, souvent appel\u00e9e \u00ab La Ville Lumi\u00e8re \u00bb, est l\u2019une des villes les plus embl\u00e9matiques&hellip;<\/p>\r\n\t\t\t\t\t\t<div class=\"p-meta has-bookmark\">\r\n\t\t\t\t<div class=\"meta-inner is-meta\">\r\n\t\t\t\t\t\t\t<span class=\"meta-el meta-read\"><i class=\"rbi rbi-watch\" aria-hidden=\"true\"><\/i>8 Min Read<\/span>\r\n\t\t\t\t\t\t<\/div>\r\n\t\t\t\t<span class=\"rb-bookmark bookmark-trigger\" data-pid=\"13587\"><\/span>\t\t\t<\/div>\r\n\t\t\t\t<\/div>\r\n\t\t\t<div class=\"p-wrap p-grid p-grid-1\" data-pid=\"20259\">\r\n\t\t\t\t<div class=\"feat-holder overlay-text\">\r\n\t\t\t\t\t\t<div class=\"p-featured\">\r\n\t\t\t\t\t<a class=\"p-flink\" href=\"https:\/\/thelatin.news\/fr\/offerta-terramaster-prime-day-di-ottobre-2025-fino-al-30-di-sconto-sulle-soluzioni-di-archiviazione-all-flash-e-altro\/\" title=\"Offerta TerraMaster Prime Day di ottobre 2025: Fino al 30% di sconto sulle soluzioni di archiviazione All-Flash e altro!\">\r\n\t\t\t<img loading=\"lazy\" decoding=\"async\" width=\"420\" height=\"280\" src=\"https:\/\/thelatin.news\/wp-content\/uploads\/2025\/10\/1759731009_TerraMaster-October-Prime-Day-420x280.jpg\" class=\"featured-img wp-post-image\" alt=\"\" loading=\"lazy\" \/>\t\t<\/a>\r\n\t\t\t\t<\/div>\r\n\t<div class=\"p-categories p-top\"><a class=\"p-category category-id-3245\" href=\"https:\/\/thelatin.news\/fr\/category\/press-relesaes-fr\/\" rel=\"category\">Communiqu\u00e9s de presse<\/a><a class=\"p-category category-id-78\" href=\"https:\/\/thelatin.news\/category\/europe\/\" rel=\"category\">Europe<\/a><a class=\"p-category category-id-3230\" href=\"https:\/\/thelatin.news\/fr\/category\/europe-fr\/\" rel=\"category\">L'Europe<\/a><a class=\"p-category category-id-79\" href=\"https:\/\/thelatin.news\/category\/press-relesaes\/\" rel=\"category\">Press relesaes<\/a><\/div>\t\t\t<\/div>\r\n\t\t<h4 class=\"entry-title\">\t\t<a class=\"p-url\" href=\"https:\/\/thelatin.news\/fr\/offerta-terramaster-prime-day-di-ottobre-2025-fino-al-30-di-sconto-sulle-soluzioni-di-archiviazione-all-flash-e-altro\/\" rel=\"bookmark\">Offerta TerraMaster Prime Day di ottobre 2025: Fino al 30% di sconto sulle soluzioni di archiviazione All-Flash e altro!<\/a><\/h4><p class=\"entry-summary\">TerraMaster (EuropeNewswire.net) \u2014 TerraMaster, un leader globale nelle soluzioni di archiviazione innovative, ha annunciato offerte esclusive per il Prime Day&hellip;<\/p>\r\n\t\t\t\t\t\t<div class=\"p-meta has-bookmark\">\r\n\t\t\t\t<div class=\"meta-inner is-meta\">\r\n\t\t\t\t\t\t\t<span class=\"meta-el meta-read\"><i class=\"rbi rbi-watch\" aria-hidden=\"true\"><\/i>3 Min Read<\/span>\r\n\t\t\t\t\t\t<\/div>\r\n\t\t\t\t<span class=\"rb-bookmark bookmark-trigger\" data-pid=\"20259\"><\/span>\t\t\t<\/div>\r\n\t\t\t\t<\/div>\r\n\t\t\t<div class=\"p-wrap p-grid p-grid-1\" data-pid=\"20377\">\r\n\t\t\t\t<div class=\"feat-holder overlay-text\">\r\n\t\t\t\t\t\t<div class=\"p-featured\">\r\n\t\t\t\t\t<a class=\"p-flink\" href=\"https:\/\/thelatin.news\/fr\/european-center-for-peace-and-conflict-resolution-urges-coexistence-and-rejects-political-islam-during-demonstration-at-the-united-nations-in-geneva\/\" title=\"European Center for Peace and Conflict Resolution Urges Coexistence and Rejects Political Islam During Demonstration at the United Nations in Geneva\">\r\n\t\t\t<img loading=\"lazy\" decoding=\"async\" width=\"420\" height=\"280\" src=\"https:\/\/thelatin.news\/wp-content\/uploads\/2025\/11\/Geneva-Event-420x280.jpg\" class=\"featured-img wp-post-image\" alt=\"\" loading=\"lazy\" \/>\t\t<\/a>\r\n\t\t\t\t<\/div>\r\n\t<div class=\"p-categories p-top\"><a class=\"p-category category-id-3245\" href=\"https:\/\/thelatin.news\/fr\/category\/press-relesaes-fr\/\" rel=\"category\">Communiqu\u00e9s de presse<\/a><a class=\"p-category category-id-78\" href=\"https:\/\/thelatin.news\/category\/europe\/\" rel=\"category\">Europe<\/a><a class=\"p-category category-id-3230\" href=\"https:\/\/thelatin.news\/fr\/category\/europe-fr\/\" rel=\"category\">L'Europe<\/a><a class=\"p-category category-id-79\" href=\"https:\/\/thelatin.news\/category\/press-relesaes\/\" rel=\"category\">Press relesaes<\/a><\/div>\t\t\t<\/div>\r\n\t\t<h4 class=\"entry-title\">\t\t<a class=\"p-url\" href=\"https:\/\/thelatin.news\/fr\/european-center-for-peace-and-conflict-resolution-urges-coexistence-and-rejects-political-islam-during-demonstration-at-the-united-nations-in-geneva\/\" rel=\"bookmark\">European Center for Peace and Conflict Resolution Urges Coexistence and Rejects Political Islam During Demonstration at the United Nations in Geneva<\/a><\/h4><p class=\"entry-summary\">Geneva Event Geneva, Switzerland \u2014 (EuropeNewswire.net) \u2014\u00a0The European Center for Peace and Conflict Resolution (ECPCR) issued a comprehensive official statement&hellip;<\/p>\r\n\t\t\t\t\t\t<div class=\"p-meta has-bookmark\">\r\n\t\t\t\t<div class=\"meta-inner is-meta\">\r\n\t\t\t\t\t\t\t<span class=\"meta-el meta-read\"><i class=\"rbi rbi-watch\" aria-hidden=\"true\"><\/i>6 Min Read<\/span>\r\n\t\t\t\t\t\t<\/div>\r\n\t\t\t\t<span class=\"rb-bookmark bookmark-trigger\" data-pid=\"20377\"><\/span>\t\t\t<\/div>\r\n\t\t\t\t<\/div>\r\n\t<\/div><\/div>\t\t<\/div>\n\t\t\t\t<\/div>\n\t\t\t\t\t<\/div>\n\t\t<\/div>\n\t\t\t\t\t<\/div>\n\t\t<\/section>\n\t\t\t\t<section class=\"elementor-section elementor-top-section elementor-element elementor-element-676b101 elementor-section-boxed elementor-section-height-default elementor-section-height-default\" data-id=\"676b101\" data-element_type=\"section\">\n\t\t\t\t\t\t<div class=\"elementor-container elementor-column-gap-custom\">\n\t\t\t\t\t<div class=\"elementor-column elementor-col-100 elementor-top-column elementor-element elementor-element-1aaf73e\" data-id=\"1aaf73e\" data-element_type=\"column\">\n\t\t\t<div class=\"elementor-widget-wrap elementor-element-populated\">\n\t\t\t\t\t\t<div class=\"elementor-element elementor-element-dd329cb elementor-widget elementor-widget-foxiz-heading\" data-id=\"dd329cb\" data-element_type=\"widget\" data-widget_type=\"foxiz-heading.default\">\n\t\t\t\t<div class=\"elementor-widget-container\">\n\t\t\t<div id=\"uid_dd329cb\" class=\"block-h heading-layout-5\"><div class=\"heading-inner\"><h3 class=\"heading-title\"><a href=\"https:\/\/thelatin.news\/fr\/category\/news-fr\/andora-fr\/\">Andora\n    <\/a><\/h3><div class=\"heading-tagline h6\"><a class=\"heading-tagline-label\" href=\"https:\/\/thelatin.news\/fr\/category\/news-fr\/andora-fr\/\">Voir tout<\/a><i class=\"rbi rbi-cright heading-tagline-icon\" aria-hidden=\"true\"><\/i><\/div><\/div><\/div>\t\t<\/div>\n\t\t\t\t<\/div>\n\t\t\t\t<div class=\"elementor-element elementor-element-9ef60e7 elementor-widget elementor-widget-foxiz-list-small-1\" data-id=\"9ef60e7\" data-element_type=\"widget\" data-widget_type=\"foxiz-list-small-1.default\">\n\t\t\t\t<div class=\"elementor-widget-container\">\n\t\t\t<div id=\"uid_9ef60e7\" class=\"block-wrap block-small block-list block-list-small-1 short-pagination rb-columns rb-col-5 rb-tcol-4 rb-mcol-1 is-gap-custom col-border is-border-gray bottom-border is-b-border-gray no-last-bb ecat-bg-4 meta-s-default\"><div class=\"block-inner\">\t\t<div class=\"p-wrap p-small p-list-small-1\" data-pid=\"15401\">\r\n\t\t\t<div class=\"p-content\">\r\n\t\t\t<div class=\"p-categories p-top\"><a class=\"p-category category-id-3242\" href=\"https:\/\/thelatin.news\/fr\/category\/news-fr\/sports-fr\/\" rel=\"category\">Des sports<\/a><a class=\"p-category category-id-3235\" href=\"https:\/\/thelatin.news\/fr\/category\/news-fr\/france-fr\/\" rel=\"category\">France<\/a><a class=\"p-category category-id-81\" href=\"https:\/\/thelatin.news\/category\/news\/france\/\" rel=\"category\">France<\/a><a class=\"p-category category-id-3\" href=\"https:\/\/thelatin.news\/category\/news\/sports\/\" rel=\"category\">Sports<\/a><\/div><h3 class=\"entry-title\">\t\t<a class=\"p-url\" href=\"https:\/\/thelatin.news\/fr\/en-manque-criant-defficacite-lol-piege-par-besiktas-a-domicile\/\" rel=\"bookmark\">en manque criant d&rsquo;efficacit\u00e9, l&rsquo;OL pi\u00e9g\u00e9 par Besiktas \u00e0 domicile<\/a><\/h3><p class=\"entry-summary\">Les Lyonnais ont largement domin\u00e9 la rencontre face aux Turcs mais n'ont pas r\u00e9ussi \u00e0&hellip;<\/p>\r\n\t\t\t\t\t\t<div class=\"p-meta has-bookmark\">\r\n\t\t\t\t<div class=\"meta-inner is-meta\">\r\n\t\t\t\t\t\t\t<span class=\"meta-el meta-read\"><i class=\"rbi rbi-watch\" aria-hidden=\"true\"><\/i>0 Min Read<\/span>\r\n\t\t\t\t\t\t<\/div>\r\n\t\t\t\t<span class=\"rb-bookmark bookmark-trigger\" data-pid=\"15401\"><\/span>\t\t\t<\/div>\r\n\t\t\t\t<\/div>\r\n\t\t\t\t<\/div>\r\n\t\t\t<div class=\"p-wrap p-small p-list-small-1\" data-pid=\"15400\">\r\n\t\t\t<div class=\"p-content\">\r\n\t\t\t<div class=\"p-categories p-top\"><a class=\"p-category category-id-3235\" href=\"https:\/\/thelatin.news\/fr\/category\/news-fr\/france-fr\/\" rel=\"category\">France<\/a><a class=\"p-category category-id-81\" href=\"https:\/\/thelatin.news\/category\/news\/france\/\" rel=\"category\">France<\/a><a class=\"p-category category-id-3215\" href=\"https:\/\/thelatin.news\/category\/news\/travel\/\" rel=\"category\">Travel<\/a><a class=\"p-category category-id-3244\" href=\"https:\/\/thelatin.news\/fr\/category\/news-fr\/travel-fr\/\" rel=\"category\">Voyage<\/a><\/div><h3 class=\"entry-title\">\t\t<a class=\"p-url\" href=\"https:\/\/thelatin.news\/fr\/bilan-de-la-premiere-edition-du-programme-france-tourisme-tech-et-lancement-de-la-deuxieme-edition\/\" rel=\"bookmark\">Bilan de la premi\u00e8re \u00e9dition du programme France Tourisme Tech et lancement de la deuxi\u00e8me \u00e9dition<\/a><\/h3><p class=\"entry-summary\">Ce programme soutient des start-ups fran\u00e7aises prometteuses dans le domaine de la travel tech (ou&hellip;<\/p>\r\n\t\t\t\t\t\t<div class=\"p-meta has-bookmark\">\r\n\t\t\t\t<div class=\"meta-inner is-meta\">\r\n\t\t\t\t\t\t\t<span class=\"meta-el meta-read\"><i class=\"rbi rbi-watch\" aria-hidden=\"true\"><\/i>1 Min Read<\/span>\r\n\t\t\t\t\t\t<\/div>\r\n\t\t\t\t<span class=\"rb-bookmark bookmark-trigger\" data-pid=\"15400\"><\/span>\t\t\t<\/div>\r\n\t\t\t\t<\/div>\r\n\t\t\t\t<\/div>\r\n\t\t\t<div class=\"p-wrap p-small p-list-small-1\" data-pid=\"15399\">\r\n\t\t\t<div class=\"p-content\">\r\n\t\t\t<div class=\"p-categories p-top\"><a class=\"p-category category-id-81\" href=\"https:\/\/thelatin.news\/category\/news\/france\/\" rel=\"category\">France<\/a><a class=\"p-category category-id-3235\" href=\"https:\/\/thelatin.news\/fr\/category\/news-fr\/france-fr\/\" rel=\"category\">France<\/a><a class=\"p-category category-id-3243\" href=\"https:\/\/thelatin.news\/fr\/category\/news-fr\/technology-fr\/\" rel=\"category\">Technologie<\/a><a class=\"p-category category-id-7\" href=\"https:\/\/thelatin.news\/category\/news\/technology\/\" rel=\"category\">Technology<\/a><\/div><h3 class=\"entry-title\">\t\t<a class=\"p-url\" href=\"https:\/\/thelatin.news\/fr\/bilan-et-succes-pour-la-premiere-promotion-tom-travel\/\" rel=\"bookmark\">bilan et succ\u00e8s pour la premi\u00e8re promotion \u2013 TOM.travel<\/a><\/h3><p class=\"entry-summary\">Les laur\u00e9ats de la seconde promotion de France Tourisme Tech Alors que la seconde \u00e9dition&hellip;<\/p>\r\n\t\t\t\t\t\t<div class=\"p-meta has-bookmark\">\r\n\t\t\t\t<div class=\"meta-inner is-meta\">\r\n\t\t\t\t\t\t\t<span class=\"meta-el meta-read\"><i class=\"rbi rbi-watch\" aria-hidden=\"true\"><\/i>1 Min Read<\/span>\r\n\t\t\t\t\t\t<\/div>\r\n\t\t\t\t<span class=\"rb-bookmark bookmark-trigger\" data-pid=\"15399\"><\/span>\t\t\t<\/div>\r\n\t\t\t\t<\/div>\r\n\t\t\t\t<\/div>\r\n\t\t\t<div class=\"p-wrap p-small p-list-small-1\" data-pid=\"14094\">\r\n\t\t\t<div class=\"p-content\">\r\n\t\t\t<div class=\"p-categories p-top\"><a class=\"p-category category-id-3242\" href=\"https:\/\/thelatin.news\/fr\/category\/news-fr\/sports-fr\/\" rel=\"category\">Des sports<\/a><a class=\"p-category category-id-81\" href=\"https:\/\/thelatin.news\/category\/news\/france\/\" rel=\"category\">France<\/a><a class=\"p-category category-id-3235\" href=\"https:\/\/thelatin.news\/fr\/category\/news-fr\/france-fr\/\" rel=\"category\">France<\/a><a class=\"p-category category-id-3\" href=\"https:\/\/thelatin.news\/category\/news\/sports\/\" rel=\"category\">Sports<\/a><\/div><h3 class=\"entry-title\">\t\t<a class=\"p-url\" href=\"https:\/\/thelatin.news\/fr\/lattaquant-deverton-neal-maupay-va-signer-a-lolympique-de-marseille\/\" rel=\"bookmark\">l&rsquo;attaquant d&rsquo;Everton Neal Maupay va signer \u00e0 l&rsquo;Olympique de Marseille<\/a><\/h3><p class=\"entry-summary\">Le Fran\u00e7ais doit signer son contrat vendredi pour un pr\u00eat d'un an \u00e0 l'OM. Publi\u00e9&hellip;<\/p>\r\n\t\t\t\t\t\t<div class=\"p-meta has-bookmark\">\r\n\t\t\t\t<div class=\"meta-inner is-meta\">\r\n\t\t\t\t\t\t\t<span class=\"meta-el meta-read\"><i class=\"rbi rbi-watch\" aria-hidden=\"true\"><\/i>0 Min Read<\/span>\r\n\t\t\t\t\t\t<\/div>\r\n\t\t\t\t<span class=\"rb-bookmark bookmark-trigger\" data-pid=\"14094\"><\/span>\t\t\t<\/div>\r\n\t\t\t\t<\/div>\r\n\t\t\t\t<\/div>\r\n\t\t\t<div class=\"p-wrap p-small p-list-small-1\" data-pid=\"14093\">\r\n\t\t\t<div class=\"p-content\">\r\n\t\t\t<div class=\"p-categories p-top\"><a class=\"p-category category-id-81\" href=\"https:\/\/thelatin.news\/category\/news\/france\/\" rel=\"category\">France<\/a><a class=\"p-category category-id-3235\" href=\"https:\/\/thelatin.news\/fr\/category\/news-fr\/france-fr\/\" rel=\"category\">France<\/a><a class=\"p-category category-id-3215\" href=\"https:\/\/thelatin.news\/category\/news\/travel\/\" rel=\"category\">Travel<\/a><a class=\"p-category category-id-3244\" href=\"https:\/\/thelatin.news\/fr\/category\/news-fr\/travel-fr\/\" rel=\"category\">Voyage<\/a><\/div><h3 class=\"entry-title\">\t\t<a class=\"p-url\" href=\"https:\/\/thelatin.news\/fr\/son-voyage-en-france-se-precise-et-cest-pour-tres-bientot\/\" rel=\"bookmark\">son voyage en France se pr\u00e9cise\u2026 et c\u2019est pour tr\u00e8s bient\u00f4t<\/a><\/h3><p class=\"entry-summary\">Letizia d\u2019Espagne a fait sensation sur les tribunes des Jeux Olympiques de Paris 2024. La&hellip;<\/p>\r\n\t\t\t\t\t\t<div class=\"p-meta has-bookmark\">\r\n\t\t\t\t<div class=\"meta-inner is-meta\">\r\n\t\t\t\t\t\t\t<span class=\"meta-el meta-read\"><i class=\"rbi rbi-watch\" aria-hidden=\"true\"><\/i>1 Min Read<\/span>\r\n\t\t\t\t\t\t<\/div>\r\n\t\t\t\t<span class=\"rb-bookmark bookmark-trigger\" data-pid=\"14093\"><\/span>\t\t\t<\/div>\r\n\t\t\t\t<\/div>\r\n\t\t\t\t<\/div>\r\n\t\t\t<div class=\"p-wrap p-small p-list-small-1\" data-pid=\"14092\">\r\n\t\t\t<div class=\"p-content\">\r\n\t\t\t<div class=\"p-categories p-top\"><a class=\"p-category category-id-81\" href=\"https:\/\/thelatin.news\/category\/news\/france\/\" rel=\"category\">France<\/a><a class=\"p-category category-id-3235\" href=\"https:\/\/thelatin.news\/fr\/category\/news-fr\/france-fr\/\" rel=\"category\">France<\/a><a class=\"p-category category-id-3243\" href=\"https:\/\/thelatin.news\/fr\/category\/news-fr\/technology-fr\/\" rel=\"category\">Technologie<\/a><a class=\"p-category category-id-7\" href=\"https:\/\/thelatin.news\/category\/news\/technology\/\" rel=\"category\">Technology<\/a><\/div><h3 class=\"entry-title\">\t\t<a class=\"p-url\" href=\"https:\/\/thelatin.news\/fr\/lexposition-histoires-paralympiques-relate-lepopee-dun-mouvement-sportif-et-militant-au-pantheon-a-paris\/\" rel=\"bookmark\">l&rsquo;exposition \u00ab\u00a0Histoires paralympiques\u00a0\u00bb relate l&rsquo;\u00e9pop\u00e9e d&rsquo;un mouvement sportif et militant au Panth\u00e9on, \u00e0 Paris<\/a><\/h3><p class=\"entry-summary\">Comment un protocole de soin se transforme en exp\u00e9rience sportive de tr\u00e8s haut niveau\u00a0? L'exposition&hellip;<\/p>\r\n\t\t\t\t\t\t<div class=\"p-meta has-bookmark\">\r\n\t\t\t\t<div class=\"meta-inner is-meta\">\r\n\t\t\t\t\t\t\t<span class=\"meta-el meta-read\"><i class=\"rbi rbi-watch\" aria-hidden=\"true\"><\/i>1 Min Read<\/span>\r\n\t\t\t\t\t\t<\/div>\r\n\t\t\t\t<span class=\"rb-bookmark bookmark-trigger\" data-pid=\"14092\"><\/span>\t\t\t<\/div>\r\n\t\t\t\t<\/div>\r\n\t\t\t\t<\/div>\r\n\t\t\t<div class=\"p-wrap p-small p-list-small-1\" data-pid=\"13769\">\r\n\t\t\t<div class=\"p-content\">\r\n\t\t\t<div class=\"p-categories p-top\"><a class=\"p-category category-id-3242\" href=\"https:\/\/thelatin.news\/fr\/category\/news-fr\/sports-fr\/\" rel=\"category\">Des sports<\/a><a class=\"p-category category-id-3235\" href=\"https:\/\/thelatin.news\/fr\/category\/news-fr\/france-fr\/\" rel=\"category\">France<\/a><a class=\"p-category category-id-81\" href=\"https:\/\/thelatin.news\/category\/news\/france\/\" rel=\"category\">France<\/a><a class=\"p-category category-id-3\" href=\"https:\/\/thelatin.news\/category\/news\/sports\/\" rel=\"category\">Sports<\/a><\/div><h3 class=\"entry-title\">\t\t<a class=\"p-url\" href=\"https:\/\/thelatin.news\/fr\/sur-quelle-chaine-regarder-les-matchs-ligue-1-du-fc-nantes-cette-annee\/\" rel=\"bookmark\">Sur quelle cha\u00eene regarder les matchs Ligue 1\u00a0du FC Nantes cette ann\u00e9e\u00a0?<\/a><\/h3><p class=\"entry-summary\">Le FC Nantes vient de vivre deux derni\u00e8res saisons \u00e9reintantes en termes d\u2019\u00e9motions en championnat.&hellip;<\/p>\r\n\t\t\t\t\t\t<div class=\"p-meta has-bookmark\">\r\n\t\t\t\t<div class=\"meta-inner is-meta\">\r\n\t\t\t\t\t\t\t<span class=\"meta-el meta-read\"><i class=\"rbi rbi-watch\" aria-hidden=\"true\"><\/i>0 Min Read<\/span>\r\n\t\t\t\t\t\t<\/div>\r\n\t\t\t\t<span class=\"rb-bookmark bookmark-trigger\" data-pid=\"13769\"><\/span>\t\t\t<\/div>\r\n\t\t\t\t<\/div>\r\n\t\t\t\t<\/div>\r\n\t\t\t<div class=\"p-wrap p-small p-list-small-1\" data-pid=\"13768\">\r\n\t\t\t<div class=\"p-content\">\r\n\t\t\t<div class=\"p-categories p-top\"><a class=\"p-category category-id-3235\" href=\"https:\/\/thelatin.news\/fr\/category\/news-fr\/france-fr\/\" rel=\"category\">France<\/a><a class=\"p-category category-id-81\" href=\"https:\/\/thelatin.news\/category\/news\/france\/\" rel=\"category\">France<\/a><a class=\"p-category category-id-3215\" href=\"https:\/\/thelatin.news\/category\/news\/travel\/\" rel=\"category\">Travel<\/a><a class=\"p-category category-id-3244\" href=\"https:\/\/thelatin.news\/fr\/category\/news-fr\/travel-fr\/\" rel=\"category\">Voyage<\/a><\/div><h3 class=\"entry-title\">\t\t<a class=\"p-url\" href=\"https:\/\/thelatin.news\/fr\/un-algerien-de-france-chope-avec-3-objets-interdits-dans-sa-valise\/\" rel=\"bookmark\">Un Alg\u00e9rien de France chop\u00e9 avec 3 objets interdits dans sa valise<\/a><\/h3><p class=\"entry-summary\">\u00c0 l\u2019a\u00e9roport d\u2019Alger, un voyageur alg\u00e9rien r\u00e9sidant en France a v\u00e9cu une m\u00e9saventure peu commune&hellip;<\/p>\r\n\t\t\t\t\t\t<div class=\"p-meta has-bookmark\">\r\n\t\t\t\t<div class=\"meta-inner is-meta\">\r\n\t\t\t\t\t\t\t<span class=\"meta-el meta-read\"><i class=\"rbi rbi-watch\" aria-hidden=\"true\"><\/i>1 Min Read<\/span>\r\n\t\t\t\t\t\t<\/div>\r\n\t\t\t\t<span class=\"rb-bookmark bookmark-trigger\" data-pid=\"13768\"><\/span>\t\t\t<\/div>\r\n\t\t\t\t<\/div>\r\n\t\t\t\t<\/div>\r\n\t\t\t<div class=\"p-wrap p-small p-list-small-1\" data-pid=\"13767\">\r\n\t\t\t<div class=\"p-content\">\r\n\t\t\t<div class=\"p-categories p-top\"><a class=\"p-category category-id-3235\" href=\"https:\/\/thelatin.news\/fr\/category\/news-fr\/france-fr\/\" rel=\"category\">France<\/a><a class=\"p-category category-id-81\" href=\"https:\/\/thelatin.news\/category\/news\/france\/\" rel=\"category\">France<\/a><a class=\"p-category category-id-3243\" href=\"https:\/\/thelatin.news\/fr\/category\/news-fr\/technology-fr\/\" rel=\"category\">Technologie<\/a><a class=\"p-category category-id-7\" href=\"https:\/\/thelatin.news\/category\/news\/technology\/\" rel=\"category\">Technology<\/a><\/div><h3 class=\"entry-title\">\t\t<a class=\"p-url\" href=\"https:\/\/thelatin.news\/fr\/asma-mhalla-la-technologie-nous-depossede-t-elle-de-notre-liberte\/\" rel=\"bookmark\">Asma Mhalla\u00a0: la technologie nous d\u00e9poss\u00e8de-t-elle de notre libert\u00e9\u00a0?<\/a><\/h3><p class=\"entry-summary\">L'\u00e9dito de Charles P\u00e9pin\u00a0: \"Je voudrais ce matin vous raconter l\u2019histoire d\u2019une jeune fille et&hellip;<\/p>\r\n\t\t\t\t\t\t<div class=\"p-meta has-bookmark\">\r\n\t\t\t\t<div class=\"meta-inner is-meta\">\r\n\t\t\t\t\t\t\t<span class=\"meta-el meta-read\"><i class=\"rbi rbi-watch\" aria-hidden=\"true\"><\/i>1 Min Read<\/span>\r\n\t\t\t\t\t\t<\/div>\r\n\t\t\t\t<span class=\"rb-bookmark bookmark-trigger\" data-pid=\"13767\"><\/span>\t\t\t<\/div>\r\n\t\t\t\t<\/div>\r\n\t\t\t\t<\/div>\r\n\t\t\t<div class=\"p-wrap p-small p-list-small-1\" data-pid=\"13421\">\r\n\t\t\t<div class=\"p-content\">\r\n\t\t\t<div class=\"p-categories p-top\"><a class=\"p-category category-id-3242\" href=\"https:\/\/thelatin.news\/fr\/category\/news-fr\/sports-fr\/\" rel=\"category\">Des sports<\/a><a class=\"p-category category-id-3235\" href=\"https:\/\/thelatin.news\/fr\/category\/news-fr\/france-fr\/\" rel=\"category\">France<\/a><a class=\"p-category category-id-81\" href=\"https:\/\/thelatin.news\/category\/news\/france\/\" rel=\"category\">France<\/a><a class=\"p-category category-id-3\" href=\"https:\/\/thelatin.news\/category\/news\/sports\/\" rel=\"category\">Sports<\/a><\/div><h3 class=\"entry-title\">\t\t<a class=\"p-url\" href=\"https:\/\/thelatin.news\/fr\/les-clubs-sportifs-enregistrent-une-hausse-des-inscriptions\/\" rel=\"bookmark\">les clubs sportifs enregistrent une hausse des inscriptions<\/a><\/h3><p class=\"entry-summary\">Publi\u00e9 le 15\/08\/2024 16:39 Dur\u00e9e de la vid\u00e9o : 2 min Paris 2024 : les&hellip;<\/p>\r\n\t\t\t\t\t\t<div class=\"p-meta has-bookmark\">\r\n\t\t\t\t<div class=\"meta-inner is-meta\">\r\n\t\t\t\t\t\t\t<span class=\"meta-el meta-read\"><i class=\"rbi rbi-watch\" aria-hidden=\"true\"><\/i>0 Min Read<\/span>\r\n\t\t\t\t\t\t<\/div>\r\n\t\t\t\t<span class=\"rb-bookmark bookmark-trigger\" data-pid=\"13421\"><\/span>\t\t\t<\/div>\r\n\t\t\t\t<\/div>\r\n\t\t\t\t<\/div>\r\n\t<\/div>\t\t<div class=\"pagination-wrap pagination-loadmore\">\r\n\t\t\t<a href=\"#\" class=\"loadmore-trigger\"><span>Afficher plus\n<\/span><i class=\"rb-loader\" aria-hidden=\"true\"><\/i><\/a>\r\n\t\t<\/div>\r\n\t\t<\/div>\t\t<\/div>\n\t\t\t\t<\/div>\n\t\t\t\t\t<\/div>\n\t\t<\/div>\n\t\t\t\t\t<\/div>\n\t\t<\/section>\n\t\t\t\t<section class=\"elementor-section elementor-top-section elementor-element elementor-element-66a14dd elementor-section-boxed elementor-section-height-default elementor-section-height-default\" data-id=\"66a14dd\" data-element_type=\"section\">\n\t\t\t\t\t\t<div class=\"elementor-container elementor-column-gap-custom\">\n\t\t\t\t\t<div class=\"elementor-column elementor-col-100 elementor-top-column elementor-element elementor-element-abcf949\" data-id=\"abcf949\" data-element_type=\"column\">\n\t\t\t<div class=\"elementor-widget-wrap elementor-element-populated\">\n\t\t\t\t\t\t<div class=\"elementor-element elementor-element-30502c2 elementor-widget elementor-widget-foxiz-heading\" data-id=\"30502c2\" data-element_type=\"widget\" data-widget_type=\"foxiz-heading.default\">\n\t\t\t\t<div class=\"elementor-widget-container\">\n\t\t\t<div id=\"uid_30502c2\" class=\"block-h heading-layout-5\"><div class=\"heading-inner\"><h3 class=\"heading-title\"><a href=\"https:\/\/thelatin.news\/fr\/category\/news-fr\/france-fr\/\">France<\/a><\/h3><div class=\"heading-tagline h6\"><a class=\"heading-tagline-label\" href=\"https:\/\/thelatin.news\/fr\/category\/news-fr\/france-fr\/\">Voir tout<\/a><i class=\"rbi rbi-cright heading-tagline-icon\" aria-hidden=\"true\"><\/i><\/div><\/div><\/div>\t\t<\/div>\n\t\t\t\t<\/div>\n\t\t\t\t<div class=\"elementor-element elementor-element-d98d01a elementor-widget elementor-widget-foxiz-list-small-1\" data-id=\"d98d01a\" data-element_type=\"widget\" data-widget_type=\"foxiz-list-small-1.default\">\n\t\t\t\t<div class=\"elementor-widget-container\">\n\t\t\t<div id=\"uid_d98d01a\" class=\"block-wrap block-small block-list block-list-small-1 short-pagination rb-columns rb-col-5 rb-tcol-4 rb-mcol-1 is-gap-custom col-border is-border-gray bottom-border is-b-border-gray no-last-bb ecat-bg-4 meta-s-default\"><div class=\"block-inner\">\t\t<div class=\"p-wrap p-small p-list-small-1\" data-pid=\"15403\">\r\n\t\t\t<div class=\"p-content\">\r\n\t\t\t<div class=\"p-categories p-top\"><a class=\"p-category category-id-3232\" href=\"https:\/\/thelatin.news\/fr\/category\/news-fr\/andora-fr\/\" rel=\"category\">Andora<\/a><a class=\"p-category category-id-86\" href=\"https:\/\/thelatin.news\/category\/news\/andora\/\" rel=\"category\">Andora<\/a><a class=\"p-category category-id-3234\" href=\"https:\/\/thelatin.news\/fr\/category\/news-fr\/entertainment-fr\/\" rel=\"category\">Divertissement<\/a><a class=\"p-category category-id-82\" href=\"https:\/\/thelatin.news\/category\/news\/entertainment\/\" rel=\"category\">Entertainment<\/a><\/div><h3 class=\"entry-title\">\t\t<a class=\"p-url\" href=\"https:\/\/thelatin.news\/fr\/cette-serie-romantique-que-vous-avez-adore-va-avoir-une-saison-2\/\" rel=\"bookmark\">cette se\u0301rie romantique (que vous avez adore\u0301) va avoir une saison 2<\/a><\/h3><p class=\"entry-summary\">Publi\u00e9 le 11 oct. 2024 \u00e0 13:42, mis \u00e0 jour le 11 oct. 2024 \u00e0&hellip;<\/p>\r\n\t\t\t\t\t\t<div class=\"p-meta has-bookmark\">\r\n\t\t\t\t<div class=\"meta-inner is-meta\">\r\n\t\t\t\t\t\t\t<span class=\"meta-el meta-read\"><i class=\"rbi rbi-watch\" aria-hidden=\"true\"><\/i>1 Min Read<\/span>\r\n\t\t\t\t\t\t<\/div>\r\n\t\t\t\t<span class=\"rb-bookmark bookmark-trigger\" data-pid=\"15403\"><\/span>\t\t\t<\/div>\r\n\t\t\t\t<\/div>\r\n\t\t\t\t<\/div>\r\n\t\t\t<div class=\"p-wrap p-small p-list-small-1\" data-pid=\"15397\">\r\n\t\t\t<div class=\"p-content\">\r\n\t\t\t<div class=\"p-categories p-top\"><a class=\"p-category category-id-3234\" href=\"https:\/\/thelatin.news\/fr\/category\/news-fr\/entertainment-fr\/\" rel=\"category\">Divertissement<\/a><a class=\"p-category category-id-82\" href=\"https:\/\/thelatin.news\/category\/news\/entertainment\/\" rel=\"category\">Entertainment<\/a><a class=\"p-category category-id-3238\" href=\"https:\/\/thelatin.news\/fr\/category\/news-fr\/modolva-fr\/\" rel=\"category\">Modolva<\/a><a class=\"p-category category-id-87\" href=\"https:\/\/thelatin.news\/category\/news\/modolva\/\" rel=\"category\">Modolva<\/a><\/div><h3 class=\"entry-title\">\t\t<a class=\"p-url\" href=\"https:\/\/thelatin.news\/fr\/les-ligue-europa-et-ligue-conference-changent-de-formule-que-retenir-pour-ledition-2024-2025\/\" rel=\"bookmark\">Les Ligue Europa et Ligue Conference changent de formule, que retenir pour l\u2019\u00e9dition 2024-2025 ?<\/a><\/h3><p class=\"entry-summary\">Post\u00e9 par Cl\u00e9ment Doucet le 25 septembre 2024De la m\u00eame mani\u00e8re que la Ligue des&hellip;<\/p>\r\n\t\t\t\t\t\t<div class=\"p-meta has-bookmark\">\r\n\t\t\t\t<div class=\"meta-inner is-meta\">\r\n\t\t\t\t\t\t\t<span class=\"meta-el meta-read\"><i class=\"rbi rbi-watch\" aria-hidden=\"true\"><\/i>1 Min Read<\/span>\r\n\t\t\t\t\t\t<\/div>\r\n\t\t\t\t<span class=\"rb-bookmark bookmark-trigger\" data-pid=\"15397\"><\/span>\t\t\t<\/div>\r\n\t\t\t\t<\/div>\r\n\t\t\t\t<\/div>\r\n\t\t\t<div class=\"p-wrap p-small p-list-small-1\" data-pid=\"15387\">\r\n\t\t\t<div class=\"p-content\">\r\n\t\t\t<div class=\"p-categories p-top\"><a class=\"p-category category-id-3234\" href=\"https:\/\/thelatin.news\/fr\/category\/news-fr\/entertainment-fr\/\" rel=\"category\">Divertissement<\/a><a class=\"p-category category-id-82\" href=\"https:\/\/thelatin.news\/category\/news\/entertainment\/\" rel=\"category\">Entertainment<\/a><a class=\"p-category category-id-88\" href=\"https:\/\/thelatin.news\/category\/news\/romainia\/\" rel=\"category\">Romainia<\/a><a class=\"p-category category-id-3240\" href=\"https:\/\/thelatin.news\/fr\/category\/news-fr\/romainia-fr\/\" rel=\"category\">Roumanie<\/a><\/div><h3 class=\"entry-title\">\t\t<a class=\"p-url\" href=\"https:\/\/thelatin.news\/fr\/la-princesse-muna-de-jordanie-accueillie-au-palais-elisabeta-par-margareta-et-radu-de-roumanie\/\" rel=\"bookmark\">La princesse Muna de Jordanie accueillie au palais Elisabeta par Margareta et Radu de Roumanie<\/a><\/h3><p class=\"entry-summary\">Ce lundi, la princesse Muna de Jordanie a entam\u00e9 un voyage officiel en Roumanie, \u00e0&hellip;<\/p>\r\n\t\t\t\t\t\t<div class=\"p-meta has-bookmark\">\r\n\t\t\t\t<div class=\"meta-inner is-meta\">\r\n\t\t\t\t\t\t\t<span class=\"meta-el meta-read\"><i class=\"rbi rbi-watch\" aria-hidden=\"true\"><\/i>1 Min Read<\/span>\r\n\t\t\t\t\t\t<\/div>\r\n\t\t\t\t<span class=\"rb-bookmark bookmark-trigger\" data-pid=\"15387\"><\/span>\t\t\t<\/div>\r\n\t\t\t\t<\/div>\r\n\t\t\t\t<\/div>\r\n\t\t\t<div class=\"p-wrap p-small p-list-small-1\" data-pid=\"14096\">\r\n\t\t\t<div class=\"p-content\">\r\n\t\t\t<div class=\"p-categories p-top\"><a class=\"p-category category-id-86\" href=\"https:\/\/thelatin.news\/category\/news\/andora\/\" rel=\"category\">Andora<\/a><a class=\"p-category category-id-3232\" href=\"https:\/\/thelatin.news\/fr\/category\/news-fr\/andora-fr\/\" rel=\"category\">Andora<\/a><a class=\"p-category category-id-3234\" href=\"https:\/\/thelatin.news\/fr\/category\/news-fr\/entertainment-fr\/\" rel=\"category\">Divertissement<\/a><a class=\"p-category category-id-82\" href=\"https:\/\/thelatin.news\/category\/news\/entertainment\/\" rel=\"category\">Entertainment<\/a><\/div><h3 class=\"entry-title\">\t\t<a class=\"p-url\" href=\"https:\/\/thelatin.news\/fr\/enfin-des-nouvelles-de-loubo-son-chien-adore\/\" rel=\"bookmark\">enfin des nouvelles de Loubo, son chien ador\u00e9<\/a><\/h3><p class=\"entry-summary\">Bien que l\u2019on sache que les relations au sein de la fratrie Delon \u00e9taient tr\u00e8s&hellip;<\/p>\r\n\t\t\t\t\t\t<div class=\"p-meta has-bookmark\">\r\n\t\t\t\t<div class=\"meta-inner is-meta\">\r\n\t\t\t\t\t\t\t<span class=\"meta-el meta-read\"><i class=\"rbi rbi-watch\" aria-hidden=\"true\"><\/i>1 Min Read<\/span>\r\n\t\t\t\t\t\t<\/div>\r\n\t\t\t\t<span class=\"rb-bookmark bookmark-trigger\" data-pid=\"14096\"><\/span>\t\t\t<\/div>\r\n\t\t\t\t<\/div>\r\n\t\t\t\t<\/div>\r\n\t\t\t<div class=\"p-wrap p-small p-list-small-1\" data-pid=\"14090\">\r\n\t\t\t<div class=\"p-content\">\r\n\t\t\t<div class=\"p-categories p-top\"><a class=\"p-category category-id-3234\" href=\"https:\/\/thelatin.news\/fr\/category\/news-fr\/entertainment-fr\/\" rel=\"category\">Divertissement<\/a><a class=\"p-category category-id-82\" href=\"https:\/\/thelatin.news\/category\/news\/entertainment\/\" rel=\"category\">Entertainment<\/a><a class=\"p-category category-id-87\" href=\"https:\/\/thelatin.news\/category\/news\/modolva\/\" rel=\"category\">Modolva<\/a><a class=\"p-category category-id-3238\" href=\"https:\/\/thelatin.news\/fr\/category\/news-fr\/modolva-fr\/\" rel=\"category\">Modolva<\/a><\/div><h3 class=\"entry-title\">\t\t<a class=\"p-url\" href=\"https:\/\/thelatin.news\/fr\/sur-europe-1-cyril-hanouna-propose-un-live-quotidien-de-deux-heures-avant-tpmp\/\" rel=\"bookmark\">Sur Europe 1, Cyril Hanouna propose un live quotidien de deux heures avant \u00ab TPMP \u00bb<\/a><\/h3><p class=\"entry-summary\">Capture d\u2019\u00e9cran X Cyril Hanouna revient quotidiennement sur les ondes d\u2019Europe 1 \u00e0 partir du&hellip;<\/p>\r\n\t\t\t\t\t\t<div class=\"p-meta has-bookmark\">\r\n\t\t\t\t<div class=\"meta-inner is-meta\">\r\n\t\t\t\t\t\t\t<span class=\"meta-el meta-read\"><i class=\"rbi rbi-watch\" aria-hidden=\"true\"><\/i>1 Min Read<\/span>\r\n\t\t\t\t\t\t<\/div>\r\n\t\t\t\t<span class=\"rb-bookmark bookmark-trigger\" data-pid=\"14090\"><\/span>\t\t\t<\/div>\r\n\t\t\t\t<\/div>\r\n\t\t\t\t<\/div>\r\n\t\t\t<div class=\"p-wrap p-small p-list-small-1\" data-pid=\"14079\">\r\n\t\t\t<div class=\"p-content\">\r\n\t\t\t<div class=\"p-categories p-top\"><a class=\"p-category category-id-3234\" href=\"https:\/\/thelatin.news\/fr\/category\/news-fr\/entertainment-fr\/\" rel=\"category\">Divertissement<\/a><a class=\"p-category category-id-82\" href=\"https:\/\/thelatin.news\/category\/news\/entertainment\/\" rel=\"category\">Entertainment<\/a><a class=\"p-category category-id-88\" href=\"https:\/\/thelatin.news\/category\/news\/romainia\/\" rel=\"category\">Romainia<\/a><a class=\"p-category category-id-3240\" href=\"https:\/\/thelatin.news\/fr\/category\/news-fr\/romainia-fr\/\" rel=\"category\">Roumanie<\/a><\/div><h3 class=\"entry-title\">\t\t<a class=\"p-url\" href=\"https:\/\/thelatin.news\/fr\/quel-beau-parcours-nous-avons-eu-mr-big-fait-ses-adieux-avec-son-dernier-spectacle-en-roumanie\/\" rel=\"bookmark\">\u00ab\u00a0Quel beau parcours nous avons eu\u00a0\u00bb ; Mr. Big fait ses adieux avec son dernier spectacle en Roumanie<\/a><\/h3><p class=\"entry-summary\">Apr\u00e8s une carri\u00e8re remarquable de 35 ans, le l\u00e9gendaire groupe de Rock Mr. Big a&hellip;<\/p>\r\n\t\t\t\t\t\t<div class=\"p-meta has-bookmark\">\r\n\t\t\t\t<div class=\"meta-inner is-meta\">\r\n\t\t\t\t\t\t\t<span class=\"meta-el meta-read\"><i class=\"rbi rbi-watch\" aria-hidden=\"true\"><\/i>1 Min Read<\/span>\r\n\t\t\t\t\t\t<\/div>\r\n\t\t\t\t<span class=\"rb-bookmark bookmark-trigger\" data-pid=\"14079\"><\/span>\t\t\t<\/div>\r\n\t\t\t\t<\/div>\r\n\t\t\t\t<\/div>\r\n\t\t\t<div class=\"p-wrap p-small p-list-small-1\" data-pid=\"13771\">\r\n\t\t\t<div class=\"p-content\">\r\n\t\t\t<div class=\"p-categories p-top\"><a class=\"p-category category-id-86\" href=\"https:\/\/thelatin.news\/category\/news\/andora\/\" rel=\"category\">Andora<\/a><a class=\"p-category category-id-3232\" href=\"https:\/\/thelatin.news\/fr\/category\/news-fr\/andora-fr\/\" rel=\"category\">Andora<\/a><a class=\"p-category category-id-3234\" href=\"https:\/\/thelatin.news\/fr\/category\/news-fr\/entertainment-fr\/\" rel=\"category\">Divertissement<\/a><a class=\"p-category category-id-82\" href=\"https:\/\/thelatin.news\/category\/news\/entertainment\/\" rel=\"category\">Entertainment<\/a><\/div><h3 class=\"entry-title\">\t\t<a class=\"p-url\" href=\"https:\/\/thelatin.news\/fr\/exclu-jaurais-eu-une-chance-de-le-battre-enfin-bruno-hourcade-les-traitres-aurait-adore-se-mesurer-a-un-autre-grand-maitre-de-midi\/\" rel=\"bookmark\">Exclu. \u201c J&rsquo;aurais eu une chance de le battre enfin\u201d, Bruno Hourcade (Les Tra\u00eetres) aurait ador\u00e9 se mesurer \u00e0 un autre grand Ma\u00eetre de midi\u2026 !<\/a><\/h3><p class=\"entry-summary\">Bruno Hourcade a r\u00e9v\u00e9l\u00e9 \u00e0 TV Actu l'autre grand Ma\u00eetre de midi qu'il aurait ador\u00e9&hellip;<\/p>\r\n\t\t\t\t\t\t<div class=\"p-meta has-bookmark\">\r\n\t\t\t\t<div class=\"meta-inner is-meta\">\r\n\t\t\t\t\t\t\t<span class=\"meta-el meta-read\"><i class=\"rbi rbi-watch\" aria-hidden=\"true\"><\/i>1 Min Read<\/span>\r\n\t\t\t\t\t\t<\/div>\r\n\t\t\t\t<span class=\"rb-bookmark bookmark-trigger\" data-pid=\"13771\"><\/span>\t\t\t<\/div>\r\n\t\t\t\t<\/div>\r\n\t\t\t\t<\/div>\r\n\t\t\t<div class=\"p-wrap p-small p-list-small-1\" data-pid=\"13765\">\r\n\t\t\t<div class=\"p-content\">\r\n\t\t\t<div class=\"p-categories p-top\"><a class=\"p-category category-id-3234\" href=\"https:\/\/thelatin.news\/fr\/category\/news-fr\/entertainment-fr\/\" rel=\"category\">Divertissement<\/a><a class=\"p-category category-id-82\" href=\"https:\/\/thelatin.news\/category\/news\/entertainment\/\" rel=\"category\">Entertainment<\/a><a class=\"p-category category-id-87\" href=\"https:\/\/thelatin.news\/category\/news\/modolva\/\" rel=\"category\">Modolva<\/a><a class=\"p-category category-id-3238\" href=\"https:\/\/thelatin.news\/fr\/category\/news-fr\/modolva-fr\/\" rel=\"category\">Modolva<\/a><\/div><h3 class=\"entry-title\">\t\t<a class=\"p-url\" href=\"https:\/\/thelatin.news\/fr\/disney-va-investir-5-mds-dans-les-films-et-programmes-tv-pour-les-regions-europe-et-emea\/\" rel=\"bookmark\">Disney va investir $5 mds dans les films et programmes TV pour les r\u00e9gions Europe et EMEA<\/a><\/h3><p class=\"entry-summary\">9 ao\u00fbt (Reuters) - Disney pr\u00e9voit de d\u00e9penser au moins 1 milliard de dollars chaque&hellip;<\/p>\r\n\t\t\t\t\t\t<div class=\"p-meta has-bookmark\">\r\n\t\t\t\t<div class=\"meta-inner is-meta\">\r\n\t\t\t\t\t\t\t<span class=\"meta-el meta-read\"><i class=\"rbi rbi-watch\" aria-hidden=\"true\"><\/i>1 Min Read<\/span>\r\n\t\t\t\t\t\t<\/div>\r\n\t\t\t\t<span class=\"rb-bookmark bookmark-trigger\" data-pid=\"13765\"><\/span>\t\t\t<\/div>\r\n\t\t\t\t<\/div>\r\n\t\t\t\t<\/div>\r\n\t\t\t<div class=\"p-wrap p-small p-list-small-1\" data-pid=\"13754\">\r\n\t\t\t<div class=\"p-content\">\r\n\t\t\t<div class=\"p-categories p-top\"><a class=\"p-category category-id-3234\" href=\"https:\/\/thelatin.news\/fr\/category\/news-fr\/entertainment-fr\/\" rel=\"category\">Divertissement<\/a><a class=\"p-category category-id-82\" href=\"https:\/\/thelatin.news\/category\/news\/entertainment\/\" rel=\"category\">Entertainment<\/a><a class=\"p-category category-id-88\" href=\"https:\/\/thelatin.news\/category\/news\/romainia\/\" rel=\"category\">Romainia<\/a><a class=\"p-category category-id-3240\" href=\"https:\/\/thelatin.news\/fr\/category\/news-fr\/romainia-fr\/\" rel=\"category\">Roumanie<\/a><\/div><h3 class=\"entry-title\">\t\t<a class=\"p-url\" href=\"https:\/\/thelatin.news\/fr\/en-roumanie-nouvelles-perquisitions-au-domicile-de-linfluenceur-andrew-tate\/\" rel=\"bookmark\">En Roumanie: Nouvelles perquisitions au domicile de l\u2019influenceur Andrew Tate<\/a><\/h3><p class=\"entry-summary\">Publi\u00e921. ao\u00fbt 2024, 09:12En Roumanie: Nouvelles perquisitions au domicile de l\u2019influenceur Andrew TateL\u2019influenceur masculiniste britannique&hellip;<\/p>\r\n\t\t\t\t\t\t<div class=\"p-meta has-bookmark\">\r\n\t\t\t\t<div class=\"meta-inner is-meta\">\r\n\t\t\t\t\t\t\t<span class=\"meta-el meta-read\"><i class=\"rbi rbi-watch\" aria-hidden=\"true\"><\/i>1 Min Read<\/span>\r\n\t\t\t\t\t\t<\/div>\r\n\t\t\t\t<span class=\"rb-bookmark bookmark-trigger\" data-pid=\"13754\"><\/span>\t\t\t<\/div>\r\n\t\t\t\t<\/div>\r\n\t\t\t\t<\/div>\r\n\t\t\t<div class=\"p-wrap p-small p-list-small-1\" data-pid=\"13423\">\r\n\t\t\t<div class=\"p-content\">\r\n\t\t\t<div class=\"p-categories p-top\"><a class=\"p-category category-id-3232\" href=\"https:\/\/thelatin.news\/fr\/category\/news-fr\/andora-fr\/\" rel=\"category\">Andora<\/a><a class=\"p-category category-id-86\" href=\"https:\/\/thelatin.news\/category\/news\/andora\/\" rel=\"category\">Andora<\/a><a class=\"p-category category-id-3234\" href=\"https:\/\/thelatin.news\/fr\/category\/news-fr\/entertainment-fr\/\" rel=\"category\">Divertissement<\/a><a class=\"p-category category-id-82\" href=\"https:\/\/thelatin.news\/category\/news\/entertainment\/\" rel=\"category\">Entertainment<\/a><\/div><h3 class=\"entry-title\">\t\t<a class=\"p-url\" href=\"https:\/\/thelatin.news\/fr\/le-chapitre-428-de-my-hero-academia-tease-la-mort-de-ce-super-vilain-adore-des-fans\/\" rel=\"bookmark\">Le chapitre 428 de My Hero Academia tease la mort de ce super-vilain ador\u00e9 des fans<\/a><\/h3><p class=\"entry-summary\">Le sort de Toga apr\u00e8s la Bataille Finale est rest\u00e9 un myst\u00e8re pendant longtemps, mais&hellip;<\/p>\r\n\t\t\t\t\t\t<div class=\"p-meta has-bookmark\">\r\n\t\t\t\t<div class=\"meta-inner is-meta\">\r\n\t\t\t\t\t\t\t<span class=\"meta-el meta-read\"><i class=\"rbi rbi-watch\" aria-hidden=\"true\"><\/i>1 Min Read<\/span>\r\n\t\t\t\t\t\t<\/div>\r\n\t\t\t\t<span class=\"rb-bookmark bookmark-trigger\" data-pid=\"13423\"><\/span>\t\t\t<\/div>\r\n\t\t\t\t<\/div>\r\n\t\t\t\t<\/div>\r\n\t<\/div>\t\t<div class=\"pagination-wrap pagination-loadmore\">\r\n\t\t\t<a href=\"#\" class=\"loadmore-trigger\"><span>Afficher plus\n<\/span><i class=\"rb-loader\" aria-hidden=\"true\"><\/i><\/a>\r\n\t\t<\/div>\r\n\t\t<\/div>\t\t<\/div>\n\t\t\t\t<\/div>\n\t\t\t\t\t<\/div>\n\t\t<\/div>\n\t\t\t\t\t<\/div>\n\t\t<\/section>\n\t\t\t\t<section class=\"elementor-section elementor-top-section elementor-element elementor-element-38be9ad elementor-section-boxed elementor-section-height-default elementor-section-height-default\" data-id=\"38be9ad\" data-element_type=\"section\">\n\t\t\t\t\t\t<div class=\"elementor-container elementor-column-gap-custom\">\n\t\t\t\t\t<div class=\"elementor-column elementor-col-100 elementor-top-column elementor-element elementor-element-a114fe3\" data-id=\"a114fe3\" data-element_type=\"column\">\n\t\t\t<div class=\"elementor-widget-wrap elementor-element-populated\">\n\t\t\t\t\t\t<div class=\"elementor-element elementor-element-f98747a elementor-widget elementor-widget-foxiz-heading\" data-id=\"f98747a\" data-element_type=\"widget\" data-widget_type=\"foxiz-heading.default\">\n\t\t\t\t<div class=\"elementor-widget-container\">\n\t\t\t<div id=\"uid_f98747a\" class=\"block-h heading-layout-5\"><div class=\"heading-inner\"><h3 class=\"heading-title\"><a href=\"https:\/\/thelatin.news\/fr\/category\/news-fr\/modolva-fr\/\">Modolva<\/a><\/h3><div class=\"heading-tagline h6\"><a class=\"heading-tagline-label\" href=\"https:\/\/thelatin.news\/fr\/category\/news-fr\/modolva-fr\/\">Voir tout<\/a><i class=\"rbi rbi-cright heading-tagline-icon\" aria-hidden=\"true\"><\/i><\/div><\/div><\/div>\t\t<\/div>\n\t\t\t\t<\/div>\n\t\t\t\t<div class=\"elementor-element elementor-element-5555b09 elementor-widget elementor-widget-foxiz-list-small-1\" data-id=\"5555b09\" data-element_type=\"widget\" data-widget_type=\"foxiz-list-small-1.default\">\n\t\t\t\t<div class=\"elementor-widget-container\">\n\t\t\t<div id=\"uid_5555b09\" class=\"block-wrap block-small block-list block-list-small-1 short-pagination rb-columns rb-col-5 rb-tcol-4 rb-mcol-1 is-gap-custom col-border is-border-gray bottom-border is-b-border-gray no-last-bb ecat-bg-4 meta-s-default\"><div class=\"block-inner\">\t\t<div class=\"p-wrap p-small p-list-small-1\" data-pid=\"15393\">\r\n\t\t\t<div class=\"p-content\">\r\n\t\t\t<div class=\"p-categories p-top\"><a class=\"p-category category-id-2\" href=\"https:\/\/thelatin.news\/category\/news\/business\/\" rel=\"category\">Business<\/a><a class=\"p-category category-id-3233\" href=\"https:\/\/thelatin.news\/fr\/category\/news-fr\/entreprise\/\" rel=\"category\">Entreprise<\/a><a class=\"p-category category-id-3239\" href=\"https:\/\/thelatin.news\/fr\/category\/news-fr\/portugal-fr\/\" rel=\"category\">le Portugal<\/a><a class=\"p-category category-id-83\" href=\"https:\/\/thelatin.news\/category\/news\/portugal\/\" rel=\"category\">Portugal<\/a><\/div><h3 class=\"entry-title\">\t\t<a class=\"p-url\" href=\"https:\/\/thelatin.news\/fr\/le-groupe-nextpack-fidel-fillaud-reprend-3-entreprises-au-groupe-portugais-inapa\/\" rel=\"bookmark\">Le groupe Nextpack (Fidel Fillaud) reprend 3 entreprises au groupe portugais Inapa<\/a><\/h3><p class=\"entry-summary\">Le groupe Next Pack, holding de la soci\u00e9t\u00e9 Fidel Fillaud, sp\u00e9cialis\u00e9 dans la distribution d\u2019emballages,&hellip;<\/p>\r\n\t\t\t\t\t\t<div class=\"p-meta has-bookmark\">\r\n\t\t\t\t<div class=\"meta-inner is-meta\">\r\n\t\t\t\t\t\t\t<span class=\"meta-el meta-read\"><i class=\"rbi rbi-watch\" aria-hidden=\"true\"><\/i>1 Min Read<\/span>\r\n\t\t\t\t\t\t<\/div>\r\n\t\t\t\t<span class=\"rb-bookmark bookmark-trigger\" data-pid=\"15393\"><\/span>\t\t\t<\/div>\r\n\t\t\t\t<\/div>\r\n\t\t\t\t<\/div>\r\n\t\t\t<div class=\"p-wrap p-small p-list-small-1\" data-pid=\"15392\">\r\n\t\t\t<div class=\"p-content\">\r\n\t\t\t<div class=\"p-categories p-top\"><a class=\"p-category category-id-3239\" href=\"https:\/\/thelatin.news\/fr\/category\/news-fr\/portugal-fr\/\" rel=\"category\">le Portugal<\/a><a class=\"p-category category-id-3237\" href=\"https:\/\/thelatin.news\/fr\/category\/news-fr\/mode-de-vie\/\" rel=\"category\">Lifestyle<\/a><a class=\"p-category category-id-5\" href=\"https:\/\/thelatin.news\/category\/news\/lifestyle\/\" rel=\"category\">Lifestyle<\/a><a class=\"p-category category-id-83\" href=\"https:\/\/thelatin.news\/category\/news\/portugal\/\" rel=\"category\">Portugal<\/a><\/div><h3 class=\"entry-title\">\t\t<a class=\"p-url\" href=\"https:\/\/thelatin.news\/fr\/pourquoi-lalentejo-est-bien-ficelee-pour-le-quebec-entrevue\/\" rel=\"bookmark\">Pourquoi l\u2019Alentejo est bien ficel\u00e9e pour le Qu\u00e9bec &#8211; entrevue<\/a><\/h3><p class=\"entry-summary\">Dossier. On dit que la r\u00e9gion portugaise de l\u2019Alentejo serait plus-que-parfaite pour les conseillers et&hellip;<\/p>\r\n\t\t\t\t\t\t<div class=\"p-meta has-bookmark\">\r\n\t\t\t\t<div class=\"meta-inner is-meta\">\r\n\t\t\t\t\t\t\t<span class=\"meta-el meta-read\"><i class=\"rbi rbi-watch\" aria-hidden=\"true\"><\/i>1 Min Read<\/span>\r\n\t\t\t\t\t\t<\/div>\r\n\t\t\t\t<span class=\"rb-bookmark bookmark-trigger\" data-pid=\"15392\"><\/span>\t\t\t<\/div>\r\n\t\t\t\t<\/div>\r\n\t\t\t\t<\/div>\r\n\t\t\t<div class=\"p-wrap p-small p-list-small-1\" data-pid=\"14085\">\r\n\t\t\t<div class=\"p-content\">\r\n\t\t\t<div class=\"p-categories p-top\"><a class=\"p-category category-id-2\" href=\"https:\/\/thelatin.news\/category\/news\/business\/\" rel=\"category\">Business<\/a><a class=\"p-category category-id-3233\" href=\"https:\/\/thelatin.news\/fr\/category\/news-fr\/entreprise\/\" rel=\"category\">Entreprise<\/a><a class=\"p-category category-id-3239\" href=\"https:\/\/thelatin.news\/fr\/category\/news-fr\/portugal-fr\/\" rel=\"category\">le Portugal<\/a><a class=\"p-category category-id-83\" href=\"https:\/\/thelatin.news\/category\/news\/portugal\/\" rel=\"category\">Portugal<\/a><\/div><h3 class=\"entry-title\">\t\t<a class=\"p-url\" href=\"https:\/\/thelatin.news\/fr\/pleucadeuc-sommet-choose-france-une-societe-portugaise-investit-dans-bcf-life-sciences\/\" rel=\"bookmark\">Pleucadeuc. Sommet \u00ab\u00a0choose France\u00a0\u00bb : une soci\u00e9t\u00e9 portugaise investit dans BCF Life Sciences<\/a><\/h3><p class=\"entry-summary\">Oust \u00e0 Broc\u00e9liande Publi\u00e9 le 13 mai 2024 En d\u00e9cembre dernier, le pr\u00e9fet de r\u00e9gion&hellip;<\/p>\r\n\t\t\t\t\t\t<div class=\"p-meta has-bookmark\">\r\n\t\t\t\t<div class=\"meta-inner is-meta\">\r\n\t\t\t\t\t\t\t<span class=\"meta-el meta-read\"><i class=\"rbi rbi-watch\" aria-hidden=\"true\"><\/i>1 Min Read<\/span>\r\n\t\t\t\t\t\t<\/div>\r\n\t\t\t\t<span class=\"rb-bookmark bookmark-trigger\" data-pid=\"14085\"><\/span>\t\t\t<\/div>\r\n\t\t\t\t<\/div>\r\n\t\t\t\t<\/div>\r\n\t\t\t<div class=\"p-wrap p-small p-list-small-1\" data-pid=\"14084\">\r\n\t\t\t<div class=\"p-content\">\r\n\t\t\t<div class=\"p-categories p-top\"><a class=\"p-category category-id-3239\" href=\"https:\/\/thelatin.news\/fr\/category\/news-fr\/portugal-fr\/\" rel=\"category\">le Portugal<\/a><a class=\"p-category category-id-3237\" href=\"https:\/\/thelatin.news\/fr\/category\/news-fr\/mode-de-vie\/\" rel=\"category\">Lifestyle<\/a><a class=\"p-category category-id-5\" href=\"https:\/\/thelatin.news\/category\/news\/lifestyle\/\" rel=\"category\">Lifestyle<\/a><a class=\"p-category category-id-83\" href=\"https:\/\/thelatin.news\/category\/news\/portugal\/\" rel=\"category\">Portugal<\/a><\/div><h3 class=\"entry-title\">\t\t<a class=\"p-url\" href=\"https:\/\/thelatin.news\/fr\/les-meilleurs-endroits-pour-vivre-au-bord-de-la-mer-au-portugal-idealista-news\/\" rel=\"bookmark\">Les meilleurs endroits pour vivre au bord de la mer au Portugal \u2014 idealista\/news<\/a><\/h3><p class=\"entry-summary\">Le Portugal est un pays magnifique avec des c\u00f4tes magnifiques, une histoire riche et des&hellip;<\/p>\r\n\t\t\t\t\t\t<div class=\"p-meta has-bookmark\">\r\n\t\t\t\t<div class=\"meta-inner is-meta\">\r\n\t\t\t\t\t\t\t<span class=\"meta-el meta-read\"><i class=\"rbi rbi-watch\" aria-hidden=\"true\"><\/i>1 Min Read<\/span>\r\n\t\t\t\t\t\t<\/div>\r\n\t\t\t\t<span class=\"rb-bookmark bookmark-trigger\" data-pid=\"14084\"><\/span>\t\t\t<\/div>\r\n\t\t\t\t<\/div>\r\n\t\t\t\t<\/div>\r\n\t\t\t<div class=\"p-wrap p-small p-list-small-1\" data-pid=\"13760\">\r\n\t\t\t<div class=\"p-content\">\r\n\t\t\t<div class=\"p-categories p-top\"><a class=\"p-category category-id-2\" href=\"https:\/\/thelatin.news\/category\/news\/business\/\" rel=\"category\">Business<\/a><a class=\"p-category category-id-3233\" href=\"https:\/\/thelatin.news\/fr\/category\/news-fr\/entreprise\/\" rel=\"category\">Entreprise<\/a><a class=\"p-category category-id-3239\" href=\"https:\/\/thelatin.news\/fr\/category\/news-fr\/portugal-fr\/\" rel=\"category\">le Portugal<\/a><a class=\"p-category category-id-83\" href=\"https:\/\/thelatin.news\/category\/news\/portugal\/\" rel=\"category\">Portugal<\/a><\/div><h3 class=\"entry-title\">\t\t<a class=\"p-url\" href=\"https:\/\/thelatin.news\/fr\/au-portugal-des-avantages-fiscaux-pour-les-etrangers-mais-pas-pour-les-retraites\/\" rel=\"bookmark\">Au Portugal, des avantages fiscaux pour les \u00e9trangers, mais pas pour les retrait\u00e9s<\/a><\/h3><p class=\"entry-summary\">Lisbonne amorce une marche arri\u00e8re. Le nouveau gouvernement portugais tente de conserver un r\u00e9gime fiscal&hellip;<\/p>\r\n\t\t\t\t\t\t<div class=\"p-meta has-bookmark\">\r\n\t\t\t\t<div class=\"meta-inner is-meta\">\r\n\t\t\t\t\t\t\t<span class=\"meta-el meta-read\"><i class=\"rbi rbi-watch\" aria-hidden=\"true\"><\/i>1 Min Read<\/span>\r\n\t\t\t\t\t\t<\/div>\r\n\t\t\t\t<span class=\"rb-bookmark bookmark-trigger\" data-pid=\"13760\"><\/span>\t\t\t<\/div>\r\n\t\t\t\t<\/div>\r\n\t\t\t\t<\/div>\r\n\t\t\t<div class=\"p-wrap p-small p-list-small-1\" data-pid=\"13759\">\r\n\t\t\t<div class=\"p-content\">\r\n\t\t\t<div class=\"p-categories p-top\"><a class=\"p-category category-id-3239\" href=\"https:\/\/thelatin.news\/fr\/category\/news-fr\/portugal-fr\/\" rel=\"category\">le Portugal<\/a><a class=\"p-category category-id-3237\" href=\"https:\/\/thelatin.news\/fr\/category\/news-fr\/mode-de-vie\/\" rel=\"category\">Lifestyle<\/a><a class=\"p-category category-id-5\" href=\"https:\/\/thelatin.news\/category\/news\/lifestyle\/\" rel=\"category\">Lifestyle<\/a><a class=\"p-category category-id-83\" href=\"https:\/\/thelatin.news\/category\/news\/portugal\/\" rel=\"category\">Portugal<\/a><\/div><h3 class=\"entry-title\">\t\t<a class=\"p-url\" href=\"https:\/\/thelatin.news\/fr\/vous-souhaitez-vous-installer-au-portugal-avec-un-d7-ou-un-d2-decouvrez-la-vie-luxueuse-au-portugal-lors-de-notre-road-show-immobilier-exclusif-sur-la-cote-ouest\/\" rel=\"bookmark\">Vous souhaitez vous installer au Portugal avec un D7 ou un D2 ? D\u00e9couvrez la vie luxueuse au Portugal lors de notre Road Show immobilier exclusif sur la c\u00f4te ouest.<\/a><\/h3><p class=\"entry-summary\">S'il est de notori\u00e9t\u00e9 publique que les Am\u00e9ricains d\u00e9couvrent le Portugal comme destination touristique, ce&hellip;<\/p>\r\n\t\t\t\t\t\t<div class=\"p-meta has-bookmark\">\r\n\t\t\t\t<div class=\"meta-inner is-meta\">\r\n\t\t\t\t\t\t\t<span class=\"meta-el meta-read\"><i class=\"rbi rbi-watch\" aria-hidden=\"true\"><\/i>1 Min Read<\/span>\r\n\t\t\t\t\t\t<\/div>\r\n\t\t\t\t<span class=\"rb-bookmark bookmark-trigger\" data-pid=\"13759\"><\/span>\t\t\t<\/div>\r\n\t\t\t\t<\/div>\r\n\t\t\t\t<\/div>\r\n\t\t\t<div class=\"p-wrap p-small p-list-small-1\" data-pid=\"13412\">\r\n\t\t\t<div class=\"p-content\">\r\n\t\t\t<div class=\"p-categories p-top\"><a class=\"p-category category-id-2\" href=\"https:\/\/thelatin.news\/category\/news\/business\/\" rel=\"category\">Business<\/a><a class=\"p-category category-id-3233\" href=\"https:\/\/thelatin.news\/fr\/category\/news-fr\/entreprise\/\" rel=\"category\">Entreprise<\/a><a class=\"p-category category-id-3239\" href=\"https:\/\/thelatin.news\/fr\/category\/news-fr\/portugal-fr\/\" rel=\"category\">le Portugal<\/a><a class=\"p-category category-id-83\" href=\"https:\/\/thelatin.news\/category\/news\/portugal\/\" rel=\"category\">Portugal<\/a><\/div><h3 class=\"entry-title\">\t\t<a class=\"p-url\" href=\"https:\/\/thelatin.news\/fr\/lentreprise-portugaise-casa-mendes-goncalves-vise-le-marche-marocain-pour-doubler-son-chiffre-daffaires\/\" rel=\"bookmark\">L&rsquo;entreprise portugaise \u00ab\u00a0Casa Mendes Gon\u00e7alves\u00a0\u00bb vise le march\u00e9 marocain pour doubler son chiffre d&rsquo;affaires<\/a><\/h3><p class=\"entry-summary\">L'entreprise portugaise \"Casa Mendes Gon\u00e7alves\" d\u00e9di\u00e9e \u00e0 des produits tels que les moutardes, la mayonnaise&hellip;<\/p>\r\n\t\t\t\t\t\t<div class=\"p-meta has-bookmark\">\r\n\t\t\t\t<div class=\"meta-inner is-meta\">\r\n\t\t\t\t\t\t\t<span class=\"meta-el meta-read\"><i class=\"rbi rbi-watch\" aria-hidden=\"true\"><\/i>1 Min Read<\/span>\r\n\t\t\t\t\t\t<\/div>\r\n\t\t\t\t<span class=\"rb-bookmark bookmark-trigger\" data-pid=\"13412\"><\/span>\t\t\t<\/div>\r\n\t\t\t\t<\/div>\r\n\t\t\t\t<\/div>\r\n\t\t\t<div class=\"p-wrap p-small p-list-small-1\" data-pid=\"13411\">\r\n\t\t\t<div class=\"p-content\">\r\n\t\t\t<div class=\"p-categories p-top\"><a class=\"p-category category-id-3239\" href=\"https:\/\/thelatin.news\/fr\/category\/news-fr\/portugal-fr\/\" rel=\"category\">le Portugal<\/a><a class=\"p-category category-id-5\" href=\"https:\/\/thelatin.news\/category\/news\/lifestyle\/\" rel=\"category\">Lifestyle<\/a><a class=\"p-category category-id-3237\" href=\"https:\/\/thelatin.news\/fr\/category\/news-fr\/mode-de-vie\/\" rel=\"category\">Lifestyle<\/a><a class=\"p-category category-id-83\" href=\"https:\/\/thelatin.news\/category\/news\/portugal\/\" rel=\"category\">Portugal<\/a><\/div><h3 class=\"entry-title\">\t\t<a class=\"p-url\" href=\"https:\/\/thelatin.news\/fr\/le-soleil-la-tranquillite-et-la-flexibilite-du-mode-de-vie-attirent-les-retraites-au-portugal\/\" rel=\"bookmark\">Le soleil, la tranquillit\u00e9 et la flexibilit\u00e9 du mode de vie attirent les retrait\u00e9s au Portugal<\/a><\/h3><p class=\"entry-summary\">Pour Patricia Wells, quitter le Royaume-Uni pour s'installer au Portugal a \u00e9t\u00e9 le d\u00e9but d'une&hellip;<\/p>\r\n\t\t\t\t\t\t<div class=\"p-meta has-bookmark\">\r\n\t\t\t\t<div class=\"meta-inner is-meta\">\r\n\t\t\t\t\t\t\t<span class=\"meta-el meta-read\"><i class=\"rbi rbi-watch\" aria-hidden=\"true\"><\/i>1 Min Read<\/span>\r\n\t\t\t\t\t\t<\/div>\r\n\t\t\t\t<span class=\"rb-bookmark bookmark-trigger\" data-pid=\"13411\"><\/span>\t\t\t<\/div>\r\n\t\t\t\t<\/div>\r\n\t\t\t\t<\/div>\r\n\t\t\t<div class=\"p-wrap p-small p-list-small-1\" data-pid=\"12585\">\r\n\t\t\t<div class=\"p-content\">\r\n\t\t\t<div class=\"p-categories p-top\"><a class=\"p-category category-id-2\" href=\"https:\/\/thelatin.news\/category\/news\/business\/\" rel=\"category\">Business<\/a><a class=\"p-category category-id-3233\" href=\"https:\/\/thelatin.news\/fr\/category\/news-fr\/entreprise\/\" rel=\"category\">Entreprise<\/a><a class=\"p-category category-id-3239\" href=\"https:\/\/thelatin.news\/fr\/category\/news-fr\/portugal-fr\/\" rel=\"category\">le Portugal<\/a><a class=\"p-category category-id-83\" href=\"https:\/\/thelatin.news\/category\/news\/portugal\/\" rel=\"category\">Portugal<\/a><\/div><h3 class=\"entry-title\">\t\t<a class=\"p-url\" href=\"https:\/\/thelatin.news\/fr\/la-societe-portugaise-eneida-obtient-un-financement-de-10-5-millions-deuros\/\" rel=\"bookmark\">La soci\u00e9t\u00e9 portugaise Eneida obtient un financement de 10.5 millions d&rsquo;euros<\/a><\/h3><p class=\"entry-summary\">Eneida, bas\u00e9e \u00e0 Coimbra, au Portugal, une soci\u00e9t\u00e9 sp\u00e9cialis\u00e9e dans l'intelligence des r\u00e9seaux de quartier&hellip;<\/p>\r\n\t\t\t\t\t\t<div class=\"p-meta has-bookmark\">\r\n\t\t\t\t<div class=\"meta-inner is-meta\">\r\n\t\t\t\t\t\t\t<span class=\"meta-el meta-read\"><i class=\"rbi rbi-watch\" aria-hidden=\"true\"><\/i>1 Min Read<\/span>\r\n\t\t\t\t\t\t<\/div>\r\n\t\t\t\t<span class=\"rb-bookmark bookmark-trigger\" data-pid=\"12585\"><\/span>\t\t\t<\/div>\r\n\t\t\t\t<\/div>\r\n\t\t\t\t<\/div>\r\n\t\t\t<div class=\"p-wrap p-small p-list-small-1\" data-pid=\"12584\">\r\n\t\t\t<div class=\"p-content\">\r\n\t\t\t<div class=\"p-categories p-top\"><a class=\"p-category category-id-3234\" href=\"https:\/\/thelatin.news\/fr\/category\/news-fr\/entertainment-fr\/\" rel=\"category\">Divertissement<\/a><a class=\"p-category category-id-82\" href=\"https:\/\/thelatin.news\/category\/news\/entertainment\/\" rel=\"category\">Entertainment<\/a><a class=\"p-category category-id-3239\" href=\"https:\/\/thelatin.news\/fr\/category\/news-fr\/portugal-fr\/\" rel=\"category\">le Portugal<\/a><a class=\"p-category category-id-83\" href=\"https:\/\/thelatin.news\/category\/news\/portugal\/\" rel=\"category\">Portugal<\/a><\/div><h3 class=\"entry-title\">\t\t<a class=\"p-url\" href=\"https:\/\/thelatin.news\/fr\/payerne-veut-soigner-ses-liens-avec-mira-au-portugal-avec-un-film\/\" rel=\"bookmark\">Payerne veut soigner ses liens avec Mira au Portugal avec un film<\/a><\/h3><p class=\"entry-summary\">\u2013 L\u2019idylle entre Payerne et Mira port\u00e9e \u00e0 l\u2019\u00e9cranUne d\u00e9l\u00e9gation se d\u00e9placera dans la ville&hellip;<\/p>\r\n\t\t\t\t\t\t<div class=\"p-meta has-bookmark\">\r\n\t\t\t\t<div class=\"meta-inner is-meta\">\r\n\t\t\t\t\t\t\t<span class=\"meta-el meta-read\"><i class=\"rbi rbi-watch\" aria-hidden=\"true\"><\/i>1 Min Read<\/span>\r\n\t\t\t\t\t\t<\/div>\r\n\t\t\t\t<span class=\"rb-bookmark bookmark-trigger\" data-pid=\"12584\"><\/span>\t\t\t<\/div>\r\n\t\t\t\t<\/div>\r\n\t\t\t\t<\/div>\r\n\t<\/div>\t\t<div class=\"pagination-wrap pagination-loadmore\">\r\n\t\t\t<a href=\"#\" class=\"loadmore-trigger\"><span>Afficher plus\n<\/span><i class=\"rb-loader\" aria-hidden=\"true\"><\/i><\/a>\r\n\t\t<\/div>\r\n\t\t<\/div>\t\t<\/div>\n\t\t\t\t<\/div>\n\t\t\t\t\t<\/div>\n\t\t<\/div>\n\t\t\t\t\t<\/div>\n\t\t<\/section>\n\t\t\t\t<section class=\"elementor-section elementor-top-section elementor-element elementor-element-354033e elementor-section-boxed elementor-section-height-default elementor-section-height-default\" data-id=\"354033e\" data-element_type=\"section\">\n\t\t\t\t\t\t<div class=\"elementor-container elementor-column-gap-custom\">\n\t\t\t\t\t<div class=\"elementor-column elementor-col-100 elementor-top-column elementor-element elementor-element-064bb3e\" data-id=\"064bb3e\" data-element_type=\"column\">\n\t\t\t<div class=\"elementor-widget-wrap elementor-element-populated\">\n\t\t\t\t\t\t<div class=\"elementor-element elementor-element-0fc4619 elementor-widget elementor-widget-foxiz-heading\" data-id=\"0fc4619\" data-element_type=\"widget\" data-widget_type=\"foxiz-heading.default\">\n\t\t\t\t<div class=\"elementor-widget-container\">\n\t\t\t<div id=\"uid_0fc4619\" class=\"block-h heading-layout-5\"><div class=\"heading-inner\"><h3 class=\"heading-title\"><a href=\"https:\/\/thelatin.news\/fr\/category\/news-fr\/italy-fr\/\">Italie<\/a><\/h3><div class=\"heading-tagline h6\"><a class=\"heading-tagline-label\" href=\"https:\/\/thelatin.news\/fr\/category\/news-fr\/italy-fr\/\">Voir tout<\/a><i class=\"rbi rbi-cright heading-tagline-icon\" aria-hidden=\"true\"><\/i><\/div><\/div><\/div>\t\t<\/div>\n\t\t\t\t<\/div>\n\t\t\t\t<div class=\"elementor-element elementor-element-373d4fb elementor-widget elementor-widget-foxiz-list-small-1\" data-id=\"373d4fb\" data-element_type=\"widget\" data-widget_type=\"foxiz-list-small-1.default\">\n\t\t\t\t<div class=\"elementor-widget-container\">\n\t\t\t<div id=\"uid_373d4fb\" class=\"block-wrap block-small block-list block-list-small-1 short-pagination rb-columns rb-col-5 rb-tcol-4 rb-mcol-1 is-gap-custom col-border is-border-gray bottom-border is-b-border-gray no-last-bb ecat-bg-4 meta-s-default\"><div class=\"block-inner\">\t\t<div class=\"p-wrap p-small p-list-small-1\" data-pid=\"15391\">\r\n\t\t\t<div class=\"p-content\">\r\n\t\t\t<div class=\"p-categories p-top\"><a class=\"p-category category-id-3242\" href=\"https:\/\/thelatin.news\/fr\/category\/news-fr\/sports-fr\/\" rel=\"category\">Des sports<\/a><a class=\"p-category category-id-3241\" href=\"https:\/\/thelatin.news\/fr\/category\/news-fr\/spain-fr\/\" rel=\"category\">Espagne<\/a><a class=\"p-category category-id-84\" href=\"https:\/\/thelatin.news\/category\/news\/spain\/\" rel=\"category\">Spain<\/a><a class=\"p-category category-id-3\" href=\"https:\/\/thelatin.news\/category\/news\/sports\/\" rel=\"category\">Sports<\/a><\/div><h3 class=\"entry-title\">\t\t<a class=\"p-url\" href=\"https:\/\/thelatin.news\/fr\/football-la-france-toujours-deuxieme-au-classement-fifa-devant-lespagne\/\" rel=\"bookmark\">Football\u00a0: la France toujours deuxi\u00e8me au classement Fifa devant l\u2019Espagne<\/a><\/h3><p class=\"entry-summary\">Le classement mensuel de la Fifa vient d\u2019\u00eatre publi\u00e9. Et la France maintient toujours sa&hellip;<\/p>\r\n\t\t\t\t\t\t<div class=\"p-meta has-bookmark\">\r\n\t\t\t\t<div class=\"meta-inner is-meta\">\r\n\t\t\t\t\t\t\t<span class=\"meta-el meta-read\"><i class=\"rbi rbi-watch\" aria-hidden=\"true\"><\/i>1 Min Read<\/span>\r\n\t\t\t\t\t\t<\/div>\r\n\t\t\t\t<span class=\"rb-bookmark bookmark-trigger\" data-pid=\"15391\"><\/span>\t\t\t<\/div>\r\n\t\t\t\t<\/div>\r\n\t\t\t\t<\/div>\r\n\t\t\t<div class=\"p-wrap p-small p-list-small-1\" data-pid=\"15390\">\r\n\t\t\t<div class=\"p-content\">\r\n\t\t\t<div class=\"p-categories p-top\"><a class=\"p-category category-id-3241\" href=\"https:\/\/thelatin.news\/fr\/category\/news-fr\/spain-fr\/\" rel=\"category\">Espagne<\/a><a class=\"p-category category-id-84\" href=\"https:\/\/thelatin.news\/category\/news\/spain\/\" rel=\"category\">Spain<\/a><a class=\"p-category category-id-3215\" href=\"https:\/\/thelatin.news\/category\/news\/travel\/\" rel=\"category\">Travel<\/a><a class=\"p-category category-id-3244\" href=\"https:\/\/thelatin.news\/fr\/category\/news-fr\/travel-fr\/\" rel=\"category\">Voyage<\/a><\/div><h3 class=\"entry-title\">\t\t<a class=\"p-url\" href=\"https:\/\/thelatin.news\/fr\/lespagne-va-faciliter-le-permis-de-sejour-et-de-travail-aux-etrangers\/\" rel=\"bookmark\">L\u2019Espagne va faciliter le permis de s\u00e9jour et de travail aux \u00e9trangers<\/a><\/h3><p class=\"entry-summary\">En Espagne, une nouvelle loi sur l'immigration, actuellement en phase de finalisation par le minist\u00e8re&hellip;<\/p>\r\n\t\t\t\t\t\t<div class=\"p-meta has-bookmark\">\r\n\t\t\t\t<div class=\"meta-inner is-meta\">\r\n\t\t\t\t\t\t\t<span class=\"meta-el meta-read\"><i class=\"rbi rbi-watch\" aria-hidden=\"true\"><\/i>1 Min Read<\/span>\r\n\t\t\t\t\t\t<\/div>\r\n\t\t\t\t<span class=\"rb-bookmark bookmark-trigger\" data-pid=\"15390\"><\/span>\t\t\t<\/div>\r\n\t\t\t\t<\/div>\r\n\t\t\t\t<\/div>\r\n\t\t\t<div class=\"p-wrap p-small p-list-small-1\" data-pid=\"15389\">\r\n\t\t\t<div class=\"p-content\">\r\n\t\t\t<div class=\"p-categories p-top\"><a class=\"p-category category-id-3241\" href=\"https:\/\/thelatin.news\/fr\/category\/news-fr\/spain-fr\/\" rel=\"category\">Espagne<\/a><a class=\"p-category category-id-84\" href=\"https:\/\/thelatin.news\/category\/news\/spain\/\" rel=\"category\">Spain<\/a><a class=\"p-category category-id-3243\" href=\"https:\/\/thelatin.news\/fr\/category\/news-fr\/technology-fr\/\" rel=\"category\">Technologie<\/a><a class=\"p-category category-id-7\" href=\"https:\/\/thelatin.news\/category\/news\/technology\/\" rel=\"category\">Technology<\/a><\/div><h3 class=\"entry-title\">\t\t<a class=\"p-url\" href=\"https:\/\/thelatin.news\/fr\/edp-teste-une-technologie-dautomatisation-pour-la-construction-dun-parc-solaire-en-espagne-pv-magazine-france\/\" rel=\"bookmark\">EDP teste une technologie d\u2019automatisation pour la construction d\u2019un parc solaire en Espagne \u2013 pv magazine France<\/a><\/h3><p class=\"entry-summary\">L\u2019\u00e9nerg\u00e9ticien portugais fait appel au concepteur de machines-outils italien Comau. Le d\u00e9monstrateur men\u00e9 \u00e0 Valladolid&hellip;<\/p>\r\n\t\t\t\t\t\t<div class=\"p-meta has-bookmark\">\r\n\t\t\t\t<div class=\"meta-inner is-meta\">\r\n\t\t\t\t\t\t\t<span class=\"meta-el meta-read\"><i class=\"rbi rbi-watch\" aria-hidden=\"true\"><\/i>0 Min Read<\/span>\r\n\t\t\t\t\t\t<\/div>\r\n\t\t\t\t<span class=\"rb-bookmark bookmark-trigger\" data-pid=\"15389\"><\/span>\t\t\t<\/div>\r\n\t\t\t\t<\/div>\r\n\t\t\t\t<\/div>\r\n\t\t\t<div class=\"p-wrap p-small p-list-small-1\" data-pid=\"14083\">\r\n\t\t\t<div class=\"p-content\">\r\n\t\t\t<div class=\"p-categories p-top\"><a class=\"p-category category-id-3242\" href=\"https:\/\/thelatin.news\/fr\/category\/news-fr\/sports-fr\/\" rel=\"category\">Des sports<\/a><a class=\"p-category category-id-3241\" href=\"https:\/\/thelatin.news\/fr\/category\/news-fr\/spain-fr\/\" rel=\"category\">Espagne<\/a><a class=\"p-category category-id-84\" href=\"https:\/\/thelatin.news\/category\/news\/spain\/\" rel=\"category\">Spain<\/a><a class=\"p-category category-id-3\" href=\"https:\/\/thelatin.news\/category\/news\/sports\/\" rel=\"category\">Sports<\/a><\/div><h3 class=\"entry-title\">\t\t<a class=\"p-url\" href=\"https:\/\/thelatin.news\/fr\/espagne-jesus-navas-dit-adieu-a-la-roja\/\" rel=\"bookmark\">Espagne : Jes\u00fas Navas dit adieu \u00e0 la Roja<\/a><\/h3><p class=\"entry-summary\">Toujours pr\u00e9cieux, il aurait pu ajouter quelques s\u00e9lections en plus \u00e0 son CV qui en&hellip;<\/p>\r\n\t\t\t\t\t\t<div class=\"p-meta has-bookmark\">\r\n\t\t\t\t<div class=\"meta-inner is-meta\">\r\n\t\t\t\t\t\t\t<span class=\"meta-el meta-read\"><i class=\"rbi rbi-watch\" aria-hidden=\"true\"><\/i>1 Min Read<\/span>\r\n\t\t\t\t\t\t<\/div>\r\n\t\t\t\t<span class=\"rb-bookmark bookmark-trigger\" data-pid=\"14083\"><\/span>\t\t\t<\/div>\r\n\t\t\t\t<\/div>\r\n\t\t\t\t<\/div>\r\n\t\t\t<div class=\"p-wrap p-small p-list-small-1\" data-pid=\"14082\">\r\n\t\t\t<div class=\"p-content\">\r\n\t\t\t<div class=\"p-categories p-top\"><a class=\"p-category category-id-3241\" href=\"https:\/\/thelatin.news\/fr\/category\/news-fr\/spain-fr\/\" rel=\"category\">Espagne<\/a><a class=\"p-category category-id-84\" href=\"https:\/\/thelatin.news\/category\/news\/spain\/\" rel=\"category\">Spain<\/a><a class=\"p-category category-id-3215\" href=\"https:\/\/thelatin.news\/category\/news\/travel\/\" rel=\"category\">Travel<\/a><a class=\"p-category category-id-3244\" href=\"https:\/\/thelatin.news\/fr\/category\/news-fr\/travel-fr\/\" rel=\"category\">Voyage<\/a><\/div><h3 class=\"entry-title\">\t\t<a class=\"p-url\" href=\"https:\/\/thelatin.news\/fr\/salaire-et-visa-schengen-fournis\/\" rel=\"bookmark\">Salaire et visa Schengen fournis<\/a><\/h3><p class=\"entry-summary\">- Publicit\u00e9 - Guide Voyages \u2013 Une organisation en Espagnole propose une opportunit\u00e9 de volontariat&hellip;<\/p>\r\n\t\t\t\t\t\t<div class=\"p-meta has-bookmark\">\r\n\t\t\t\t<div class=\"meta-inner is-meta\">\r\n\t\t\t\t\t\t\t<span class=\"meta-el meta-read\"><i class=\"rbi rbi-watch\" aria-hidden=\"true\"><\/i>1 Min Read<\/span>\r\n\t\t\t\t\t\t<\/div>\r\n\t\t\t\t<span class=\"rb-bookmark bookmark-trigger\" data-pid=\"14082\"><\/span>\t\t\t<\/div>\r\n\t\t\t\t<\/div>\r\n\t\t\t\t<\/div>\r\n\t\t\t<div class=\"p-wrap p-small p-list-small-1\" data-pid=\"14081\">\r\n\t\t\t<div class=\"p-content\">\r\n\t\t\t<div class=\"p-categories p-top\"><a class=\"p-category category-id-3241\" href=\"https:\/\/thelatin.news\/fr\/category\/news-fr\/spain-fr\/\" rel=\"category\">Espagne<\/a><a class=\"p-category category-id-84\" href=\"https:\/\/thelatin.news\/category\/news\/spain\/\" rel=\"category\">Spain<\/a><a class=\"p-category category-id-3243\" href=\"https:\/\/thelatin.news\/fr\/category\/news-fr\/technology-fr\/\" rel=\"category\">Technologie<\/a><a class=\"p-category category-id-7\" href=\"https:\/\/thelatin.news\/category\/news\/technology\/\" rel=\"category\">Technology<\/a><\/div><h3 class=\"entry-title\">\t\t<a class=\"p-url\" href=\"https:\/\/thelatin.news\/fr\/irhythm-technologies-elargit-sa-portee-mondiale-avec-le-lancement-en-autriche-aux-pays-bas-en-suisse-et-en-espagne-du-service-de-surveillance-de-larythmie-cardiaque-zio\/\" rel=\"bookmark\">iRhythm Technologies \u00e9largit sa port\u00e9e mondiale avec le lancement, en Autriche, aux Pays-Bas, en Suisse et en Espagne, du service de surveillance de l\u2019arythmie cardiaque Zio\u00ae<\/a><\/h3><p class=\"entry-summary\">La surveillance continue \u00e0 long terme (long term continuous monitoring, LTCM) Zio service comprend un&hellip;<\/p>\r\n\t\t\t\t\t\t<div class=\"p-meta has-bookmark\">\r\n\t\t\t\t<div class=\"meta-inner is-meta\">\r\n\t\t\t\t\t\t\t<span class=\"meta-el meta-read\"><i class=\"rbi rbi-watch\" aria-hidden=\"true\"><\/i>1 Min Read<\/span>\r\n\t\t\t\t\t\t<\/div>\r\n\t\t\t\t<span class=\"rb-bookmark bookmark-trigger\" data-pid=\"14081\"><\/span>\t\t\t<\/div>\r\n\t\t\t\t<\/div>\r\n\t\t\t\t<\/div>\r\n\t\t\t<div class=\"p-wrap p-small p-list-small-1\" data-pid=\"13758\">\r\n\t\t\t<div class=\"p-content\">\r\n\t\t\t<div class=\"p-categories p-top\"><a class=\"p-category category-id-3242\" href=\"https:\/\/thelatin.news\/fr\/category\/news-fr\/sports-fr\/\" rel=\"category\">Des sports<\/a><a class=\"p-category category-id-3241\" href=\"https:\/\/thelatin.news\/fr\/category\/news-fr\/spain-fr\/\" rel=\"category\">Espagne<\/a><a class=\"p-category category-id-84\" href=\"https:\/\/thelatin.news\/category\/news\/spain\/\" rel=\"category\">Spain<\/a><a class=\"p-category category-id-3\" href=\"https:\/\/thelatin.news\/category\/news\/sports\/\" rel=\"category\">Sports<\/a><\/div><h3 class=\"entry-title\">\t\t<a class=\"p-url\" href=\"https:\/\/thelatin.news\/fr\/ben-oconnor-menace-le-maillot-rouge-de-primoz-roglic-suivez-la-6e-etape\/\" rel=\"bookmark\">Ben O&rsquo;Connor menace le maillot rouge de Primoz Roglic&#8230; Suivez la 6e\u00a0\u00e9tape<\/a><\/h3><p class=\"entry-summary\">Entre Jerez de la Frontera et Yunquera, le peloton devra gravir quatre cols sur les&hellip;<\/p>\r\n\t\t\t\t\t\t<div class=\"p-meta has-bookmark\">\r\n\t\t\t\t<div class=\"meta-inner is-meta\">\r\n\t\t\t\t\t\t\t<span class=\"meta-el meta-read\"><i class=\"rbi rbi-watch\" aria-hidden=\"true\"><\/i>0 Min Read<\/span>\r\n\t\t\t\t\t\t<\/div>\r\n\t\t\t\t<span class=\"rb-bookmark bookmark-trigger\" data-pid=\"13758\"><\/span>\t\t\t<\/div>\r\n\t\t\t\t<\/div>\r\n\t\t\t\t<\/div>\r\n\t\t\t<div class=\"p-wrap p-small p-list-small-1\" data-pid=\"13757\">\r\n\t\t\t<div class=\"p-content\">\r\n\t\t\t<div class=\"p-categories p-top\"><a class=\"p-category category-id-3241\" href=\"https:\/\/thelatin.news\/fr\/category\/news-fr\/spain-fr\/\" rel=\"category\">Espagne<\/a><a class=\"p-category category-id-84\" href=\"https:\/\/thelatin.news\/category\/news\/spain\/\" rel=\"category\">Spain<\/a><a class=\"p-category category-id-3215\" href=\"https:\/\/thelatin.news\/category\/news\/travel\/\" rel=\"category\">Travel<\/a><a class=\"p-category category-id-3244\" href=\"https:\/\/thelatin.news\/fr\/category\/news-fr\/travel-fr\/\" rel=\"category\">Voyage<\/a><\/div><h3 class=\"entry-title\">\t\t<a class=\"p-url\" href=\"https:\/\/thelatin.news\/fr\/deux-quartiers-de-barcelone-parmi-les-plus-beaux-despagne\/\" rel=\"bookmark\">Deux quartiers de Barcelone parmi les plus beaux d&rsquo;Espagne<\/a><\/h3><p class=\"entry-summary\">388 On le savait d\u00e9j\u00e0, Barcelone regorge de quartiers magnifiques. Au cas o\u00f9 on en&hellip;<\/p>\r\n\t\t\t\t\t\t<div class=\"p-meta has-bookmark\">\r\n\t\t\t\t<div class=\"meta-inner is-meta\">\r\n\t\t\t\t\t\t\t<span class=\"meta-el meta-read\"><i class=\"rbi rbi-watch\" aria-hidden=\"true\"><\/i>1 Min Read<\/span>\r\n\t\t\t\t\t\t<\/div>\r\n\t\t\t\t<span class=\"rb-bookmark bookmark-trigger\" data-pid=\"13757\"><\/span>\t\t\t<\/div>\r\n\t\t\t\t<\/div>\r\n\t\t\t\t<\/div>\r\n\t\t\t<div class=\"p-wrap p-small p-list-small-1\" data-pid=\"13756\">\r\n\t\t\t<div class=\"p-content\">\r\n\t\t\t<div class=\"p-categories p-top\"><a class=\"p-category category-id-3241\" href=\"https:\/\/thelatin.news\/fr\/category\/news-fr\/spain-fr\/\" rel=\"category\">Espagne<\/a><a class=\"p-category category-id-84\" href=\"https:\/\/thelatin.news\/category\/news\/spain\/\" rel=\"category\">Spain<\/a><a class=\"p-category category-id-3243\" href=\"https:\/\/thelatin.news\/fr\/category\/news-fr\/technology-fr\/\" rel=\"category\">Technologie<\/a><a class=\"p-category category-id-7\" href=\"https:\/\/thelatin.news\/category\/news\/technology\/\" rel=\"category\">Technology<\/a><\/div><h3 class=\"entry-title\">\t\t<a class=\"p-url\" href=\"https:\/\/thelatin.news\/fr\/otan-en-espagne-le-premier-agneau-genetiquement-modifie-lhistoire-de-theodore\/\" rel=\"bookmark\">OTAN en Espagne le premier agneau g\u00e9n\u00e9tiquement modifi\u00e9 : l&rsquo;histoire de Th\u00e9odore<\/a><\/h3><p class=\"entry-summary\">Un \u00e9v\u00e9nement marquant dans le domaine de la recherche g\u00e9n\u00e9tique a eu lieu avec la&hellip;<\/p>\r\n\t\t\t\t\t\t<div class=\"p-meta has-bookmark\">\r\n\t\t\t\t<div class=\"meta-inner is-meta\">\r\n\t\t\t\t\t\t\t<span class=\"meta-el meta-read\"><i class=\"rbi rbi-watch\" aria-hidden=\"true\"><\/i>1 Min Read<\/span>\r\n\t\t\t\t\t\t<\/div>\r\n\t\t\t\t<span class=\"rb-bookmark bookmark-trigger\" data-pid=\"13756\"><\/span>\t\t\t<\/div>\r\n\t\t\t\t<\/div>\r\n\t\t\t\t<\/div>\r\n\t\t\t<div class=\"p-wrap p-small p-list-small-1\" data-pid=\"13410\">\r\n\t\t\t<div class=\"p-content\">\r\n\t\t\t<div class=\"p-categories p-top\"><a class=\"p-category category-id-3242\" href=\"https:\/\/thelatin.news\/fr\/category\/news-fr\/sports-fr\/\" rel=\"category\">Des sports<\/a><a class=\"p-category category-id-3241\" href=\"https:\/\/thelatin.news\/fr\/category\/news-fr\/spain-fr\/\" rel=\"category\">Espagne<\/a><a class=\"p-category category-id-84\" href=\"https:\/\/thelatin.news\/category\/news\/spain\/\" rel=\"category\">Spain<\/a><a class=\"p-category category-id-3\" href=\"https:\/\/thelatin.news\/category\/news\/sports\/\" rel=\"category\">Sports<\/a><\/div><h3 class=\"entry-title\">\t\t<a class=\"p-url\" href=\"https:\/\/thelatin.news\/fr\/angleterre-espagne-plusieurs-pays-prives-de-ligue-1-ce-week-end\/\" rel=\"bookmark\">Angleterre, Espagne\u2026 plusieurs pays priv\u00e9s de Ligue 1 ce week-end<\/a><\/h3><p class=\"entry-summary\">Le championnat de France de Ligue 1 va bel et bien reprendre ses droits ce&hellip;<\/p>\r\n\t\t\t\t\t\t<div class=\"p-meta has-bookmark\">\r\n\t\t\t\t<div class=\"meta-inner is-meta\">\r\n\t\t\t\t\t\t\t<span class=\"meta-el meta-read\"><i class=\"rbi rbi-watch\" aria-hidden=\"true\"><\/i>1 Min Read<\/span>\r\n\t\t\t\t\t\t<\/div>\r\n\t\t\t\t<span class=\"rb-bookmark bookmark-trigger\" data-pid=\"13410\"><\/span>\t\t\t<\/div>\r\n\t\t\t\t<\/div>\r\n\t\t\t\t<\/div>\r\n\t<\/div>\t\t<div class=\"pagination-wrap pagination-loadmore\">\r\n\t\t\t<a href=\"#\" class=\"loadmore-trigger\"><span>Afficher plus\n<\/span><i class=\"rb-loader\" aria-hidden=\"true\"><\/i><\/a>\r\n\t\t<\/div>\r\n\t\t<\/div>\t\t<\/div>\n\t\t\t\t<\/div>\n\t\t\t\t\t<\/div>\n\t\t<\/div>\n\t\t\t\t\t<\/div>\n\t\t<\/section>\n\t\t\t\t<section class=\"elementor-section elementor-top-section elementor-element elementor-element-22b019a elementor-section-boxed elementor-section-height-default elementor-section-height-default\" data-id=\"22b019a\" data-element_type=\"section\">\n\t\t\t\t\t\t<div class=\"elementor-container elementor-column-gap-custom\">\n\t\t\t\t\t<div class=\"elementor-column elementor-col-100 elementor-top-column elementor-element elementor-element-bbed2d6\" data-id=\"bbed2d6\" data-element_type=\"column\">\n\t\t\t<div class=\"elementor-widget-wrap elementor-element-populated\">\n\t\t\t\t\t\t<div class=\"elementor-element elementor-element-d18c535 elementor-widget elementor-widget-foxiz-heading\" data-id=\"d18c535\" data-element_type=\"widget\" data-widget_type=\"foxiz-heading.default\">\n\t\t\t\t<div class=\"elementor-widget-container\">\n\t\t\t<div id=\"uid_d18c535\" class=\"block-h heading-layout-5\"><div class=\"heading-inner\"><h3 class=\"heading-title\"><a href=\"https:\/\/thelatin.news\/fr\/category\/news-fr\/portugal-fr\/\">Le Portugal<\/a><\/h3><div class=\"heading-tagline h6\"><a class=\"heading-tagline-label\" href=\"https:\/\/thelatin.news\/fr\/category\/news-fr\/portugal-fr\/\">Voir tout<\/a><i class=\"rbi rbi-cright heading-tagline-icon\" aria-hidden=\"true\"><\/i><\/div><\/div><\/div>\t\t<\/div>\n\t\t\t\t<\/div>\n\t\t\t\t<div class=\"elementor-element elementor-element-c34d8fa elementor-widget elementor-widget-foxiz-list-small-1\" data-id=\"c34d8fa\" data-element_type=\"widget\" data-widget_type=\"foxiz-list-small-1.default\">\n\t\t\t\t<div class=\"elementor-widget-container\">\n\t\t\t<div id=\"uid_c34d8fa\" class=\"block-wrap block-small block-list block-list-small-1 short-pagination rb-columns rb-col-5 rb-tcol-4 rb-mcol-1 is-gap-custom col-border is-border-gray bottom-border is-b-border-gray no-last-bb ecat-bg-4 meta-s-default\"><div class=\"block-inner\">\t\t<div class=\"p-wrap p-small p-list-small-1\" data-pid=\"15395\">\r\n\t\t\t<div class=\"p-content\">\r\n\t\t\t<div class=\"p-categories p-top\"><a class=\"p-category category-id-3242\" href=\"https:\/\/thelatin.news\/fr\/category\/news-fr\/sports-fr\/\" rel=\"category\">Des sports<\/a><a class=\"p-category category-id-3236\" href=\"https:\/\/thelatin.news\/fr\/category\/news-fr\/italy-fr\/\" rel=\"category\">Italie<\/a><a class=\"p-category category-id-85\" href=\"https:\/\/thelatin.news\/category\/news\/italy\/\" rel=\"category\">Italy<\/a><a class=\"p-category category-id-3\" href=\"https:\/\/thelatin.news\/category\/news\/sports\/\" rel=\"category\">Sports<\/a><\/div><h3 class=\"entry-title\">\t\t<a class=\"p-url\" href=\"https:\/\/thelatin.news\/fr\/bonucci-nouvel-entraineur-adjoint-des-espoirs\/\" rel=\"bookmark\">Bonucci, nouvel entra\u00eeneur adjoint des Espoirs<\/a><\/h3><p class=\"entry-summary\">Juba Touabi, Media365, publi\u00e9 le mardi 22 octobre 2024 \u00e0 20h45 Leonardo Bonucci, l'ancien d\u00e9fenseur&hellip;<\/p>\r\n\t\t\t\t\t\t<div class=\"p-meta has-bookmark\">\r\n\t\t\t\t<div class=\"meta-inner is-meta\">\r\n\t\t\t\t\t\t\t<span class=\"meta-el meta-read\"><i class=\"rbi rbi-watch\" aria-hidden=\"true\"><\/i>1 Min Read<\/span>\r\n\t\t\t\t\t\t<\/div>\r\n\t\t\t\t<span class=\"rb-bookmark bookmark-trigger\" data-pid=\"15395\"><\/span>\t\t\t<\/div>\r\n\t\t\t\t<\/div>\r\n\t\t\t\t<\/div>\r\n\t\t\t<div class=\"p-wrap p-small p-list-small-1\" data-pid=\"15394\">\r\n\t\t\t<div class=\"p-content\">\r\n\t\t\t<div class=\"p-categories p-top\"><a class=\"p-category category-id-3236\" href=\"https:\/\/thelatin.news\/fr\/category\/news-fr\/italy-fr\/\" rel=\"category\">Italie<\/a><a class=\"p-category category-id-85\" href=\"https:\/\/thelatin.news\/category\/news\/italy\/\" rel=\"category\">Italy<\/a><a class=\"p-category category-id-3243\" href=\"https:\/\/thelatin.news\/fr\/category\/news-fr\/technology-fr\/\" rel=\"category\">Technologie<\/a><a class=\"p-category category-id-7\" href=\"https:\/\/thelatin.news\/category\/news\/technology\/\" rel=\"category\">Technology<\/a><\/div><h3 class=\"entry-title\">\t\t<a class=\"p-url\" href=\"https:\/\/thelatin.news\/fr\/italie-tunisie-une-vision-partagee-pour-le-developpement-du-secteur-du-cuir\/\" rel=\"bookmark\">Italie-Tunisie : Une vision partag\u00e9e pour le d\u00e9veloppement du secteur du cuir<\/a><\/h3><p class=\"entry-summary\">\u00a0 Avec l\u2019inauguration d\u2019un cycle de deux jours consacr\u00e9s aux technologies italiennes de transformation du&hellip;<\/p>\r\n\t\t\t\t\t\t<div class=\"p-meta has-bookmark\">\r\n\t\t\t\t<div class=\"meta-inner is-meta\">\r\n\t\t\t\t\t\t\t<span class=\"meta-el meta-read\"><i class=\"rbi rbi-watch\" aria-hidden=\"true\"><\/i>1 Min Read<\/span>\r\n\t\t\t\t\t\t<\/div>\r\n\t\t\t\t<span class=\"rb-bookmark bookmark-trigger\" data-pid=\"15394\"><\/span>\t\t\t<\/div>\r\n\t\t\t\t<\/div>\r\n\t\t\t\t<\/div>\r\n\t\t\t<div class=\"p-wrap p-small p-list-small-1\" data-pid=\"14088\">\r\n\t\t\t<div class=\"p-content\">\r\n\t\t\t<div class=\"p-categories p-top\"><a class=\"p-category category-id-3242\" href=\"https:\/\/thelatin.news\/fr\/category\/news-fr\/sports-fr\/\" rel=\"category\">Des sports<\/a><a class=\"p-category category-id-3236\" href=\"https:\/\/thelatin.news\/fr\/category\/news-fr\/italy-fr\/\" rel=\"category\">Italie<\/a><a class=\"p-category category-id-85\" href=\"https:\/\/thelatin.news\/category\/news\/italy\/\" rel=\"category\">Italy<\/a><a class=\"p-category category-id-3\" href=\"https:\/\/thelatin.news\/category\/news\/sports\/\" rel=\"category\">Sports<\/a><\/div><h3 class=\"entry-title\">\t\t<a class=\"p-url\" href=\"https:\/\/thelatin.news\/fr\/amin-sarr-prete-en-italie\/\" rel=\"bookmark\">Amin Sarr pr\u00eat\u00e9 en Italie<\/a><\/h3><p class=\"entry-summary\">Amin Sarr ne jouera pas avec l\u2019Olympique Lyonnais cette saison. L\u2019attaquant su\u00e9dois d\u2019origine s\u00e9n\u00e9galaise part&hellip;<\/p>\r\n\t\t\t\t\t\t<div class=\"p-meta has-bookmark\">\r\n\t\t\t\t<div class=\"meta-inner is-meta\">\r\n\t\t\t\t\t\t\t<span class=\"meta-el meta-read\"><i class=\"rbi rbi-watch\" aria-hidden=\"true\"><\/i>1 Min Read<\/span>\r\n\t\t\t\t\t\t<\/div>\r\n\t\t\t\t<span class=\"rb-bookmark bookmark-trigger\" data-pid=\"14088\"><\/span>\t\t\t<\/div>\r\n\t\t\t\t<\/div>\r\n\t\t\t\t<\/div>\r\n\t\t\t<div class=\"p-wrap p-small p-list-small-1\" data-pid=\"14087\">\r\n\t\t\t<div class=\"p-content\">\r\n\t\t\t<div class=\"p-categories p-top\"><a class=\"p-category category-id-3236\" href=\"https:\/\/thelatin.news\/fr\/category\/news-fr\/italy-fr\/\" rel=\"category\">Italie<\/a><a class=\"p-category category-id-85\" href=\"https:\/\/thelatin.news\/category\/news\/italy\/\" rel=\"category\">Italy<\/a><a class=\"p-category category-id-3215\" href=\"https:\/\/thelatin.news\/category\/news\/travel\/\" rel=\"category\">Travel<\/a><a class=\"p-category category-id-3244\" href=\"https:\/\/thelatin.news\/fr\/category\/news-fr\/travel-fr\/\" rel=\"category\">Voyage<\/a><\/div><h3 class=\"entry-title\">\t\t<a class=\"p-url\" href=\"https:\/\/thelatin.news\/fr\/confidences-emouvantes-de-super-diamono-sur-modou-lo-vs-balla-gaye-2-son-voyage-en-italie\/\" rel=\"bookmark\">Confidences \u00e9mouvantes de Super Diamono sur Modou L\u00f4 vs Balla Gaye 2, son voyage en Italie\u2026<\/a><\/h3><p class=\"entry-summary\">Malick Mbaye,\u00a0connu sous le sobriquet de Super Diamono,\u00a0est\u00a0un ancien\u00a0pensionnaire\u00a0de l\u2019\u00e9curie Rock \u00c9nergie\u00a0des Parcelles assainies.\u00a0Le lutteur&hellip;<\/p>\r\n\t\t\t\t\t\t<div class=\"p-meta has-bookmark\">\r\n\t\t\t\t<div class=\"meta-inner is-meta\">\r\n\t\t\t\t\t\t\t<span class=\"meta-el meta-read\"><i class=\"rbi rbi-watch\" aria-hidden=\"true\"><\/i>1 Min Read<\/span>\r\n\t\t\t\t\t\t<\/div>\r\n\t\t\t\t<span class=\"rb-bookmark bookmark-trigger\" data-pid=\"14087\"><\/span>\t\t\t<\/div>\r\n\t\t\t\t<\/div>\r\n\t\t\t\t<\/div>\r\n\t\t\t<div class=\"p-wrap p-small p-list-small-1\" data-pid=\"14086\">\r\n\t\t\t<div class=\"p-content\">\r\n\t\t\t<div class=\"p-categories p-top\"><a class=\"p-category category-id-3236\" href=\"https:\/\/thelatin.news\/fr\/category\/news-fr\/italy-fr\/\" rel=\"category\">Italie<\/a><a class=\"p-category category-id-85\" href=\"https:\/\/thelatin.news\/category\/news\/italy\/\" rel=\"category\">Italy<\/a><a class=\"p-category category-id-3243\" href=\"https:\/\/thelatin.news\/fr\/category\/news-fr\/technology-fr\/\" rel=\"category\">Technologie<\/a><a class=\"p-category category-id-7\" href=\"https:\/\/thelatin.news\/category\/news\/technology\/\" rel=\"category\">Technology<\/a><\/div><h3 class=\"entry-title\">\t\t<a class=\"p-url\" href=\"https:\/\/thelatin.news\/fr\/le-milliardaire-technologique-mike-lynch-parmi-les-personnes-decedees-dans-laccident-de-bateau-en-italie\/\" rel=\"bookmark\">Le milliardaire technologique Mike Lynch parmi les personnes d\u00e9c\u00e9d\u00e9es dans l&rsquo;accident de bateau en Italie<\/a><\/h3><p class=\"entry-summary\">A quelques centaines de m\u00e8tres du port de Porticello, pr\u00e8s de Palerme, le yacht de&hellip;<\/p>\r\n\t\t\t\t\t\t<div class=\"p-meta has-bookmark\">\r\n\t\t\t\t<div class=\"meta-inner is-meta\">\r\n\t\t\t\t\t\t\t<span class=\"meta-el meta-read\"><i class=\"rbi rbi-watch\" aria-hidden=\"true\"><\/i>1 Min Read<\/span>\r\n\t\t\t\t\t\t<\/div>\r\n\t\t\t\t<span class=\"rb-bookmark bookmark-trigger\" data-pid=\"14086\"><\/span>\t\t\t<\/div>\r\n\t\t\t\t<\/div>\r\n\t\t\t\t<\/div>\r\n\t\t\t<div class=\"p-wrap p-small p-list-small-1\" data-pid=\"13763\">\r\n\t\t\t<div class=\"p-content\">\r\n\t\t\t<div class=\"p-categories p-top\"><a class=\"p-category category-id-3242\" href=\"https:\/\/thelatin.news\/fr\/category\/news-fr\/sports-fr\/\" rel=\"category\">Des sports<\/a><a class=\"p-category category-id-3236\" href=\"https:\/\/thelatin.news\/fr\/category\/news-fr\/italy-fr\/\" rel=\"category\">Italie<\/a><a class=\"p-category category-id-85\" href=\"https:\/\/thelatin.news\/category\/news\/italy\/\" rel=\"category\">Italy<\/a><a class=\"p-category category-id-3\" href=\"https:\/\/thelatin.news\/category\/news\/sports\/\" rel=\"category\">Sports<\/a><\/div><h3 class=\"entry-title\">\t\t<a class=\"p-url\" href=\"https:\/\/thelatin.news\/fr\/eliminee-par-litalie-en-quarts-de-finale-la-belgique-jouera-pour-les-places-5-a-8\/\" rel=\"bookmark\">Elimin\u00e9e par l&rsquo;Italie en quarts de finale, la Belgique jouera pour les places 5 \u00e0 8<\/a><\/h3><p class=\"entry-summary\">La Belgique a \u00e9t\u00e9 battue par l'Italie 68 \u00e0 62 (mi-temps: 38-34) en quarts de&hellip;<\/p>\r\n\t\t\t\t\t\t<div class=\"p-meta has-bookmark\">\r\n\t\t\t\t<div class=\"meta-inner is-meta\">\r\n\t\t\t\t\t\t\t<span class=\"meta-el meta-read\"><i class=\"rbi rbi-watch\" aria-hidden=\"true\"><\/i>1 Min Read<\/span>\r\n\t\t\t\t\t\t<\/div>\r\n\t\t\t\t<span class=\"rb-bookmark bookmark-trigger\" data-pid=\"13763\"><\/span>\t\t\t<\/div>\r\n\t\t\t\t<\/div>\r\n\t\t\t\t<\/div>\r\n\t\t\t<div class=\"p-wrap p-small p-list-small-1\" data-pid=\"13762\">\r\n\t\t\t<div class=\"p-content\">\r\n\t\t\t<div class=\"p-categories p-top\"><a class=\"p-category category-id-3236\" href=\"https:\/\/thelatin.news\/fr\/category\/news-fr\/italy-fr\/\" rel=\"category\">Italie<\/a><a class=\"p-category category-id-85\" href=\"https:\/\/thelatin.news\/category\/news\/italy\/\" rel=\"category\">Italy<\/a><a class=\"p-category category-id-3215\" href=\"https:\/\/thelatin.news\/category\/news\/travel\/\" rel=\"category\">Travel<\/a><a class=\"p-category category-id-3244\" href=\"https:\/\/thelatin.news\/fr\/category\/news-fr\/travel-fr\/\" rel=\"category\">Voyage<\/a><\/div><h3 class=\"entry-title\">\t\t<a class=\"p-url\" href=\"https:\/\/thelatin.news\/fr\/pour-49-euros-son-pass-rail-le-mene-de-la-rochelle-jusquen-italie\/\" rel=\"bookmark\">Pour 49 euros, son \u00ab\u00a0Pass Rail\u00a0\u00bb le m\u00e8ne de La\u00a0Rochelle jusqu\u2019en Italie<\/a><\/h3><p class=\"entry-summary\">Nil Jaunier a la bougeotte. Apr\u00e8s deux \u00e9changes dans le cadre du programme Erasmus +\u00a0en&hellip;<\/p>\r\n\t\t\t\t\t\t<div class=\"p-meta has-bookmark\">\r\n\t\t\t\t<div class=\"meta-inner is-meta\">\r\n\t\t\t\t\t\t\t<span class=\"meta-el meta-read\"><i class=\"rbi rbi-watch\" aria-hidden=\"true\"><\/i>1 Min Read<\/span>\r\n\t\t\t\t\t\t<\/div>\r\n\t\t\t\t<span class=\"rb-bookmark bookmark-trigger\" data-pid=\"13762\"><\/span>\t\t\t<\/div>\r\n\t\t\t\t<\/div>\r\n\t\t\t\t<\/div>\r\n\t\t\t<div class=\"p-wrap p-small p-list-small-1\" data-pid=\"13761\">\r\n\t\t\t<div class=\"p-content\">\r\n\t\t\t<div class=\"p-categories p-top\"><a class=\"p-category category-id-3236\" href=\"https:\/\/thelatin.news\/fr\/category\/news-fr\/italy-fr\/\" rel=\"category\">Italie<\/a><a class=\"p-category category-id-85\" href=\"https:\/\/thelatin.news\/category\/news\/italy\/\" rel=\"category\">Italy<\/a><a class=\"p-category category-id-3243\" href=\"https:\/\/thelatin.news\/fr\/category\/news-fr\/technology-fr\/\" rel=\"category\">Technologie<\/a><a class=\"p-category category-id-7\" href=\"https:\/\/thelatin.news\/category\/news\/technology\/\" rel=\"category\">Technology<\/a><\/div><h3 class=\"entry-title\">\t\t<a class=\"p-url\" href=\"https:\/\/thelatin.news\/fr\/litalie-vise-t-elle-la-place-de-la-marine-francaise-comme-puissance-maritime-dominante-en-mediterranee-avec-ces-deux-nouvelles-fregates-de-haute-technologie\/\" rel=\"bookmark\">L\u2019Italie vise-t-elle la place de la Marine fran\u00e7aise comme puissance maritime dominante en M\u00e9diterran\u00e9e avec ces deux nouvelles fr\u00e9gates de haute technologie ?<\/a><\/h3><p class=\"entry-summary\">L\u2019Italie vise-t-elle la place de la Marine fran\u00e7aise comme puissance maritime dominante en M\u00e9diterran\u00e9e avec&hellip;<\/p>\r\n\t\t\t\t\t\t<div class=\"p-meta has-bookmark\">\r\n\t\t\t\t<div class=\"meta-inner is-meta\">\r\n\t\t\t\t\t\t\t<span class=\"meta-el meta-read\"><i class=\"rbi rbi-watch\" aria-hidden=\"true\"><\/i>1 Min Read<\/span>\r\n\t\t\t\t\t\t<\/div>\r\n\t\t\t\t<span class=\"rb-bookmark bookmark-trigger\" data-pid=\"13761\"><\/span>\t\t\t<\/div>\r\n\t\t\t\t<\/div>\r\n\t\t\t\t<\/div>\r\n\t\t\t<div class=\"p-wrap p-small p-list-small-1\" data-pid=\"13415\">\r\n\t\t\t<div class=\"p-content\">\r\n\t\t\t<div class=\"p-categories p-top\"><a class=\"p-category category-id-3242\" href=\"https:\/\/thelatin.news\/fr\/category\/news-fr\/sports-fr\/\" rel=\"category\">Des sports<\/a><a class=\"p-category category-id-3236\" href=\"https:\/\/thelatin.news\/fr\/category\/news-fr\/italy-fr\/\" rel=\"category\">Italie<\/a><a class=\"p-category category-id-85\" href=\"https:\/\/thelatin.news\/category\/news\/italy\/\" rel=\"category\">Italy<\/a><a class=\"p-category category-id-3\" href=\"https:\/\/thelatin.news\/category\/news\/sports\/\" rel=\"category\">Sports<\/a><\/div><h3 class=\"entry-title\">\t\t<a class=\"p-url\" href=\"https:\/\/thelatin.news\/fr\/la-belgique-en-demi-finale-face-a-litalie-apres-six-victoires-en-sept-matchs-de-poule\/\" rel=\"bookmark\">La Belgique en demi-finale face \u00e0 l&rsquo;Italie apr\u00e8s six victoires en sept matchs de poule<\/a><\/h3><p class=\"entry-summary\">La Belgique s'est qualifi\u00e9e pour les demi-finales de l'Euro de volley U20 f\u00e9minin. Les jeunes&hellip;<\/p>\r\n\t\t\t\t\t\t<div class=\"p-meta has-bookmark\">\r\n\t\t\t\t<div class=\"meta-inner is-meta\">\r\n\t\t\t\t\t\t\t<span class=\"meta-el meta-read\"><i class=\"rbi rbi-watch\" aria-hidden=\"true\"><\/i>1 Min Read<\/span>\r\n\t\t\t\t\t\t<\/div>\r\n\t\t\t\t<span class=\"rb-bookmark bookmark-trigger\" data-pid=\"13415\"><\/span>\t\t\t<\/div>\r\n\t\t\t\t<\/div>\r\n\t\t\t\t<\/div>\r\n\t\t\t<div class=\"p-wrap p-small p-list-small-1\" data-pid=\"13414\">\r\n\t\t\t<div class=\"p-content\">\r\n\t\t\t<div class=\"p-categories p-top\"><a class=\"p-category category-id-3236\" href=\"https:\/\/thelatin.news\/fr\/category\/news-fr\/italy-fr\/\" rel=\"category\">Italie<\/a><a class=\"p-category category-id-85\" href=\"https:\/\/thelatin.news\/category\/news\/italy\/\" rel=\"category\">Italy<\/a><a class=\"p-category category-id-3215\" href=\"https:\/\/thelatin.news\/category\/news\/travel\/\" rel=\"category\">Travel<\/a><a class=\"p-category category-id-3244\" href=\"https:\/\/thelatin.news\/fr\/category\/news-fr\/travel-fr\/\" rel=\"category\">Voyage<\/a><\/div><h3 class=\"entry-title\">\t\t<a class=\"p-url\" href=\"https:\/\/thelatin.news\/fr\/les-cinq-applications-a-telecharger-absolument-avant-de-partir\/\" rel=\"bookmark\">les cinq applications \u00e0 t\u00e9l\u00e9charger absolument avant de partir<\/a><\/h3><p class=\"entry-summary\">Parce qu'un petit coup de pouce technologique est toujours bon \u00e0 prendre, Tech&amp;Co a s\u00e9lectionn\u00e9&hellip;<\/p>\r\n\t\t\t\t\t\t<div class=\"p-meta has-bookmark\">\r\n\t\t\t\t<div class=\"meta-inner is-meta\">\r\n\t\t\t\t\t\t\t<span class=\"meta-el meta-read\"><i class=\"rbi rbi-watch\" aria-hidden=\"true\"><\/i>1 Min Read<\/span>\r\n\t\t\t\t\t\t<\/div>\r\n\t\t\t\t<span class=\"rb-bookmark bookmark-trigger\" data-pid=\"13414\"><\/span>\t\t\t<\/div>\r\n\t\t\t\t<\/div>\r\n\t\t\t\t<\/div>\r\n\t<\/div>\t\t<div class=\"pagination-wrap pagination-loadmore\">\r\n\t\t\t<a href=\"#\" class=\"loadmore-trigger\"><span>Afficher plus\n<\/span><i class=\"rb-loader\" aria-hidden=\"true\"><\/i><\/a>\r\n\t\t<\/div>\r\n\t\t<\/div>\t\t<\/div>\n\t\t\t\t<\/div>\n\t\t\t\t\t<\/div>\n\t\t<\/div>\n\t\t\t\t\t<\/div>\n\t\t<\/section>\n\t\t\t\t<section class=\"elementor-section elementor-top-section elementor-element elementor-element-0b0cf0f elementor-section-boxed elementor-section-height-default elementor-section-height-default\" data-id=\"0b0cf0f\" data-element_type=\"section\">\n\t\t\t\t\t\t<div class=\"elementor-container elementor-column-gap-custom\">\n\t\t\t\t\t<div class=\"elementor-column elementor-col-100 elementor-top-column elementor-element elementor-element-324ea15\" data-id=\"324ea15\" data-element_type=\"column\">\n\t\t\t<div class=\"elementor-widget-wrap elementor-element-populated\">\n\t\t\t\t\t\t<div class=\"elementor-element elementor-element-ad4958c elementor-widget elementor-widget-foxiz-heading\" data-id=\"ad4958c\" data-element_type=\"widget\" data-widget_type=\"foxiz-heading.default\">\n\t\t\t\t<div class=\"elementor-widget-container\">\n\t\t\t<div id=\"uid_ad4958c\" class=\"block-h heading-layout-5\"><div class=\"heading-inner\"><h3 class=\"heading-title\"><a href=\"https:\/\/thelatin.news\/fr\/category\/news-fr\/spain-fr\/\">Espagne\n\n<\/a><\/h3><div class=\"heading-tagline h6\"><a class=\"heading-tagline-label\" href=\"https:\/\/thelatin.news\/fr\/category\/news-fr\/spain-fr\/\">Voir tout<\/a><i class=\"rbi rbi-cright heading-tagline-icon\" aria-hidden=\"true\"><\/i><\/div><\/div><\/div>\t\t<\/div>\n\t\t\t\t<\/div>\n\t\t\t\t<div class=\"elementor-element elementor-element-34ab81a elementor-widget elementor-widget-foxiz-list-small-1\" data-id=\"34ab81a\" data-element_type=\"widget\" data-widget_type=\"foxiz-list-small-1.default\">\n\t\t\t\t<div class=\"elementor-widget-container\">\n\t\t\t<div id=\"uid_34ab81a\" class=\"block-wrap block-small block-list block-list-small-1 short-pagination rb-columns rb-col-5 rb-tcol-4 rb-mcol-1 is-gap-custom col-border is-border-gray bottom-border is-b-border-gray no-last-bb ecat-bg-4 meta-s-default\"><div class=\"block-inner\">\t\t<div class=\"p-wrap p-small p-list-small-1\" data-pid=\"15404\">\r\n\t\t\t<div class=\"p-content\">\r\n\t\t\t<div class=\"p-categories p-top\"><a class=\"p-category category-id-86\" href=\"https:\/\/thelatin.news\/category\/news\/andora\/\" rel=\"category\">Andora<\/a><a class=\"p-category category-id-3232\" href=\"https:\/\/thelatin.news\/fr\/category\/news-fr\/andora-fr\/\" rel=\"category\">Andora<\/a><a class=\"p-category category-id-2\" href=\"https:\/\/thelatin.news\/category\/news\/business\/\" rel=\"category\">Business<\/a><a class=\"p-category category-id-3233\" href=\"https:\/\/thelatin.news\/fr\/category\/news-fr\/entreprise\/\" rel=\"category\">Entreprise<\/a><\/div><h3 class=\"entry-title\">\t\t<a class=\"p-url\" href=\"https:\/\/thelatin.news\/fr\/ce-jeu-de-societe-escape-game-a-moins-de-9-euros-est-adore-des-enfants\/\" rel=\"bookmark\">Ce jeu de soci\u00e9t\u00e9 Escape Game \u00e0 moins de 9 euros est ador\u00e9 des enfants<\/a><\/h3><p class=\"entry-summary\">Bon plan Vos enfants sont encore un peu trop jeunes pour participer \u00e0 de vrais&hellip;<\/p>\r\n\t\t\t\t\t\t<div class=\"p-meta has-bookmark\">\r\n\t\t\t\t<div class=\"meta-inner is-meta\">\r\n\t\t\t\t\t\t\t<span class=\"meta-el meta-read\"><i class=\"rbi rbi-watch\" aria-hidden=\"true\"><\/i>1 Min Read<\/span>\r\n\t\t\t\t\t\t<\/div>\r\n\t\t\t\t<span class=\"rb-bookmark bookmark-trigger\" data-pid=\"15404\"><\/span>\t\t\t<\/div>\r\n\t\t\t\t<\/div>\r\n\t\t\t\t<\/div>\r\n\t\t\t<div class=\"p-wrap p-small p-list-small-1\" data-pid=\"15403\">\r\n\t\t\t<div class=\"p-content\">\r\n\t\t\t<div class=\"p-categories p-top\"><a class=\"p-category category-id-3232\" href=\"https:\/\/thelatin.news\/fr\/category\/news-fr\/andora-fr\/\" rel=\"category\">Andora<\/a><a class=\"p-category category-id-86\" href=\"https:\/\/thelatin.news\/category\/news\/andora\/\" rel=\"category\">Andora<\/a><a class=\"p-category category-id-3234\" href=\"https:\/\/thelatin.news\/fr\/category\/news-fr\/entertainment-fr\/\" rel=\"category\">Divertissement<\/a><a class=\"p-category category-id-82\" href=\"https:\/\/thelatin.news\/category\/news\/entertainment\/\" rel=\"category\">Entertainment<\/a><\/div><h3 class=\"entry-title\">\t\t<a class=\"p-url\" href=\"https:\/\/thelatin.news\/fr\/cette-serie-romantique-que-vous-avez-adore-va-avoir-une-saison-2\/\" rel=\"bookmark\">cette se\u0301rie romantique (que vous avez adore\u0301) va avoir une saison 2<\/a><\/h3><p class=\"entry-summary\">Publi\u00e9 le 11 oct. 2024 \u00e0 13:42, mis \u00e0 jour le 11 oct. 2024 \u00e0&hellip;<\/p>\r\n\t\t\t\t\t\t<div class=\"p-meta has-bookmark\">\r\n\t\t\t\t<div class=\"meta-inner is-meta\">\r\n\t\t\t\t\t\t\t<span class=\"meta-el meta-read\"><i class=\"rbi rbi-watch\" aria-hidden=\"true\"><\/i>1 Min Read<\/span>\r\n\t\t\t\t\t\t<\/div>\r\n\t\t\t\t<span class=\"rb-bookmark bookmark-trigger\" data-pid=\"15403\"><\/span>\t\t\t<\/div>\r\n\t\t\t\t<\/div>\r\n\t\t\t\t<\/div>\r\n\t\t\t<div class=\"p-wrap p-small p-list-small-1\" data-pid=\"15402\">\r\n\t\t\t<div class=\"p-content\">\r\n\t\t\t<div class=\"p-categories p-top\"><a class=\"p-category category-id-86\" href=\"https:\/\/thelatin.news\/category\/news\/andora\/\" rel=\"category\">Andora<\/a><a class=\"p-category category-id-3232\" href=\"https:\/\/thelatin.news\/fr\/category\/news-fr\/andora-fr\/\" rel=\"category\">Andora<\/a><a class=\"p-category category-id-3237\" href=\"https:\/\/thelatin.news\/fr\/category\/news-fr\/mode-de-vie\/\" rel=\"category\">Lifestyle<\/a><a class=\"p-category category-id-5\" href=\"https:\/\/thelatin.news\/category\/news\/lifestyle\/\" rel=\"category\">Lifestyle<\/a><\/div><h3 class=\"entry-title\">\t\t<a class=\"p-url\" href=\"https:\/\/thelatin.news\/fr\/ce-jean-adore-par-lequipe-coup-de-pouce-est-le-plus-tendance-de-lautomne\/\" rel=\"bookmark\">Ce jean ador\u00e9 par l&rsquo;\u00e9quipe Coup de Pouce est le plus tendance de l&rsquo;automne<\/a><\/h3><p class=\"entry-summary\">L'\u00e9quipe de Coup de Pouce a craqu\u00e9 pour le jean \u00e0 revers et ne peut&hellip;<\/p>\r\n\t\t\t\t\t\t<div class=\"p-meta has-bookmark\">\r\n\t\t\t\t<div class=\"meta-inner is-meta\">\r\n\t\t\t\t\t\t\t<span class=\"meta-el meta-read\"><i class=\"rbi rbi-watch\" aria-hidden=\"true\"><\/i>1 Min Read<\/span>\r\n\t\t\t\t\t\t<\/div>\r\n\t\t\t\t<span class=\"rb-bookmark bookmark-trigger\" data-pid=\"15402\"><\/span>\t\t\t<\/div>\r\n\t\t\t\t<\/div>\r\n\t\t\t\t<\/div>\r\n\t\t\t<div class=\"p-wrap p-small p-list-small-1\" data-pid=\"14097\">\r\n\t\t\t<div class=\"p-content\">\r\n\t\t\t<div class=\"p-categories p-top\"><a class=\"p-category category-id-86\" href=\"https:\/\/thelatin.news\/category\/news\/andora\/\" rel=\"category\">Andora<\/a><a class=\"p-category category-id-3232\" href=\"https:\/\/thelatin.news\/fr\/category\/news-fr\/andora-fr\/\" rel=\"category\">Andora<\/a><a class=\"p-category category-id-2\" href=\"https:\/\/thelatin.news\/category\/news\/business\/\" rel=\"category\">Business<\/a><a class=\"p-category category-id-3233\" href=\"https:\/\/thelatin.news\/fr\/category\/news-fr\/entreprise\/\" rel=\"category\">Entreprise<\/a><\/div><h3 class=\"entry-title\">\t\t<a class=\"p-url\" href=\"https:\/\/thelatin.news\/fr\/la-chine-seveille-a-la-croisiere-ladora-magic-city-a-pris-la-mer\/\" rel=\"bookmark\">La Chine s\u2019\u00e9veille \u00e0 la croisi\u00e8re, l\u2019Adora Magic City a pris la mer<\/a><\/h3><p class=\"entry-summary\">Les Chinois ont fait voler cette ann\u00e9e un appareil, le C919, capable de concurrencer Boeing&hellip;<\/p>\r\n\t\t\t\t\t\t<div class=\"p-meta has-bookmark\">\r\n\t\t\t\t<div class=\"meta-inner is-meta\">\r\n\t\t\t\t\t\t\t<span class=\"meta-el meta-read\"><i class=\"rbi rbi-watch\" aria-hidden=\"true\"><\/i>1 Min Read<\/span>\r\n\t\t\t\t\t\t<\/div>\r\n\t\t\t\t<span class=\"rb-bookmark bookmark-trigger\" data-pid=\"14097\"><\/span>\t\t\t<\/div>\r\n\t\t\t\t<\/div>\r\n\t\t\t\t<\/div>\r\n\t\t\t<div class=\"p-wrap p-small p-list-small-1\" data-pid=\"14096\">\r\n\t\t\t<div class=\"p-content\">\r\n\t\t\t<div class=\"p-categories p-top\"><a class=\"p-category category-id-86\" href=\"https:\/\/thelatin.news\/category\/news\/andora\/\" rel=\"category\">Andora<\/a><a class=\"p-category category-id-3232\" href=\"https:\/\/thelatin.news\/fr\/category\/news-fr\/andora-fr\/\" rel=\"category\">Andora<\/a><a class=\"p-category category-id-3234\" href=\"https:\/\/thelatin.news\/fr\/category\/news-fr\/entertainment-fr\/\" rel=\"category\">Divertissement<\/a><a class=\"p-category category-id-82\" href=\"https:\/\/thelatin.news\/category\/news\/entertainment\/\" rel=\"category\">Entertainment<\/a><\/div><h3 class=\"entry-title\">\t\t<a class=\"p-url\" href=\"https:\/\/thelatin.news\/fr\/enfin-des-nouvelles-de-loubo-son-chien-adore\/\" rel=\"bookmark\">enfin des nouvelles de Loubo, son chien ador\u00e9<\/a><\/h3><p class=\"entry-summary\">Bien que l\u2019on sache que les relations au sein de la fratrie Delon \u00e9taient tr\u00e8s&hellip;<\/p>\r\n\t\t\t\t\t\t<div class=\"p-meta has-bookmark\">\r\n\t\t\t\t<div class=\"meta-inner is-meta\">\r\n\t\t\t\t\t\t\t<span class=\"meta-el meta-read\"><i class=\"rbi rbi-watch\" aria-hidden=\"true\"><\/i>1 Min Read<\/span>\r\n\t\t\t\t\t\t<\/div>\r\n\t\t\t\t<span class=\"rb-bookmark bookmark-trigger\" data-pid=\"14096\"><\/span>\t\t\t<\/div>\r\n\t\t\t\t<\/div>\r\n\t\t\t\t<\/div>\r\n\t\t\t<div class=\"p-wrap p-small p-list-small-1\" data-pid=\"14095\">\r\n\t\t\t<div class=\"p-content\">\r\n\t\t\t<div class=\"p-categories p-top\"><a class=\"p-category category-id-3232\" href=\"https:\/\/thelatin.news\/fr\/category\/news-fr\/andora-fr\/\" rel=\"category\">Andora<\/a><a class=\"p-category category-id-86\" href=\"https:\/\/thelatin.news\/category\/news\/andora\/\" rel=\"category\">Andora<\/a><a class=\"p-category category-id-3237\" href=\"https:\/\/thelatin.news\/fr\/category\/news-fr\/mode-de-vie\/\" rel=\"category\">Lifestyle<\/a><a class=\"p-category category-id-5\" href=\"https:\/\/thelatin.news\/category\/news\/lifestyle\/\" rel=\"category\">Lifestyle<\/a><\/div><h3 class=\"entry-title\">\t\t<a class=\"p-url\" href=\"https:\/\/thelatin.news\/fr\/5-livres-a-decouvrir-si-vous-avez-adore-twilight-et-the-vampire-diaries\/\" rel=\"bookmark\">5 livres \u00e0 d\u00e9couvrir si vous avez ador\u00e9 Twilight et The Vampire Diaries<\/a><\/h3><p class=\"entry-summary\">Tu as \u00e9prouves une v\u00e9ritable fascination pour les cr\u00e9atures de la nuit gr\u00e2ce \u00e0 Twilight&hellip;<\/p>\r\n\t\t\t\t\t\t<div class=\"p-meta has-bookmark\">\r\n\t\t\t\t<div class=\"meta-inner is-meta\">\r\n\t\t\t\t\t\t\t<span class=\"meta-el meta-read\"><i class=\"rbi rbi-watch\" aria-hidden=\"true\"><\/i>1 Min Read<\/span>\r\n\t\t\t\t\t\t<\/div>\r\n\t\t\t\t<span class=\"rb-bookmark bookmark-trigger\" data-pid=\"14095\"><\/span>\t\t\t<\/div>\r\n\t\t\t\t<\/div>\r\n\t\t\t\t<\/div>\r\n\t\t\t<div class=\"p-wrap p-small p-list-small-1\" data-pid=\"13772\">\r\n\t\t\t<div class=\"p-content\">\r\n\t\t\t<div class=\"p-categories p-top\"><a class=\"p-category category-id-3232\" href=\"https:\/\/thelatin.news\/fr\/category\/news-fr\/andora-fr\/\" rel=\"category\">Andora<\/a><a class=\"p-category category-id-86\" href=\"https:\/\/thelatin.news\/category\/news\/andora\/\" rel=\"category\">Andora<\/a><a class=\"p-category category-id-2\" href=\"https:\/\/thelatin.news\/category\/news\/business\/\" rel=\"category\">Business<\/a><a class=\"p-category category-id-3233\" href=\"https:\/\/thelatin.news\/fr\/category\/news-fr\/entreprise\/\" rel=\"category\">Entreprise<\/a><\/div><h3 class=\"entry-title\">\t\t<a class=\"p-url\" href=\"https:\/\/thelatin.news\/fr\/perpignan-apres-les-jo-de-paris-payote-va-fabriquer-des-espadrilles-pour-warner-bros\/\" rel=\"bookmark\">Perpignan. Apr\u00e8s les JO de Paris, Payote va fabriquer des espadrilles pour Warner Bros<\/a><\/h3><p class=\"entry-summary\">En 2024, le business tient une forme olympique chez Payote ! L'entreprise fabricante d'espadrilles, cr\u00e9\u00e9e&hellip;<\/p>\r\n\t\t\t\t\t\t<div class=\"p-meta has-bookmark\">\r\n\t\t\t\t<div class=\"meta-inner is-meta\">\r\n\t\t\t\t\t\t\t<span class=\"meta-el meta-read\"><i class=\"rbi rbi-watch\" aria-hidden=\"true\"><\/i>1 Min Read<\/span>\r\n\t\t\t\t\t\t<\/div>\r\n\t\t\t\t<span class=\"rb-bookmark bookmark-trigger\" data-pid=\"13772\"><\/span>\t\t\t<\/div>\r\n\t\t\t\t<\/div>\r\n\t\t\t\t<\/div>\r\n\t\t\t<div class=\"p-wrap p-small p-list-small-1\" data-pid=\"13771\">\r\n\t\t\t<div class=\"p-content\">\r\n\t\t\t<div class=\"p-categories p-top\"><a class=\"p-category category-id-86\" href=\"https:\/\/thelatin.news\/category\/news\/andora\/\" rel=\"category\">Andora<\/a><a class=\"p-category category-id-3232\" href=\"https:\/\/thelatin.news\/fr\/category\/news-fr\/andora-fr\/\" rel=\"category\">Andora<\/a><a class=\"p-category category-id-3234\" href=\"https:\/\/thelatin.news\/fr\/category\/news-fr\/entertainment-fr\/\" rel=\"category\">Divertissement<\/a><a class=\"p-category category-id-82\" href=\"https:\/\/thelatin.news\/category\/news\/entertainment\/\" rel=\"category\">Entertainment<\/a><\/div><h3 class=\"entry-title\">\t\t<a class=\"p-url\" href=\"https:\/\/thelatin.news\/fr\/exclu-jaurais-eu-une-chance-de-le-battre-enfin-bruno-hourcade-les-traitres-aurait-adore-se-mesurer-a-un-autre-grand-maitre-de-midi\/\" rel=\"bookmark\">Exclu. \u201c J&rsquo;aurais eu une chance de le battre enfin\u201d, Bruno Hourcade (Les Tra\u00eetres) aurait ador\u00e9 se mesurer \u00e0 un autre grand Ma\u00eetre de midi\u2026 !<\/a><\/h3><p class=\"entry-summary\">Bruno Hourcade a r\u00e9v\u00e9l\u00e9 \u00e0 TV Actu l'autre grand Ma\u00eetre de midi qu'il aurait ador\u00e9&hellip;<\/p>\r\n\t\t\t\t\t\t<div class=\"p-meta has-bookmark\">\r\n\t\t\t\t<div class=\"meta-inner is-meta\">\r\n\t\t\t\t\t\t\t<span class=\"meta-el meta-read\"><i class=\"rbi rbi-watch\" aria-hidden=\"true\"><\/i>1 Min Read<\/span>\r\n\t\t\t\t\t\t<\/div>\r\n\t\t\t\t<span class=\"rb-bookmark bookmark-trigger\" data-pid=\"13771\"><\/span>\t\t\t<\/div>\r\n\t\t\t\t<\/div>\r\n\t\t\t\t<\/div>\r\n\t\t\t<div class=\"p-wrap p-small p-list-small-1\" data-pid=\"13770\">\r\n\t\t\t<div class=\"p-content\">\r\n\t\t\t<div class=\"p-categories p-top\"><a class=\"p-category category-id-3232\" href=\"https:\/\/thelatin.news\/fr\/category\/news-fr\/andora-fr\/\" rel=\"category\">Andora<\/a><a class=\"p-category category-id-86\" href=\"https:\/\/thelatin.news\/category\/news\/andora\/\" rel=\"category\">Andora<\/a><a class=\"p-category category-id-3237\" href=\"https:\/\/thelatin.news\/fr\/category\/news-fr\/mode-de-vie\/\" rel=\"category\">Lifestyle<\/a><a class=\"p-category category-id-5\" href=\"https:\/\/thelatin.news\/category\/news\/lifestyle\/\" rel=\"category\">Lifestyle<\/a><\/div><h3 class=\"entry-title\">\t\t<a class=\"p-url\" href=\"https:\/\/thelatin.news\/fr\/transmettre-un-mode-de-vie-sain-ibnu-jamil-ajak-ririn-ekawati-et-son-fils-suivent-les-activites-de-loin\/\" rel=\"bookmark\">Transmettre un mode de vie sain, Ibnu Jamil Ajak Ririn Ekawati et son fils suivent les activit\u00e9s de loin<\/a><\/h3><p class=\"entry-summary\">JAKARTA - Les \u00e9v\u00e9nements de plus en plus populaires en Indon\u00e9sie. Le calendrier de course&hellip;<\/p>\r\n\t\t\t\t\t\t<div class=\"p-meta has-bookmark\">\r\n\t\t\t\t<div class=\"meta-inner is-meta\">\r\n\t\t\t\t\t\t\t<span class=\"meta-el meta-read\"><i class=\"rbi rbi-watch\" aria-hidden=\"true\"><\/i>1 Min Read<\/span>\r\n\t\t\t\t\t\t<\/div>\r\n\t\t\t\t<span class=\"rb-bookmark bookmark-trigger\" data-pid=\"13770\"><\/span>\t\t\t<\/div>\r\n\t\t\t\t<\/div>\r\n\t\t\t\t<\/div>\r\n\t\t\t<div class=\"p-wrap p-small p-list-small-1\" data-pid=\"13424\">\r\n\t\t\t<div class=\"p-content\">\r\n\t\t\t<div class=\"p-categories p-top\"><a class=\"p-category category-id-3232\" href=\"https:\/\/thelatin.news\/fr\/category\/news-fr\/andora-fr\/\" rel=\"category\">Andora<\/a><a class=\"p-category category-id-86\" href=\"https:\/\/thelatin.news\/category\/news\/andora\/\" rel=\"category\">Andora<\/a><a class=\"p-category category-id-2\" href=\"https:\/\/thelatin.news\/category\/news\/business\/\" rel=\"category\">Business<\/a><a class=\"p-category category-id-3233\" href=\"https:\/\/thelatin.news\/fr\/category\/news-fr\/entreprise\/\" rel=\"category\">Entreprise<\/a><\/div><h3 class=\"entry-title\">\t\t<a class=\"p-url\" href=\"https:\/\/thelatin.news\/fr\/multimedia-le-deuxieme-grand-navire-de-croisiere-de-la-chine-entrera-en-service-en-2027-xinhua\/\" rel=\"bookmark\">(Multim\u00e9dia) Le deuxi\u00e8me grand navire de croisi\u00e8re de la Chine entrera en service en 2027 &#8211; Xinhua<\/a><\/h3><p class=\"entry-summary\">Photo a\u00e9rienne du grand navire de croisi\u00e8re Adora Magic City au Terminal international de croisi\u00e8re&hellip;<\/p>\r\n\t\t\t\t\t\t<div class=\"p-meta has-bookmark\">\r\n\t\t\t\t<div class=\"meta-inner is-meta\">\r\n\t\t\t\t\t\t\t<span class=\"meta-el meta-read\"><i class=\"rbi rbi-watch\" aria-hidden=\"true\"><\/i>1 Min Read<\/span>\r\n\t\t\t\t\t\t<\/div>\r\n\t\t\t\t<span class=\"rb-bookmark bookmark-trigger\" data-pid=\"13424\"><\/span>\t\t\t<\/div>\r\n\t\t\t\t<\/div>\r\n\t\t\t\t<\/div>\r\n\t<\/div>\t\t<div class=\"pagination-wrap pagination-loadmore\">\r\n\t\t\t<a href=\"#\" class=\"loadmore-trigger\"><span>Afficher plus\n<\/span><i class=\"rb-loader\" aria-hidden=\"true\"><\/i><\/a>\r\n\t\t<\/div>\r\n\t\t<\/div>\t\t<\/div>\n\t\t\t\t<\/div>\n\t\t\t\t\t<\/div>\n\t\t<\/div>\n\t\t\t\t\t<\/div>\n\t\t<\/section>\n\t\t\t\t<section class=\"elementor-section elementor-top-section elementor-element elementor-element-84bf734 elementor-section-boxed elementor-section-height-default elementor-section-height-default\" data-id=\"84bf734\" data-element_type=\"section\">\n\t\t\t\t\t\t<div class=\"elementor-container elementor-column-gap-custom\">\n\t\t\t\t\t<div class=\"elementor-column elementor-col-100 elementor-top-column elementor-element elementor-element-c759ace\" data-id=\"c759ace\" data-element_type=\"column\">\n\t\t\t<div class=\"elementor-widget-wrap elementor-element-populated\">\n\t\t\t\t\t\t<div class=\"elementor-element elementor-element-313ebbe elementor-widget elementor-widget-foxiz-heading\" data-id=\"313ebbe\" data-element_type=\"widget\" data-widget_type=\"foxiz-heading.default\">\n\t\t\t\t<div class=\"elementor-widget-container\">\n\t\t\t<div id=\"uid_313ebbe\" class=\"block-h heading-layout-5\"><div class=\"heading-inner\"><h3 class=\"heading-title\"><a href=\"https:\/\/thelatin.news\/fr\/category\/news-fr\/romainia-fr\/\">Romainia<\/a><\/h3><div class=\"heading-tagline h6\"><a class=\"heading-tagline-label\" href=\"https:\/\/thelatin.news\/fr\/category\/news-fr\/romainia-fr\/\">Voir tout<\/a><i class=\"rbi rbi-cright heading-tagline-icon\" aria-hidden=\"true\"><\/i><\/div><\/div><\/div>\t\t<\/div>\n\t\t\t\t<\/div>\n\t\t\t\t<div class=\"elementor-element elementor-element-d72cc81 elementor-widget elementor-widget-foxiz-list-small-1\" data-id=\"d72cc81\" data-element_type=\"widget\" data-widget_type=\"foxiz-list-small-1.default\">\n\t\t\t\t<div class=\"elementor-widget-container\">\n\t\t\t<div id=\"uid_d72cc81\" class=\"block-wrap block-small block-list block-list-small-1 short-pagination rb-columns rb-col-5 rb-tcol-4 rb-mcol-1 is-gap-custom col-border is-border-gray bottom-border is-b-border-gray no-last-bb ecat-bg-4 meta-s-default\"><div class=\"block-inner\">\t\t<div class=\"p-wrap p-small p-list-small-1\" data-pid=\"15398\">\r\n\t\t\t<div class=\"p-content\">\r\n\t\t\t<div class=\"p-categories p-top\"><a class=\"p-category category-id-2\" href=\"https:\/\/thelatin.news\/category\/news\/business\/\" rel=\"category\">Business<\/a><a class=\"p-category category-id-3233\" href=\"https:\/\/thelatin.news\/fr\/category\/news-fr\/entreprise\/\" rel=\"category\">Entreprise<\/a><a class=\"p-category category-id-87\" href=\"https:\/\/thelatin.news\/category\/news\/modolva\/\" rel=\"category\">Modolva<\/a><a class=\"p-category category-id-3238\" href=\"https:\/\/thelatin.news\/fr\/category\/news-fr\/modolva-fr\/\" rel=\"category\">Modolva<\/a><\/div><h3 class=\"entry-title\">\t\t<a class=\"p-url\" href=\"https:\/\/thelatin.news\/fr\/une-entreprise-supprime-pres-de-2-000-emplois-en-europe-et-aux-etats-unis\/\" rel=\"bookmark\">Une entreprise supprime pr\u00e8s de 2.000 emplois en Europe et aux Etats-Unis<\/a><\/h3><p class=\"entry-summary\">L\u2019important producteur am\u00e9ricain de peinture PPG, qui fabrique notamment des peintures et des laques des&hellip;<\/p>\r\n\t\t\t\t\t\t<div class=\"p-meta has-bookmark\">\r\n\t\t\t\t<div class=\"meta-inner is-meta\">\r\n\t\t\t\t\t\t\t<span class=\"meta-el meta-read\"><i class=\"rbi rbi-watch\" aria-hidden=\"true\"><\/i>1 Min Read<\/span>\r\n\t\t\t\t\t\t<\/div>\r\n\t\t\t\t<span class=\"rb-bookmark bookmark-trigger\" data-pid=\"15398\"><\/span>\t\t\t<\/div>\r\n\t\t\t\t<\/div>\r\n\t\t\t\t<\/div>\r\n\t\t\t<div class=\"p-wrap p-small p-list-small-1\" data-pid=\"15397\">\r\n\t\t\t<div class=\"p-content\">\r\n\t\t\t<div class=\"p-categories p-top\"><a class=\"p-category category-id-3234\" href=\"https:\/\/thelatin.news\/fr\/category\/news-fr\/entertainment-fr\/\" rel=\"category\">Divertissement<\/a><a class=\"p-category category-id-82\" href=\"https:\/\/thelatin.news\/category\/news\/entertainment\/\" rel=\"category\">Entertainment<\/a><a class=\"p-category category-id-3238\" href=\"https:\/\/thelatin.news\/fr\/category\/news-fr\/modolva-fr\/\" rel=\"category\">Modolva<\/a><a class=\"p-category category-id-87\" href=\"https:\/\/thelatin.news\/category\/news\/modolva\/\" rel=\"category\">Modolva<\/a><\/div><h3 class=\"entry-title\">\t\t<a class=\"p-url\" href=\"https:\/\/thelatin.news\/fr\/les-ligue-europa-et-ligue-conference-changent-de-formule-que-retenir-pour-ledition-2024-2025\/\" rel=\"bookmark\">Les Ligue Europa et Ligue Conference changent de formule, que retenir pour l\u2019\u00e9dition 2024-2025 ?<\/a><\/h3><p class=\"entry-summary\">Post\u00e9 par Cl\u00e9ment Doucet le 25 septembre 2024De la m\u00eame mani\u00e8re que la Ligue des&hellip;<\/p>\r\n\t\t\t\t\t\t<div class=\"p-meta has-bookmark\">\r\n\t\t\t\t<div class=\"meta-inner is-meta\">\r\n\t\t\t\t\t\t\t<span class=\"meta-el meta-read\"><i class=\"rbi rbi-watch\" aria-hidden=\"true\"><\/i>1 Min Read<\/span>\r\n\t\t\t\t\t\t<\/div>\r\n\t\t\t\t<span class=\"rb-bookmark bookmark-trigger\" data-pid=\"15397\"><\/span>\t\t\t<\/div>\r\n\t\t\t\t<\/div>\r\n\t\t\t\t<\/div>\r\n\t\t\t<div class=\"p-wrap p-small p-list-small-1\" data-pid=\"15396\">\r\n\t\t\t<div class=\"p-content\">\r\n\t\t\t<div class=\"p-categories p-top\"><a class=\"p-category category-id-3237\" href=\"https:\/\/thelatin.news\/fr\/category\/news-fr\/mode-de-vie\/\" rel=\"category\">Lifestyle<\/a><a class=\"p-category category-id-5\" href=\"https:\/\/thelatin.news\/category\/news\/lifestyle\/\" rel=\"category\">Lifestyle<\/a><a class=\"p-category category-id-3238\" href=\"https:\/\/thelatin.news\/fr\/category\/news-fr\/modolva-fr\/\" rel=\"category\">Modolva<\/a><a class=\"p-category category-id-87\" href=\"https:\/\/thelatin.news\/category\/news\/modolva\/\" rel=\"category\">Modolva<\/a><\/div><h3 class=\"entry-title\">\t\t<a class=\"p-url\" href=\"https:\/\/thelatin.news\/fr\/moscou-veut-interdire-la-promotion-du-mode-de-vie-sans-enfant\/\" rel=\"bookmark\">Moscou veut interdire la promotion du mode de vie \u00ab\u00a0sans enfant\u00a0\u00bb<\/a><\/h3><p class=\"entry-summary\">(Moscou) Les d\u00e9put\u00e9s russes ont entam\u00e9 mardi l\u2019examen d\u2019une proposition de loi interdisant la promotion&hellip;<\/p>\r\n\t\t\t\t\t\t<div class=\"p-meta has-bookmark\">\r\n\t\t\t\t<div class=\"meta-inner is-meta\">\r\n\t\t\t\t\t\t\t<span class=\"meta-el meta-read\"><i class=\"rbi rbi-watch\" aria-hidden=\"true\"><\/i>0 Min Read<\/span>\r\n\t\t\t\t\t\t<\/div>\r\n\t\t\t\t<span class=\"rb-bookmark bookmark-trigger\" data-pid=\"15396\"><\/span>\t\t\t<\/div>\r\n\t\t\t\t<\/div>\r\n\t\t\t\t<\/div>\r\n\t\t\t<div class=\"p-wrap p-small p-list-small-1\" data-pid=\"14091\">\r\n\t\t\t<div class=\"p-content\">\r\n\t\t\t<div class=\"p-categories p-top\"><a class=\"p-category category-id-2\" href=\"https:\/\/thelatin.news\/category\/news\/business\/\" rel=\"category\">Business<\/a><a class=\"p-category category-id-3233\" href=\"https:\/\/thelatin.news\/fr\/category\/news-fr\/entreprise\/\" rel=\"category\">Entreprise<\/a><a class=\"p-category category-id-3238\" href=\"https:\/\/thelatin.news\/fr\/category\/news-fr\/modolva-fr\/\" rel=\"category\">Modolva<\/a><a class=\"p-category category-id-87\" href=\"https:\/\/thelatin.news\/category\/news\/modolva\/\" rel=\"category\">Modolva<\/a><\/div><h3 class=\"entry-title\">\t\t<a class=\"p-url\" href=\"https:\/\/thelatin.news\/fr\/info-europe-1-record-de-defaillances-dentreprises-en-juillet-en-france-32-000-emplois-menaces\/\" rel=\"bookmark\">INFO EUROPE 1 &#8211; Record de d\u00e9faillances d&rsquo;entreprises en juillet en France, 32.000 emplois menac\u00e9s<\/a><\/h3><p class=\"entry-summary\">Barth\u00e9l\u00e9my Philippe \/\/ Cr\u00e9dit photo : Xose Bouzas \/ Hans Lucas \/ Hans Lucas via&hellip;<\/p>\r\n\t\t\t\t\t\t<div class=\"p-meta has-bookmark\">\r\n\t\t\t\t<div class=\"meta-inner is-meta\">\r\n\t\t\t\t\t\t\t<span class=\"meta-el meta-read\"><i class=\"rbi rbi-watch\" aria-hidden=\"true\"><\/i>1 Min Read<\/span>\r\n\t\t\t\t\t\t<\/div>\r\n\t\t\t\t<span class=\"rb-bookmark bookmark-trigger\" data-pid=\"14091\"><\/span>\t\t\t<\/div>\r\n\t\t\t\t<\/div>\r\n\t\t\t\t<\/div>\r\n\t\t\t<div class=\"p-wrap p-small p-list-small-1\" data-pid=\"14090\">\r\n\t\t\t<div class=\"p-content\">\r\n\t\t\t<div class=\"p-categories p-top\"><a class=\"p-category category-id-3234\" href=\"https:\/\/thelatin.news\/fr\/category\/news-fr\/entertainment-fr\/\" rel=\"category\">Divertissement<\/a><a class=\"p-category category-id-82\" href=\"https:\/\/thelatin.news\/category\/news\/entertainment\/\" rel=\"category\">Entertainment<\/a><a class=\"p-category category-id-87\" href=\"https:\/\/thelatin.news\/category\/news\/modolva\/\" rel=\"category\">Modolva<\/a><a class=\"p-category category-id-3238\" href=\"https:\/\/thelatin.news\/fr\/category\/news-fr\/modolva-fr\/\" rel=\"category\">Modolva<\/a><\/div><h3 class=\"entry-title\">\t\t<a class=\"p-url\" href=\"https:\/\/thelatin.news\/fr\/sur-europe-1-cyril-hanouna-propose-un-live-quotidien-de-deux-heures-avant-tpmp\/\" rel=\"bookmark\">Sur Europe 1, Cyril Hanouna propose un live quotidien de deux heures avant \u00ab TPMP \u00bb<\/a><\/h3><p class=\"entry-summary\">Capture d\u2019\u00e9cran X Cyril Hanouna revient quotidiennement sur les ondes d\u2019Europe 1 \u00e0 partir du&hellip;<\/p>\r\n\t\t\t\t\t\t<div class=\"p-meta has-bookmark\">\r\n\t\t\t\t<div class=\"meta-inner is-meta\">\r\n\t\t\t\t\t\t\t<span class=\"meta-el meta-read\"><i class=\"rbi rbi-watch\" aria-hidden=\"true\"><\/i>1 Min Read<\/span>\r\n\t\t\t\t\t\t<\/div>\r\n\t\t\t\t<span class=\"rb-bookmark bookmark-trigger\" data-pid=\"14090\"><\/span>\t\t\t<\/div>\r\n\t\t\t\t<\/div>\r\n\t\t\t\t<\/div>\r\n\t\t\t<div class=\"p-wrap p-small p-list-small-1\" data-pid=\"14089\">\r\n\t\t\t<div class=\"p-content\">\r\n\t\t\t<div class=\"p-categories p-top\"><a class=\"p-category category-id-3237\" href=\"https:\/\/thelatin.news\/fr\/category\/news-fr\/mode-de-vie\/\" rel=\"category\">Lifestyle<\/a><a class=\"p-category category-id-5\" href=\"https:\/\/thelatin.news\/category\/news\/lifestyle\/\" rel=\"category\">Lifestyle<\/a><a class=\"p-category category-id-87\" href=\"https:\/\/thelatin.news\/category\/news\/modolva\/\" rel=\"category\">Modolva<\/a><a class=\"p-category category-id-3238\" href=\"https:\/\/thelatin.news\/fr\/category\/news-fr\/modolva-fr\/\" rel=\"category\">Modolva<\/a><\/div><h3 class=\"entry-title\">\t\t<a class=\"p-url\" href=\"https:\/\/thelatin.news\/fr\/on-va-enfin-savoir-sil-y-a-de-la-vie-sur-europe-une-lune-de-jupiter\/\" rel=\"bookmark\">On va enfin savoir s\u2019il y a de la vie sur Europe, une lune de Jupiter<\/a><\/h3><p class=\"entry-summary\">Au centre de la couverture de New Scientist, Europe, une lune de Jupiter. Pourquoi une&hellip;<\/p>\r\n\t\t\t\t\t\t<div class=\"p-meta has-bookmark\">\r\n\t\t\t\t<div class=\"meta-inner is-meta\">\r\n\t\t\t\t\t\t\t<span class=\"meta-el meta-read\"><i class=\"rbi rbi-watch\" aria-hidden=\"true\"><\/i>1 Min Read<\/span>\r\n\t\t\t\t\t\t<\/div>\r\n\t\t\t\t<span class=\"rb-bookmark bookmark-trigger\" data-pid=\"14089\"><\/span>\t\t\t<\/div>\r\n\t\t\t\t<\/div>\r\n\t\t\t\t<\/div>\r\n\t\t\t<div class=\"p-wrap p-small p-list-small-1\" data-pid=\"13766\">\r\n\t\t\t<div class=\"p-content\">\r\n\t\t\t<div class=\"p-categories p-top\"><a class=\"p-category category-id-2\" href=\"https:\/\/thelatin.news\/category\/news\/business\/\" rel=\"category\">Business<\/a><a class=\"p-category category-id-3233\" href=\"https:\/\/thelatin.news\/fr\/category\/news-fr\/entreprise\/\" rel=\"category\">Entreprise<\/a><a class=\"p-category category-id-87\" href=\"https:\/\/thelatin.news\/category\/news\/modolva\/\" rel=\"category\">Modolva<\/a><a class=\"p-category category-id-3238\" href=\"https:\/\/thelatin.news\/fr\/category\/news-fr\/modolva-fr\/\" rel=\"category\">Modolva<\/a><\/div><h3 class=\"entry-title\">\t\t<a class=\"p-url\" href=\"https:\/\/thelatin.news\/fr\/gunther-oettinger-sauvera-t-il-shein-des-tempetes-reglementaires\/\" rel=\"bookmark\">G\u00fcnther Oettinger sauvera-t-il Shein des temp\u00eates r\u00e9glementaires ?<\/a><\/h3><p class=\"entry-summary\">Shein, le g\u00e9ant chinois de la fast-fashion, s\u00e9curise son avenir en Europe : l'entreprise a&hellip;<\/p>\r\n\t\t\t\t\t\t<div class=\"p-meta has-bookmark\">\r\n\t\t\t\t<div class=\"meta-inner is-meta\">\r\n\t\t\t\t\t\t\t<span class=\"meta-el meta-read\"><i class=\"rbi rbi-watch\" aria-hidden=\"true\"><\/i>1 Min Read<\/span>\r\n\t\t\t\t\t\t<\/div>\r\n\t\t\t\t<span class=\"rb-bookmark bookmark-trigger\" data-pid=\"13766\"><\/span>\t\t\t<\/div>\r\n\t\t\t\t<\/div>\r\n\t\t\t\t<\/div>\r\n\t\t\t<div class=\"p-wrap p-small p-list-small-1\" data-pid=\"13765\">\r\n\t\t\t<div class=\"p-content\">\r\n\t\t\t<div class=\"p-categories p-top\"><a class=\"p-category category-id-3234\" href=\"https:\/\/thelatin.news\/fr\/category\/news-fr\/entertainment-fr\/\" rel=\"category\">Divertissement<\/a><a class=\"p-category category-id-82\" href=\"https:\/\/thelatin.news\/category\/news\/entertainment\/\" rel=\"category\">Entertainment<\/a><a class=\"p-category category-id-87\" href=\"https:\/\/thelatin.news\/category\/news\/modolva\/\" rel=\"category\">Modolva<\/a><a class=\"p-category category-id-3238\" href=\"https:\/\/thelatin.news\/fr\/category\/news-fr\/modolva-fr\/\" rel=\"category\">Modolva<\/a><\/div><h3 class=\"entry-title\">\t\t<a class=\"p-url\" href=\"https:\/\/thelatin.news\/fr\/disney-va-investir-5-mds-dans-les-films-et-programmes-tv-pour-les-regions-europe-et-emea\/\" rel=\"bookmark\">Disney va investir $5 mds dans les films et programmes TV pour les r\u00e9gions Europe et EMEA<\/a><\/h3><p class=\"entry-summary\">9 ao\u00fbt (Reuters) - Disney pr\u00e9voit de d\u00e9penser au moins 1 milliard de dollars chaque&hellip;<\/p>\r\n\t\t\t\t\t\t<div class=\"p-meta has-bookmark\">\r\n\t\t\t\t<div class=\"meta-inner is-meta\">\r\n\t\t\t\t\t\t\t<span class=\"meta-el meta-read\"><i class=\"rbi rbi-watch\" aria-hidden=\"true\"><\/i>1 Min Read<\/span>\r\n\t\t\t\t\t\t<\/div>\r\n\t\t\t\t<span class=\"rb-bookmark bookmark-trigger\" data-pid=\"13765\"><\/span>\t\t\t<\/div>\r\n\t\t\t\t<\/div>\r\n\t\t\t\t<\/div>\r\n\t\t\t<div class=\"p-wrap p-small p-list-small-1\" data-pid=\"13764\">\r\n\t\t\t<div class=\"p-content\">\r\n\t\t\t<div class=\"p-categories p-top\"><a class=\"p-category category-id-3237\" href=\"https:\/\/thelatin.news\/fr\/category\/news-fr\/mode-de-vie\/\" rel=\"category\">Lifestyle<\/a><a class=\"p-category category-id-5\" href=\"https:\/\/thelatin.news\/category\/news\/lifestyle\/\" rel=\"category\">Lifestyle<\/a><a class=\"p-category category-id-3238\" href=\"https:\/\/thelatin.news\/fr\/category\/news-fr\/modolva-fr\/\" rel=\"category\">Modolva<\/a><a class=\"p-category category-id-87\" href=\"https:\/\/thelatin.news\/category\/news\/modolva\/\" rel=\"category\">Modolva<\/a><\/div><h3 class=\"entry-title\">\t\t<a class=\"p-url\" href=\"https:\/\/thelatin.news\/fr\/le-pacte-vert-pour-leurope-la-politique-climatique-a-lombre-dautres-crises\/\" rel=\"bookmark\">Le pacte vert pour l\u2019Europe : la politique climatique \u00e0 l\u2019ombre d\u2019autres crises<\/a><\/h3><p class=\"entry-summary\">Cette ann\u00e9e, le premier mandat d\u2019Ursula von der Leyen en tant que pr\u00e9sidente de la&hellip;<\/p>\r\n\t\t\t\t\t\t<div class=\"p-meta has-bookmark\">\r\n\t\t\t\t<div class=\"meta-inner is-meta\">\r\n\t\t\t\t\t\t\t<span class=\"meta-el meta-read\"><i class=\"rbi rbi-watch\" aria-hidden=\"true\"><\/i>1 Min Read<\/span>\r\n\t\t\t\t\t\t<\/div>\r\n\t\t\t\t<span class=\"rb-bookmark bookmark-trigger\" data-pid=\"13764\"><\/span>\t\t\t<\/div>\r\n\t\t\t\t<\/div>\r\n\t\t\t\t<\/div>\r\n\t\t\t<div class=\"p-wrap p-small p-list-small-1\" data-pid=\"13418\">\r\n\t\t\t<div class=\"p-content\">\r\n\t\t\t<div class=\"p-categories p-top\"><a class=\"p-category category-id-2\" href=\"https:\/\/thelatin.news\/category\/news\/business\/\" rel=\"category\">Business<\/a><a class=\"p-category category-id-3233\" href=\"https:\/\/thelatin.news\/fr\/category\/news-fr\/entreprise\/\" rel=\"category\">Entreprise<\/a><a class=\"p-category category-id-3238\" href=\"https:\/\/thelatin.news\/fr\/category\/news-fr\/modolva-fr\/\" rel=\"category\">Modolva<\/a><a class=\"p-category category-id-87\" href=\"https:\/\/thelatin.news\/category\/news\/modolva\/\" rel=\"category\">Modolva<\/a><\/div><h3 class=\"entry-title\">\t\t<a class=\"p-url\" href=\"https:\/\/thelatin.news\/fr\/cette-grande-entreprise-sapprete-a-supprimer-3-200-emplois-en-europe\/\" rel=\"bookmark\">Cette grande entreprise s&rsquo;appr\u00eate \u00e0 supprimer 3 200 emplois en Europe<\/a><\/h3><p class=\"entry-summary\">Unilever pr\u00e9voit de supprimer un tiers des emplois de bureau en Europe d\u2019ici \u00e0 la&hellip;<\/p>\r\n\t\t\t\t\t\t<div class=\"p-meta has-bookmark\">\r\n\t\t\t\t<div class=\"meta-inner is-meta\">\r\n\t\t\t\t\t\t\t<span class=\"meta-el meta-read\"><i class=\"rbi rbi-watch\" aria-hidden=\"true\"><\/i>1 Min Read<\/span>\r\n\t\t\t\t\t\t<\/div>\r\n\t\t\t\t<span class=\"rb-bookmark bookmark-trigger\" data-pid=\"13418\"><\/span>\t\t\t<\/div>\r\n\t\t\t\t<\/div>\r\n\t\t\t\t<\/div>\r\n\t<\/div>\t\t<div class=\"pagination-wrap pagination-loadmore\">\r\n\t\t\t<a href=\"#\" class=\"loadmore-trigger\"><span>Afficher plus\n<\/span><i class=\"rb-loader\" aria-hidden=\"true\"><\/i><\/a>\r\n\t\t<\/div>\r\n\t\t<\/div>\t\t<\/div>\n\t\t\t\t<\/div>\n\t\t\t\t\t<\/div>\n\t\t<\/div>\n\t\t\t\t\t<\/div>\n\t\t<\/section>\n\t\t\t\t<section class=\"elementor-section elementor-top-section elementor-element elementor-element-b1513de elementor-section-boxed elementor-section-height-default elementor-section-height-default\" data-id=\"b1513de\" data-element_type=\"section\">\n\t\t\t\t\t\t<div class=\"elementor-container elementor-column-gap-custom\">\n\t\t\t\t\t<div class=\"elementor-column elementor-col-100 elementor-top-column elementor-element elementor-element-e3b7608\" data-id=\"e3b7608\" data-element_type=\"column\">\n\t\t\t<div class=\"elementor-widget-wrap elementor-element-populated\">\n\t\t\t\t\t\t<div class=\"elementor-element elementor-element-75c7930 elementor-widget elementor-widget-foxiz-heading\" data-id=\"75c7930\" data-element_type=\"widget\" data-widget_type=\"foxiz-heading.default\">\n\t\t\t\t<div class=\"elementor-widget-container\">\n\t\t\t<div id=\"uid_75c7930\" class=\"block-h heading-layout-5\"><div class=\"heading-inner\"><h3 class=\"heading-title\"><a href=\"https:\/\/thelatin.news\/fr\/category\/press-relesaes-fr\/\">Communiqu\u00e9s de presse<\/a><\/h3><div class=\"heading-tagline h6\"><a class=\"heading-tagline-label\" href=\"https:\/\/thelatin.news\/fr\/category\/press-relesaes-fr\/\">Voir tout<\/a><i class=\"rbi rbi-cright heading-tagline-icon\" aria-hidden=\"true\"><\/i><\/div><\/div><\/div>\t\t<\/div>\n\t\t\t\t<\/div>\n\t\t\t\t<div class=\"elementor-element elementor-element-5ccfdd0 elementor-widget elementor-widget-foxiz-list-small-1\" data-id=\"5ccfdd0\" data-element_type=\"widget\" data-widget_type=\"foxiz-list-small-1.default\">\n\t\t\t\t<div class=\"elementor-widget-container\">\n\t\t\t<div id=\"uid_5ccfdd0\" class=\"block-wrap block-small block-list block-list-small-1 short-pagination rb-columns rb-col-5 rb-tcol-4 rb-mcol-1 is-gap-custom col-border is-border-gray bottom-border is-b-border-gray no-last-bb ecat-bg-4 meta-s-default\"><div class=\"block-inner\">\t\t<div class=\"p-wrap p-small p-list-small-1\" data-pid=\"21613\">\r\n\t\t\t<div class=\"p-content\">\r\n\t\t\t<div class=\"p-categories p-top\"><a class=\"p-category category-id-3245\" href=\"https:\/\/thelatin.news\/fr\/category\/press-relesaes-fr\/\" rel=\"category\">Communiqu\u00e9s de presse<\/a><a class=\"p-category category-id-78\" href=\"https:\/\/thelatin.news\/category\/europe\/\" rel=\"category\">Europe<\/a><a class=\"p-category category-id-3230\" href=\"https:\/\/thelatin.news\/fr\/category\/europe-fr\/\" rel=\"category\">L'Europe<\/a><a class=\"p-category category-id-79\" href=\"https:\/\/thelatin.news\/category\/press-relesaes\/\" rel=\"category\">Press relesaes<\/a><\/div><h3 class=\"entry-title\">\t\t<a class=\"p-url\" href=\"https:\/\/thelatin.news\/fr\/boitier-robuste-terramaster-d1-ssd-etancheite-ip67-resistance-a-lecrasement-de-12-tonne-reinvente-le-stockage-mobile\/\" rel=\"bookmark\">Bo\u00eetier Robuste TerraMaster D1 SSD : \u00c9tanch\u00e9it\u00e9 IP67 &#038; R\u00e9sistance \u00e0 l\u2019\u00c9crasement de 1,2 Tonne, R\u00e9invente le Stockage Mobile<\/a><\/h3><p class=\"entry-summary\">TerraMaster D1 SSD (EuropeNewswire.net) \u2014 La marque de stockage professionnelle TerraMaster pr\u00e9sente officiellement aujourd\u2019hui son&hellip;<\/p>\r\n\t\t\t\t\t\t<div class=\"p-meta has-bookmark\">\r\n\t\t\t\t<div class=\"meta-inner is-meta\">\r\n\t\t\t\t\t\t\t<span class=\"meta-el meta-read\"><i class=\"rbi rbi-watch\" aria-hidden=\"true\"><\/i>4 Min Read<\/span>\r\n\t\t\t\t\t\t<\/div>\r\n\t\t\t\t<span class=\"rb-bookmark bookmark-trigger\" data-pid=\"21613\"><\/span>\t\t\t<\/div>\r\n\t\t\t\t<\/div>\r\n\t\t\t\t<\/div>\r\n\t\t\t<div class=\"p-wrap p-small p-list-small-1\" data-pid=\"21545\">\r\n\t\t\t<div class=\"p-content\">\r\n\t\t\t<div class=\"p-categories p-top\"><a class=\"p-category category-id-3245\" href=\"https:\/\/thelatin.news\/fr\/category\/press-relesaes-fr\/\" rel=\"category\">Communiqu\u00e9s de presse<\/a><a class=\"p-category category-id-78\" href=\"https:\/\/thelatin.news\/category\/europe\/\" rel=\"category\">Europe<\/a><a class=\"p-category category-id-3230\" href=\"https:\/\/thelatin.news\/fr\/category\/europe-fr\/\" rel=\"category\">L'Europe<\/a><a class=\"p-category category-id-79\" href=\"https:\/\/thelatin.news\/category\/press-relesaes\/\" rel=\"category\">Press relesaes<\/a><\/div><h3 class=\"entry-title\">\t\t<a class=\"p-url\" href=\"https:\/\/thelatin.news\/fr\/naviguer-dans-lecosysteme-de-linformation-avec-presse-kompass-live\/\" rel=\"bookmark\">Naviguer dans l\u2019\u00e9cosyst\u00e8me de l\u2019information avec Presse Kompass Live<\/a><\/h3><p class=\"entry-summary\">La vision ex\u00e9cutive : votre v\u00e9ritable nord dans les m\u00e9dias DACH Bienvenue sur Presse Kompass&hellip;<\/p>\r\n\t\t\t\t\t\t<div class=\"p-meta has-bookmark\">\r\n\t\t\t\t<div class=\"meta-inner is-meta\">\r\n\t\t\t\t\t\t\t<span class=\"meta-el meta-read\"><i class=\"rbi rbi-watch\" aria-hidden=\"true\"><\/i>6 Min Read<\/span>\r\n\t\t\t\t\t\t<\/div>\r\n\t\t\t\t<span class=\"rb-bookmark bookmark-trigger\" data-pid=\"21545\"><\/span>\t\t\t<\/div>\r\n\t\t\t\t<\/div>\r\n\t\t\t\t<\/div>\r\n\t\t\t<div class=\"p-wrap p-small p-list-small-1\" data-pid=\"21473\">\r\n\t\t\t<div class=\"p-content\">\r\n\t\t\t<div class=\"p-categories p-top\"><a class=\"p-category category-id-3245\" href=\"https:\/\/thelatin.news\/fr\/category\/press-relesaes-fr\/\" rel=\"category\">Communiqu\u00e9s de presse<\/a><a class=\"p-category category-id-78\" href=\"https:\/\/thelatin.news\/category\/europe\/\" rel=\"category\">Europe<\/a><a class=\"p-category category-id-3230\" href=\"https:\/\/thelatin.news\/fr\/category\/europe-fr\/\" rel=\"category\">L'Europe<\/a><a class=\"p-category category-id-79\" href=\"https:\/\/thelatin.news\/category\/press-relesaes\/\" rel=\"category\">Press relesaes<\/a><\/div><h3 class=\"entry-title\">\t\t<a class=\"p-url\" href=\"https:\/\/thelatin.news\/fr\/le-catalyseur-de-linnovation-comment-la-distribution-de-communiques-de-presse-stimule-la-croissance-dans-la-region-dach\/\" rel=\"bookmark\">Le catalyseur de l\u2019innovation : comment la distribution de communiqu\u00e9s de presse stimule la croissance dans la r\u00e9gion DACH<\/a><\/h3><p class=\"entry-summary\">La r\u00e9gion DACH \u2014 comprenant l\u2019Allemagne (D), l\u2019Autriche (A) et la Suisse (CH) \u2014 repr\u00e9sente&hellip;<\/p>\r\n\t\t\t\t\t\t<div class=\"p-meta has-bookmark\">\r\n\t\t\t\t<div class=\"meta-inner is-meta\">\r\n\t\t\t\t\t\t\t<span class=\"meta-el meta-read\"><i class=\"rbi rbi-watch\" aria-hidden=\"true\"><\/i>11 Min Read<\/span>\r\n\t\t\t\t\t\t<\/div>\r\n\t\t\t\t<span class=\"rb-bookmark bookmark-trigger\" data-pid=\"21473\"><\/span>\t\t\t<\/div>\r\n\t\t\t\t<\/div>\r\n\t\t\t\t<\/div>\r\n\t\t\t<div class=\"p-wrap p-small p-list-small-1\" data-pid=\"21427\">\r\n\t\t\t<div class=\"p-content\">\r\n\t\t\t<div class=\"p-categories p-top\"><a class=\"p-category category-id-3245\" href=\"https:\/\/thelatin.news\/fr\/category\/press-relesaes-fr\/\" rel=\"category\">Communiqu\u00e9s de presse<\/a><a class=\"p-category category-id-78\" href=\"https:\/\/thelatin.news\/category\/europe\/\" rel=\"category\">Europe<\/a><a class=\"p-category category-id-3230\" href=\"https:\/\/thelatin.news\/fr\/category\/europe-fr\/\" rel=\"category\">L'Europe<\/a><a class=\"p-category category-id-79\" href=\"https:\/\/thelatin.news\/category\/press-relesaes\/\" rel=\"category\">Press relesaes<\/a><\/div><h3 class=\"entry-title\">\t\t<a class=\"p-url\" href=\"https:\/\/thelatin.news\/fr\/relations-presse-multilingues-dans-la-region-dach-les-avantages-des-communiques-de-presse-localises\/\" rel=\"bookmark\">Relations presse multilingues dans la r\u00e9gion DACH\u00a0: les avantages des communiqu\u00e9s de presse localis\u00e9s<\/a><\/h3><p class=\"entry-summary\">La r\u00e9gion DACH (Allemagne, Autriche et Suisse) repr\u00e9sente l\u2019un des march\u00e9s les plus dynamiques \u00e9conomiquement&hellip;<\/p>\r\n\t\t\t\t\t\t<div class=\"p-meta has-bookmark\">\r\n\t\t\t\t<div class=\"meta-inner is-meta\">\r\n\t\t\t\t\t\t\t<span class=\"meta-el meta-read\"><i class=\"rbi rbi-watch\" aria-hidden=\"true\"><\/i>15 Min Read<\/span>\r\n\t\t\t\t\t\t<\/div>\r\n\t\t\t\t<span class=\"rb-bookmark bookmark-trigger\" data-pid=\"21427\"><\/span>\t\t\t<\/div>\r\n\t\t\t\t<\/div>\r\n\t\t\t\t<\/div>\r\n\t\t\t<div class=\"p-wrap p-small p-list-small-1\" data-pid=\"20968\">\r\n\t\t\t<div class=\"p-content\">\r\n\t\t\t<div class=\"p-categories p-top\"><a class=\"p-category category-id-3245\" href=\"https:\/\/thelatin.news\/fr\/category\/press-relesaes-fr\/\" rel=\"category\">Communiqu\u00e9s de presse<\/a><a class=\"p-category category-id-3230\" href=\"https:\/\/thelatin.news\/fr\/category\/europe-fr\/\" rel=\"category\">L'Europe<\/a><\/div><h3 class=\"entry-title\">\t\t<a class=\"p-url\" href=\"https:\/\/thelatin.news\/fr\/soldes-de-printemps-terramaster-jusqua-30-sur-les-stockages-nas-et-das-la-nouvelle-gamme-phare-egalement-concernee\/\" rel=\"bookmark\">Soldes de Printemps TerraMaster : Jusqu\u2019\u00e0 -30% sur les stockages NAS et DAS \u2014 La nouvelle gamme phare \u00e9galement concern\u00e9e !<\/a><\/h3><p class=\"entry-summary\">TerraMaster (EuropeNewswire.net)\u00a0\u2013 Leader mondial des solutions de stockage innovantes,\u00a0TerraMaster\u00a0con\u00e7oit ses produits en fonction des besoins&hellip;<\/p>\r\n\t\t\t\t\t\t<div class=\"p-meta has-bookmark\">\r\n\t\t\t\t<div class=\"meta-inner is-meta\">\r\n\t\t\t\t\t\t\t<span class=\"meta-el meta-read\"><i class=\"rbi rbi-watch\" aria-hidden=\"true\"><\/i>3 Min Read<\/span>\r\n\t\t\t\t\t\t<\/div>\r\n\t\t\t\t<span class=\"rb-bookmark bookmark-trigger\" data-pid=\"20968\"><\/span>\t\t\t<\/div>\r\n\t\t\t\t<\/div>\r\n\t\t\t\t<\/div>\r\n\t\t\t<div class=\"p-wrap p-small p-list-small-1\" data-pid=\"20667\">\r\n\t\t\t<div class=\"p-content\">\r\n\t\t\t<div class=\"p-categories p-top\"><a class=\"p-category category-id-3245\" href=\"https:\/\/thelatin.news\/fr\/category\/press-relesaes-fr\/\" rel=\"category\">Communiqu\u00e9s de presse<\/a><a class=\"p-category category-id-78\" href=\"https:\/\/thelatin.news\/category\/europe\/\" rel=\"category\">Europe<\/a><a class=\"p-category category-id-3230\" href=\"https:\/\/thelatin.news\/fr\/category\/europe-fr\/\" rel=\"category\">L'Europe<\/a><a class=\"p-category category-id-79\" href=\"https:\/\/thelatin.news\/category\/press-relesaes\/\" rel=\"category\">Press relesaes<\/a><\/div><h3 class=\"entry-title\">\t\t<a class=\"p-url\" href=\"https:\/\/thelatin.news\/fr\/lancement-du-terramaster-d1-ssd-pro-un-boitier-thunderbolt-5-80-gbps-atteint-7061-mo-s-avec-un-design-tout-aluminium-sans-ventilateur-2\/\" rel=\"bookmark\">Lancement du TerraMaster D1 SSD Pro : Un bo\u00eetier Thunderbolt 5 80 Gbps atteint 7061 Mo\/s avec un design tout aluminium sans ventilateur<\/a><\/h3><p class=\"entry-summary\">TerraMaster D1-SSD-Pro (EuropeNewswire.net) \u2014 TerraMaster, une marque de stockage professionnelle, a officiellement lanc\u00e9 son bo\u00eetier&hellip;<\/p>\r\n\t\t\t\t\t\t<div class=\"p-meta has-bookmark\">\r\n\t\t\t\t<div class=\"meta-inner is-meta\">\r\n\t\t\t\t\t\t\t<span class=\"meta-el meta-read\"><i class=\"rbi rbi-watch\" aria-hidden=\"true\"><\/i>4 Min Read<\/span>\r\n\t\t\t\t\t\t<\/div>\r\n\t\t\t\t<span class=\"rb-bookmark bookmark-trigger\" data-pid=\"20667\"><\/span>\t\t\t<\/div>\r\n\t\t\t\t<\/div>\r\n\t\t\t\t<\/div>\r\n\t\t\t<div class=\"p-wrap p-small p-list-small-1\" data-pid=\"20661\">\r\n\t\t\t<div class=\"p-content\">\r\n\t\t\t<div class=\"p-categories p-top\"><a class=\"p-category category-id-3245\" href=\"https:\/\/thelatin.news\/fr\/category\/press-relesaes-fr\/\" rel=\"category\">Communiqu\u00e9s de presse<\/a><a class=\"p-category category-id-78\" href=\"https:\/\/thelatin.news\/category\/europe\/\" rel=\"category\">Europe<\/a><a class=\"p-category category-id-3230\" href=\"https:\/\/thelatin.news\/fr\/category\/europe-fr\/\" rel=\"category\">L'Europe<\/a><a class=\"p-category category-id-79\" href=\"https:\/\/thelatin.news\/category\/press-relesaes\/\" rel=\"category\">Press relesaes<\/a><\/div><h3 class=\"entry-title\">\t\t<a class=\"p-url\" href=\"https:\/\/thelatin.news\/fr\/with-the-attendance-of-turki-alalshikh-and-as-part-of-riyadh-season-the-6th-edition-of-joy-awards-brings-together-and-honors-a-distinguished-lineup-of-global-stars-2\/\" rel=\"bookmark\">With the attendance of Turki Alalshikh and as part of Riyadh Season\u2026 the 6th edition of JOY AWARDS brings together and honors a distinguished lineup of global stars<\/a><\/h3><p class=\"entry-summary\">JOY AWARDS (EuropeNewswire.net) \u2013 Last night (Saturday), the 6th edition of JOY AWARDS 2026 was&hellip;<\/p>\r\n\t\t\t\t\t\t<div class=\"p-meta has-bookmark\">\r\n\t\t\t\t<div class=\"meta-inner is-meta\">\r\n\t\t\t\t\t\t\t<span class=\"meta-el meta-read\"><i class=\"rbi rbi-watch\" aria-hidden=\"true\"><\/i>4 Min Read<\/span>\r\n\t\t\t\t\t\t<\/div>\r\n\t\t\t\t<span class=\"rb-bookmark bookmark-trigger\" data-pid=\"20661\"><\/span>\t\t\t<\/div>\r\n\t\t\t\t<\/div>\r\n\t\t\t\t<\/div>\r\n\t\t\t<div class=\"p-wrap p-small p-list-small-1\" data-pid=\"20528\">\r\n\t\t\t<div class=\"p-content\">\r\n\t\t\t<div class=\"p-categories p-top\"><a class=\"p-category category-id-3245\" href=\"https:\/\/thelatin.news\/fr\/category\/press-relesaes-fr\/\" rel=\"category\">Communiqu\u00e9s de presse<\/a><a class=\"p-category category-id-78\" href=\"https:\/\/thelatin.news\/category\/europe\/\" rel=\"category\">Europe<\/a><a class=\"p-category category-id-3230\" href=\"https:\/\/thelatin.news\/fr\/category\/europe-fr\/\" rel=\"category\">L'Europe<\/a><a class=\"p-category category-id-79\" href=\"https:\/\/thelatin.news\/category\/press-relesaes\/\" rel=\"category\">Press relesaes<\/a><\/div><h3 class=\"entry-title\">\t\t<a class=\"p-url\" href=\"https:\/\/thelatin.news\/fr\/avantages-de-la-distribution-de-communiques-de-presse-en-france-et-dans-les-pays-francophones-deurope\/\" rel=\"bookmark\">Avantages de la distribution de communiqu\u00e9s de presse en France et dans les pays francophones d\u2019Europe<\/a><\/h3><p class=\"entry-summary\">Avantages des relations presse pour les march\u00e9s europ\u00e9ens PARIS, France \u2013 (EuropeNewswire.net) \u2014 Le paysage&hellip;<\/p>\r\n\t\t\t\t\t\t<div class=\"p-meta has-bookmark\">\r\n\t\t\t\t<div class=\"meta-inner is-meta\">\r\n\t\t\t\t\t\t\t<span class=\"meta-el meta-read\"><i class=\"rbi rbi-watch\" aria-hidden=\"true\"><\/i>7 Min Read<\/span>\r\n\t\t\t\t\t\t<\/div>\r\n\t\t\t\t<span class=\"rb-bookmark bookmark-trigger\" data-pid=\"20528\"><\/span>\t\t\t<\/div>\r\n\t\t\t\t<\/div>\r\n\t\t\t\t<\/div>\r\n\t\t\t<div class=\"p-wrap p-small p-list-small-1\" data-pid=\"20457\">\r\n\t\t\t<div class=\"p-content\">\r\n\t\t\t<div class=\"p-categories p-top\"><a class=\"p-category category-id-3245\" href=\"https:\/\/thelatin.news\/fr\/category\/press-relesaes-fr\/\" rel=\"category\">Communiqu\u00e9s de presse<\/a><a class=\"p-category category-id-78\" href=\"https:\/\/thelatin.news\/category\/europe\/\" rel=\"category\">Europe<\/a><a class=\"p-category category-id-3230\" href=\"https:\/\/thelatin.news\/fr\/category\/europe-fr\/\" rel=\"category\">L'Europe<\/a><a class=\"p-category category-id-79\" href=\"https:\/\/thelatin.news\/category\/press-relesaes\/\" rel=\"category\">Press relesaes<\/a><\/div><h3 class=\"entry-title\">\t\t<a class=\"p-url\" href=\"https:\/\/thelatin.news\/fr\/terramaster-tos-system-15eme-anniversaire-la-beta-de-tos-7-est-desormais-ouverte-mondialement\/\" rel=\"bookmark\">TerraMaster TOS System 15\u00e8me Anniversaire : La B\u00eata de TOS 7 est d\u00e9sormais Ouverte Mondialement<\/a><\/h3><p class=\"entry-summary\">TerraMaster TOS 7 (EuropeNewswire.net) \u2014 TerraMaster, une marque de stockage professionnelle d\u00e9di\u00e9e \u00e0 fournir des&hellip;<\/p>\r\n\t\t\t\t\t\t<div class=\"p-meta has-bookmark\">\r\n\t\t\t\t<div class=\"meta-inner is-meta\">\r\n\t\t\t\t\t\t\t<span class=\"meta-el meta-read\"><i class=\"rbi rbi-watch\" aria-hidden=\"true\"><\/i>4 Min Read<\/span>\r\n\t\t\t\t\t\t<\/div>\r\n\t\t\t\t<span class=\"rb-bookmark bookmark-trigger\" data-pid=\"20457\"><\/span>\t\t\t<\/div>\r\n\t\t\t\t<\/div>\r\n\t\t\t\t<\/div>\r\n\t\t\t<div class=\"p-wrap p-small p-list-small-1\" data-pid=\"20377\">\r\n\t\t\t<div class=\"p-content\">\r\n\t\t\t<div class=\"p-categories p-top\"><a class=\"p-category category-id-3245\" href=\"https:\/\/thelatin.news\/fr\/category\/press-relesaes-fr\/\" rel=\"category\">Communiqu\u00e9s de presse<\/a><a class=\"p-category category-id-78\" href=\"https:\/\/thelatin.news\/category\/europe\/\" rel=\"category\">Europe<\/a><a class=\"p-category category-id-3230\" href=\"https:\/\/thelatin.news\/fr\/category\/europe-fr\/\" rel=\"category\">L'Europe<\/a><a class=\"p-category category-id-79\" href=\"https:\/\/thelatin.news\/category\/press-relesaes\/\" rel=\"category\">Press relesaes<\/a><\/div><h3 class=\"entry-title\">\t\t<a class=\"p-url\" href=\"https:\/\/thelatin.news\/fr\/european-center-for-peace-and-conflict-resolution-urges-coexistence-and-rejects-political-islam-during-demonstration-at-the-united-nations-in-geneva\/\" rel=\"bookmark\">European Center for Peace and Conflict Resolution Urges Coexistence and Rejects Political Islam During Demonstration at the United Nations in Geneva<\/a><\/h3><p class=\"entry-summary\">Geneva Event Geneva, Switzerland \u2014 (EuropeNewswire.net) \u2014\u00a0The European Center for Peace and Conflict Resolution (ECPCR)&hellip;<\/p>\r\n\t\t\t\t\t\t<div class=\"p-meta has-bookmark\">\r\n\t\t\t\t<div class=\"meta-inner is-meta\">\r\n\t\t\t\t\t\t\t<span class=\"meta-el meta-read\"><i class=\"rbi rbi-watch\" aria-hidden=\"true\"><\/i>6 Min Read<\/span>\r\n\t\t\t\t\t\t<\/div>\r\n\t\t\t\t<span class=\"rb-bookmark bookmark-trigger\" data-pid=\"20377\"><\/span>\t\t\t<\/div>\r\n\t\t\t\t<\/div>\r\n\t\t\t\t<\/div>\r\n\t<\/div>\t\t<div class=\"pagination-wrap pagination-loadmore\">\r\n\t\t\t<a href=\"#\" class=\"loadmore-trigger\"><span>Afficher plus\n<\/span><i class=\"rb-loader\" aria-hidden=\"true\"><\/i><\/a>\r\n\t\t<\/div>\r\n\t\t<\/div>\t\t<\/div>\n\t\t\t\t<\/div>\n\t\t\t\t\t<\/div>\n\t\t<\/div>\n\t\t\t\t\t<\/div>\n\t\t<\/section>\n\t\t\t\t<\/div>\n\t\t","protected":false},"excerpt":{"rendered":"<p>edit Comunicati stampaEuropa L\u2019eredit\u00e0 del latino: Tracciare le lingue romanze in Europa (Spagna, Portogallo, Italia, Francia, Romania, Andorra e Moldavia) Il paesaggio linguistico dell\u2019Europa \u00e8 una ricca tessitura, intessuta con fili di origini e storie diverse. Tra questi, le lingue con radici nel latino, note come lingue romanze, occupano un&hellip; By Newsroom Giugno 5, 2024 [&hellip;]<\/p>\n","protected":false},"author":1,"featured_media":0,"parent":0,"menu_order":0,"comment_status":"closed","ping_status":"closed","template":"","meta":{"footnotes":""},"class_list":["post-10031","page","type-page","status-publish"],"_links":{"self":[{"href":"https:\/\/thelatin.news\/fr\/wp-json\/wp\/v2\/pages\/10031","targetHints":{"allow":["GET"]}}],"collection":[{"href":"https:\/\/thelatin.news\/fr\/wp-json\/wp\/v2\/pages"}],"about":[{"href":"https:\/\/thelatin.news\/fr\/wp-json\/wp\/v2\/types\/page"}],"author":[{"embeddable":true,"href":"https:\/\/thelatin.news\/fr\/wp-json\/wp\/v2\/users\/1"}],"replies":[{"embeddable":true,"href":"https:\/\/thelatin.news\/fr\/wp-json\/wp\/v2\/comments?post=10031"}],"version-history":[{"count":22,"href":"https:\/\/thelatin.news\/fr\/wp-json\/wp\/v2\/pages\/10031\/revisions"}],"predecessor-version":[{"id":10823,"href":"https:\/\/thelatin.news\/fr\/wp-json\/wp\/v2\/pages\/10031\/revisions\/10823"}],"wp:attachment":[{"href":"https:\/\/thelatin.news\/fr\/wp-json\/wp\/v2\/media?parent=10031"}],"curies":[{"name":"wp","href":"https:\/\/api.w.org\/{rel}","templated":true}]}}