{"id":10015,"date":"2022-10-07T06:42:36","date_gmt":"2022-10-07T06:42:36","guid":{"rendered":"https:\/\/thelatin.news\/inicio\/"},"modified":"2024-06-09T06:27:19","modified_gmt":"2024-06-09T06:27:19","slug":"inicio","status":"publish","type":"page","link":"https:\/\/thelatin.news\/es\/","title":{"rendered":"Inicio"},"content":{"rendered":"\t\t<div data-elementor-type=\"wp-page\" data-elementor-id=\"10015\" class=\"elementor elementor-10015 elementor-2173\">\n\t\t\t\t\t\t<section class=\"elementor-section elementor-top-section elementor-element elementor-element-b326d4c elementor-section-boxed elementor-section-height-default elementor-section-height-default\" data-id=\"b326d4c\" data-element_type=\"section\">\n\t\t\t\t\t\t<div class=\"elementor-container elementor-column-gap-custom\">\n\t\t\t\t\t<div class=\"elementor-column elementor-col-66 elementor-top-column elementor-element elementor-element-3f01a73\" data-id=\"3f01a73\" data-element_type=\"column\">\n\t\t\t<div class=\"elementor-widget-wrap elementor-element-populated\">\n\t\t\t\t\t\t<div class=\"elementor-element elementor-element-8893f7b elementor-widget elementor-widget-foxiz-overlay-1\" data-id=\"8893f7b\" data-element_type=\"widget\" data-widget_type=\"foxiz-overlay-1.default\">\n\t\t\t\t<div class=\"elementor-widget-container\">\n\t\t\t<div id=\"uid_8893f7b\" class=\"block-wrap block-overlay overlay-1 light-overlay-scheme p-gradient rb-tcol-1 rb-mcol-1 ecat-bg-4 ecat-size-big meta-s-default\"><div class=\"block-inner\">\t\t\t<div class=\"post-slider swiper-container pre-load\"  data-play=\"1\" data-speed=\"5000\">\r\n\t\t\t\t<div class=\"swiper-wrapper\">\r\n\t\t\t\t\t\t\t<div class=\"p-wrap p-highlight p-overlay-1 swiper-slide\" data-pid=\"19731\">\r\n\t\t\t<div class=\"overlay-holder\">\r\n\t\t\t\t\t<div class=\"p-featured\">\r\n\t\t\t\t\t<a class=\"p-flink\" href=\"https:\/\/thelatin.news\/es\/sugardaddymeet-ya-esta-disponible-en-espana-la-mayor-plataforma-para-citas-discretas-y-lujosas\/\" title=\"SugarDaddyMeet ya est\u00e1 disponible en Espa\u00f1a: La mayor plataforma para citas discretas y lujosas\">\r\n\t\t\t<img loading=\"lazy\" decoding=\"async\" width=\"860\" height=\"174\" src=\"https:\/\/thelatin.news\/wp-content\/uploads\/2025\/05\/Screenshot89-860x174.png\" class=\"featured-img wp-post-image\" alt=\"\" loading=\"lazy\" \/>\t\t<\/a>\r\n\t\t\t\t<\/div>\r\n\t\t\t\t<div class=\"overlay-wrap\">\r\n\t\t\t\t<div class=\"overlay-inner p-content overlay-text\">\r\n\t\t\t\t\t<div class=\"p-categories p-top\"><a class=\"p-category category-id-3309\" href=\"https:\/\/thelatin.news\/es\/category\/press-relesaes-es\/\" rel=\"category\">Comunicados de prensa<\/a><a class=\"p-category category-id-3294\" href=\"https:\/\/thelatin.news\/es\/category\/europe-es\/\" rel=\"category\">Europa<\/a><a class=\"p-category category-id-78\" href=\"https:\/\/thelatin.news\/category\/europe\/\" rel=\"category\">Europe<\/a><a class=\"p-category category-id-79\" href=\"https:\/\/thelatin.news\/category\/press-relesaes\/\" rel=\"category\">Press relesaes<\/a><\/div><h2 class=\"entry-title\">\t\t<a class=\"p-url\" href=\"https:\/\/thelatin.news\/es\/sugardaddymeet-ya-esta-disponible-en-espana-la-mayor-plataforma-para-citas-discretas-y-lujosas\/\" rel=\"bookmark\">SugarDaddyMeet ya est\u00e1 disponible en Espa\u00f1a: La mayor plataforma para citas discretas y lujosas<\/a><\/h2><p class=\"entry-summary\">Madrid, Spain \u2013 (EuropeNewswire.Net) \u2013 SugarDaddyMeet, una plataforma profesional de citas especializada en relaciones tipo sugar, ya est\u00e1 disponible en Espa\u00f1a. Con casi 9 millones de usuarios en m\u00e1s de&hellip;<\/p>\r\n\t\t\t\t\t\t<div class=\"p-meta\">\r\n\t\t\t\t<div class=\"meta-inner is-meta\">\r\n\t\t\t\t\t<span class=\"meta-el meta-author\">\r\n\t\t\t\t\t<span class=\"meta-label\">By<\/span>\r\n\t\t\t\t<a href=\"https:\/\/thelatin.news\/es\/author\/admin\/\">Newsroom<\/a>\r\n\t\t\t\t<\/span>\r\n\t\t<span class=\"meta-el meta-date\">\r\n\t\t<i class=\"rbi rbi-clock\" aria-hidden=\"true\"><\/i>\t\t<time class=\"date published\" datetime=\"2025-06-27T14:13:16+00:00\">27 de junio de 2025<\/time>\r\n\t\t<\/span>\t\t<span class=\"meta-el meta-read\"><i class=\"rbi rbi-watch\" aria-hidden=\"true\"><\/i>6 Min Read<\/span>\r\n\t\t\t\t\t\t<\/div>\r\n\t\t\t\t\t\t\t<\/div>\r\n\t\t\t\t\t\t<\/div>\r\n\t\t\t<\/div>\r\n\t\t<\/div>\r\n\t\t\t\t<\/div>\r\n\t\t\t<div class=\"p-wrap p-highlight p-overlay-1 swiper-slide\" data-pid=\"12396\">\r\n\t\t\t<div class=\"overlay-holder\">\r\n\t\t\t\t\t<div class=\"p-featured\">\r\n\t\t\t\t\t<a class=\"p-flink\" href=\"https:\/\/thelatin.news\/es\/la-anatomia-de-la-sala-de-redaccion-de-la-ue-el-latido-del-periodismo-en-europa\/\" title=\"La anatom\u00eda de la sala de redacci\u00f3n de la UE: el latido del periodismo en Europa\">\r\n\t\t\t<img loading=\"lazy\" decoding=\"async\" width=\"840\" height=\"443\" src=\"https:\/\/thelatin.news\/wp-content\/uploads\/2024\/07\/Blank-img.png\" class=\"featured-img wp-post-image\" alt=\"\" loading=\"lazy\" \/>\t\t<\/a>\r\n\t\t\t\t<\/div>\r\n\t\t\t\t<div class=\"overlay-wrap\">\r\n\t\t\t\t<div class=\"overlay-inner p-content overlay-text\">\r\n\t\t\t\t\t<div class=\"p-categories p-top\"><a class=\"p-category category-id-3309\" href=\"https:\/\/thelatin.news\/es\/category\/press-relesaes-es\/\" rel=\"category\">Comunicados de prensa<\/a><a class=\"p-category category-id-3294\" href=\"https:\/\/thelatin.news\/es\/category\/europe-es\/\" rel=\"category\">Europa<\/a><a class=\"p-category category-id-78\" href=\"https:\/\/thelatin.news\/category\/europe\/\" rel=\"category\">Europe<\/a><a class=\"p-category category-id-79\" href=\"https:\/\/thelatin.news\/category\/press-relesaes\/\" rel=\"category\">Press relesaes<\/a><\/div><h2 class=\"entry-title\">\t\t<a class=\"p-url\" href=\"https:\/\/thelatin.news\/es\/la-anatomia-de-la-sala-de-redaccion-de-la-ue-el-latido-del-periodismo-en-europa\/\" rel=\"bookmark\">La anatom\u00eda de la sala de redacci\u00f3n de la UE: el latido del periodismo en Europa<\/a><\/h2><p class=\"entry-summary\">En la era de la informaci\u00f3n, la sala de redacci\u00f3n es el sistema nervioso central del periodismo, palpitando al ritmo de las noticias de \u00faltima hora y las historias profundas.&hellip;<\/p>\r\n\t\t\t\t\t\t<div class=\"p-meta\">\r\n\t\t\t\t<div class=\"meta-inner is-meta\">\r\n\t\t\t\t\t<span class=\"meta-el meta-author\">\r\n\t\t\t\t\t<span class=\"meta-label\">By<\/span>\r\n\t\t\t\t<a href=\"https:\/\/thelatin.news\/es\/author\/admin\/\">Newsroom<\/a>\r\n\t\t\t\t<\/span>\r\n\t\t<span class=\"meta-el meta-date\">\r\n\t\t<i class=\"rbi rbi-clock\" aria-hidden=\"true\"><\/i>\t\t<time class=\"date published\" datetime=\"2024-07-14T17:08:12+00:00\">14 de julio de 2024<\/time>\r\n\t\t<\/span>\t\t<span class=\"meta-el meta-read\"><i class=\"rbi rbi-watch\" aria-hidden=\"true\"><\/i>7 Min Read<\/span>\r\n\t\t\t\t\t\t<\/div>\r\n\t\t\t\t\t\t\t<\/div>\r\n\t\t\t\t\t\t<\/div>\r\n\t\t\t<\/div>\r\n\t\t<\/div>\r\n\t\t\t\t<\/div>\r\n\t\t\t<div class=\"p-wrap p-highlight p-overlay-1 swiper-slide\" data-pid=\"12410\">\r\n\t\t\t<div class=\"overlay-holder\">\r\n\t\t\t\t\t<div class=\"p-featured\">\r\n\t\t\t\t\t<a class=\"p-flink\" href=\"https:\/\/thelatin.news\/es\/el-estado-actual-y-futuro-de-las-redacciones-en-la-union-europea\/\" title=\"El estado actual y futuro de las redacciones en la Uni\u00f3n Europea\">\r\n\t\t\t<img loading=\"lazy\" decoding=\"async\" width=\"840\" height=\"443\" src=\"https:\/\/thelatin.news\/wp-content\/uploads\/2024\/07\/Blank-img.png\" class=\"featured-img wp-post-image\" alt=\"\" loading=\"lazy\" \/>\t\t<\/a>\r\n\t\t\t\t<\/div>\r\n\t\t\t\t<div class=\"overlay-wrap\">\r\n\t\t\t\t<div class=\"overlay-inner p-content overlay-text\">\r\n\t\t\t\t\t<div class=\"p-categories p-top\"><a class=\"p-category category-id-3309\" href=\"https:\/\/thelatin.news\/es\/category\/press-relesaes-es\/\" rel=\"category\">Comunicados de prensa<\/a><a class=\"p-category category-id-3294\" href=\"https:\/\/thelatin.news\/es\/category\/europe-es\/\" rel=\"category\">Europa<\/a><a class=\"p-category category-id-78\" href=\"https:\/\/thelatin.news\/category\/europe\/\" rel=\"category\">Europe<\/a><a class=\"p-category category-id-79\" href=\"https:\/\/thelatin.news\/category\/press-relesaes\/\" rel=\"category\">Press relesaes<\/a><\/div><h2 class=\"entry-title\">\t\t<a class=\"p-url\" href=\"https:\/\/thelatin.news\/es\/el-estado-actual-y-futuro-de-las-redacciones-en-la-union-europea\/\" rel=\"bookmark\">El estado actual y futuro de las redacciones en la Uni\u00f3n Europea<\/a><\/h2><p class=\"entry-summary\">Par\u00eds, Francia \u2013 (EuropeNewswire.Net) \u2014 La Uni\u00f3n Europea (UE) ha sido durante mucho tiempo un complejo tapiz de culturas, idiomas y sistemas pol\u00edticos. Esta diversidad se refleja en el panorama&hellip;<\/p>\r\n\t\t\t\t\t\t<div class=\"p-meta\">\r\n\t\t\t\t<div class=\"meta-inner is-meta\">\r\n\t\t\t\t\t<span class=\"meta-el meta-author\">\r\n\t\t\t\t\t<span class=\"meta-label\">By<\/span>\r\n\t\t\t\t<a href=\"https:\/\/thelatin.news\/es\/author\/admin\/\">Newsroom<\/a>\r\n\t\t\t\t<\/span>\r\n\t\t<span class=\"meta-el meta-date\">\r\n\t\t<i class=\"rbi rbi-clock\" aria-hidden=\"true\"><\/i>\t\t<time class=\"date published\" datetime=\"2024-07-14T16:55:30+00:00\">14 de julio de 2024<\/time>\r\n\t\t<\/span>\t\t<span class=\"meta-el meta-read\"><i class=\"rbi rbi-watch\" aria-hidden=\"true\"><\/i>6 Min Read<\/span>\r\n\t\t\t\t\t\t<\/div>\r\n\t\t\t\t\t\t\t<\/div>\r\n\t\t\t\t\t\t<\/div>\r\n\t\t\t<\/div>\r\n\t\t<\/div>\r\n\t\t\t\t<\/div>\r\n\t\t\t<div class=\"p-wrap p-highlight p-overlay-1 swiper-slide\" data-pid=\"11517\">\r\n\t\t\t<div class=\"overlay-holder\">\r\n\t\t\t\t\t<div class=\"p-featured\">\r\n\t\t\t\t\t<a class=\"p-flink\" href=\"https:\/\/thelatin.news\/es\/la-union-europea-una-union-de-prosperidad-y-estabilidad\/\" title=\"La Uni\u00f3n Europea: una uni\u00f3n de prosperidad y estabilidad\">\r\n\t\t\t<img loading=\"lazy\" decoding=\"async\" width=\"813\" height=\"36\" src=\"https:\/\/thelatin.news\/wp-content\/uploads\/2024\/06\/Arab-Newswire-Press-Release-Distribution-to-Media-Arab-World-and-MENA-regions-1.png\" class=\"featured-img wp-post-image\" alt=\"\" loading=\"lazy\" \/>\t\t<\/a>\r\n\t\t\t\t<\/div>\r\n\t\t\t\t<div class=\"overlay-wrap\">\r\n\t\t\t\t<div class=\"overlay-inner p-content overlay-text\">\r\n\t\t\t\t\t<div class=\"p-categories p-top\"><a class=\"p-category category-id-3309\" href=\"https:\/\/thelatin.news\/es\/category\/press-relesaes-es\/\" rel=\"category\">Comunicados de prensa<\/a><a class=\"p-category category-id-3294\" href=\"https:\/\/thelatin.news\/es\/category\/europe-es\/\" rel=\"category\">Europa<\/a><a class=\"p-category category-id-78\" href=\"https:\/\/thelatin.news\/category\/europe\/\" rel=\"category\">Europe<\/a><a class=\"p-category category-id-79\" href=\"https:\/\/thelatin.news\/category\/press-relesaes\/\" rel=\"category\">Press relesaes<\/a><\/div><h2 class=\"entry-title\">\t\t<a class=\"p-url\" href=\"https:\/\/thelatin.news\/es\/la-union-europea-una-union-de-prosperidad-y-estabilidad\/\" rel=\"bookmark\">La Uni\u00f3n Europea: una uni\u00f3n de prosperidad y estabilidad<\/a><\/h2><p class=\"entry-summary\">La Uni\u00f3n Europea (UE) se presenta como una entidad \u00fanica que une a naciones independientes bajo un estandarte de armon\u00eda econ\u00f3mica, social y pol\u00edtica. Desde su creaci\u00f3n, la UE ha&hellip;<\/p>\r\n\t\t\t\t\t\t<div class=\"p-meta\">\r\n\t\t\t\t<div class=\"meta-inner is-meta\">\r\n\t\t\t\t\t<span class=\"meta-el meta-author\">\r\n\t\t\t\t\t<span class=\"meta-label\">By<\/span>\r\n\t\t\t\t<a href=\"https:\/\/thelatin.news\/es\/author\/admin\/\">Newsroom<\/a>\r\n\t\t\t\t<\/span>\r\n\t\t<span class=\"meta-el meta-date\">\r\n\t\t<i class=\"rbi rbi-clock\" aria-hidden=\"true\"><\/i>\t\t<time class=\"date published\" datetime=\"2024-06-26T09:59:24+00:00\">26 de junio de 2024<\/time>\r\n\t\t<\/span>\t\t<span class=\"meta-el meta-read\"><i class=\"rbi rbi-watch\" aria-hidden=\"true\"><\/i>6 Min Read<\/span>\r\n\t\t\t\t\t\t<\/div>\r\n\t\t\t\t\t\t\t<\/div>\r\n\t\t\t\t\t\t<\/div>\r\n\t\t\t<\/div>\r\n\t\t<\/div>\r\n\t\t\t\t<\/div>\r\n\t\t\t\t\t<\/div>\r\n\t\t\t\t\t\t\t\t\t<div class=\"slider-pagination slider-pagination-top\"><\/div>\r\n\t\t\t\t\t\t\t\t\t<div class=\"slider-prev rbi rbi-cleft\"><\/div>\r\n\t\t\t\t\t<div class=\"slider-next rbi rbi-cright\"><\/div>\r\n\t\t\t\t\t\t\t<\/div>\r\n\t\t<\/div><\/div>\t\t<\/div>\n\t\t\t\t<\/div>\n\t\t\t\t<div class=\"elementor-element elementor-element-ec35443 elementor-widget elementor-widget-foxiz-heading\" data-id=\"ec35443\" data-element_type=\"widget\" data-widget_type=\"foxiz-heading.default\">\n\t\t\t\t<div class=\"elementor-widget-container\">\n\t\t\t<div id=\"uid_ec35443\" class=\"block-h heading-layout-10\"><div class=\"heading-inner\"><h4 class=\"heading-title\"><span>\u00daltimas noticias latinas<\/span><\/h4><\/div><\/div>\t\t<\/div>\n\t\t\t\t<\/div>\n\t\t\t\t<div class=\"elementor-element elementor-element-e9b8b62 elementor-widget elementor-widget-foxiz-list-1\" data-id=\"e9b8b62\" data-element_type=\"widget\" data-widget_type=\"foxiz-list-1.default\">\n\t\t\t\t<div class=\"elementor-widget-container\">\n\t\t\t<div id=\"uid_e9b8b62\" class=\"block-wrap block-big block-list block-list-1 rb-columns rb-col-1 rb-tcol-1 rb-mcol-1 hovering-bw-invert bottom-border is-b-border-gray no-last-bb p-vtop ecat-bg-4 is-feat-left meta-s-default\"><\/div>\t\t<\/div>\n\t\t\t\t<\/div>\n\t\t\t\t<div class=\"elementor-element elementor-element-67a9572 elementor-widget elementor-widget-foxiz-list-small-1\" data-id=\"67a9572\" data-element_type=\"widget\" data-widget_type=\"foxiz-list-small-1.default\">\n\t\t\t\t<div class=\"elementor-widget-container\">\n\t\t\t<div id=\"uid_67a9572\" class=\"block-wrap block-small block-list block-list-small-1 rb-columns rb-col-3 rb-tcol-3 rb-mcol-1 is-gap-custom col-border is-border-gray bottom-border is-b-border-gray no-last-bb ecat-bg-4 meta-s-default\"><\/div>\t\t<\/div>\n\t\t\t\t<\/div>\n\t\t\t\t\t<\/div>\n\t\t<\/div>\n\t\t\t\t<div class=\"elementor-column elementor-col-33 elementor-top-column elementor-element elementor-element-ed12735 rb-sticky\" data-id=\"ed12735\" data-element_type=\"column\">\n\t\t\t<div class=\"elementor-widget-wrap elementor-element-populated\">\n\t\t\t\t\t\t<div class=\"elementor-element elementor-element-d09111e elementor-widget elementor-widget-foxiz-heading\" data-id=\"d09111e\" data-element_type=\"widget\" data-widget_type=\"foxiz-heading.default\">\n\t\t\t\t<div class=\"elementor-widget-container\">\n\t\t\t<div id=\"uid_d09111e\" class=\"block-h heading-layout-2\"><div class=\"heading-inner\"><h4 class=\"heading-title\"><a href=\"https:\/\/foxiz.themeruby.com\/time\/my-bookmarks\/\">S\u00f3lo para ti<\/a><\/h4><\/div><\/div>\t\t<\/div>\n\t\t\t\t<\/div>\n\t\t\t\t<div class=\"elementor-element elementor-element-f321c4d elementor-widget elementor-widget-foxiz-grid-1\" data-id=\"f321c4d\" data-element_type=\"widget\" data-widget_type=\"foxiz-grid-1.default\">\n\t\t\t\t<div class=\"elementor-widget-container\">\n\t\t\t<div id=\"uid_f321c4d\" class=\"block-wrap block-grid block-grid-1 rb-columns rb-col-2 rb-tcol-1 rb-mcol-1 is-gap-custom col-border is-border-gray bottom-border is-b-border-gray no-last-bb ecat-bg-4 meta-s-default\"><div class=\"block-inner\">\t\t<div class=\"p-wrap p-grid p-grid-1\" data-pid=\"10710\">\r\n\t\t\t\t<div class=\"feat-holder overlay-text\">\r\n\t\t\t\t\t\t<div class=\"p-featured\">\r\n\t\t\t\t\t<a class=\"p-flink\" href=\"https:\/\/thelatin.news\/es\/el-legado-del-latin-rastreando-las-lenguas-romances-en-europa-espana-portugal-italia-francia-rumania-andorra-y-moldavia\/\" title=\"El legado del lat\u00edn: rastreando las lenguas romances en Europa (Espa\u00f1a, Portugal, Italia, Francia, Rumania, Andorra y Moldavia)\">\r\n\t\t\t<img loading=\"lazy\" decoding=\"async\" width=\"420\" height=\"36\" src=\"https:\/\/thelatin.news\/wp-content\/uploads\/2024\/06\/Arab-Newswire-Press-Release-Distribution-to-Media-Arab-World-and-MENA-regions-1-420x36.png\" class=\"featured-img wp-post-image\" alt=\"\" loading=\"lazy\" \/>\t\t<\/a>\r\n\t\t\t\t<\/div>\r\n\t<div class=\"p-categories p-top\"><a class=\"p-category category-id-3309\" href=\"https:\/\/thelatin.news\/es\/category\/press-relesaes-es\/\" rel=\"category\">Comunicados de prensa<\/a><a class=\"p-category category-id-3294\" href=\"https:\/\/thelatin.news\/es\/category\/europe-es\/\" rel=\"category\">Europa<\/a><\/div>\t\t\t<\/div>\r\n\t\t<h4 class=\"entry-title\">\t\t<a class=\"p-url\" href=\"https:\/\/thelatin.news\/es\/el-legado-del-latin-rastreando-las-lenguas-romances-en-europa-espana-portugal-italia-francia-rumania-andorra-y-moldavia\/\" rel=\"bookmark\">El legado del lat\u00edn: rastreando las lenguas romances en Europa (Espa\u00f1a, Portugal, Italia, Francia, Rumania, Andorra y Moldavia)<\/a><\/h4>\t\t\t<div class=\"p-meta has-bookmark\">\r\n\t\t\t\t<div class=\"meta-inner is-meta\">\r\n\t\t\t\t\t\t\t<span class=\"meta-el meta-read\"><i class=\"rbi rbi-watch\" aria-hidden=\"true\"><\/i>6 Min Read<\/span>\r\n\t\t\t\t\t\t<\/div>\r\n\t\t\t\t<span class=\"rb-bookmark bookmark-trigger\" data-pid=\"10710\"><\/span>\t\t\t<\/div>\r\n\t\t\t\t<\/div>\r\n\t\t\t<div class=\"p-wrap p-grid p-grid-1\" data-pid=\"10712\">\r\n\t\t\t\t<div class=\"feat-holder overlay-text\">\r\n\t\t\t\t\t\t<div class=\"p-featured\">\r\n\t\t\t\t\t<a class=\"p-flink\" href=\"https:\/\/thelatin.news\/es\/el-papel-de-francia-italia-portugal-espana-y-rumania-en-europa-una-vision-global\/\" title=\"El papel de Francia, Italia, Portugal, Espa\u00f1a y Rumania en Europa: una visi\u00f3n global\">\r\n\t\t\t<img loading=\"lazy\" decoding=\"async\" width=\"420\" height=\"36\" src=\"https:\/\/thelatin.news\/wp-content\/uploads\/2024\/06\/Arab-Newswire-Press-Release-Distribution-to-Media-Arab-World-and-MENA-regions-1-420x36.png\" class=\"featured-img wp-post-image\" alt=\"\" loading=\"lazy\" \/>\t\t<\/a>\r\n\t\t\t\t<\/div>\r\n\t<div class=\"p-categories p-top\"><a class=\"p-category category-id-3309\" href=\"https:\/\/thelatin.news\/es\/category\/press-relesaes-es\/\" rel=\"category\">Comunicados de prensa<\/a><a class=\"p-category category-id-3294\" href=\"https:\/\/thelatin.news\/es\/category\/europe-es\/\" rel=\"category\">Europa<\/a><\/div>\t\t\t<\/div>\r\n\t\t<h4 class=\"entry-title\">\t\t<a class=\"p-url\" href=\"https:\/\/thelatin.news\/es\/el-papel-de-francia-italia-portugal-espana-y-rumania-en-europa-una-vision-global\/\" rel=\"bookmark\">El papel de Francia, Italia, Portugal, Espa\u00f1a y Rumania en Europa: una visi\u00f3n global<\/a><\/h4>\t\t\t<div class=\"p-meta has-bookmark\">\r\n\t\t\t\t<div class=\"meta-inner is-meta\">\r\n\t\t\t\t\t\t\t<span class=\"meta-el meta-read\"><i class=\"rbi rbi-watch\" aria-hidden=\"true\"><\/i>5 Min Read<\/span>\r\n\t\t\t\t\t\t<\/div>\r\n\t\t\t\t<span class=\"rb-bookmark bookmark-trigger\" data-pid=\"10712\"><\/span>\t\t\t<\/div>\r\n\t\t\t\t<\/div>\r\n\t\t\t<div class=\"p-wrap p-grid p-grid-1\" data-pid=\"10714\">\r\n\t\t\t\t<div class=\"feat-holder overlay-text\">\r\n\t\t\t\t\t\t<div class=\"p-featured\">\r\n\t\t\t\t\t<a class=\"p-flink\" href=\"https:\/\/thelatin.news\/es\/principales-actores-de-las-bolsas-de-valores-europeas-y-sus-perspectivas-economicas\/\" title=\"Principales actores de las bolsas de valores europeas y sus perspectivas econ\u00f3micas\">\r\n\t\t\t<img loading=\"lazy\" decoding=\"async\" width=\"420\" height=\"36\" src=\"https:\/\/thelatin.news\/wp-content\/uploads\/2024\/06\/Arab-Newswire-Press-Release-Distribution-to-Media-Arab-World-and-MENA-regions-1-420x36.png\" class=\"featured-img wp-post-image\" alt=\"\" loading=\"lazy\" \/>\t\t<\/a>\r\n\t\t\t\t<\/div>\r\n\t<div class=\"p-categories p-top\"><a class=\"p-category category-id-3309\" href=\"https:\/\/thelatin.news\/es\/category\/press-relesaes-es\/\" rel=\"category\">Comunicados de prensa<\/a><a class=\"p-category category-id-3294\" href=\"https:\/\/thelatin.news\/es\/category\/europe-es\/\" rel=\"category\">Europa<\/a><\/div>\t\t\t<\/div>\r\n\t\t<h4 class=\"entry-title\">\t\t<a class=\"p-url\" href=\"https:\/\/thelatin.news\/es\/principales-actores-de-las-bolsas-de-valores-europeas-y-sus-perspectivas-economicas\/\" rel=\"bookmark\">Principales actores de las bolsas de valores europeas y sus perspectivas econ\u00f3micas<\/a><\/h4>\t\t\t<div class=\"p-meta has-bookmark\">\r\n\t\t\t\t<div class=\"meta-inner is-meta\">\r\n\t\t\t\t\t\t\t<span class=\"meta-el meta-read\"><i class=\"rbi rbi-watch\" aria-hidden=\"true\"><\/i>5 Min Read<\/span>\r\n\t\t\t\t\t\t<\/div>\r\n\t\t\t\t<span class=\"rb-bookmark bookmark-trigger\" data-pid=\"10714\"><\/span>\t\t\t<\/div>\r\n\t\t\t\t<\/div>\r\n\t\t\t<div class=\"p-wrap p-grid p-grid-1\" data-pid=\"10716\">\r\n\t\t\t\t<div class=\"feat-holder overlay-text\">\r\n\t\t\t\t\t\t<div class=\"p-featured\">\r\n\t\t\t\t\t<a class=\"p-flink\" href=\"https:\/\/thelatin.news\/es\/la-fortaleza-del-euro-en-el-mercado-financiero-mundial\/\" title=\"La fortaleza del euro en el mercado financiero mundial\">\r\n\t\t\t<img loading=\"lazy\" decoding=\"async\" width=\"420\" height=\"36\" src=\"https:\/\/thelatin.news\/wp-content\/uploads\/2024\/06\/Arab-Newswire-Press-Release-Distribution-to-Media-Arab-World-and-MENA-regions-1-420x36.png\" class=\"featured-img wp-post-image\" alt=\"\" loading=\"lazy\" \/>\t\t<\/a>\r\n\t\t\t\t<\/div>\r\n\t<div class=\"p-categories p-top\"><a class=\"p-category category-id-3309\" href=\"https:\/\/thelatin.news\/es\/category\/press-relesaes-es\/\" rel=\"category\">Comunicados de prensa<\/a><a class=\"p-category category-id-3294\" href=\"https:\/\/thelatin.news\/es\/category\/europe-es\/\" rel=\"category\">Europa<\/a><\/div>\t\t\t<\/div>\r\n\t\t<h4 class=\"entry-title\">\t\t<a class=\"p-url\" href=\"https:\/\/thelatin.news\/es\/la-fortaleza-del-euro-en-el-mercado-financiero-mundial\/\" rel=\"bookmark\">La fortaleza del euro en el mercado financiero mundial<\/a><\/h4>\t\t\t<div class=\"p-meta has-bookmark\">\r\n\t\t\t\t<div class=\"meta-inner is-meta\">\r\n\t\t\t\t\t\t\t<span class=\"meta-el meta-read\"><i class=\"rbi rbi-watch\" aria-hidden=\"true\"><\/i>5 Min Read<\/span>\r\n\t\t\t\t\t\t<\/div>\r\n\t\t\t\t<span class=\"rb-bookmark bookmark-trigger\" data-pid=\"10716\"><\/span>\t\t\t<\/div>\r\n\t\t\t\t<\/div>\r\n\t<\/div><\/div>\t\t<\/div>\n\t\t\t\t<\/div>\n\t\t\t\t\t<\/div>\n\t\t<\/div>\n\t\t\t\t\t<\/div>\n\t\t<\/section>\n\t\t\t\t<section class=\"elementor-section elementor-top-section elementor-element elementor-element-f1ae7a2 elementor-section-boxed elementor-section-height-default elementor-section-height-default\" data-id=\"f1ae7a2\" data-element_type=\"section\">\n\t\t\t\t\t\t<div class=\"elementor-container elementor-column-gap-custom\">\n\t\t\t\t\t<div class=\"elementor-column elementor-col-100 elementor-top-column elementor-element elementor-element-674dd92\" data-id=\"674dd92\" data-element_type=\"column\">\n\t\t\t<div class=\"elementor-widget-wrap elementor-element-populated\">\n\t\t\t\t\t\t<section class=\"elementor-section elementor-inner-section elementor-element elementor-element-8532d07 elementor-section-full_width elementor-section-height-default elementor-section-height-default\" data-id=\"8532d07\" data-element_type=\"section\">\n\t\t\t\t\t\t<div class=\"elementor-container elementor-column-gap-custom\">\n\t\t\t\t\t<div class=\"elementor-column elementor-col-100 elementor-inner-column elementor-element elementor-element-3bba3ff\" data-id=\"3bba3ff\" data-element_type=\"column\" data-settings=\"{&quot;background_background&quot;:&quot;classic&quot;}\">\n\t\t\t<div class=\"elementor-widget-wrap elementor-element-populated\">\n\t\t\t\t\t\t<div class=\"elementor-element elementor-element-0a662e8 elementor-widget elementor-widget-foxiz-heading\" data-id=\"0a662e8\" data-element_type=\"widget\" data-widget_type=\"foxiz-heading.default\">\n\t\t\t\t<div class=\"elementor-widget-container\">\n\t\t\t<div id=\"uid_0a662e8\" class=\"block-h heading-layout-2\"><div class=\"heading-inner\"><h4 class=\"heading-title\"><a href=\"https:\/\/thelatin.news\/es\/category\/news-es\/technology-es\/\">Tecnolog\u00eda<\/a><\/h4><div class=\"heading-tagline h6\"><a class=\"heading-tagline-label\" href=\"https:\/\/thelatin.news\/es\/category\/news-es\/technology-es\/\">Ver todo<\/a><i class=\"rbi rbi-cright heading-tagline-icon\" aria-hidden=\"true\"><\/i><\/div><\/div><\/div>\t\t<\/div>\n\t\t\t\t<\/div>\n\t\t\t\t<div class=\"elementor-element elementor-element-11c4b3f elementor-widget elementor-widget-foxiz-list-1\" data-id=\"11c4b3f\" data-element_type=\"widget\" data-widget_type=\"foxiz-list-1.default\">\n\t\t\t\t<div class=\"elementor-widget-container\">\n\t\t\t<div id=\"uid_11c4b3f\" class=\"block-wrap block-big block-list block-list-1 rb-columns rb-col-2 rb-tcol-1 rb-mcol-1 is-gap-custom col-border is-border-gray hovering-bw bottom-border is-b-border-gray no-last-bb p-vtop is-feat-right meta-s-default\"><div class=\"block-inner\">\t\t<div class=\"p-wrap p-list p-list-1\" data-pid=\"11674\">\r\n\t\t\t<div class=\"list-holder\">\r\n\t\t\t<div class=\"list-feat-holder\">\r\n\t\t\t\t\t\t\t<\/div>\r\n\t\t\t<div class=\"p-content\">\r\n\t\t\t\t<h3 class=\"entry-title\">\t\t<a class=\"p-url\" href=\"https:\/\/thelatin.news\/es\/espana-y-arabia-saudi-ofrecen-experiencias-culinarias-unicas\/\" rel=\"bookmark\">Espa\u00f1a y Arabia Saud\u00ed ofrecen experiencias culinarias \u00fanicas<\/a><\/h3><p class=\"entry-summary\">El turismo gastron\u00f3mico est\u00e1 en auge, impulsado por la creatividad y la creaci\u00f3n de nuevas&hellip;<\/p>\r\n\t\t\t\t\t\t<div class=\"p-meta has-bookmark\">\r\n\t\t\t\t<div class=\"meta-inner is-meta\">\r\n\t\t\t\t\t<span class=\"meta-el meta-author\">\r\n\t\t\t\t\t<span class=\"meta-label\">By<\/span>\r\n\t\t\t\t<a href=\"https:\/\/thelatin.news\/es\/author\/admin\/\">Newsroom<\/a>\r\n\t\t\t\t<\/span>\r\n\t\t\t\t<span class=\"meta-el meta-read\"><i class=\"rbi rbi-watch\" aria-hidden=\"true\"><\/i>1 Min Read<\/span>\r\n\t\t\t\t\t\t<\/div>\r\n\t\t\t\t<span class=\"rb-bookmark bookmark-trigger\" data-pid=\"11674\"><\/span>\t\t\t<\/div>\r\n\t\t\t\t\t<\/div>\r\n\t\t<\/div>\r\n\t\t\t\t<\/div>\r\n\t\t\t<div class=\"p-wrap p-list p-list-1\" data-pid=\"9684\">\r\n\t\t\t<div class=\"list-holder\">\r\n\t\t\t<div class=\"list-feat-holder\">\r\n\t\t\t\t\t\t\t<\/div>\r\n\t\t\t<div class=\"p-content\">\r\n\t\t\t\t<h3 class=\"entry-title\">\t\t<a class=\"p-url\" href=\"https:\/\/thelatin.news\/es\/italia-se-protege-de-la-ia-con-penas-de-cinco-anos-a-quien-cause-danos-injustos\/\" rel=\"bookmark\">Italia se protege de la IA con penas de cinco a\u00f1os a quien cause \u00abda\u00f1os injustos\u00bb<\/a><\/h3><p class=\"entry-summary\">... fuente<\/p>\r\n\t\t\t\t\t\t<div class=\"p-meta has-bookmark\">\r\n\t\t\t\t<div class=\"meta-inner is-meta\">\r\n\t\t\t\t\t<span class=\"meta-el meta-author\">\r\n\t\t\t\t\t<span class=\"meta-label\">By<\/span>\r\n\t\t\t\t<a href=\"https:\/\/thelatin.news\/es\/author\/admin\/\">Newsroom<\/a>\r\n\t\t\t\t<\/span>\r\n\t\t\t\t<span class=\"meta-el meta-read\"><i class=\"rbi rbi-watch\" aria-hidden=\"true\"><\/i>0 Min Read<\/span>\r\n\t\t\t\t\t\t<\/div>\r\n\t\t\t\t<span class=\"rb-bookmark bookmark-trigger\" data-pid=\"9684\"><\/span>\t\t\t<\/div>\r\n\t\t\t\t\t<\/div>\r\n\t\t<\/div>\r\n\t\t\t\t<\/div>\r\n\t\t\t<div class=\"p-wrap p-list p-list-1\" data-pid=\"9620\">\r\n\t\t\t<div class=\"list-holder\">\r\n\t\t\t<div class=\"list-feat-holder\">\r\n\t\t\t\t\t\t\t<\/div>\r\n\t\t\t<div class=\"p-content\">\r\n\t\t\t\t<h3 class=\"entry-title\">\t\t<a class=\"p-url\" href=\"https:\/\/thelatin.news\/es\/micropack-busca-tecnologia-en-italia-para-dar-el-salto-en-produccion-de-panificados-y-pastas\/\" rel=\"bookmark\">Micropack busca tecnolog\u00eda en Italia para dar el salto en producci\u00f3n de panificados y pastas<\/a><\/h3><p class=\"entry-summary\">Micropack busca tecnolog\u00eda en Italia para dar el salto en producci\u00f3n de panificados y pastas&hellip;<\/p>\r\n\t\t\t\t\t\t<div class=\"p-meta has-bookmark\">\r\n\t\t\t\t<div class=\"meta-inner is-meta\">\r\n\t\t\t\t\t<span class=\"meta-el meta-author\">\r\n\t\t\t\t\t<span class=\"meta-label\">By<\/span>\r\n\t\t\t\t<a href=\"https:\/\/thelatin.news\/es\/author\/admin\/\">Newsroom<\/a>\r\n\t\t\t\t<\/span>\r\n\t\t\t\t<span class=\"meta-el meta-read\"><i class=\"rbi rbi-watch\" aria-hidden=\"true\"><\/i>1 Min Read<\/span>\r\n\t\t\t\t\t\t<\/div>\r\n\t\t\t\t<span class=\"rb-bookmark bookmark-trigger\" data-pid=\"9620\"><\/span>\t\t\t<\/div>\r\n\t\t\t\t\t<\/div>\r\n\t\t<\/div>\r\n\t\t\t\t<\/div>\r\n\t\t\t<div class=\"p-wrap p-list p-list-1\" data-pid=\"13454\">\r\n\t\t\t<div class=\"list-holder\">\r\n\t\t\t<div class=\"list-feat-holder\">\r\n\t\t\t\t\t\t\t<\/div>\r\n\t\t\t<div class=\"p-content\">\r\n\t\t\t\t<h3 class=\"entry-title\">\t\t<a class=\"p-url\" href=\"https:\/\/thelatin.news\/es\/la-iglesia-en-la-era-digital-y-el-enfoque-de-las-nuevas-tecnologias-en-la-comunicacion-eclesial\/\" rel=\"bookmark\">la Iglesia en la era digital y el enfoque de las nuevas tecnolog\u00edas en la comunicaci\u00f3n eclesial<\/a><\/h3><p class=\"entry-summary\">(ANS - Roma)\u00a0- Un atento y cualificado excursus entre el pasado, el presente y el&hellip;<\/p>\r\n\t\t\t\t\t\t<div class=\"p-meta has-bookmark\">\r\n\t\t\t\t<div class=\"meta-inner is-meta\">\r\n\t\t\t\t\t<span class=\"meta-el meta-author\">\r\n\t\t\t\t\t<span class=\"meta-label\">By<\/span>\r\n\t\t\t\t<a href=\"https:\/\/thelatin.news\/es\/author\/admin\/\">Newsroom<\/a>\r\n\t\t\t\t<\/span>\r\n\t\t\t\t<span class=\"meta-el meta-read\"><i class=\"rbi rbi-watch\" aria-hidden=\"true\"><\/i>1 Min Read<\/span>\r\n\t\t\t\t\t\t<\/div>\r\n\t\t\t\t<span class=\"rb-bookmark bookmark-trigger\" data-pid=\"13454\"><\/span>\t\t\t<\/div>\r\n\t\t\t\t\t<\/div>\r\n\t\t<\/div>\r\n\t\t\t\t<\/div>\r\n\t<\/div><\/div>\t\t<\/div>\n\t\t\t\t<\/div>\n\t\t\t\t\t<\/div>\n\t\t<\/div>\n\t\t\t\t\t<\/div>\n\t\t<\/section>\n\t\t\t\t\t<\/div>\n\t\t<\/div>\n\t\t\t\t\t<\/div>\n\t\t<\/section>\n\t\t\t\t<section class=\"elementor-section elementor-top-section elementor-element elementor-element-23948af elementor-section-boxed elementor-section-height-default elementor-section-height-default\" data-id=\"23948af\" data-element_type=\"section\">\n\t\t\t\t\t\t<div class=\"elementor-container elementor-column-gap-custom\">\n\t\t\t\t\t<div class=\"elementor-column elementor-col-100 elementor-top-column elementor-element elementor-element-1726b5b\" data-id=\"1726b5b\" data-element_type=\"column\">\n\t\t\t<div class=\"elementor-widget-wrap elementor-element-populated\">\n\t\t\t\t\t\t<div class=\"elementor-element elementor-element-5da7cb1 elementor-widget elementor-widget-foxiz-heading\" data-id=\"5da7cb1\" data-element_type=\"widget\" data-widget_type=\"foxiz-heading.default\">\n\t\t\t\t<div class=\"elementor-widget-container\">\n\t\t\t<div id=\"uid_5da7cb1\" class=\"block-h heading-layout-10\"><div class=\"heading-inner\"><h4 class=\"heading-title\"><a href=\"https:\/\/thelatin.news\/es\/category\/europe-es\/\">Noticias de Europa<\/a><\/h4><div class=\"heading-tagline h6\"><a class=\"heading-tagline-label\" href=\"https:\/\/thelatin.news\/es\/category\/europe-es\/\">Ver todo<\/a><i class=\"rbi rbi-cright heading-tagline-icon\" aria-hidden=\"true\"><\/i><\/div><\/div><\/div>\t\t<\/div>\n\t\t\t\t<\/div>\n\t\t\t\t<div class=\"elementor-element elementor-element-068251f elementor-widget elementor-widget-foxiz-grid-1\" data-id=\"068251f\" data-element_type=\"widget\" data-widget_type=\"foxiz-grid-1.default\">\n\t\t\t\t<div class=\"elementor-widget-container\">\n\t\t\t<div id=\"uid_068251f\" class=\"block-wrap block-grid block-grid-1 rb-columns rb-col-4 rb-tcol-2 rb-mcol-1 is-gap-custom col-border is-border-gray bottom-border is-b-border-gray no-last-bb ecat-bg-4 meta-s-default\"><div class=\"block-inner\">\t\t<div class=\"p-wrap p-grid p-grid-1\" data-pid=\"12410\">\r\n\t\t\t\t<div class=\"feat-holder overlay-text\">\r\n\t\t\t\t\t\t<div class=\"p-featured\">\r\n\t\t\t\t\t<a class=\"p-flink\" href=\"https:\/\/thelatin.news\/es\/el-estado-actual-y-futuro-de-las-redacciones-en-la-union-europea\/\" title=\"El estado actual y futuro de las redacciones en la Uni\u00f3n Europea\">\r\n\t\t\t<img loading=\"lazy\" decoding=\"async\" width=\"420\" height=\"280\" src=\"https:\/\/thelatin.news\/wp-content\/uploads\/2024\/07\/Blank-img-420x280.png\" class=\"featured-img wp-post-image\" alt=\"\" loading=\"lazy\" \/>\t\t<\/a>\r\n\t\t\t\t<\/div>\r\n\t<div class=\"p-categories p-top\"><a class=\"p-category category-id-3309\" href=\"https:\/\/thelatin.news\/es\/category\/press-relesaes-es\/\" rel=\"category\">Comunicados de prensa<\/a><a class=\"p-category category-id-3294\" href=\"https:\/\/thelatin.news\/es\/category\/europe-es\/\" rel=\"category\">Europa<\/a><a class=\"p-category category-id-78\" href=\"https:\/\/thelatin.news\/category\/europe\/\" rel=\"category\">Europe<\/a><a class=\"p-category category-id-79\" href=\"https:\/\/thelatin.news\/category\/press-relesaes\/\" rel=\"category\">Press relesaes<\/a><\/div>\t\t\t<\/div>\r\n\t\t<h4 class=\"entry-title\">\t\t<a class=\"p-url\" href=\"https:\/\/thelatin.news\/es\/el-estado-actual-y-futuro-de-las-redacciones-en-la-union-europea\/\" rel=\"bookmark\">El estado actual y futuro de las redacciones en la Uni\u00f3n Europea<\/a><\/h4><p class=\"entry-summary\">Par\u00eds, Francia \u2013 (EuropeNewswire.Net) \u2014 La Uni\u00f3n Europea (UE) ha sido durante mucho tiempo un complejo tapiz de culturas, idiomas&hellip;<\/p>\r\n\t\t\t\t\t\t<div class=\"p-meta has-bookmark\">\r\n\t\t\t\t<div class=\"meta-inner is-meta\">\r\n\t\t\t\t\t\t\t<span class=\"meta-el meta-read\"><i class=\"rbi rbi-watch\" aria-hidden=\"true\"><\/i>6 Min Read<\/span>\r\n\t\t\t\t\t\t<\/div>\r\n\t\t\t\t<span class=\"rb-bookmark bookmark-trigger\" data-pid=\"12410\"><\/span>\t\t\t<\/div>\r\n\t\t\t\t<\/div>\r\n\t\t\t<div class=\"p-wrap p-grid p-grid-1\" data-pid=\"12396\">\r\n\t\t\t\t<div class=\"feat-holder overlay-text\">\r\n\t\t\t\t\t\t<div class=\"p-featured\">\r\n\t\t\t\t\t<a class=\"p-flink\" href=\"https:\/\/thelatin.news\/es\/la-anatomia-de-la-sala-de-redaccion-de-la-ue-el-latido-del-periodismo-en-europa\/\" title=\"La anatom\u00eda de la sala de redacci\u00f3n de la UE: el latido del periodismo en Europa\">\r\n\t\t\t<img loading=\"lazy\" decoding=\"async\" width=\"420\" height=\"280\" src=\"https:\/\/thelatin.news\/wp-content\/uploads\/2024\/07\/Blank-img-420x280.png\" class=\"featured-img wp-post-image\" alt=\"\" loading=\"lazy\" \/>\t\t<\/a>\r\n\t\t\t\t<\/div>\r\n\t<div class=\"p-categories p-top\"><a class=\"p-category category-id-3309\" href=\"https:\/\/thelatin.news\/es\/category\/press-relesaes-es\/\" rel=\"category\">Comunicados de prensa<\/a><a class=\"p-category category-id-3294\" href=\"https:\/\/thelatin.news\/es\/category\/europe-es\/\" rel=\"category\">Europa<\/a><a class=\"p-category category-id-78\" href=\"https:\/\/thelatin.news\/category\/europe\/\" rel=\"category\">Europe<\/a><a class=\"p-category category-id-79\" href=\"https:\/\/thelatin.news\/category\/press-relesaes\/\" rel=\"category\">Press relesaes<\/a><\/div>\t\t\t<\/div>\r\n\t\t<h4 class=\"entry-title\">\t\t<a class=\"p-url\" href=\"https:\/\/thelatin.news\/es\/la-anatomia-de-la-sala-de-redaccion-de-la-ue-el-latido-del-periodismo-en-europa\/\" rel=\"bookmark\">La anatom\u00eda de la sala de redacci\u00f3n de la UE: el latido del periodismo en Europa<\/a><\/h4><p class=\"entry-summary\">En la era de la informaci\u00f3n, la sala de redacci\u00f3n es el sistema nervioso central del periodismo, palpitando al ritmo&hellip;<\/p>\r\n\t\t\t\t\t\t<div class=\"p-meta has-bookmark\">\r\n\t\t\t\t<div class=\"meta-inner is-meta\">\r\n\t\t\t\t\t\t\t<span class=\"meta-el meta-read\"><i class=\"rbi rbi-watch\" aria-hidden=\"true\"><\/i>7 Min Read<\/span>\r\n\t\t\t\t\t\t<\/div>\r\n\t\t\t\t<span class=\"rb-bookmark bookmark-trigger\" data-pid=\"12396\"><\/span>\t\t\t<\/div>\r\n\t\t\t\t<\/div>\r\n\t\t\t<div class=\"p-wrap p-grid p-grid-1\" data-pid=\"10716\">\r\n\t\t\t\t<div class=\"feat-holder overlay-text\">\r\n\t\t\t\t\t\t<div class=\"p-featured\">\r\n\t\t\t\t\t<a class=\"p-flink\" href=\"https:\/\/thelatin.news\/es\/la-fortaleza-del-euro-en-el-mercado-financiero-mundial\/\" title=\"La fortaleza del euro en el mercado financiero mundial\">\r\n\t\t\t<img loading=\"lazy\" decoding=\"async\" width=\"420\" height=\"36\" src=\"https:\/\/thelatin.news\/wp-content\/uploads\/2024\/06\/Arab-Newswire-Press-Release-Distribution-to-Media-Arab-World-and-MENA-regions-1-420x36.png\" class=\"featured-img wp-post-image\" alt=\"\" loading=\"lazy\" \/>\t\t<\/a>\r\n\t\t\t\t<\/div>\r\n\t<div class=\"p-categories p-top\"><a class=\"p-category category-id-3309\" href=\"https:\/\/thelatin.news\/es\/category\/press-relesaes-es\/\" rel=\"category\">Comunicados de prensa<\/a><a class=\"p-category category-id-3294\" href=\"https:\/\/thelatin.news\/es\/category\/europe-es\/\" rel=\"category\">Europa<\/a><\/div>\t\t\t<\/div>\r\n\t\t<h4 class=\"entry-title\">\t\t<a class=\"p-url\" href=\"https:\/\/thelatin.news\/es\/la-fortaleza-del-euro-en-el-mercado-financiero-mundial\/\" rel=\"bookmark\">La fortaleza del euro en el mercado financiero mundial<\/a><\/h4><p class=\"entry-summary\">El euro, como moneda de la zona del euro, es un actor importante en el mercado financiero mundial. Su fortaleza&hellip;<\/p>\r\n\t\t\t\t\t\t<div class=\"p-meta has-bookmark\">\r\n\t\t\t\t<div class=\"meta-inner is-meta\">\r\n\t\t\t\t\t\t\t<span class=\"meta-el meta-read\"><i class=\"rbi rbi-watch\" aria-hidden=\"true\"><\/i>5 Min Read<\/span>\r\n\t\t\t\t\t\t<\/div>\r\n\t\t\t\t<span class=\"rb-bookmark bookmark-trigger\" data-pid=\"10716\"><\/span>\t\t\t<\/div>\r\n\t\t\t\t<\/div>\r\n\t\t\t<div class=\"p-wrap p-grid p-grid-1\" data-pid=\"19731\">\r\n\t\t\t\t<div class=\"feat-holder overlay-text\">\r\n\t\t\t\t\t\t<div class=\"p-featured\">\r\n\t\t\t\t\t<a class=\"p-flink\" href=\"https:\/\/thelatin.news\/es\/sugardaddymeet-ya-esta-disponible-en-espana-la-mayor-plataforma-para-citas-discretas-y-lujosas\/\" title=\"SugarDaddyMeet ya est\u00e1 disponible en Espa\u00f1a: La mayor plataforma para citas discretas y lujosas\">\r\n\t\t\t<img loading=\"lazy\" decoding=\"async\" width=\"420\" height=\"228\" src=\"https:\/\/thelatin.news\/wp-content\/uploads\/2025\/05\/Screenshot89-420x228.png\" class=\"featured-img wp-post-image\" alt=\"\" loading=\"lazy\" \/>\t\t<\/a>\r\n\t\t\t\t<\/div>\r\n\t<div class=\"p-categories p-top\"><a class=\"p-category category-id-3309\" href=\"https:\/\/thelatin.news\/es\/category\/press-relesaes-es\/\" rel=\"category\">Comunicados de prensa<\/a><a class=\"p-category category-id-3294\" href=\"https:\/\/thelatin.news\/es\/category\/europe-es\/\" rel=\"category\">Europa<\/a><a class=\"p-category category-id-78\" href=\"https:\/\/thelatin.news\/category\/europe\/\" rel=\"category\">Europe<\/a><a class=\"p-category category-id-79\" href=\"https:\/\/thelatin.news\/category\/press-relesaes\/\" rel=\"category\">Press relesaes<\/a><\/div>\t\t\t<\/div>\r\n\t\t<h4 class=\"entry-title\">\t\t<a class=\"p-url\" href=\"https:\/\/thelatin.news\/es\/sugardaddymeet-ya-esta-disponible-en-espana-la-mayor-plataforma-para-citas-discretas-y-lujosas\/\" rel=\"bookmark\">SugarDaddyMeet ya est\u00e1 disponible en Espa\u00f1a: La mayor plataforma para citas discretas y lujosas<\/a><\/h4><p class=\"entry-summary\">Madrid, Spain \u2013 (EuropeNewswire.Net) \u2013 SugarDaddyMeet, una plataforma profesional de citas especializada en relaciones tipo sugar, ya est\u00e1 disponible en&hellip;<\/p>\r\n\t\t\t\t\t\t<div class=\"p-meta has-bookmark\">\r\n\t\t\t\t<div class=\"meta-inner is-meta\">\r\n\t\t\t\t\t\t\t<span class=\"meta-el meta-read\"><i class=\"rbi rbi-watch\" aria-hidden=\"true\"><\/i>6 Min Read<\/span>\r\n\t\t\t\t\t\t<\/div>\r\n\t\t\t\t<span class=\"rb-bookmark bookmark-trigger\" data-pid=\"19731\"><\/span>\t\t\t<\/div>\r\n\t\t\t\t<\/div>\r\n\t\t\t<div class=\"p-wrap p-grid p-grid-1\" data-pid=\"10712\">\r\n\t\t\t\t<div class=\"feat-holder overlay-text\">\r\n\t\t\t\t\t\t<div class=\"p-featured\">\r\n\t\t\t\t\t<a class=\"p-flink\" href=\"https:\/\/thelatin.news\/es\/el-papel-de-francia-italia-portugal-espana-y-rumania-en-europa-una-vision-global\/\" title=\"El papel de Francia, Italia, Portugal, Espa\u00f1a y Rumania en Europa: una visi\u00f3n global\">\r\n\t\t\t<img loading=\"lazy\" decoding=\"async\" width=\"420\" height=\"36\" src=\"https:\/\/thelatin.news\/wp-content\/uploads\/2024\/06\/Arab-Newswire-Press-Release-Distribution-to-Media-Arab-World-and-MENA-regions-1-420x36.png\" class=\"featured-img wp-post-image\" alt=\"\" loading=\"lazy\" \/>\t\t<\/a>\r\n\t\t\t\t<\/div>\r\n\t<div class=\"p-categories p-top\"><a class=\"p-category category-id-3309\" href=\"https:\/\/thelatin.news\/es\/category\/press-relesaes-es\/\" rel=\"category\">Comunicados de prensa<\/a><a class=\"p-category category-id-3294\" href=\"https:\/\/thelatin.news\/es\/category\/europe-es\/\" rel=\"category\">Europa<\/a><\/div>\t\t\t<\/div>\r\n\t\t<h4 class=\"entry-title\">\t\t<a class=\"p-url\" href=\"https:\/\/thelatin.news\/es\/el-papel-de-francia-italia-portugal-espana-y-rumania-en-europa-una-vision-global\/\" rel=\"bookmark\">El papel de Francia, Italia, Portugal, Espa\u00f1a y Rumania en Europa: una visi\u00f3n global<\/a><\/h4><p class=\"entry-summary\">Europe es un continente rico en historia, cultura y diversidad econ\u00f3mica, con cada pa\u00eds contribuyendo de manera \u00fanica al tejido&hellip;<\/p>\r\n\t\t\t\t\t\t<div class=\"p-meta has-bookmark\">\r\n\t\t\t\t<div class=\"meta-inner is-meta\">\r\n\t\t\t\t\t\t\t<span class=\"meta-el meta-read\"><i class=\"rbi rbi-watch\" aria-hidden=\"true\"><\/i>5 Min Read<\/span>\r\n\t\t\t\t\t\t<\/div>\r\n\t\t\t\t<span class=\"rb-bookmark bookmark-trigger\" data-pid=\"10712\"><\/span>\t\t\t<\/div>\r\n\t\t\t\t<\/div>\r\n\t\t\t<div class=\"p-wrap p-grid p-grid-1\" data-pid=\"10710\">\r\n\t\t\t\t<div class=\"feat-holder overlay-text\">\r\n\t\t\t\t\t\t<div class=\"p-featured\">\r\n\t\t\t\t\t<a class=\"p-flink\" href=\"https:\/\/thelatin.news\/es\/el-legado-del-latin-rastreando-las-lenguas-romances-en-europa-espana-portugal-italia-francia-rumania-andorra-y-moldavia\/\" title=\"El legado del lat\u00edn: rastreando las lenguas romances en Europa (Espa\u00f1a, Portugal, Italia, Francia, Rumania, Andorra y Moldavia)\">\r\n\t\t\t<img loading=\"lazy\" decoding=\"async\" width=\"420\" height=\"36\" src=\"https:\/\/thelatin.news\/wp-content\/uploads\/2024\/06\/Arab-Newswire-Press-Release-Distribution-to-Media-Arab-World-and-MENA-regions-1-420x36.png\" class=\"featured-img wp-post-image\" alt=\"\" loading=\"lazy\" \/>\t\t<\/a>\r\n\t\t\t\t<\/div>\r\n\t<div class=\"p-categories p-top\"><a class=\"p-category category-id-3309\" href=\"https:\/\/thelatin.news\/es\/category\/press-relesaes-es\/\" rel=\"category\">Comunicados de prensa<\/a><a class=\"p-category category-id-3294\" href=\"https:\/\/thelatin.news\/es\/category\/europe-es\/\" rel=\"category\">Europa<\/a><\/div>\t\t\t<\/div>\r\n\t\t<h4 class=\"entry-title\">\t\t<a class=\"p-url\" href=\"https:\/\/thelatin.news\/es\/el-legado-del-latin-rastreando-las-lenguas-romances-en-europa-espana-portugal-italia-francia-rumania-andorra-y-moldavia\/\" rel=\"bookmark\">El legado del lat\u00edn: rastreando las lenguas romances en Europa (Espa\u00f1a, Portugal, Italia, Francia, Rumania, Andorra y Moldavia)<\/a><\/h4><p class=\"entry-summary\">El paisaje ling\u00fc\u00edstico de Europa es una rica tela, tejida con hilos de or\u00edgenes e historias diversas. Entre ellos, las&hellip;<\/p>\r\n\t\t\t\t\t\t<div class=\"p-meta has-bookmark\">\r\n\t\t\t\t<div class=\"meta-inner is-meta\">\r\n\t\t\t\t\t\t\t<span class=\"meta-el meta-read\"><i class=\"rbi rbi-watch\" aria-hidden=\"true\"><\/i>6 Min Read<\/span>\r\n\t\t\t\t\t\t<\/div>\r\n\t\t\t\t<span class=\"rb-bookmark bookmark-trigger\" data-pid=\"10710\"><\/span>\t\t\t<\/div>\r\n\t\t\t\t<\/div>\r\n\t\t\t<div class=\"p-wrap p-grid p-grid-1\" data-pid=\"11517\">\r\n\t\t\t\t<div class=\"feat-holder overlay-text\">\r\n\t\t\t\t\t\t<div class=\"p-featured\">\r\n\t\t\t\t\t<a class=\"p-flink\" href=\"https:\/\/thelatin.news\/es\/la-union-europea-una-union-de-prosperidad-y-estabilidad\/\" title=\"La Uni\u00f3n Europea: una uni\u00f3n de prosperidad y estabilidad\">\r\n\t\t\t<img loading=\"lazy\" decoding=\"async\" width=\"420\" height=\"36\" src=\"https:\/\/thelatin.news\/wp-content\/uploads\/2024\/06\/Arab-Newswire-Press-Release-Distribution-to-Media-Arab-World-and-MENA-regions-1-420x36.png\" class=\"featured-img wp-post-image\" alt=\"\" loading=\"lazy\" \/>\t\t<\/a>\r\n\t\t\t\t<\/div>\r\n\t<div class=\"p-categories p-top\"><a class=\"p-category category-id-3309\" href=\"https:\/\/thelatin.news\/es\/category\/press-relesaes-es\/\" rel=\"category\">Comunicados de prensa<\/a><a class=\"p-category category-id-3294\" href=\"https:\/\/thelatin.news\/es\/category\/europe-es\/\" rel=\"category\">Europa<\/a><a class=\"p-category category-id-78\" href=\"https:\/\/thelatin.news\/category\/europe\/\" rel=\"category\">Europe<\/a><a class=\"p-category category-id-79\" href=\"https:\/\/thelatin.news\/category\/press-relesaes\/\" rel=\"category\">Press relesaes<\/a><\/div>\t\t\t<\/div>\r\n\t\t<h4 class=\"entry-title\">\t\t<a class=\"p-url\" href=\"https:\/\/thelatin.news\/es\/la-union-europea-una-union-de-prosperidad-y-estabilidad\/\" rel=\"bookmark\">La Uni\u00f3n Europea: una uni\u00f3n de prosperidad y estabilidad<\/a><\/h4><p class=\"entry-summary\">La Uni\u00f3n Europea (UE) se presenta como una entidad \u00fanica que une a naciones independientes bajo un estandarte de armon\u00eda&hellip;<\/p>\r\n\t\t\t\t\t\t<div class=\"p-meta has-bookmark\">\r\n\t\t\t\t<div class=\"meta-inner is-meta\">\r\n\t\t\t\t\t\t\t<span class=\"meta-el meta-read\"><i class=\"rbi rbi-watch\" aria-hidden=\"true\"><\/i>6 Min Read<\/span>\r\n\t\t\t\t\t\t<\/div>\r\n\t\t\t\t<span class=\"rb-bookmark bookmark-trigger\" data-pid=\"11517\"><\/span>\t\t\t<\/div>\r\n\t\t\t\t<\/div>\r\n\t\t\t<div class=\"p-wrap p-grid p-grid-1\" data-pid=\"10718\">\r\n\t\t\t\t<div class=\"feat-holder overlay-text\">\r\n\t\t\t\t\t\t<div class=\"p-featured\">\r\n\t\t\t\t\t<a class=\"p-flink\" href=\"https:\/\/thelatin.news\/es\/el-valor-estrategico-de-la-distribucion-de-comunicados-de-prensa-en-los-mercados-financieros-europeos\/\" title=\"El valor estrat\u00e9gico de la distribuci\u00f3n de comunicados de prensa en los mercados financieros europeos\">\r\n\t\t\t<img loading=\"lazy\" decoding=\"async\" width=\"420\" height=\"36\" src=\"https:\/\/thelatin.news\/wp-content\/uploads\/2024\/06\/Arab-Newswire-Press-Release-Distribution-to-Media-Arab-World-and-MENA-regions-1-420x36.png\" class=\"featured-img wp-post-image\" alt=\"\" loading=\"lazy\" \/>\t\t<\/a>\r\n\t\t\t\t<\/div>\r\n\t<div class=\"p-categories p-top\"><a class=\"p-category category-id-3309\" href=\"https:\/\/thelatin.news\/es\/category\/press-relesaes-es\/\" rel=\"category\">Comunicados de prensa<\/a><a class=\"p-category category-id-3294\" href=\"https:\/\/thelatin.news\/es\/category\/europe-es\/\" rel=\"category\">Europa<\/a><\/div>\t\t\t<\/div>\r\n\t\t<h4 class=\"entry-title\">\t\t<a class=\"p-url\" href=\"https:\/\/thelatin.news\/es\/el-valor-estrategico-de-la-distribucion-de-comunicados-de-prensa-en-los-mercados-financieros-europeos\/\" rel=\"bookmark\">El valor estrat\u00e9gico de la distribuci\u00f3n de comunicados de prensa en los mercados financieros europeos<\/a><\/h4><p class=\"entry-summary\">En el intrincado entramado de los mercados financieros europeos, la distribuci\u00f3n de comunicados de prensa constituye una estrategia de comunicaci\u00f3n&hellip;<\/p>\r\n\t\t\t\t\t\t<div class=\"p-meta has-bookmark\">\r\n\t\t\t\t<div class=\"meta-inner is-meta\">\r\n\t\t\t\t\t\t\t<span class=\"meta-el meta-read\"><i class=\"rbi rbi-watch\" aria-hidden=\"true\"><\/i>8 Min Read<\/span>\r\n\t\t\t\t\t\t<\/div>\r\n\t\t\t\t<span class=\"rb-bookmark bookmark-trigger\" data-pid=\"10718\"><\/span>\t\t\t<\/div>\r\n\t\t\t\t<\/div>\r\n\t<\/div><\/div>\t\t<\/div>\n\t\t\t\t<\/div>\n\t\t\t\t\t<\/div>\n\t\t<\/div>\n\t\t\t\t\t<\/div>\n\t\t<\/section>\n\t\t\t\t<section class=\"elementor-section elementor-top-section elementor-element elementor-element-676b101 elementor-section-boxed elementor-section-height-default elementor-section-height-default\" data-id=\"676b101\" data-element_type=\"section\">\n\t\t\t\t\t\t<div class=\"elementor-container elementor-column-gap-custom\">\n\t\t\t\t\t<div class=\"elementor-column elementor-col-100 elementor-top-column elementor-element elementor-element-1aaf73e\" data-id=\"1aaf73e\" data-element_type=\"column\">\n\t\t\t<div class=\"elementor-widget-wrap elementor-element-populated\">\n\t\t\t\t\t\t<div class=\"elementor-element elementor-element-dd329cb elementor-widget elementor-widget-foxiz-heading\" data-id=\"dd329cb\" data-element_type=\"widget\" data-widget_type=\"foxiz-heading.default\">\n\t\t\t\t<div class=\"elementor-widget-container\">\n\t\t\t<div id=\"uid_dd329cb\" class=\"block-h heading-layout-5\"><div class=\"heading-inner\"><h3 class=\"heading-title\"><a href=\"https:\/\/thelatin.news\/es\/category\/news-es\/andora-es\/\">Andora\n    <\/a><\/h3><div class=\"heading-tagline h6\"><a class=\"heading-tagline-label\" href=\"https:\/\/thelatin.news\/es\/category\/news-es\/andora-es\/\">Ver todo<\/a><i class=\"rbi rbi-cright heading-tagline-icon\" aria-hidden=\"true\"><\/i><\/div><\/div><\/div>\t\t<\/div>\n\t\t\t\t<\/div>\n\t\t\t\t<div class=\"elementor-element elementor-element-9ef60e7 elementor-widget elementor-widget-foxiz-list-small-1\" data-id=\"9ef60e7\" data-element_type=\"widget\" data-widget_type=\"foxiz-list-small-1.default\">\n\t\t\t\t<div class=\"elementor-widget-container\">\n\t\t\t<div id=\"uid_9ef60e7\" class=\"block-wrap block-small block-list block-list-small-1 short-pagination rb-columns rb-col-5 rb-tcol-4 rb-mcol-1 is-gap-custom col-border is-border-gray bottom-border is-b-border-gray no-last-bb ecat-bg-4 meta-s-default\"><div class=\"block-inner\">\t\t<div class=\"p-wrap p-small p-list-small-1\" data-pid=\"15449\">\r\n\t\t\t<div class=\"p-content\">\r\n\t\t\t<div class=\"p-categories p-top\"><a class=\"p-category category-id-3296\" href=\"https:\/\/thelatin.news\/es\/category\/news-es\/andora-es\/\" rel=\"category\">Andora<\/a><a class=\"p-category category-id-86\" href=\"https:\/\/thelatin.news\/category\/news\/andora\/\" rel=\"category\">Andora<\/a><a class=\"p-category category-id-3301\" href=\"https:\/\/thelatin.news\/es\/category\/news-es\/lifestyle-es\/\" rel=\"category\">Estilo de vida<\/a><a class=\"p-category category-id-5\" href=\"https:\/\/thelatin.news\/category\/news\/lifestyle\/\" rel=\"category\">Lifestyle<\/a><\/div><h3 class=\"entry-title\">\t\t<a class=\"p-url\" href=\"https:\/\/thelatin.news\/es\/asi-es-la-historia-de-la-perra-lua\/\" rel=\"bookmark\">as\u00ed es la historia de la perra Lua<\/a><\/h3><p class=\"entry-summary\">Hace cuatro a\u00f1os, \u00c1ngel y Nuria, una pareja de Madrid, perdieron a su perra Lua&hellip;<\/p>\r\n\t\t\t\t\t\t<div class=\"p-meta has-bookmark\">\r\n\t\t\t\t<div class=\"meta-inner is-meta\">\r\n\t\t\t\t\t\t\t<span class=\"meta-el meta-read\"><i class=\"rbi rbi-watch\" aria-hidden=\"true\"><\/i>1 Min Read<\/span>\r\n\t\t\t\t\t\t<\/div>\r\n\t\t\t\t<span class=\"rb-bookmark bookmark-trigger\" data-pid=\"15449\"><\/span>\t\t\t<\/div>\r\n\t\t\t\t<\/div>\r\n\t\t\t\t<\/div>\r\n\t\t\t<div class=\"p-wrap p-small p-list-small-1\" data-pid=\"15448\">\r\n\t\t\t<div class=\"p-content\">\r\n\t\t\t<div class=\"p-categories p-top\"><a class=\"p-category category-id-3296\" href=\"https:\/\/thelatin.news\/es\/category\/news-es\/andora-es\/\" rel=\"category\">Andora<\/a><a class=\"p-category category-id-86\" href=\"https:\/\/thelatin.news\/category\/news\/andora\/\" rel=\"category\">Andora<\/a><a class=\"p-category category-id-82\" href=\"https:\/\/thelatin.news\/category\/news\/entertainment\/\" rel=\"category\">Entertainment<\/a><a class=\"p-category category-id-3298\" href=\"https:\/\/thelatin.news\/es\/category\/news-es\/entertainment-es\/\" rel=\"category\">Entretenimiento<\/a><\/div><h3 class=\"entry-title\">\t\t<a class=\"p-url\" href=\"https:\/\/thelatin.news\/es\/mercado-de-navidad-de-sibiu-2024-2025-en-romania\/\" rel=\"bookmark\">Mercado de Navidad de Sibiu 2024-2025 en Romania<\/a><\/h3><p class=\"entry-summary\">El Mercado de Navidad de Sibiu (T\u00e2rgul de Cr\u0103ciun de la Sibiu) es un evento&hellip;<\/p>\r\n\t\t\t\t\t\t<div class=\"p-meta has-bookmark\">\r\n\t\t\t\t<div class=\"meta-inner is-meta\">\r\n\t\t\t\t\t\t\t<span class=\"meta-el meta-read\"><i class=\"rbi rbi-watch\" aria-hidden=\"true\"><\/i>1 Min Read<\/span>\r\n\t\t\t\t\t\t<\/div>\r\n\t\t\t\t<span class=\"rb-bookmark bookmark-trigger\" data-pid=\"15448\"><\/span>\t\t\t<\/div>\r\n\t\t\t\t<\/div>\r\n\t\t\t\t<\/div>\r\n\t\t\t<div class=\"p-wrap p-small p-list-small-1\" data-pid=\"15447\">\r\n\t\t\t<div class=\"p-content\">\r\n\t\t\t<div class=\"p-categories p-top\"><a class=\"p-category category-id-86\" href=\"https:\/\/thelatin.news\/category\/news\/andora\/\" rel=\"category\">Andora<\/a><a class=\"p-category category-id-3296\" href=\"https:\/\/thelatin.news\/es\/category\/news-es\/andora-es\/\" rel=\"category\">Andora<\/a><a class=\"p-category category-id-2\" href=\"https:\/\/thelatin.news\/category\/news\/business\/\" rel=\"category\">Business<\/a><a class=\"p-category category-id-3297\" href=\"https:\/\/thelatin.news\/es\/category\/news-es\/business-es\/\" rel=\"category\">Negocio<\/a><\/div><h3 class=\"entry-title\">\t\t<a class=\"p-url\" href=\"https:\/\/thelatin.news\/es\/dacia-inicia-un-ajuste-masivo-de-su-plantilla-en-rumania-empresas\/\" rel=\"bookmark\">Dacia inicia un ajuste masivo de su plantilla en Ruman\u00eda | Empresas<\/a><\/h3><p class=\"entry-summary\">Dacia se halla inmersa en un profundo proceso de ajuste de su plantilla en Ruman\u00eda.&hellip;<\/p>\r\n\t\t\t\t\t\t<div class=\"p-meta has-bookmark\">\r\n\t\t\t\t<div class=\"meta-inner is-meta\">\r\n\t\t\t\t\t\t\t<span class=\"meta-el meta-read\"><i class=\"rbi rbi-watch\" aria-hidden=\"true\"><\/i>1 Min Read<\/span>\r\n\t\t\t\t\t\t<\/div>\r\n\t\t\t\t<span class=\"rb-bookmark bookmark-trigger\" data-pid=\"15447\"><\/span>\t\t\t<\/div>\r\n\t\t\t\t<\/div>\r\n\t\t\t\t<\/div>\r\n\t\t\t<div class=\"p-wrap p-small p-list-small-1\" data-pid=\"13900\">\r\n\t\t\t<div class=\"p-content\">\r\n\t\t\t<div class=\"p-categories p-top\"><a class=\"p-category category-id-3296\" href=\"https:\/\/thelatin.news\/es\/category\/news-es\/andora-es\/\" rel=\"category\">Andora<\/a><a class=\"p-category category-id-86\" href=\"https:\/\/thelatin.news\/category\/news\/andora\/\" rel=\"category\">Andora<\/a><a class=\"p-category category-id-3301\" href=\"https:\/\/thelatin.news\/es\/category\/news-es\/lifestyle-es\/\" rel=\"category\">Estilo de vida<\/a><a class=\"p-category category-id-5\" href=\"https:\/\/thelatin.news\/category\/news\/lifestyle\/\" rel=\"category\">Lifestyle<\/a><\/div><h3 class=\"entry-title\">\t\t<a class=\"p-url\" href=\"https:\/\/thelatin.news\/es\/el-streamer-thegrefg-pide-a-la-justicia-desahuciar-a-una-anciana-de-su-piso-en-andorra-noticias-de-cataluna\/\" rel=\"bookmark\">El \u2018streamer\u2019 TheGrefg pide a la justicia desahuciar a una anciana de su piso en Andorra | Noticias de Catalu\u00f1a<\/a><\/h3><p class=\"entry-summary\">Grefito, la empresa inmobiliaria del popular streamer The Grefg, pretende desahuciar a una mujer de&hellip;<\/p>\r\n\t\t\t\t\t\t<div class=\"p-meta has-bookmark\">\r\n\t\t\t\t<div class=\"meta-inner is-meta\">\r\n\t\t\t\t\t\t\t<span class=\"meta-el meta-read\"><i class=\"rbi rbi-watch\" aria-hidden=\"true\"><\/i>1 Min Read<\/span>\r\n\t\t\t\t\t\t<\/div>\r\n\t\t\t\t<span class=\"rb-bookmark bookmark-trigger\" data-pid=\"13900\"><\/span>\t\t\t<\/div>\r\n\t\t\t\t<\/div>\r\n\t\t\t\t<\/div>\r\n\t\t\t<div class=\"p-wrap p-small p-list-small-1\" data-pid=\"13899\">\r\n\t\t\t<div class=\"p-content\">\r\n\t\t\t<div class=\"p-categories p-top\"><a class=\"p-category category-id-86\" href=\"https:\/\/thelatin.news\/category\/news\/andora\/\" rel=\"category\">Andora<\/a><a class=\"p-category category-id-3296\" href=\"https:\/\/thelatin.news\/es\/category\/news-es\/andora-es\/\" rel=\"category\">Andora<\/a><a class=\"p-category category-id-82\" href=\"https:\/\/thelatin.news\/category\/news\/entertainment\/\" rel=\"category\">Entertainment<\/a><a class=\"p-category category-id-3298\" href=\"https:\/\/thelatin.news\/es\/category\/news-es\/entertainment-es\/\" rel=\"category\">Entretenimiento<\/a><\/div><h3 class=\"entry-title\">\t\t<a class=\"p-url\" href=\"https:\/\/thelatin.news\/es\/tekashi-6ix9ine-regresa-triunfal-al-escenario-en-rumania-y-envia-mensaje-a-comunicadores-dominicanos\/\" rel=\"bookmark\">Tekashi 6ix9ine regresa triunfal al escenario en Rumania y env\u00eda mensaje a comunicadores dominicanos<\/a><\/h3><p class=\"entry-summary\">El controversial rapero Tekashi 6ix9ine hizo su esperado regreso a los escenarios durante el Festival&hellip;<\/p>\r\n\t\t\t\t\t\t<div class=\"p-meta has-bookmark\">\r\n\t\t\t\t<div class=\"meta-inner is-meta\">\r\n\t\t\t\t\t\t\t<span class=\"meta-el meta-read\"><i class=\"rbi rbi-watch\" aria-hidden=\"true\"><\/i>1 Min Read<\/span>\r\n\t\t\t\t\t\t<\/div>\r\n\t\t\t\t<span class=\"rb-bookmark bookmark-trigger\" data-pid=\"13899\"><\/span>\t\t\t<\/div>\r\n\t\t\t\t<\/div>\r\n\t\t\t\t<\/div>\r\n\t\t\t<div class=\"p-wrap p-small p-list-small-1\" data-pid=\"13898\">\r\n\t\t\t<div class=\"p-content\">\r\n\t\t\t<div class=\"p-categories p-top\"><a class=\"p-category category-id-86\" href=\"https:\/\/thelatin.news\/category\/news\/andora\/\" rel=\"category\">Andora<\/a><a class=\"p-category category-id-3296\" href=\"https:\/\/thelatin.news\/es\/category\/news-es\/andora-es\/\" rel=\"category\">Andora<\/a><a class=\"p-category category-id-2\" href=\"https:\/\/thelatin.news\/category\/news\/business\/\" rel=\"category\">Business<\/a><a class=\"p-category category-id-3297\" href=\"https:\/\/thelatin.news\/es\/category\/news-es\/business-es\/\" rel=\"category\">Negocio<\/a><\/div><h3 class=\"entry-title\">\t\t<a class=\"p-url\" href=\"https:\/\/thelatin.news\/es\/resumen-del-partido-eurocopa-2024\/\" rel=\"bookmark\">resumen del partido, Eurocopa 2024<\/a><\/h3><p class=\"entry-summary\">Rumania empat\u00f3 1-1 con Eslovaquia y ambos seleccionados alcanzaron los octavos final de la Eurocopa&hellip;<\/p>\r\n\t\t\t\t\t\t<div class=\"p-meta has-bookmark\">\r\n\t\t\t\t<div class=\"meta-inner is-meta\">\r\n\t\t\t\t\t\t\t<span class=\"meta-el meta-read\"><i class=\"rbi rbi-watch\" aria-hidden=\"true\"><\/i>1 Min Read<\/span>\r\n\t\t\t\t\t\t<\/div>\r\n\t\t\t\t<span class=\"rb-bookmark bookmark-trigger\" data-pid=\"13898\"><\/span>\t\t\t<\/div>\r\n\t\t\t\t<\/div>\r\n\t\t\t\t<\/div>\r\n\t\t\t<div class=\"p-wrap p-small p-list-small-1\" data-pid=\"13560\">\r\n\t\t\t<div class=\"p-content\">\r\n\t\t\t<div class=\"p-categories p-top\"><a class=\"p-category category-id-3296\" href=\"https:\/\/thelatin.news\/es\/category\/news-es\/andora-es\/\" rel=\"category\">Andora<\/a><a class=\"p-category category-id-86\" href=\"https:\/\/thelatin.news\/category\/news\/andora\/\" rel=\"category\">Andora<\/a><a class=\"p-category category-id-3301\" href=\"https:\/\/thelatin.news\/es\/category\/news-es\/lifestyle-es\/\" rel=\"category\">Estilo de vida<\/a><a class=\"p-category category-id-5\" href=\"https:\/\/thelatin.news\/category\/news\/lifestyle\/\" rel=\"category\">Lifestyle<\/a><\/div><h3 class=\"entry-title\">\t\t<a class=\"p-url\" href=\"https:\/\/thelatin.news\/es\/andorra-esta-impulsando-la-industria-de-viajes-con-entrada-sin-visa-a-171-paises-incluidos-el-reino-unido-ee-uu-australia-schengen-y-los-paises-del-golfo\/\" rel=\"bookmark\">Andorra est\u00e1 impulsando la industria de viajes con entrada sin visa a 171 pa\u00edses, incluidos el Reino Unido, EE. UU., Australia, Schengen y los pa\u00edses del Golfo<\/a><\/h3><p class=\"entry-summary\">Inicio \u00bb EUROPA \u00bb Andorra est\u00e1 impulsando la industria de viajes con entrada sin visa&hellip;<\/p>\r\n\t\t\t\t\t\t<div class=\"p-meta has-bookmark\">\r\n\t\t\t\t<div class=\"meta-inner is-meta\">\r\n\t\t\t\t\t\t\t<span class=\"meta-el meta-read\"><i class=\"rbi rbi-watch\" aria-hidden=\"true\"><\/i>1 Min Read<\/span>\r\n\t\t\t\t\t\t<\/div>\r\n\t\t\t\t<span class=\"rb-bookmark bookmark-trigger\" data-pid=\"13560\"><\/span>\t\t\t<\/div>\r\n\t\t\t\t<\/div>\r\n\t\t\t\t<\/div>\r\n\t\t\t<div class=\"p-wrap p-small p-list-small-1\" data-pid=\"13559\">\r\n\t\t\t<div class=\"p-content\">\r\n\t\t\t<div class=\"p-categories p-top\"><a class=\"p-category category-id-3296\" href=\"https:\/\/thelatin.news\/es\/category\/news-es\/andora-es\/\" rel=\"category\">Andora<\/a><a class=\"p-category category-id-86\" href=\"https:\/\/thelatin.news\/category\/news\/andora\/\" rel=\"category\">Andora<\/a><a class=\"p-category category-id-82\" href=\"https:\/\/thelatin.news\/category\/news\/entertainment\/\" rel=\"category\">Entertainment<\/a><a class=\"p-category category-id-3298\" href=\"https:\/\/thelatin.news\/es\/category\/news-es\/entertainment-es\/\" rel=\"category\">Entretenimiento<\/a><\/div><h3 class=\"entry-title\">\t\t<a class=\"p-url\" href=\"https:\/\/thelatin.news\/es\/el-banco-hungaro-granit-mayoritariamente-del-yerno-de-orban-entra-en-el-mercado-rumano\/\" rel=\"bookmark\">El banco h\u00fangaro Gr\u00e1nit, mayoritariamente del yerno de Orb\u00e1n, entra en el mercado rumano<\/a><\/h3><p class=\"entry-summary\">Budapest, 29 jul (EFECOM).- El banco Gr\u00e1nit de Hungr\u00eda, cuyo principal propietario es Istv\u00e1n Tiborcz,&hellip;<\/p>\r\n\t\t\t\t\t\t<div class=\"p-meta has-bookmark\">\r\n\t\t\t\t<div class=\"meta-inner is-meta\">\r\n\t\t\t\t\t\t\t<span class=\"meta-el meta-read\"><i class=\"rbi rbi-watch\" aria-hidden=\"true\"><\/i>1 Min Read<\/span>\r\n\t\t\t\t\t\t<\/div>\r\n\t\t\t\t<span class=\"rb-bookmark bookmark-trigger\" data-pid=\"13559\"><\/span>\t\t\t<\/div>\r\n\t\t\t\t<\/div>\r\n\t\t\t\t<\/div>\r\n\t\t\t<div class=\"p-wrap p-small p-list-small-1\" data-pid=\"13558\">\r\n\t\t\t<div class=\"p-content\">\r\n\t\t\t<div class=\"p-categories p-top\"><a class=\"p-category category-id-3296\" href=\"https:\/\/thelatin.news\/es\/category\/news-es\/andora-es\/\" rel=\"category\">Andora<\/a><a class=\"p-category category-id-86\" href=\"https:\/\/thelatin.news\/category\/news\/andora\/\" rel=\"category\">Andora<\/a><a class=\"p-category category-id-2\" href=\"https:\/\/thelatin.news\/category\/news\/business\/\" rel=\"category\">Business<\/a><a class=\"p-category category-id-3297\" href=\"https:\/\/thelatin.news\/es\/category\/news-es\/business-es\/\" rel=\"category\">Negocio<\/a><\/div><h3 class=\"entry-title\">\t\t<a class=\"p-url\" href=\"https:\/\/thelatin.news\/es\/se-definio-el-grupo-mas-parejo-de-la-eurocopa-rumania-belgica-y-eslovaquia-se-clasificaron-a-octavos-de-final\/\" rel=\"bookmark\">Se defini\u00f3 el grupo m\u00e1s parejo de la Eurocopa: Rumania, B\u00e9lgica y Eslovaquia se clasificaron a octavos de final<\/a><\/h3><p class=\"entry-summary\">Se define el Grupo E de la Eurocopa Segu\u00ed toda la informaci\u00f3n y los resultados&hellip;<\/p>\r\n\t\t\t\t\t\t<div class=\"p-meta has-bookmark\">\r\n\t\t\t\t<div class=\"meta-inner is-meta\">\r\n\t\t\t\t\t\t\t<span class=\"meta-el meta-read\"><i class=\"rbi rbi-watch\" aria-hidden=\"true\"><\/i>1 Min Read<\/span>\r\n\t\t\t\t\t\t<\/div>\r\n\t\t\t\t<span class=\"rb-bookmark bookmark-trigger\" data-pid=\"13558\"><\/span>\t\t\t<\/div>\r\n\t\t\t\t<\/div>\r\n\t\t\t\t<\/div>\r\n\t\t\t<div class=\"p-wrap p-small p-list-small-1\" data-pid=\"12810\">\r\n\t\t\t<div class=\"p-content\">\r\n\t\t\t<div class=\"p-categories p-top\"><a class=\"p-category category-id-86\" href=\"https:\/\/thelatin.news\/category\/news\/andora\/\" rel=\"category\">Andora<\/a><a class=\"p-category category-id-3296\" href=\"https:\/\/thelatin.news\/es\/category\/news-es\/andora-es\/\" rel=\"category\">Andora<\/a><a class=\"p-category category-id-3301\" href=\"https:\/\/thelatin.news\/es\/category\/news-es\/lifestyle-es\/\" rel=\"category\">Estilo de vida<\/a><a class=\"p-category category-id-5\" href=\"https:\/\/thelatin.news\/category\/news\/lifestyle\/\" rel=\"category\">Lifestyle<\/a><\/div><h3 class=\"entry-title\">\t\t<a class=\"p-url\" href=\"https:\/\/thelatin.news\/es\/perfil-etapa-de-hoy-giro-de-italia-2024-acqui-terme-andora\/\" rel=\"bookmark\">Perfil etapa de hoy Giro de Italia 2024: Acqui Terme\u2013Andora<\/a><\/h3><p class=\"entry-summary\">Perfil etapa de hoy Giro de Italia 2024: Acqui Terme\u2013AndoraGiro La cuarta etapa del Giro&hellip;<\/p>\r\n\t\t\t\t\t\t<div class=\"p-meta has-bookmark\">\r\n\t\t\t\t<div class=\"meta-inner is-meta\">\r\n\t\t\t\t\t\t\t<span class=\"meta-el meta-read\"><i class=\"rbi rbi-watch\" aria-hidden=\"true\"><\/i>1 Min Read<\/span>\r\n\t\t\t\t\t\t<\/div>\r\n\t\t\t\t<span class=\"rb-bookmark bookmark-trigger\" data-pid=\"12810\"><\/span>\t\t\t<\/div>\r\n\t\t\t\t<\/div>\r\n\t\t\t\t<\/div>\r\n\t<\/div>\t\t<div class=\"pagination-wrap pagination-loadmore\">\r\n\t\t\t<a href=\"#\" class=\"loadmore-trigger\"><span>Mostrar m\u00e1s<\/span><i class=\"rb-loader\" aria-hidden=\"true\"><\/i><\/a>\r\n\t\t<\/div>\r\n\t\t<\/div>\t\t<\/div>\n\t\t\t\t<\/div>\n\t\t\t\t\t<\/div>\n\t\t<\/div>\n\t\t\t\t\t<\/div>\n\t\t<\/section>\n\t\t\t\t<section class=\"elementor-section elementor-top-section elementor-element elementor-element-66a14dd elementor-section-boxed elementor-section-height-default elementor-section-height-default\" data-id=\"66a14dd\" data-element_type=\"section\">\n\t\t\t\t\t\t<div class=\"elementor-container elementor-column-gap-custom\">\n\t\t\t\t\t<div class=\"elementor-column elementor-col-100 elementor-top-column elementor-element elementor-element-abcf949\" data-id=\"abcf949\" data-element_type=\"column\">\n\t\t\t<div class=\"elementor-widget-wrap elementor-element-populated\">\n\t\t\t\t\t\t<div class=\"elementor-element elementor-element-30502c2 elementor-widget elementor-widget-foxiz-heading\" data-id=\"30502c2\" data-element_type=\"widget\" data-widget_type=\"foxiz-heading.default\">\n\t\t\t\t<div class=\"elementor-widget-container\">\n\t\t\t<div id=\"uid_30502c2\" class=\"block-h heading-layout-5\"><div class=\"heading-inner\"><h3 class=\"heading-title\"><a href=\"https:\/\/thelatin.news\/es\/category\/news-es\/france-es\/\">Francia<\/a><\/h3><div class=\"heading-tagline h6\"><a class=\"heading-tagline-label\" href=\"https:\/\/thelatin.news\/es\/category\/news-es\/france-es\/\">Ver todo<\/a><i class=\"rbi rbi-cright heading-tagline-icon\" aria-hidden=\"true\"><\/i><\/div><\/div><\/div>\t\t<\/div>\n\t\t\t\t<\/div>\n\t\t\t\t<div class=\"elementor-element elementor-element-d98d01a elementor-widget elementor-widget-foxiz-list-small-1\" data-id=\"d98d01a\" data-element_type=\"widget\" data-widget_type=\"foxiz-list-small-1.default\">\n\t\t\t\t<div class=\"elementor-widget-container\">\n\t\t\t<div id=\"uid_d98d01a\" class=\"block-wrap block-small block-list block-list-small-1 short-pagination rb-columns rb-col-5 rb-tcol-4 rb-mcol-1 is-gap-custom col-border is-border-gray bottom-border is-b-border-gray no-last-bb ecat-bg-4 meta-s-default\"><div class=\"block-inner\">\t\t<div class=\"p-wrap p-small p-list-small-1\" data-pid=\"15451\">\r\n\t\t\t<div class=\"p-content\">\r\n\t\t\t<div class=\"p-categories p-top\"><a class=\"p-category category-id-82\" href=\"https:\/\/thelatin.news\/category\/news\/entertainment\/\" rel=\"category\">Entertainment<\/a><a class=\"p-category category-id-3298\" href=\"https:\/\/thelatin.news\/es\/category\/news-es\/entertainment-es\/\" rel=\"category\">Entretenimiento<\/a><a class=\"p-category category-id-3302\" href=\"https:\/\/thelatin.news\/es\/category\/news-es\/modolva-es\/\" rel=\"category\">Modolva<\/a><a class=\"p-category category-id-87\" href=\"https:\/\/thelatin.news\/category\/news\/modolva\/\" rel=\"category\">Modolva<\/a><\/div><h3 class=\"entry-title\">\t\t<a class=\"p-url\" href=\"https:\/\/thelatin.news\/es\/video-del-momento-en-que-madre-e-hijo-caen-en-enorme-agujero\/\" rel=\"bookmark\">VIDEO del momento en que madre e hijo caen en enorme agujero<\/a><\/h3><p class=\"entry-summary\">\u00a1Espeluznantes im\u00e1genes! C\u00e1maras de Circuito Cerrado de Televisi\u00f3n captaron el momento justo en que un&hellip;<\/p>\r\n\t\t\t\t\t\t<div class=\"p-meta has-bookmark\">\r\n\t\t\t\t<div class=\"meta-inner is-meta\">\r\n\t\t\t\t\t\t\t<span class=\"meta-el meta-read\"><i class=\"rbi rbi-watch\" aria-hidden=\"true\"><\/i>1 Min Read<\/span>\r\n\t\t\t\t\t\t<\/div>\r\n\t\t\t\t<span class=\"rb-bookmark bookmark-trigger\" data-pid=\"15451\"><\/span>\t\t\t<\/div>\r\n\t\t\t\t<\/div>\r\n\t\t\t\t<\/div>\r\n\t\t\t<div class=\"p-wrap p-small p-list-small-1\" data-pid=\"15448\">\r\n\t\t\t<div class=\"p-content\">\r\n\t\t\t<div class=\"p-categories p-top\"><a class=\"p-category category-id-3296\" href=\"https:\/\/thelatin.news\/es\/category\/news-es\/andora-es\/\" rel=\"category\">Andora<\/a><a class=\"p-category category-id-86\" href=\"https:\/\/thelatin.news\/category\/news\/andora\/\" rel=\"category\">Andora<\/a><a class=\"p-category category-id-82\" href=\"https:\/\/thelatin.news\/category\/news\/entertainment\/\" rel=\"category\">Entertainment<\/a><a class=\"p-category category-id-3298\" href=\"https:\/\/thelatin.news\/es\/category\/news-es\/entertainment-es\/\" rel=\"category\">Entretenimiento<\/a><\/div><h3 class=\"entry-title\">\t\t<a class=\"p-url\" href=\"https:\/\/thelatin.news\/es\/mercado-de-navidad-de-sibiu-2024-2025-en-romania\/\" rel=\"bookmark\">Mercado de Navidad de Sibiu 2024-2025 en Romania<\/a><\/h3><p class=\"entry-summary\">El Mercado de Navidad de Sibiu (T\u00e2rgul de Cr\u0103ciun de la Sibiu) es un evento&hellip;<\/p>\r\n\t\t\t\t\t\t<div class=\"p-meta has-bookmark\">\r\n\t\t\t\t<div class=\"meta-inner is-meta\">\r\n\t\t\t\t\t\t\t<span class=\"meta-el meta-read\"><i class=\"rbi rbi-watch\" aria-hidden=\"true\"><\/i>1 Min Read<\/span>\r\n\t\t\t\t\t\t<\/div>\r\n\t\t\t\t<span class=\"rb-bookmark bookmark-trigger\" data-pid=\"15448\"><\/span>\t\t\t<\/div>\r\n\t\t\t\t<\/div>\r\n\t\t\t\t<\/div>\r\n\t\t\t<div class=\"p-wrap p-small p-list-small-1\" data-pid=\"15443\">\r\n\t\t\t<div class=\"p-content\">\r\n\t\t\t<div class=\"p-categories p-top\"><a class=\"p-category category-id-82\" href=\"https:\/\/thelatin.news\/category\/news\/entertainment\/\" rel=\"category\">Entertainment<\/a><a class=\"p-category category-id-3298\" href=\"https:\/\/thelatin.news\/es\/category\/news-es\/entertainment-es\/\" rel=\"category\">Entretenimiento<\/a><a class=\"p-category category-id-83\" href=\"https:\/\/thelatin.news\/category\/news\/portugal\/\" rel=\"category\">Portugal<\/a><a class=\"p-category category-id-3303\" href=\"https:\/\/thelatin.news\/es\/category\/news-es\/portugal-es\/\" rel=\"category\">Portugal<\/a><\/div><h3 class=\"entry-title\">\t\t<a class=\"p-url\" href=\"https:\/\/thelatin.news\/es\/aumenta-la-produccion-televisiva-en-espana-portugal-brasil-y-mexico-y-se-desploma-en-argentina\/\" rel=\"bookmark\">Aumenta la producci\u00f3n televisiva en Espa\u00f1a, Portugal, Brasil y M\u00e9xico y se desploma en Argentina<\/a><\/h3><p class=\"entry-summary\">Espa\u00f1a, Brasil y M\u00e9xico son los pa\u00edses iberoamericanos en los que m\u00e1s series y programas&hellip;<\/p>\r\n\t\t\t\t\t\t<div class=\"p-meta has-bookmark\">\r\n\t\t\t\t<div class=\"meta-inner is-meta\">\r\n\t\t\t\t\t\t\t<span class=\"meta-el meta-read\"><i class=\"rbi rbi-watch\" aria-hidden=\"true\"><\/i>1 Min Read<\/span>\r\n\t\t\t\t\t\t<\/div>\r\n\t\t\t\t<span class=\"rb-bookmark bookmark-trigger\" data-pid=\"15443\"><\/span>\t\t\t<\/div>\r\n\t\t\t\t<\/div>\r\n\t\t\t\t<\/div>\r\n\t\t\t<div class=\"p-wrap p-small p-list-small-1\" data-pid=\"15434\">\r\n\t\t\t<div class=\"p-content\">\r\n\t\t\t<div class=\"p-categories p-top\"><a class=\"p-category category-id-82\" href=\"https:\/\/thelatin.news\/category\/news\/entertainment\/\" rel=\"category\">Entertainment<\/a><a class=\"p-category category-id-3298\" href=\"https:\/\/thelatin.news\/es\/category\/news-es\/entertainment-es\/\" rel=\"category\">Entretenimiento<\/a><a class=\"p-category category-id-88\" href=\"https:\/\/thelatin.news\/category\/news\/romainia\/\" rel=\"category\">Romainia<\/a><a class=\"p-category category-id-3304\" href=\"https:\/\/thelatin.news\/es\/category\/news-es\/romainia-es\/\" rel=\"category\">Rumania<\/a><\/div><h3 class=\"entry-title\">\t\t<a class=\"p-url\" href=\"https:\/\/thelatin.news\/es\/seminci-exhibe-la-cinta-que-rumania-lleva-al-oscar-una-revision-del-pais-tras-ceaucescu\/\" rel=\"bookmark\">Seminci exhibe la cinta que Ruman\u00eda lleva al Oscar, una revisi\u00f3n del pa\u00eds tras Ceaucescu<\/a><\/h3><p class=\"entry-summary\">Valladolid, 23 oct (EFE).- La Seminci ha estrenado este mi\u00e9rcoles 'Tres kil\u00f3metros al fin del&hellip;<\/p>\r\n\t\t\t\t\t\t<div class=\"p-meta has-bookmark\">\r\n\t\t\t\t<div class=\"meta-inner is-meta\">\r\n\t\t\t\t\t\t\t<span class=\"meta-el meta-read\"><i class=\"rbi rbi-watch\" aria-hidden=\"true\"><\/i>1 Min Read<\/span>\r\n\t\t\t\t\t\t<\/div>\r\n\t\t\t\t<span class=\"rb-bookmark bookmark-trigger\" data-pid=\"15434\"><\/span>\t\t\t<\/div>\r\n\t\t\t\t<\/div>\r\n\t\t\t\t<\/div>\r\n\t\t\t<div class=\"p-wrap p-small p-list-small-1\" data-pid=\"13902\">\r\n\t\t\t<div class=\"p-content\">\r\n\t\t\t<div class=\"p-categories p-top\"><a class=\"p-category category-id-82\" href=\"https:\/\/thelatin.news\/category\/news\/entertainment\/\" rel=\"category\">Entertainment<\/a><a class=\"p-category category-id-3298\" href=\"https:\/\/thelatin.news\/es\/category\/news-es\/entertainment-es\/\" rel=\"category\">Entretenimiento<\/a><a class=\"p-category category-id-3302\" href=\"https:\/\/thelatin.news\/es\/category\/news-es\/modolva-es\/\" rel=\"category\">Modolva<\/a><a class=\"p-category category-id-87\" href=\"https:\/\/thelatin.news\/category\/news\/modolva\/\" rel=\"category\">Modolva<\/a><\/div><h3 class=\"entry-title\">\t\t<a class=\"p-url\" href=\"https:\/\/thelatin.news\/es\/detuvieron-a-wiz-khalifa-en-rumania-por-fumar-marihuana-en-un-festival\/\" rel=\"bookmark\">Detuvieron a Wiz Khalifa en Ruman\u00eda por fumar marihuana en un festival<\/a><\/h3><p class=\"entry-summary\">Imagen: Archivo El rapero estadounidense Wiz Khalifa es investigado en Ruman\u00eda por \u00abposesi\u00f3n de drogas&hellip;<\/p>\r\n\t\t\t\t\t\t<div class=\"p-meta has-bookmark\">\r\n\t\t\t\t<div class=\"meta-inner is-meta\">\r\n\t\t\t\t\t\t\t<span class=\"meta-el meta-read\"><i class=\"rbi rbi-watch\" aria-hidden=\"true\"><\/i>1 Min Read<\/span>\r\n\t\t\t\t\t\t<\/div>\r\n\t\t\t\t<span class=\"rb-bookmark bookmark-trigger\" data-pid=\"13902\"><\/span>\t\t\t<\/div>\r\n\t\t\t\t<\/div>\r\n\t\t\t\t<\/div>\r\n\t\t\t<div class=\"p-wrap p-small p-list-small-1\" data-pid=\"13899\">\r\n\t\t\t<div class=\"p-content\">\r\n\t\t\t<div class=\"p-categories p-top\"><a class=\"p-category category-id-86\" href=\"https:\/\/thelatin.news\/category\/news\/andora\/\" rel=\"category\">Andora<\/a><a class=\"p-category category-id-3296\" href=\"https:\/\/thelatin.news\/es\/category\/news-es\/andora-es\/\" rel=\"category\">Andora<\/a><a class=\"p-category category-id-82\" href=\"https:\/\/thelatin.news\/category\/news\/entertainment\/\" rel=\"category\">Entertainment<\/a><a class=\"p-category category-id-3298\" href=\"https:\/\/thelatin.news\/es\/category\/news-es\/entertainment-es\/\" rel=\"category\">Entretenimiento<\/a><\/div><h3 class=\"entry-title\">\t\t<a class=\"p-url\" href=\"https:\/\/thelatin.news\/es\/tekashi-6ix9ine-regresa-triunfal-al-escenario-en-rumania-y-envia-mensaje-a-comunicadores-dominicanos\/\" rel=\"bookmark\">Tekashi 6ix9ine regresa triunfal al escenario en Rumania y env\u00eda mensaje a comunicadores dominicanos<\/a><\/h3><p class=\"entry-summary\">El controversial rapero Tekashi 6ix9ine hizo su esperado regreso a los escenarios durante el Festival&hellip;<\/p>\r\n\t\t\t\t\t\t<div class=\"p-meta has-bookmark\">\r\n\t\t\t\t<div class=\"meta-inner is-meta\">\r\n\t\t\t\t\t\t\t<span class=\"meta-el meta-read\"><i class=\"rbi rbi-watch\" aria-hidden=\"true\"><\/i>1 Min Read<\/span>\r\n\t\t\t\t\t\t<\/div>\r\n\t\t\t\t<span class=\"rb-bookmark bookmark-trigger\" data-pid=\"13899\"><\/span>\t\t\t<\/div>\r\n\t\t\t\t<\/div>\r\n\t\t\t\t<\/div>\r\n\t\t\t<div class=\"p-wrap p-small p-list-small-1\" data-pid=\"13893\">\r\n\t\t\t<div class=\"p-content\">\r\n\t\t\t<div class=\"p-categories p-top\"><a class=\"p-category category-id-82\" href=\"https:\/\/thelatin.news\/category\/news\/entertainment\/\" rel=\"category\">Entertainment<\/a><a class=\"p-category category-id-3298\" href=\"https:\/\/thelatin.news\/es\/category\/news-es\/entertainment-es\/\" rel=\"category\">Entretenimiento<\/a><a class=\"p-category category-id-3303\" href=\"https:\/\/thelatin.news\/es\/category\/news-es\/portugal-es\/\" rel=\"category\">Portugal<\/a><a class=\"p-category category-id-83\" href=\"https:\/\/thelatin.news\/category\/news\/portugal\/\" rel=\"category\">Portugal<\/a><\/div><h3 class=\"entry-title\">\t\t<a class=\"p-url\" href=\"https:\/\/thelatin.news\/es\/todos-los-planes-conciertos-y-rutas-de-galicia-y-portugal-en-directo\/\" rel=\"bookmark\">todos los planes, conciertos y rutas de Galicia y Portugal, en directo<\/a><\/h3><p class=\"entry-summary\">22 AGO 2024 - 8:37 F\u00e9lix Slim une blues, swing, r&amp;b y funk en su&hellip;<\/p>\r\n\t\t\t\t\t\t<div class=\"p-meta has-bookmark\">\r\n\t\t\t\t<div class=\"meta-inner is-meta\">\r\n\t\t\t\t\t\t\t<span class=\"meta-el meta-read\"><i class=\"rbi rbi-watch\" aria-hidden=\"true\"><\/i>1 Min Read<\/span>\r\n\t\t\t\t\t\t<\/div>\r\n\t\t\t\t<span class=\"rb-bookmark bookmark-trigger\" data-pid=\"13893\"><\/span>\t\t\t<\/div>\r\n\t\t\t\t<\/div>\r\n\t\t\t\t<\/div>\r\n\t\t\t<div class=\"p-wrap p-small p-list-small-1\" data-pid=\"13803\">\r\n\t\t\t<div class=\"p-content\">\r\n\t\t\t<div class=\"p-categories p-top\"><a class=\"p-category category-id-82\" href=\"https:\/\/thelatin.news\/category\/news\/entertainment\/\" rel=\"category\">Entertainment<\/a><a class=\"p-category category-id-3298\" href=\"https:\/\/thelatin.news\/es\/category\/news-es\/entertainment-es\/\" rel=\"category\">Entretenimiento<\/a><a class=\"p-category category-id-88\" href=\"https:\/\/thelatin.news\/category\/news\/romainia\/\" rel=\"category\">Romainia<\/a><a class=\"p-category category-id-3304\" href=\"https:\/\/thelatin.news\/es\/category\/news-es\/romainia-es\/\" rel=\"category\">Rumania<\/a><\/div><h3 class=\"entry-title\">\t\t<a class=\"p-url\" href=\"https:\/\/thelatin.news\/es\/wiz-khalifa-fue-detenido-en-rumania-por-fumar-marihuana-en-show-de-un-festival\/\" rel=\"bookmark\">Wiz Khalifa fue detenido en Ruman\u00eda por fumar marihuana en \u2018show\u2019 de un festival<\/a><\/h3><p class=\"entry-summary\">El artista de 38, Wiz Khalifa, se pronunci\u00f3 al respecto de su detenci\u00f3n. Foto: Agencia&hellip;<\/p>\r\n\t\t\t\t\t\t<div class=\"p-meta has-bookmark\">\r\n\t\t\t\t<div class=\"meta-inner is-meta\">\r\n\t\t\t\t\t\t\t<span class=\"meta-el meta-read\"><i class=\"rbi rbi-watch\" aria-hidden=\"true\"><\/i>1 Min Read<\/span>\r\n\t\t\t\t\t\t<\/div>\r\n\t\t\t\t<span class=\"rb-bookmark bookmark-trigger\" data-pid=\"13803\"><\/span>\t\t\t<\/div>\r\n\t\t\t\t<\/div>\r\n\t\t\t\t<\/div>\r\n\t\t\t<div class=\"p-wrap p-small p-list-small-1\" data-pid=\"13562\">\r\n\t\t\t<div class=\"p-content\">\r\n\t\t\t<div class=\"p-categories p-top\"><a class=\"p-category category-id-82\" href=\"https:\/\/thelatin.news\/category\/news\/entertainment\/\" rel=\"category\">Entertainment<\/a><a class=\"p-category category-id-3298\" href=\"https:\/\/thelatin.news\/es\/category\/news-es\/entertainment-es\/\" rel=\"category\">Entretenimiento<\/a><a class=\"p-category category-id-87\" href=\"https:\/\/thelatin.news\/category\/news\/modolva\/\" rel=\"category\">Modolva<\/a><a class=\"p-category category-id-3302\" href=\"https:\/\/thelatin.news\/es\/category\/news-es\/modolva-es\/\" rel=\"category\">Modolva<\/a><\/div><h3 class=\"entry-title\">\t\t<a class=\"p-url\" href=\"https:\/\/thelatin.news\/es\/wiz-khalifa-fue-arrestado-por-fumar-marihuana-durante-un-festival-en-rumania\/\" rel=\"bookmark\">Wiz Khalifa fue arrestado por fumar marihuana durante un festival en Rumania<\/a><\/h3><p class=\"entry-summary\">El rapero fue detenido por las autoridades de Rumania por fumar marihuana en el escenario&hellip;<\/p>\r\n\t\t\t\t\t\t<div class=\"p-meta has-bookmark\">\r\n\t\t\t\t<div class=\"meta-inner is-meta\">\r\n\t\t\t\t\t\t\t<span class=\"meta-el meta-read\"><i class=\"rbi rbi-watch\" aria-hidden=\"true\"><\/i>1 Min Read<\/span>\r\n\t\t\t\t\t\t<\/div>\r\n\t\t\t\t<span class=\"rb-bookmark bookmark-trigger\" data-pid=\"13562\"><\/span>\t\t\t<\/div>\r\n\t\t\t\t<\/div>\r\n\t\t\t\t<\/div>\r\n\t\t\t<div class=\"p-wrap p-small p-list-small-1\" data-pid=\"13559\">\r\n\t\t\t<div class=\"p-content\">\r\n\t\t\t<div class=\"p-categories p-top\"><a class=\"p-category category-id-3296\" href=\"https:\/\/thelatin.news\/es\/category\/news-es\/andora-es\/\" rel=\"category\">Andora<\/a><a class=\"p-category category-id-86\" href=\"https:\/\/thelatin.news\/category\/news\/andora\/\" rel=\"category\">Andora<\/a><a class=\"p-category category-id-82\" href=\"https:\/\/thelatin.news\/category\/news\/entertainment\/\" rel=\"category\">Entertainment<\/a><a class=\"p-category category-id-3298\" href=\"https:\/\/thelatin.news\/es\/category\/news-es\/entertainment-es\/\" rel=\"category\">Entretenimiento<\/a><\/div><h3 class=\"entry-title\">\t\t<a class=\"p-url\" href=\"https:\/\/thelatin.news\/es\/el-banco-hungaro-granit-mayoritariamente-del-yerno-de-orban-entra-en-el-mercado-rumano\/\" rel=\"bookmark\">El banco h\u00fangaro Gr\u00e1nit, mayoritariamente del yerno de Orb\u00e1n, entra en el mercado rumano<\/a><\/h3><p class=\"entry-summary\">Budapest, 29 jul (EFECOM).- El banco Gr\u00e1nit de Hungr\u00eda, cuyo principal propietario es Istv\u00e1n Tiborcz,&hellip;<\/p>\r\n\t\t\t\t\t\t<div class=\"p-meta has-bookmark\">\r\n\t\t\t\t<div class=\"meta-inner is-meta\">\r\n\t\t\t\t\t\t\t<span class=\"meta-el meta-read\"><i class=\"rbi rbi-watch\" aria-hidden=\"true\"><\/i>1 Min Read<\/span>\r\n\t\t\t\t\t\t<\/div>\r\n\t\t\t\t<span class=\"rb-bookmark bookmark-trigger\" data-pid=\"13559\"><\/span>\t\t\t<\/div>\r\n\t\t\t\t<\/div>\r\n\t\t\t\t<\/div>\r\n\t<\/div>\t\t<div class=\"pagination-wrap pagination-loadmore\">\r\n\t\t\t<a href=\"#\" class=\"loadmore-trigger\"><span>Mostrar m\u00e1s<\/span><i class=\"rb-loader\" aria-hidden=\"true\"><\/i><\/a>\r\n\t\t<\/div>\r\n\t\t<\/div>\t\t<\/div>\n\t\t\t\t<\/div>\n\t\t\t\t\t<\/div>\n\t\t<\/div>\n\t\t\t\t\t<\/div>\n\t\t<\/section>\n\t\t\t\t<section class=\"elementor-section elementor-top-section elementor-element elementor-element-38be9ad elementor-section-boxed elementor-section-height-default elementor-section-height-default\" data-id=\"38be9ad\" data-element_type=\"section\">\n\t\t\t\t\t\t<div class=\"elementor-container elementor-column-gap-custom\">\n\t\t\t\t\t<div class=\"elementor-column elementor-col-100 elementor-top-column elementor-element elementor-element-a114fe3\" data-id=\"a114fe3\" data-element_type=\"column\">\n\t\t\t<div class=\"elementor-widget-wrap elementor-element-populated\">\n\t\t\t\t\t\t<div class=\"elementor-element elementor-element-f98747a elementor-widget elementor-widget-foxiz-heading\" data-id=\"f98747a\" data-element_type=\"widget\" data-widget_type=\"foxiz-heading.default\">\n\t\t\t\t<div class=\"elementor-widget-container\">\n\t\t\t<div id=\"uid_f98747a\" class=\"block-h heading-layout-5\"><div class=\"heading-inner\"><h3 class=\"heading-title\"><a href=\"https:\/\/thelatin.news\/es\/category\/news-es\/modolva-es\/\">Modolva<\/a><\/h3><div class=\"heading-tagline h6\"><a class=\"heading-tagline-label\" href=\"https:\/\/thelatin.news\/es\/category\/news-es\/modolva-es\/\">Ver todo<\/a><i class=\"rbi rbi-cright heading-tagline-icon\" aria-hidden=\"true\"><\/i><\/div><\/div><\/div>\t\t<\/div>\n\t\t\t\t<\/div>\n\t\t\t\t<div class=\"elementor-element elementor-element-5555b09 elementor-widget elementor-widget-foxiz-list-small-1\" data-id=\"5555b09\" data-element_type=\"widget\" data-widget_type=\"foxiz-list-small-1.default\">\n\t\t\t\t<div class=\"elementor-widget-container\">\n\t\t\t<div id=\"uid_5555b09\" class=\"block-wrap block-small block-list block-list-small-1 short-pagination rb-columns rb-col-5 rb-tcol-4 rb-mcol-1 is-gap-custom col-border is-border-gray bottom-border is-b-border-gray no-last-bb ecat-bg-4 meta-s-default\"><div class=\"block-inner\">\t\t<div class=\"p-wrap p-small p-list-small-1\" data-pid=\"15451\">\r\n\t\t\t<div class=\"p-content\">\r\n\t\t\t<div class=\"p-categories p-top\"><a class=\"p-category category-id-82\" href=\"https:\/\/thelatin.news\/category\/news\/entertainment\/\" rel=\"category\">Entertainment<\/a><a class=\"p-category category-id-3298\" href=\"https:\/\/thelatin.news\/es\/category\/news-es\/entertainment-es\/\" rel=\"category\">Entretenimiento<\/a><a class=\"p-category category-id-3302\" href=\"https:\/\/thelatin.news\/es\/category\/news-es\/modolva-es\/\" rel=\"category\">Modolva<\/a><a class=\"p-category category-id-87\" href=\"https:\/\/thelatin.news\/category\/news\/modolva\/\" rel=\"category\">Modolva<\/a><\/div><h3 class=\"entry-title\">\t\t<a class=\"p-url\" href=\"https:\/\/thelatin.news\/es\/video-del-momento-en-que-madre-e-hijo-caen-en-enorme-agujero\/\" rel=\"bookmark\">VIDEO del momento en que madre e hijo caen en enorme agujero<\/a><\/h3><p class=\"entry-summary\">\u00a1Espeluznantes im\u00e1genes! C\u00e1maras de Circuito Cerrado de Televisi\u00f3n captaron el momento justo en que un&hellip;<\/p>\r\n\t\t\t\t\t\t<div class=\"p-meta has-bookmark\">\r\n\t\t\t\t<div class=\"meta-inner is-meta\">\r\n\t\t\t\t\t\t\t<span class=\"meta-el meta-read\"><i class=\"rbi rbi-watch\" aria-hidden=\"true\"><\/i>1 Min Read<\/span>\r\n\t\t\t\t\t\t<\/div>\r\n\t\t\t\t<span class=\"rb-bookmark bookmark-trigger\" data-pid=\"15451\"><\/span>\t\t\t<\/div>\r\n\t\t\t\t<\/div>\r\n\t\t\t\t<\/div>\r\n\t\t\t<div class=\"p-wrap p-small p-list-small-1\" data-pid=\"15450\">\r\n\t\t\t<div class=\"p-content\">\r\n\t\t\t<div class=\"p-categories p-top\"><a class=\"p-category category-id-2\" href=\"https:\/\/thelatin.news\/category\/news\/business\/\" rel=\"category\">Business<\/a><a class=\"p-category category-id-3302\" href=\"https:\/\/thelatin.news\/es\/category\/news-es\/modolva-es\/\" rel=\"category\">Modolva<\/a><a class=\"p-category category-id-87\" href=\"https:\/\/thelatin.news\/category\/news\/modolva\/\" rel=\"category\">Modolva<\/a><a class=\"p-category category-id-3297\" href=\"https:\/\/thelatin.news\/es\/category\/news-es\/business-es\/\" rel=\"category\">Negocio<\/a><\/div><h3 class=\"entry-title\">\t\t<a class=\"p-url\" href=\"https:\/\/thelatin.news\/es\/calin-popescu-tariceanu-cidob\/\" rel=\"bookmark\">C\u0103lin Popescu-T\u0103riceanu | CIDOB,<\/a><\/h3><p class=\"entry-summary\">Graduado como perito hidr\u00e1ulico por el Instituto de la Construcci\u00f3n y licenciado en Ciencias Inform\u00e1ticas&hellip;<\/p>\r\n\t\t\t\t\t\t<div class=\"p-meta has-bookmark\">\r\n\t\t\t\t<div class=\"meta-inner is-meta\">\r\n\t\t\t\t\t\t\t<span class=\"meta-el meta-read\"><i class=\"rbi rbi-watch\" aria-hidden=\"true\"><\/i>1 Min Read<\/span>\r\n\t\t\t\t\t\t<\/div>\r\n\t\t\t\t<span class=\"rb-bookmark bookmark-trigger\" data-pid=\"15450\"><\/span>\t\t\t<\/div>\r\n\t\t\t\t<\/div>\r\n\t\t\t\t<\/div>\r\n\t\t\t<div class=\"p-wrap p-small p-list-small-1\" data-pid=\"13902\">\r\n\t\t\t<div class=\"p-content\">\r\n\t\t\t<div class=\"p-categories p-top\"><a class=\"p-category category-id-82\" href=\"https:\/\/thelatin.news\/category\/news\/entertainment\/\" rel=\"category\">Entertainment<\/a><a class=\"p-category category-id-3298\" href=\"https:\/\/thelatin.news\/es\/category\/news-es\/entertainment-es\/\" rel=\"category\">Entretenimiento<\/a><a class=\"p-category category-id-3302\" href=\"https:\/\/thelatin.news\/es\/category\/news-es\/modolva-es\/\" rel=\"category\">Modolva<\/a><a class=\"p-category category-id-87\" href=\"https:\/\/thelatin.news\/category\/news\/modolva\/\" rel=\"category\">Modolva<\/a><\/div><h3 class=\"entry-title\">\t\t<a class=\"p-url\" href=\"https:\/\/thelatin.news\/es\/detuvieron-a-wiz-khalifa-en-rumania-por-fumar-marihuana-en-un-festival\/\" rel=\"bookmark\">Detuvieron a Wiz Khalifa en Ruman\u00eda por fumar marihuana en un festival<\/a><\/h3><p class=\"entry-summary\">Imagen: Archivo El rapero estadounidense Wiz Khalifa es investigado en Ruman\u00eda por \u00abposesi\u00f3n de drogas&hellip;<\/p>\r\n\t\t\t\t\t\t<div class=\"p-meta has-bookmark\">\r\n\t\t\t\t<div class=\"meta-inner is-meta\">\r\n\t\t\t\t\t\t\t<span class=\"meta-el meta-read\"><i class=\"rbi rbi-watch\" aria-hidden=\"true\"><\/i>1 Min Read<\/span>\r\n\t\t\t\t\t\t<\/div>\r\n\t\t\t\t<span class=\"rb-bookmark bookmark-trigger\" data-pid=\"13902\"><\/span>\t\t\t<\/div>\r\n\t\t\t\t<\/div>\r\n\t\t\t\t<\/div>\r\n\t\t\t<div class=\"p-wrap p-small p-list-small-1\" data-pid=\"13901\">\r\n\t\t\t<div class=\"p-content\">\r\n\t\t\t<div class=\"p-categories p-top\"><a class=\"p-category category-id-2\" href=\"https:\/\/thelatin.news\/category\/news\/business\/\" rel=\"category\">Business<\/a><a class=\"p-category category-id-3302\" href=\"https:\/\/thelatin.news\/es\/category\/news-es\/modolva-es\/\" rel=\"category\">Modolva<\/a><a class=\"p-category category-id-87\" href=\"https:\/\/thelatin.news\/category\/news\/modolva\/\" rel=\"category\">Modolva<\/a><a class=\"p-category category-id-3297\" href=\"https:\/\/thelatin.news\/es\/category\/news-es\/business-es\/\" rel=\"category\">Negocio<\/a><\/div><h3 class=\"entry-title\">\t\t<a class=\"p-url\" href=\"https:\/\/thelatin.news\/es\/calin-popescu-tariceanu-cidob\/\" rel=\"bookmark\">C\u0103lin Popescu-T\u0103riceanu | CIDOB,<\/a><\/h3><p class=\"entry-summary\">Graduado como perito hidr\u00e1ulico por el Instituto de la Construcci\u00f3n y licenciado en Ciencias Inform\u00e1ticas&hellip;<\/p>\r\n\t\t\t\t\t\t<div class=\"p-meta has-bookmark\">\r\n\t\t\t\t<div class=\"meta-inner is-meta\">\r\n\t\t\t\t\t\t\t<span class=\"meta-el meta-read\"><i class=\"rbi rbi-watch\" aria-hidden=\"true\"><\/i>1 Min Read<\/span>\r\n\t\t\t\t\t\t<\/div>\r\n\t\t\t\t<span class=\"rb-bookmark bookmark-trigger\" data-pid=\"13901\"><\/span>\t\t\t<\/div>\r\n\t\t\t\t<\/div>\r\n\t\t\t\t<\/div>\r\n\t\t\t<div class=\"p-wrap p-small p-list-small-1\" data-pid=\"13562\">\r\n\t\t\t<div class=\"p-content\">\r\n\t\t\t<div class=\"p-categories p-top\"><a class=\"p-category category-id-82\" href=\"https:\/\/thelatin.news\/category\/news\/entertainment\/\" rel=\"category\">Entertainment<\/a><a class=\"p-category category-id-3298\" href=\"https:\/\/thelatin.news\/es\/category\/news-es\/entertainment-es\/\" rel=\"category\">Entretenimiento<\/a><a class=\"p-category category-id-87\" href=\"https:\/\/thelatin.news\/category\/news\/modolva\/\" rel=\"category\">Modolva<\/a><a class=\"p-category category-id-3302\" href=\"https:\/\/thelatin.news\/es\/category\/news-es\/modolva-es\/\" rel=\"category\">Modolva<\/a><\/div><h3 class=\"entry-title\">\t\t<a class=\"p-url\" href=\"https:\/\/thelatin.news\/es\/wiz-khalifa-fue-arrestado-por-fumar-marihuana-durante-un-festival-en-rumania\/\" rel=\"bookmark\">Wiz Khalifa fue arrestado por fumar marihuana durante un festival en Rumania<\/a><\/h3><p class=\"entry-summary\">El rapero fue detenido por las autoridades de Rumania por fumar marihuana en el escenario&hellip;<\/p>\r\n\t\t\t\t\t\t<div class=\"p-meta has-bookmark\">\r\n\t\t\t\t<div class=\"meta-inner is-meta\">\r\n\t\t\t\t\t\t\t<span class=\"meta-el meta-read\"><i class=\"rbi rbi-watch\" aria-hidden=\"true\"><\/i>1 Min Read<\/span>\r\n\t\t\t\t\t\t<\/div>\r\n\t\t\t\t<span class=\"rb-bookmark bookmark-trigger\" data-pid=\"13562\"><\/span>\t\t\t<\/div>\r\n\t\t\t\t<\/div>\r\n\t\t\t\t<\/div>\r\n\t\t\t<div class=\"p-wrap p-small p-list-small-1\" data-pid=\"13561\">\r\n\t\t\t<div class=\"p-content\">\r\n\t\t\t<div class=\"p-categories p-top\"><a class=\"p-category category-id-2\" href=\"https:\/\/thelatin.news\/category\/news\/business\/\" rel=\"category\">Business<\/a><a class=\"p-category category-id-3302\" href=\"https:\/\/thelatin.news\/es\/category\/news-es\/modolva-es\/\" rel=\"category\">Modolva<\/a><a class=\"p-category category-id-87\" href=\"https:\/\/thelatin.news\/category\/news\/modolva\/\" rel=\"category\">Modolva<\/a><a class=\"p-category category-id-3297\" href=\"https:\/\/thelatin.news\/es\/category\/news-es\/business-es\/\" rel=\"category\">Negocio<\/a><\/div><h3 class=\"entry-title\">\t\t<a class=\"p-url\" href=\"https:\/\/thelatin.news\/es\/iberdrola-vende-sus-renovables-en-rumania-por-88-millones-y-abandona-el-pais\/\" rel=\"bookmark\">Iberdrola vende sus renovables en Ruman\u00eda por 88 millones y abandona el pa\u00eds<\/a><\/h3><p class=\"entry-summary\">Iberdrola avanza en su plan de desinversiones de activos no estrat\u00e9gicos. La compa\u00f1\u00eda presidida por&hellip;<\/p>\r\n\t\t\t\t\t\t<div class=\"p-meta has-bookmark\">\r\n\t\t\t\t<div class=\"meta-inner is-meta\">\r\n\t\t\t\t\t\t\t<span class=\"meta-el meta-read\"><i class=\"rbi rbi-watch\" aria-hidden=\"true\"><\/i>1 Min Read<\/span>\r\n\t\t\t\t\t\t<\/div>\r\n\t\t\t\t<span class=\"rb-bookmark bookmark-trigger\" data-pid=\"13561\"><\/span>\t\t\t<\/div>\r\n\t\t\t\t<\/div>\r\n\t\t\t\t<\/div>\r\n\t\t\t<div class=\"p-wrap p-small p-list-small-1\" data-pid=\"12812\">\r\n\t\t\t<div class=\"p-content\">\r\n\t\t\t<div class=\"p-categories p-top\"><a class=\"p-category category-id-82\" href=\"https:\/\/thelatin.news\/category\/news\/entertainment\/\" rel=\"category\">Entertainment<\/a><a class=\"p-category category-id-3298\" href=\"https:\/\/thelatin.news\/es\/category\/news-es\/entertainment-es\/\" rel=\"category\">Entretenimiento<\/a><a class=\"p-category category-id-3302\" href=\"https:\/\/thelatin.news\/es\/category\/news-es\/modolva-es\/\" rel=\"category\">Modolva<\/a><a class=\"p-category category-id-87\" href=\"https:\/\/thelatin.news\/category\/news\/modolva\/\" rel=\"category\">Modolva<\/a><\/div><h3 class=\"entry-title\">\t\t<a class=\"p-url\" href=\"https:\/\/thelatin.news\/es\/investigan-a-wiz-khalifa-por-fumar-marihuana-en-festival-de-rumania\/\" rel=\"bookmark\">Investigan a Wiz Khalifa por fumar marihuana en festival de Ruman\u00eda<\/a><\/h3><p class=\"entry-summary\">El rapero estadounidense Wiz Khalifa es investigado en Ruman\u00eda por \u2018posesi\u00f3n de drogas de alto&hellip;<\/p>\r\n\t\t\t\t\t\t<div class=\"p-meta has-bookmark\">\r\n\t\t\t\t<div class=\"meta-inner is-meta\">\r\n\t\t\t\t\t\t\t<span class=\"meta-el meta-read\"><i class=\"rbi rbi-watch\" aria-hidden=\"true\"><\/i>1 Min Read<\/span>\r\n\t\t\t\t\t\t<\/div>\r\n\t\t\t\t<span class=\"rb-bookmark bookmark-trigger\" data-pid=\"12812\"><\/span>\t\t\t<\/div>\r\n\t\t\t\t<\/div>\r\n\t\t\t\t<\/div>\r\n\t\t\t<div class=\"p-wrap p-small p-list-small-1\" data-pid=\"12811\">\r\n\t\t\t<div class=\"p-content\">\r\n\t\t\t<div class=\"p-categories p-top\"><a class=\"p-category category-id-2\" href=\"https:\/\/thelatin.news\/category\/news\/business\/\" rel=\"category\">Business<\/a><a class=\"p-category category-id-3302\" href=\"https:\/\/thelatin.news\/es\/category\/news-es\/modolva-es\/\" rel=\"category\">Modolva<\/a><a class=\"p-category category-id-87\" href=\"https:\/\/thelatin.news\/category\/news\/modolva\/\" rel=\"category\">Modolva<\/a><a class=\"p-category category-id-3297\" href=\"https:\/\/thelatin.news\/es\/category\/news-es\/business-es\/\" rel=\"category\">Negocio<\/a><\/div><h3 class=\"entry-title\">\t\t<a class=\"p-url\" href=\"https:\/\/thelatin.news\/es\/ahold-delhaize-adquiere-profi-rom-food-srl-un-minorista-de-alimentacion-lider-en-rumania\/\" rel=\"bookmark\">Ahold Delhaize adquiere Profi Rom Food SRL, un minorista de alimentaci\u00f3n l\u00edder en Ruman\u00eda<\/a><\/h3><p class=\"entry-summary\">La multimacional belga-holandesa Ahold Delhaize anuncia que\u00a0ha acordado adquirir el 100 % del minorista de&hellip;<\/p>\r\n\t\t\t\t\t\t<div class=\"p-meta has-bookmark\">\r\n\t\t\t\t<div class=\"meta-inner is-meta\">\r\n\t\t\t\t\t\t\t<span class=\"meta-el meta-read\"><i class=\"rbi rbi-watch\" aria-hidden=\"true\"><\/i>1 Min Read<\/span>\r\n\t\t\t\t\t\t<\/div>\r\n\t\t\t\t<span class=\"rb-bookmark bookmark-trigger\" data-pid=\"12811\"><\/span>\t\t\t<\/div>\r\n\t\t\t\t<\/div>\r\n\t\t\t\t<\/div>\r\n\t\t\t<div class=\"p-wrap p-small p-list-small-1\" data-pid=\"12639\">\r\n\t\t\t<div class=\"p-content\">\r\n\t\t\t<div class=\"p-categories p-top\"><a class=\"p-category category-id-82\" href=\"https:\/\/thelatin.news\/category\/news\/entertainment\/\" rel=\"category\">Entertainment<\/a><a class=\"p-category category-id-3298\" href=\"https:\/\/thelatin.news\/es\/category\/news-es\/entertainment-es\/\" rel=\"category\">Entretenimiento<\/a><a class=\"p-category category-id-87\" href=\"https:\/\/thelatin.news\/category\/news\/modolva\/\" rel=\"category\">Modolva<\/a><a class=\"p-category category-id-3302\" href=\"https:\/\/thelatin.news\/es\/category\/news-es\/modolva-es\/\" rel=\"category\">Modolva<\/a><\/div><h3 class=\"entry-title\">\t\t<a class=\"p-url\" href=\"https:\/\/thelatin.news\/es\/instituto-elie-wiesel-rumano-denuncia-plan-para-canonizar-a-clerigos-antisemitas\/\" rel=\"bookmark\">Instituto Elie Wiesel rumano denuncia plan para canonizar a cl\u00e9rigos antisemitas<\/a><\/h3><p class=\"entry-summary\">Budapest, 19 jul (EFE).- El Instituto Nacional Elie Wiesel para el Estudio del Holocausto de&hellip;<\/p>\r\n\t\t\t\t\t\t<div class=\"p-meta has-bookmark\">\r\n\t\t\t\t<div class=\"meta-inner is-meta\">\r\n\t\t\t\t\t\t\t<span class=\"meta-el meta-read\"><i class=\"rbi rbi-watch\" aria-hidden=\"true\"><\/i>1 Min Read<\/span>\r\n\t\t\t\t\t\t<\/div>\r\n\t\t\t\t<span class=\"rb-bookmark bookmark-trigger\" data-pid=\"12639\"><\/span>\t\t\t<\/div>\r\n\t\t\t\t<\/div>\r\n\t\t\t\t<\/div>\r\n\t\t\t<div class=\"p-wrap p-small p-list-small-1\" data-pid=\"12638\">\r\n\t\t\t<div class=\"p-content\">\r\n\t\t\t<div class=\"p-categories p-top\"><a class=\"p-category category-id-2\" href=\"https:\/\/thelatin.news\/category\/news\/business\/\" rel=\"category\">Business<\/a><a class=\"p-category category-id-87\" href=\"https:\/\/thelatin.news\/category\/news\/modolva\/\" rel=\"category\">Modolva<\/a><a class=\"p-category category-id-3302\" href=\"https:\/\/thelatin.news\/es\/category\/news-es\/modolva-es\/\" rel=\"category\">Modolva<\/a><a class=\"p-category category-id-3297\" href=\"https:\/\/thelatin.news\/es\/category\/news-es\/business-es\/\" rel=\"category\">Negocio<\/a><\/div><h3 class=\"entry-title\">\t\t<a class=\"p-url\" href=\"https:\/\/thelatin.news\/es\/detenido-en-tarragona-uno-de-los-fugitivos-mas-buscados-en-europa-tras-esconderse-15-anos-bajo-una-falsa-identidad\/\" rel=\"bookmark\">Detenido en Tarragona uno de los fugitivos m\u00e1s buscados en Europa tras esconderse 15 a\u00f1os bajo una falsa identidad<\/a><\/h3><p class=\"entry-summary\">La Polic\u00eda Nacional y la Polic\u00eda Local de Deltebre (Tarragona) han detenido en este municipio&hellip;<\/p>\r\n\t\t\t\t\t\t<div class=\"p-meta has-bookmark\">\r\n\t\t\t\t<div class=\"meta-inner is-meta\">\r\n\t\t\t\t\t\t\t<span class=\"meta-el meta-read\"><i class=\"rbi rbi-watch\" aria-hidden=\"true\"><\/i>1 Min Read<\/span>\r\n\t\t\t\t\t\t<\/div>\r\n\t\t\t\t<span class=\"rb-bookmark bookmark-trigger\" data-pid=\"12638\"><\/span>\t\t\t<\/div>\r\n\t\t\t\t<\/div>\r\n\t\t\t\t<\/div>\r\n\t<\/div>\t\t<div class=\"pagination-wrap pagination-loadmore\">\r\n\t\t\t<a href=\"#\" class=\"loadmore-trigger\"><span>Mostrar m\u00e1s<\/span><i class=\"rb-loader\" aria-hidden=\"true\"><\/i><\/a>\r\n\t\t<\/div>\r\n\t\t<\/div>\t\t<\/div>\n\t\t\t\t<\/div>\n\t\t\t\t\t<\/div>\n\t\t<\/div>\n\t\t\t\t\t<\/div>\n\t\t<\/section>\n\t\t\t\t<section class=\"elementor-section elementor-top-section elementor-element elementor-element-354033e elementor-section-boxed elementor-section-height-default elementor-section-height-default\" data-id=\"354033e\" data-element_type=\"section\">\n\t\t\t\t\t\t<div class=\"elementor-container elementor-column-gap-custom\">\n\t\t\t\t\t<div class=\"elementor-column elementor-col-100 elementor-top-column elementor-element elementor-element-064bb3e\" data-id=\"064bb3e\" data-element_type=\"column\">\n\t\t\t<div class=\"elementor-widget-wrap elementor-element-populated\">\n\t\t\t\t\t\t<div class=\"elementor-element elementor-element-0fc4619 elementor-widget elementor-widget-foxiz-heading\" data-id=\"0fc4619\" data-element_type=\"widget\" data-widget_type=\"foxiz-heading.default\">\n\t\t\t\t<div class=\"elementor-widget-container\">\n\t\t\t<div id=\"uid_0fc4619\" class=\"block-h heading-layout-5\"><div class=\"heading-inner\"><h3 class=\"heading-title\"><a href=\"https:\/\/thelatin.news\/es\/category\/news-es\/italy-es\/\">Italia<\/a><\/h3><div class=\"heading-tagline h6\"><a class=\"heading-tagline-label\" href=\"https:\/\/thelatin.news\/es\/category\/news-es\/italy-es\/\">Ver todo<\/a><i class=\"rbi rbi-cright heading-tagline-icon\" aria-hidden=\"true\"><\/i><\/div><\/div><\/div>\t\t<\/div>\n\t\t\t\t<\/div>\n\t\t\t\t<div class=\"elementor-element elementor-element-373d4fb elementor-widget elementor-widget-foxiz-list-small-1\" data-id=\"373d4fb\" data-element_type=\"widget\" data-widget_type=\"foxiz-list-small-1.default\">\n\t\t\t\t<div class=\"elementor-widget-container\">\n\t\t\t<div id=\"uid_373d4fb\" class=\"block-wrap block-small block-list block-list-small-1 short-pagination rb-columns rb-col-5 rb-tcol-4 rb-mcol-1 is-gap-custom col-border is-border-gray bottom-border is-b-border-gray no-last-bb ecat-bg-4 meta-s-default\"><div class=\"block-inner\">\t\t<div class=\"p-wrap p-small p-list-small-1\" data-pid=\"15437\">\r\n\t\t\t<div class=\"p-content\">\r\n\t\t\t<div class=\"p-categories p-top\"><a class=\"p-category category-id-3306\" href=\"https:\/\/thelatin.news\/es\/category\/news-es\/sports-es\/\" rel=\"category\">Deportes<\/a><a class=\"p-category category-id-3300\" href=\"https:\/\/thelatin.news\/es\/category\/news-es\/italy-es\/\" rel=\"category\">Italia<\/a><a class=\"p-category category-id-85\" href=\"https:\/\/thelatin.news\/category\/news\/italy\/\" rel=\"category\">Italy<\/a><a class=\"p-category category-id-3\" href=\"https:\/\/thelatin.news\/category\/news\/sports\/\" rel=\"category\">Sports<\/a><\/div><h3 class=\"entry-title\">\t\t<a class=\"p-url\" href=\"https:\/\/thelatin.news\/es\/italia-recibe-a-malta-deportes\/\" rel=\"bookmark\">Italia recibe a Malta &#8211; Deportes<\/a><\/h3><p class=\"entry-summary\">El DT de la selecci\u00f3n femenina italiana, Andrea Soncin, afirm\u00f3 que la \"azzurra\" deber\u00e1 mostrar&hellip;<\/p>\r\n\t\t\t\t\t\t<div class=\"p-meta has-bookmark\">\r\n\t\t\t\t<div class=\"meta-inner is-meta\">\r\n\t\t\t\t\t\t\t<span class=\"meta-el meta-read\"><i class=\"rbi rbi-watch\" aria-hidden=\"true\"><\/i>1 Min Read<\/span>\r\n\t\t\t\t\t\t<\/div>\r\n\t\t\t\t<span class=\"rb-bookmark bookmark-trigger\" data-pid=\"15437\"><\/span>\t\t\t<\/div>\r\n\t\t\t\t<\/div>\r\n\t\t\t\t<\/div>\r\n\t\t\t<div class=\"p-wrap p-small p-list-small-1\" data-pid=\"15436\">\r\n\t\t\t<div class=\"p-content\">\r\n\t\t\t<div class=\"p-categories p-top\"><a class=\"p-category category-id-3300\" href=\"https:\/\/thelatin.news\/es\/category\/news-es\/italy-es\/\" rel=\"category\">Italia<\/a><a class=\"p-category category-id-85\" href=\"https:\/\/thelatin.news\/category\/news\/italy\/\" rel=\"category\">Italy<\/a><a class=\"p-category category-id-3215\" href=\"https:\/\/thelatin.news\/category\/news\/travel\/\" rel=\"category\">Travel<\/a><a class=\"p-category category-id-3308\" href=\"https:\/\/thelatin.news\/es\/category\/news-es\/travel-es\/\" rel=\"category\">Viajar<\/a><\/div><h3 class=\"entry-title\">\t\t<a class=\"p-url\" href=\"https:\/\/thelatin.news\/es\/castellon-se-convierte-en-el-destino-de-moda-en-italia-y-alemania\/\" rel=\"bookmark\">Castell\u00f3n se convierte en el destino de moda en Italia y Alemania<\/a><\/h3><p class=\"entry-summary\">En 2025, los viajeros espa\u00f1oles buscar\u00e1n experiencias que unan a las personas, destacando un creciente&hellip;<\/p>\r\n\t\t\t\t\t\t<div class=\"p-meta has-bookmark\">\r\n\t\t\t\t<div class=\"meta-inner is-meta\">\r\n\t\t\t\t\t\t\t<span class=\"meta-el meta-read\"><i class=\"rbi rbi-watch\" aria-hidden=\"true\"><\/i>1 Min Read<\/span>\r\n\t\t\t\t\t\t<\/div>\r\n\t\t\t\t<span class=\"rb-bookmark bookmark-trigger\" data-pid=\"15436\"><\/span>\t\t\t<\/div>\r\n\t\t\t\t<\/div>\r\n\t\t\t\t<\/div>\r\n\t\t\t<div class=\"p-wrap p-small p-list-small-1\" data-pid=\"15433\">\r\n\t\t\t<div class=\"p-content\">\r\n\t\t\t<div class=\"p-categories p-top\"><a class=\"p-category category-id-3300\" href=\"https:\/\/thelatin.news\/es\/category\/news-es\/italy-es\/\" rel=\"category\">Italia<\/a><a class=\"p-category category-id-85\" href=\"https:\/\/thelatin.news\/category\/news\/italy\/\" rel=\"category\">Italy<\/a><a class=\"p-category category-id-7\" href=\"https:\/\/thelatin.news\/category\/news\/technology\/\" rel=\"category\">Technology<\/a><a class=\"p-category category-id-3307\" href=\"https:\/\/thelatin.news\/es\/category\/news-es\/technology-es\/\" rel=\"category\">Tecnolog\u00eda<\/a><\/div><h3 class=\"entry-title\">\t\t<a class=\"p-url\" href=\"https:\/\/thelatin.news\/es\/paraguay-interesa-a-peninsulares-para-invertir-en-agro-y-alta-tecnologia\/\" rel=\"bookmark\">Paraguay interesa a peninsulares para invertir en agro y alta tecnolog\u00eda<\/a><\/h3><p class=\"entry-summary\">En declaraciones a medios gubernamentales, Fondi afirm\u00f3 que todav\u00eda hay espacio para el crecimiento de&hellip;<\/p>\r\n\t\t\t\t\t\t<div class=\"p-meta has-bookmark\">\r\n\t\t\t\t<div class=\"meta-inner is-meta\">\r\n\t\t\t\t\t\t\t<span class=\"meta-el meta-read\"><i class=\"rbi rbi-watch\" aria-hidden=\"true\"><\/i>1 Min Read<\/span>\r\n\t\t\t\t\t\t<\/div>\r\n\t\t\t\t<span class=\"rb-bookmark bookmark-trigger\" data-pid=\"15433\"><\/span>\t\t\t<\/div>\r\n\t\t\t\t<\/div>\r\n\t\t\t\t<\/div>\r\n\t\t\t<div class=\"p-wrap p-small p-list-small-1\" data-pid=\"13806\">\r\n\t\t\t<div class=\"p-content\">\r\n\t\t\t<div class=\"p-categories p-top\"><a class=\"p-category category-id-3306\" href=\"https:\/\/thelatin.news\/es\/category\/news-es\/sports-es\/\" rel=\"category\">Deportes<\/a><a class=\"p-category category-id-3300\" href=\"https:\/\/thelatin.news\/es\/category\/news-es\/italy-es\/\" rel=\"category\">Italia<\/a><a class=\"p-category category-id-85\" href=\"https:\/\/thelatin.news\/category\/news\/italy\/\" rel=\"category\">Italy<\/a><a class=\"p-category category-id-3\" href=\"https:\/\/thelatin.news\/category\/news\/sports\/\" rel=\"category\">Sports<\/a><\/div><h3 class=\"entry-title\">\t\t<a class=\"p-url\" href=\"https:\/\/thelatin.news\/es\/podios-y-medallas-para-el-patin-artistico-de-italia-unida-que-brillo-en-el-campeonato-argentino\/\" rel=\"bookmark\">Podios y medallas para el pat\u00edn art\u00edstico de Italia Unida que brill\u00f3 en el campeonato argentino<\/a><\/h3>\t\t\t<div class=\"p-meta has-bookmark\">\r\n\t\t\t\t<div class=\"meta-inner is-meta\">\r\n\t\t\t\t\t\t\t<span class=\"meta-el meta-read\"><i class=\"rbi rbi-watch\" aria-hidden=\"true\"><\/i>0 Min Read<\/span>\r\n\t\t\t\t\t\t<\/div>\r\n\t\t\t\t<span class=\"rb-bookmark bookmark-trigger\" data-pid=\"13806\"><\/span>\t\t\t<\/div>\r\n\t\t\t\t<\/div>\r\n\t\t\t\t<\/div>\r\n\t\t\t<div class=\"p-wrap p-small p-list-small-1\" data-pid=\"13805\">\r\n\t\t\t<div class=\"p-content\">\r\n\t\t\t<div class=\"p-categories p-top\"><a class=\"p-category category-id-3300\" href=\"https:\/\/thelatin.news\/es\/category\/news-es\/italy-es\/\" rel=\"category\">Italia<\/a><a class=\"p-category category-id-85\" href=\"https:\/\/thelatin.news\/category\/news\/italy\/\" rel=\"category\">Italy<\/a><a class=\"p-category category-id-3215\" href=\"https:\/\/thelatin.news\/category\/news\/travel\/\" rel=\"category\">Travel<\/a><a class=\"p-category category-id-3308\" href=\"https:\/\/thelatin.news\/es\/category\/news-es\/travel-es\/\" rel=\"category\">Viajar<\/a><\/div><h3 class=\"entry-title\">\t\t<a class=\"p-url\" href=\"https:\/\/thelatin.news\/es\/la-via-del-amor-uno-de-los-destinos-mas-romanticos-de-italia-reabre-despues-de-12-anos\/\" rel=\"bookmark\">La V\u00eda del Amor, uno de los destinos m\u00e1s rom\u00e1nticos de Italia, reabre despu\u00e9s de 12 a\u00f1os<\/a><\/h3><p class=\"entry-summary\">El sendero m\u00e1s rom\u00e1ntico de Cinque Terre, apropiadamente llamado la Via dell\u2019Amore, reabri\u00f3 sus puertas&hellip;<\/p>\r\n\t\t\t\t\t\t<div class=\"p-meta has-bookmark\">\r\n\t\t\t\t<div class=\"meta-inner is-meta\">\r\n\t\t\t\t\t\t\t<span class=\"meta-el meta-read\"><i class=\"rbi rbi-watch\" aria-hidden=\"true\"><\/i>1 Min Read<\/span>\r\n\t\t\t\t\t\t<\/div>\r\n\t\t\t\t<span class=\"rb-bookmark bookmark-trigger\" data-pid=\"13805\"><\/span>\t\t\t<\/div>\r\n\t\t\t\t<\/div>\r\n\t\t\t\t<\/div>\r\n\t\t\t<div class=\"p-wrap p-small p-list-small-1\" data-pid=\"13802\">\r\n\t\t\t<div class=\"p-content\">\r\n\t\t\t<div class=\"p-categories p-top\"><a class=\"p-category category-id-3300\" href=\"https:\/\/thelatin.news\/es\/category\/news-es\/italy-es\/\" rel=\"category\">Italia<\/a><a class=\"p-category category-id-85\" href=\"https:\/\/thelatin.news\/category\/news\/italy\/\" rel=\"category\">Italy<\/a><a class=\"p-category category-id-7\" href=\"https:\/\/thelatin.news\/category\/news\/technology\/\" rel=\"category\">Technology<\/a><a class=\"p-category category-id-3307\" href=\"https:\/\/thelatin.news\/es\/category\/news-es\/technology-es\/\" rel=\"category\">Tecnolog\u00eda<\/a><\/div><h3 class=\"entry-title\">\t\t<a class=\"p-url\" href=\"https:\/\/thelatin.news\/es\/robots-investigan-naufragios-en-las-profundidades-del-mar-en-italia-noticias-de-mexico\/\" rel=\"bookmark\">Robots investigan naufragios en las profundidades del mar en Italia | Noticias de M\u00e9xico<\/a><\/h3><p class=\"entry-summary\">El Imparcial \/ Tecnolog\u00eda \/ Arqueolog\u00edaLos expertos romanos han decidio emplear las nuevas tecnolog\u00edas para&hellip;<\/p>\r\n\t\t\t\t\t\t<div class=\"p-meta has-bookmark\">\r\n\t\t\t\t<div class=\"meta-inner is-meta\">\r\n\t\t\t\t\t\t\t<span class=\"meta-el meta-read\"><i class=\"rbi rbi-watch\" aria-hidden=\"true\"><\/i>1 Min Read<\/span>\r\n\t\t\t\t\t\t<\/div>\r\n\t\t\t\t<span class=\"rb-bookmark bookmark-trigger\" data-pid=\"13802\"><\/span>\t\t\t<\/div>\r\n\t\t\t\t<\/div>\r\n\t\t\t\t<\/div>\r\n\t\t\t<div class=\"p-wrap p-small p-list-small-1\" data-pid=\"13458\">\r\n\t\t\t<div class=\"p-content\">\r\n\t\t\t<div class=\"p-categories p-top\"><a class=\"p-category category-id-3306\" href=\"https:\/\/thelatin.news\/es\/category\/news-es\/sports-es\/\" rel=\"category\">Deportes<\/a><a class=\"p-category category-id-3300\" href=\"https:\/\/thelatin.news\/es\/category\/news-es\/italy-es\/\" rel=\"category\">Italia<\/a><a class=\"p-category category-id-85\" href=\"https:\/\/thelatin.news\/category\/news\/italy\/\" rel=\"category\">Italy<\/a><a class=\"p-category category-id-3\" href=\"https:\/\/thelatin.news\/category\/news\/sports\/\" rel=\"category\">Sports<\/a><\/div><h3 class=\"entry-title\">\t\t<a class=\"p-url\" href=\"https:\/\/thelatin.news\/es\/conte-regresa-a-italia-como-nuevo-tecnico-del-napoli\/\" rel=\"bookmark\">Conte regresa a Italia como nuevo t\u00e9cnico del Napoli<\/a><\/h3><p class=\"entry-summary\">MIL\u00c1N\u00a0\u2014\u00a0 MIL\u00c1N (AP) \u2014 Esta de vuelta.Antonio Conte regresa a la Serie A con la&hellip;<\/p>\r\n\t\t\t\t\t\t<div class=\"p-meta has-bookmark\">\r\n\t\t\t\t<div class=\"meta-inner is-meta\">\r\n\t\t\t\t\t\t\t<span class=\"meta-el meta-read\"><i class=\"rbi rbi-watch\" aria-hidden=\"true\"><\/i>1 Min Read<\/span>\r\n\t\t\t\t\t\t<\/div>\r\n\t\t\t\t<span class=\"rb-bookmark bookmark-trigger\" data-pid=\"13458\"><\/span>\t\t\t<\/div>\r\n\t\t\t\t<\/div>\r\n\t\t\t\t<\/div>\r\n\t\t\t<div class=\"p-wrap p-small p-list-small-1\" data-pid=\"13457\">\r\n\t\t\t<div class=\"p-content\">\r\n\t\t\t<div class=\"p-categories p-top\"><a class=\"p-category category-id-3300\" href=\"https:\/\/thelatin.news\/es\/category\/news-es\/italy-es\/\" rel=\"category\">Italia<\/a><a class=\"p-category category-id-85\" href=\"https:\/\/thelatin.news\/category\/news\/italy\/\" rel=\"category\">Italy<\/a><a class=\"p-category category-id-3215\" href=\"https:\/\/thelatin.news\/category\/news\/travel\/\" rel=\"category\">Travel<\/a><a class=\"p-category category-id-3308\" href=\"https:\/\/thelatin.news\/es\/category\/news-es\/travel-es\/\" rel=\"category\">Viajar<\/a><\/div><h3 class=\"entry-title\">\t\t<a class=\"p-url\" href=\"https:\/\/thelatin.news\/es\/pueblo-italia-sin-dueno-el-pueblo-italiano-sin-dueno-bussana-vecchia-el-renacer-de-un-pueblo-fantasma\/\" rel=\"bookmark\">PUEBLO ITALIA SIN DUE\u00d1O | El pueblo italiano sin due\u00f1o: Bussana Vecchia, el renacer de un pueblo fantasma<\/a><\/h3><p class=\"entry-summary\">Esta localidad tiene sus ra\u00edces en la \u00e9poca romana, pero fue durante la Edad Media&hellip;<\/p>\r\n\t\t\t\t\t\t<div class=\"p-meta has-bookmark\">\r\n\t\t\t\t<div class=\"meta-inner is-meta\">\r\n\t\t\t\t\t\t\t<span class=\"meta-el meta-read\"><i class=\"rbi rbi-watch\" aria-hidden=\"true\"><\/i>1 Min Read<\/span>\r\n\t\t\t\t\t\t<\/div>\r\n\t\t\t\t<span class=\"rb-bookmark bookmark-trigger\" data-pid=\"13457\"><\/span>\t\t\t<\/div>\r\n\t\t\t\t<\/div>\r\n\t\t\t\t<\/div>\r\n\t\t\t<div class=\"p-wrap p-small p-list-small-1\" data-pid=\"13454\">\r\n\t\t\t<div class=\"p-content\">\r\n\t\t\t<div class=\"p-categories p-top\"><a class=\"p-category category-id-3300\" href=\"https:\/\/thelatin.news\/es\/category\/news-es\/italy-es\/\" rel=\"category\">Italia<\/a><a class=\"p-category category-id-85\" href=\"https:\/\/thelatin.news\/category\/news\/italy\/\" rel=\"category\">Italy<\/a><a class=\"p-category category-id-7\" href=\"https:\/\/thelatin.news\/category\/news\/technology\/\" rel=\"category\">Technology<\/a><a class=\"p-category category-id-3307\" href=\"https:\/\/thelatin.news\/es\/category\/news-es\/technology-es\/\" rel=\"category\">Tecnolog\u00eda<\/a><\/div><h3 class=\"entry-title\">\t\t<a class=\"p-url\" href=\"https:\/\/thelatin.news\/es\/la-iglesia-en-la-era-digital-y-el-enfoque-de-las-nuevas-tecnologias-en-la-comunicacion-eclesial\/\" rel=\"bookmark\">la Iglesia en la era digital y el enfoque de las nuevas tecnolog\u00edas en la comunicaci\u00f3n eclesial<\/a><\/h3><p class=\"entry-summary\">(ANS - Roma)\u00a0- Un atento y cualificado excursus entre el pasado, el presente y el&hellip;<\/p>\r\n\t\t\t\t\t\t<div class=\"p-meta has-bookmark\">\r\n\t\t\t\t<div class=\"meta-inner is-meta\">\r\n\t\t\t\t\t\t\t<span class=\"meta-el meta-read\"><i class=\"rbi rbi-watch\" aria-hidden=\"true\"><\/i>1 Min Read<\/span>\r\n\t\t\t\t\t\t<\/div>\r\n\t\t\t\t<span class=\"rb-bookmark bookmark-trigger\" data-pid=\"13454\"><\/span>\t\t\t<\/div>\r\n\t\t\t\t<\/div>\r\n\t\t\t\t<\/div>\r\n\t\t\t<div class=\"p-wrap p-small p-list-small-1\" data-pid=\"12623\">\r\n\t\t\t<div class=\"p-content\">\r\n\t\t\t<div class=\"p-categories p-top\"><a class=\"p-category category-id-3306\" href=\"https:\/\/thelatin.news\/es\/category\/news-es\/sports-es\/\" rel=\"category\">Deportes<\/a><a class=\"p-category category-id-3300\" href=\"https:\/\/thelatin.news\/es\/category\/news-es\/italy-es\/\" rel=\"category\">Italia<\/a><a class=\"p-category category-id-85\" href=\"https:\/\/thelatin.news\/category\/news\/italy\/\" rel=\"category\">Italy<\/a><a class=\"p-category category-id-3\" href=\"https:\/\/thelatin.news\/category\/news\/sports\/\" rel=\"category\">Sports<\/a><\/div><h3 class=\"entry-title\">\t\t<a class=\"p-url\" href=\"https:\/\/thelatin.news\/es\/un-gigante-de-italia-y-europa-se-fija-en-richard-rios-figura-de-colombia-en-la-copa-america\/\" rel=\"bookmark\">Un gigante de Italia y Europa se fija en Richard R\u00edos, figura de Colombia en\u00a0la\u00a0Copa\u00a0Am\u00e9rica<\/a><\/h3><p class=\"entry-summary\">La Selecci\u00f3n Colombia disput\u00f3 una hist\u00f3rica Copa Am\u00e9rica, los de N\u00e9stor Lorenzo llegaron hasta la&hellip;<\/p>\r\n\t\t\t\t\t\t<div class=\"p-meta has-bookmark\">\r\n\t\t\t\t<div class=\"meta-inner is-meta\">\r\n\t\t\t\t\t\t\t<span class=\"meta-el meta-read\"><i class=\"rbi rbi-watch\" aria-hidden=\"true\"><\/i>1 Min Read<\/span>\r\n\t\t\t\t\t\t<\/div>\r\n\t\t\t\t<span class=\"rb-bookmark bookmark-trigger\" data-pid=\"12623\"><\/span>\t\t\t<\/div>\r\n\t\t\t\t<\/div>\r\n\t\t\t\t<\/div>\r\n\t<\/div>\t\t<div class=\"pagination-wrap pagination-loadmore\">\r\n\t\t\t<a href=\"#\" class=\"loadmore-trigger\"><span>Mostrar m\u00e1s<\/span><i class=\"rb-loader\" aria-hidden=\"true\"><\/i><\/a>\r\n\t\t<\/div>\r\n\t\t<\/div>\t\t<\/div>\n\t\t\t\t<\/div>\n\t\t\t\t\t<\/div>\n\t\t<\/div>\n\t\t\t\t\t<\/div>\n\t\t<\/section>\n\t\t\t\t<section class=\"elementor-section elementor-top-section elementor-element elementor-element-22b019a elementor-section-boxed elementor-section-height-default elementor-section-height-default\" data-id=\"22b019a\" data-element_type=\"section\">\n\t\t\t\t\t\t<div class=\"elementor-container elementor-column-gap-custom\">\n\t\t\t\t\t<div class=\"elementor-column elementor-col-100 elementor-top-column elementor-element elementor-element-bbed2d6\" data-id=\"bbed2d6\" data-element_type=\"column\">\n\t\t\t<div class=\"elementor-widget-wrap elementor-element-populated\">\n\t\t\t\t\t\t<div class=\"elementor-element elementor-element-d18c535 elementor-widget elementor-widget-foxiz-heading\" data-id=\"d18c535\" data-element_type=\"widget\" data-widget_type=\"foxiz-heading.default\">\n\t\t\t\t<div class=\"elementor-widget-container\">\n\t\t\t<div id=\"uid_d18c535\" class=\"block-h heading-layout-5\"><div class=\"heading-inner\"><h3 class=\"heading-title\"><a href=\"https:\/\/thelatin.news\/es\/category\/news-es\/portugal-es\/\">Portugal<\/a><\/h3><div class=\"heading-tagline h6\"><a class=\"heading-tagline-label\" href=\"https:\/\/thelatin.news\/es\/category\/news-es\/portugal-es\/\">Ver todo<\/a><i class=\"rbi rbi-cright heading-tagline-icon\" aria-hidden=\"true\"><\/i><\/div><\/div><\/div>\t\t<\/div>\n\t\t\t\t<\/div>\n\t\t\t\t<div class=\"elementor-element elementor-element-c34d8fa elementor-widget elementor-widget-foxiz-list-small-1\" data-id=\"c34d8fa\" data-element_type=\"widget\" data-widget_type=\"foxiz-list-small-1.default\">\n\t\t\t\t<div class=\"elementor-widget-container\">\n\t\t\t<div id=\"uid_c34d8fa\" class=\"block-wrap block-small block-list block-list-small-1 short-pagination rb-columns rb-col-5 rb-tcol-4 rb-mcol-1 is-gap-custom col-border is-border-gray bottom-border is-b-border-gray no-last-bb ecat-bg-4 meta-s-default\"><div class=\"block-inner\">\t\t<div class=\"p-wrap p-small p-list-small-1\" data-pid=\"15443\">\r\n\t\t\t<div class=\"p-content\">\r\n\t\t\t<div class=\"p-categories p-top\"><a class=\"p-category category-id-82\" href=\"https:\/\/thelatin.news\/category\/news\/entertainment\/\" rel=\"category\">Entertainment<\/a><a class=\"p-category category-id-3298\" href=\"https:\/\/thelatin.news\/es\/category\/news-es\/entertainment-es\/\" rel=\"category\">Entretenimiento<\/a><a class=\"p-category category-id-83\" href=\"https:\/\/thelatin.news\/category\/news\/portugal\/\" rel=\"category\">Portugal<\/a><a class=\"p-category category-id-3303\" href=\"https:\/\/thelatin.news\/es\/category\/news-es\/portugal-es\/\" rel=\"category\">Portugal<\/a><\/div><h3 class=\"entry-title\">\t\t<a class=\"p-url\" href=\"https:\/\/thelatin.news\/es\/aumenta-la-produccion-televisiva-en-espana-portugal-brasil-y-mexico-y-se-desploma-en-argentina\/\" rel=\"bookmark\">Aumenta la producci\u00f3n televisiva en Espa\u00f1a, Portugal, Brasil y M\u00e9xico y se desploma en Argentina<\/a><\/h3><p class=\"entry-summary\">Espa\u00f1a, Brasil y M\u00e9xico son los pa\u00edses iberoamericanos en los que m\u00e1s series y programas&hellip;<\/p>\r\n\t\t\t\t\t\t<div class=\"p-meta has-bookmark\">\r\n\t\t\t\t<div class=\"meta-inner is-meta\">\r\n\t\t\t\t\t\t\t<span class=\"meta-el meta-read\"><i class=\"rbi rbi-watch\" aria-hidden=\"true\"><\/i>1 Min Read<\/span>\r\n\t\t\t\t\t\t<\/div>\r\n\t\t\t\t<span class=\"rb-bookmark bookmark-trigger\" data-pid=\"15443\"><\/span>\t\t\t<\/div>\r\n\t\t\t\t<\/div>\r\n\t\t\t\t<\/div>\r\n\t\t\t<div class=\"p-wrap p-small p-list-small-1\" data-pid=\"15442\">\r\n\t\t\t<div class=\"p-content\">\r\n\t\t\t<div class=\"p-categories p-top\"><a class=\"p-category category-id-2\" href=\"https:\/\/thelatin.news\/category\/news\/business\/\" rel=\"category\">Business<\/a><a class=\"p-category category-id-3297\" href=\"https:\/\/thelatin.news\/es\/category\/news-es\/business-es\/\" rel=\"category\">Negocio<\/a><a class=\"p-category category-id-3303\" href=\"https:\/\/thelatin.news\/es\/category\/news-es\/portugal-es\/\" rel=\"category\">Portugal<\/a><a class=\"p-category category-id-83\" href=\"https:\/\/thelatin.news\/category\/news\/portugal\/\" rel=\"category\">Portugal<\/a><\/div><h3 class=\"entry-title\">\t\t<a class=\"p-url\" href=\"https:\/\/thelatin.news\/es\/somos-la-mayor-fabrica-de-expulsion-de-empresas-a-portugal-declaro-ayuso\/\" rel=\"bookmark\">\u201cSomos la mayor f\u00e1brica de expulsi\u00f3n de empresas a Portugal\u201d declar\u00f3 Ayuso<\/a><\/h3><p class=\"entry-summary\">La presidenta de la Comunidad de Madrid, Isabel D\u00edaz Ayuso, afirm\u00f3 hoy en la Asamblea&hellip;<\/p>\r\n\t\t\t\t\t\t<div class=\"p-meta has-bookmark\">\r\n\t\t\t\t<div class=\"meta-inner is-meta\">\r\n\t\t\t\t\t\t\t<span class=\"meta-el meta-read\"><i class=\"rbi rbi-watch\" aria-hidden=\"true\"><\/i>1 Min Read<\/span>\r\n\t\t\t\t\t\t<\/div>\r\n\t\t\t\t<span class=\"rb-bookmark bookmark-trigger\" data-pid=\"15442\"><\/span>\t\t\t<\/div>\r\n\t\t\t\t<\/div>\r\n\t\t\t\t<\/div>\r\n\t\t\t<div class=\"p-wrap p-small p-list-small-1\" data-pid=\"13894\">\r\n\t\t\t<div class=\"p-content\">\r\n\t\t\t<div class=\"p-categories p-top\"><a class=\"p-category category-id-3301\" href=\"https:\/\/thelatin.news\/es\/category\/news-es\/lifestyle-es\/\" rel=\"category\">Estilo de vida<\/a><a class=\"p-category category-id-5\" href=\"https:\/\/thelatin.news\/category\/news\/lifestyle\/\" rel=\"category\">Lifestyle<\/a><a class=\"p-category category-id-3303\" href=\"https:\/\/thelatin.news\/es\/category\/news-es\/portugal-es\/\" rel=\"category\">Portugal<\/a><a class=\"p-category category-id-83\" href=\"https:\/\/thelatin.news\/category\/news\/portugal\/\" rel=\"category\">Portugal<\/a><\/div><h3 class=\"entry-title\">\t\t<a class=\"p-url\" href=\"https:\/\/thelatin.news\/es\/portugal-un-paraiso-de-estilo-de-vida-para-los-amantes-de-la-playa-y-los-expatriados\/\" rel=\"bookmark\">Portugal: un para\u00edso de estilo de vida para los amantes de la playa y los expatriados<\/a><\/h3><p class=\"entry-summary\">El encanto de las playas portuguesasCon la llegada del verano y la subida de las&hellip;<\/p>\r\n\t\t\t\t\t\t<div class=\"p-meta has-bookmark\">\r\n\t\t\t\t<div class=\"meta-inner is-meta\">\r\n\t\t\t\t\t\t\t<span class=\"meta-el meta-read\"><i class=\"rbi rbi-watch\" aria-hidden=\"true\"><\/i>1 Min Read<\/span>\r\n\t\t\t\t\t\t<\/div>\r\n\t\t\t\t<span class=\"rb-bookmark bookmark-trigger\" data-pid=\"13894\"><\/span>\t\t\t<\/div>\r\n\t\t\t\t<\/div>\r\n\t\t\t\t<\/div>\r\n\t\t\t<div class=\"p-wrap p-small p-list-small-1\" data-pid=\"13893\">\r\n\t\t\t<div class=\"p-content\">\r\n\t\t\t<div class=\"p-categories p-top\"><a class=\"p-category category-id-82\" href=\"https:\/\/thelatin.news\/category\/news\/entertainment\/\" rel=\"category\">Entertainment<\/a><a class=\"p-category category-id-3298\" href=\"https:\/\/thelatin.news\/es\/category\/news-es\/entertainment-es\/\" rel=\"category\">Entretenimiento<\/a><a class=\"p-category category-id-3303\" href=\"https:\/\/thelatin.news\/es\/category\/news-es\/portugal-es\/\" rel=\"category\">Portugal<\/a><a class=\"p-category category-id-83\" href=\"https:\/\/thelatin.news\/category\/news\/portugal\/\" rel=\"category\">Portugal<\/a><\/div><h3 class=\"entry-title\">\t\t<a class=\"p-url\" href=\"https:\/\/thelatin.news\/es\/todos-los-planes-conciertos-y-rutas-de-galicia-y-portugal-en-directo\/\" rel=\"bookmark\">todos los planes, conciertos y rutas de Galicia y Portugal, en directo<\/a><\/h3><p class=\"entry-summary\">22 AGO 2024 - 8:37 F\u00e9lix Slim une blues, swing, r&amp;b y funk en su&hellip;<\/p>\r\n\t\t\t\t\t\t<div class=\"p-meta has-bookmark\">\r\n\t\t\t\t<div class=\"meta-inner is-meta\">\r\n\t\t\t\t\t\t\t<span class=\"meta-el meta-read\"><i class=\"rbi rbi-watch\" aria-hidden=\"true\"><\/i>1 Min Read<\/span>\r\n\t\t\t\t\t\t<\/div>\r\n\t\t\t\t<span class=\"rb-bookmark bookmark-trigger\" data-pid=\"13893\"><\/span>\t\t\t<\/div>\r\n\t\t\t\t<\/div>\r\n\t\t\t\t<\/div>\r\n\t\t\t<div class=\"p-wrap p-small p-list-small-1\" data-pid=\"13892\">\r\n\t\t\t<div class=\"p-content\">\r\n\t\t\t<div class=\"p-categories p-top\"><a class=\"p-category category-id-2\" href=\"https:\/\/thelatin.news\/category\/news\/business\/\" rel=\"category\">Business<\/a><a class=\"p-category category-id-3297\" href=\"https:\/\/thelatin.news\/es\/category\/news-es\/business-es\/\" rel=\"category\">Negocio<\/a><a class=\"p-category category-id-3303\" href=\"https:\/\/thelatin.news\/es\/category\/news-es\/portugal-es\/\" rel=\"category\">Portugal<\/a><a class=\"p-category category-id-83\" href=\"https:\/\/thelatin.news\/category\/news\/portugal\/\" rel=\"category\">Portugal<\/a><\/div><h3 class=\"entry-title\">\t\t<a class=\"p-url\" href=\"https:\/\/thelatin.news\/es\/cepsa-vende-su-negocio-de-butano-por-275-millones-de-euros\/\" rel=\"bookmark\">Cepsa vende su negocio de butano por 275 millones de euros<\/a><\/h3><p class=\"entry-summary\">Cepsa anuncia que pone fin a la bombona de butano. Lo hace con el acuerdo&hellip;<\/p>\r\n\t\t\t\t\t\t<div class=\"p-meta has-bookmark\">\r\n\t\t\t\t<div class=\"meta-inner is-meta\">\r\n\t\t\t\t\t\t\t<span class=\"meta-el meta-read\"><i class=\"rbi rbi-watch\" aria-hidden=\"true\"><\/i>1 Min Read<\/span>\r\n\t\t\t\t\t\t<\/div>\r\n\t\t\t\t<span class=\"rb-bookmark bookmark-trigger\" data-pid=\"13892\"><\/span>\t\t\t<\/div>\r\n\t\t\t\t<\/div>\r\n\t\t\t\t<\/div>\r\n\t\t\t<div class=\"p-wrap p-small p-list-small-1\" data-pid=\"13554\">\r\n\t\t\t<div class=\"p-content\">\r\n\t\t\t<div class=\"p-categories p-top\"><a class=\"p-category category-id-3301\" href=\"https:\/\/thelatin.news\/es\/category\/news-es\/lifestyle-es\/\" rel=\"category\">Estilo de vida<\/a><a class=\"p-category category-id-5\" href=\"https:\/\/thelatin.news\/category\/news\/lifestyle\/\" rel=\"category\">Lifestyle<\/a><a class=\"p-category category-id-3303\" href=\"https:\/\/thelatin.news\/es\/category\/news-es\/portugal-es\/\" rel=\"category\">Portugal<\/a><a class=\"p-category category-id-83\" href=\"https:\/\/thelatin.news\/category\/news\/portugal\/\" rel=\"category\">Portugal<\/a><\/div><h3 class=\"entry-title\">\t\t<a class=\"p-url\" href=\"https:\/\/thelatin.news\/es\/sol-tranquilidad-y-un-estilo-de-vida-flexible-atraen-a-los-jubilados-a-portugal\/\" rel=\"bookmark\">Sol, tranquilidad y un estilo de vida flexible atraen a los jubilados a Portugal<\/a><\/h3><p class=\"entry-summary\">Para Patricia Wells, trasladarse a Portugal desde el Reino Unido en sus \u00faltimos a\u00f1os fue&hellip;<\/p>\r\n\t\t\t\t\t\t<div class=\"p-meta has-bookmark\">\r\n\t\t\t\t<div class=\"meta-inner is-meta\">\r\n\t\t\t\t\t\t\t<span class=\"meta-el meta-read\"><i class=\"rbi rbi-watch\" aria-hidden=\"true\"><\/i>1 Min Read<\/span>\r\n\t\t\t\t\t\t<\/div>\r\n\t\t\t\t<span class=\"rb-bookmark bookmark-trigger\" data-pid=\"13554\"><\/span>\t\t\t<\/div>\r\n\t\t\t\t<\/div>\r\n\t\t\t\t<\/div>\r\n\t\t\t<div class=\"p-wrap p-small p-list-small-1\" data-pid=\"13553\">\r\n\t\t\t<div class=\"p-content\">\r\n\t\t\t<div class=\"p-categories p-top\"><a class=\"p-category category-id-82\" href=\"https:\/\/thelatin.news\/category\/news\/entertainment\/\" rel=\"category\">Entertainment<\/a><a class=\"p-category category-id-3298\" href=\"https:\/\/thelatin.news\/es\/category\/news-es\/entertainment-es\/\" rel=\"category\">Entretenimiento<\/a><a class=\"p-category category-id-3303\" href=\"https:\/\/thelatin.news\/es\/category\/news-es\/portugal-es\/\" rel=\"category\">Portugal<\/a><a class=\"p-category category-id-83\" href=\"https:\/\/thelatin.news\/category\/news\/portugal\/\" rel=\"category\">Portugal<\/a><\/div><h3 class=\"entry-title\">\t\t<a class=\"p-url\" href=\"https:\/\/thelatin.news\/es\/karol-g-protagoniza-una-pedida-de-matrimonio-entre-dos-de-sus-fanaticos-en-su-concierto-en-lisboa-portugal-gente-entretenimiento\/\" rel=\"bookmark\">Karol G protagoniza una pedida de matrimonio entre dos de sus fan\u00e1ticos en su concierto en Lisboa, Portugal | Gente | Entretenimiento<\/a><\/h3><p class=\"entry-summary\">\u00a1Karol G es la mejor casamentera del mundo! Al menos lo es para una joven&hellip;<\/p>\r\n\t\t\t\t\t\t<div class=\"p-meta has-bookmark\">\r\n\t\t\t\t<div class=\"meta-inner is-meta\">\r\n\t\t\t\t\t\t\t<span class=\"meta-el meta-read\"><i class=\"rbi rbi-watch\" aria-hidden=\"true\"><\/i>1 Min Read<\/span>\r\n\t\t\t\t\t\t<\/div>\r\n\t\t\t\t<span class=\"rb-bookmark bookmark-trigger\" data-pid=\"13553\"><\/span>\t\t\t<\/div>\r\n\t\t\t\t<\/div>\r\n\t\t\t\t<\/div>\r\n\t\t\t<div class=\"p-wrap p-small p-list-small-1\" data-pid=\"13552\">\r\n\t\t\t<div class=\"p-content\">\r\n\t\t\t<div class=\"p-categories p-top\"><a class=\"p-category category-id-2\" href=\"https:\/\/thelatin.news\/category\/news\/business\/\" rel=\"category\">Business<\/a><a class=\"p-category category-id-3297\" href=\"https:\/\/thelatin.news\/es\/category\/news-es\/business-es\/\" rel=\"category\">Negocio<\/a><a class=\"p-category category-id-83\" href=\"https:\/\/thelatin.news\/category\/news\/portugal\/\" rel=\"category\">Portugal<\/a><a class=\"p-category category-id-3303\" href=\"https:\/\/thelatin.news\/es\/category\/news-es\/portugal-es\/\" rel=\"category\">Portugal<\/a><\/div><h3 class=\"entry-title\">\t\t<a class=\"p-url\" href=\"https:\/\/thelatin.news\/es\/cepsa-vende-su-negocio-de-butano-propano-y-autogas-en-espana-y-portugal-por-275-millones\/\" rel=\"bookmark\">Cepsa vende su negocio de butano, propano y autog\u00e1s en Espa\u00f1a y Portugal por 275 millones<\/a><\/h3><p class=\"entry-summary\">Cepsa, la importante empresa petroqu\u00edmica espa\u00f1ola, ha dado un paso significativo en su proceso de&hellip;<\/p>\r\n\t\t\t\t\t\t<div class=\"p-meta has-bookmark\">\r\n\t\t\t\t<div class=\"meta-inner is-meta\">\r\n\t\t\t\t\t\t\t<span class=\"meta-el meta-read\"><i class=\"rbi rbi-watch\" aria-hidden=\"true\"><\/i>1 Min Read<\/span>\r\n\t\t\t\t\t\t<\/div>\r\n\t\t\t\t<span class=\"rb-bookmark bookmark-trigger\" data-pid=\"13552\"><\/span>\t\t\t<\/div>\r\n\t\t\t\t<\/div>\r\n\t\t\t\t<\/div>\r\n\t\t\t<div class=\"p-wrap p-small p-list-small-1\" data-pid=\"12803\">\r\n\t\t\t<div class=\"p-content\">\r\n\t\t\t<div class=\"p-categories p-top\"><a class=\"p-category category-id-3301\" href=\"https:\/\/thelatin.news\/es\/category\/news-es\/lifestyle-es\/\" rel=\"category\">Estilo de vida<\/a><a class=\"p-category category-id-5\" href=\"https:\/\/thelatin.news\/category\/news\/lifestyle\/\" rel=\"category\">Lifestyle<\/a><a class=\"p-category category-id-83\" href=\"https:\/\/thelatin.news\/category\/news\/portugal\/\" rel=\"category\">Portugal<\/a><a class=\"p-category category-id-3303\" href=\"https:\/\/thelatin.news\/es\/category\/news-es\/portugal-es\/\" rel=\"category\">Portugal<\/a><\/div><h3 class=\"entry-title\">\t\t<a class=\"p-url\" href=\"https:\/\/thelatin.news\/es\/portugal-es-el-decimoquinto-mejor-pais-para-vivir-segun-los-extranjeros-idealista-news\/\" rel=\"bookmark\">Portugal es el decimoquinto mejor pa\u00eds para vivir seg\u00fan los extranjeros \u2014 idealista\/news<\/a><\/h3><p class=\"entry-summary\">Portugal ocup\u00f3 el puesto 15 en el ranking Expat Insider 2024, que eval\u00faa los mejores&hellip;<\/p>\r\n\t\t\t\t\t\t<div class=\"p-meta has-bookmark\">\r\n\t\t\t\t<div class=\"meta-inner is-meta\">\r\n\t\t\t\t\t\t\t<span class=\"meta-el meta-read\"><i class=\"rbi rbi-watch\" aria-hidden=\"true\"><\/i>1 Min Read<\/span>\r\n\t\t\t\t\t\t<\/div>\r\n\t\t\t\t<span class=\"rb-bookmark bookmark-trigger\" data-pid=\"12803\"><\/span>\t\t\t<\/div>\r\n\t\t\t\t<\/div>\r\n\t\t\t\t<\/div>\r\n\t\t\t<div class=\"p-wrap p-small p-list-small-1\" data-pid=\"12802\">\r\n\t\t\t<div class=\"p-content\">\r\n\t\t\t<div class=\"p-categories p-top\"><a class=\"p-category category-id-82\" href=\"https:\/\/thelatin.news\/category\/news\/entertainment\/\" rel=\"category\">Entertainment<\/a><a class=\"p-category category-id-3298\" href=\"https:\/\/thelatin.news\/es\/category\/news-es\/entertainment-es\/\" rel=\"category\">Entretenimiento<\/a><a class=\"p-category category-id-83\" href=\"https:\/\/thelatin.news\/category\/news\/portugal\/\" rel=\"category\">Portugal<\/a><a class=\"p-category category-id-3303\" href=\"https:\/\/thelatin.news\/es\/category\/news-es\/portugal-es\/\" rel=\"category\">Portugal<\/a><\/div><h3 class=\"entry-title\">\t\t<a class=\"p-url\" href=\"https:\/\/thelatin.news\/es\/que-fue-lo-que-ilumino-de-azul-el-cielo-de-espana-y-portugal-no-era-un-meteorito-era-un-trozo-de-cometa-fotos-y-videos-las-estrellas-home-entretenimiento\/\" rel=\"bookmark\">\u00bfQu\u00e9 fue lo que ilumin\u00f3 de azul el cielo de Espa\u00f1a y Portugal? No era un meteorito, era un trozo de cometa: fotos y videos | Las Estrellas Home Entretenimiento<\/a><\/h3><p class=\"entry-summary\">Durante la madrugada del domingo 19 de mayo, un fen\u00f3meno astron\u00f3mico impactante llam\u00f3 la atenci\u00f3n&hellip;<\/p>\r\n\t\t\t\t\t\t<div class=\"p-meta has-bookmark\">\r\n\t\t\t\t<div class=\"meta-inner is-meta\">\r\n\t\t\t\t\t\t\t<span class=\"meta-el meta-read\"><i class=\"rbi rbi-watch\" aria-hidden=\"true\"><\/i>1 Min Read<\/span>\r\n\t\t\t\t\t\t<\/div>\r\n\t\t\t\t<span class=\"rb-bookmark bookmark-trigger\" data-pid=\"12802\"><\/span>\t\t\t<\/div>\r\n\t\t\t\t<\/div>\r\n\t\t\t\t<\/div>\r\n\t<\/div>\t\t<div class=\"pagination-wrap pagination-loadmore\">\r\n\t\t\t<a href=\"#\" class=\"loadmore-trigger\"><span>Mostrar m\u00e1s<\/span><i class=\"rb-loader\" aria-hidden=\"true\"><\/i><\/a>\r\n\t\t<\/div>\r\n\t\t<\/div>\t\t<\/div>\n\t\t\t\t<\/div>\n\t\t\t\t\t<\/div>\n\t\t<\/div>\n\t\t\t\t\t<\/div>\n\t\t<\/section>\n\t\t\t\t<section class=\"elementor-section elementor-top-section elementor-element elementor-element-0b0cf0f elementor-section-boxed elementor-section-height-default elementor-section-height-default\" data-id=\"0b0cf0f\" data-element_type=\"section\">\n\t\t\t\t\t\t<div class=\"elementor-container elementor-column-gap-custom\">\n\t\t\t\t\t<div class=\"elementor-column elementor-col-100 elementor-top-column elementor-element elementor-element-324ea15\" data-id=\"324ea15\" data-element_type=\"column\">\n\t\t\t<div class=\"elementor-widget-wrap elementor-element-populated\">\n\t\t\t\t\t\t<div class=\"elementor-element elementor-element-ad4958c elementor-widget elementor-widget-foxiz-heading\" data-id=\"ad4958c\" data-element_type=\"widget\" data-widget_type=\"foxiz-heading.default\">\n\t\t\t\t<div class=\"elementor-widget-container\">\n\t\t\t<div id=\"uid_ad4958c\" class=\"block-h heading-layout-5\"><div class=\"heading-inner\"><h3 class=\"heading-title\"><a href=\"https:\/\/thelatin.news\/es\/category\/news-es\/spain-es\/\">Espa\u00f1a\n\n<\/a><\/h3><div class=\"heading-tagline h6\"><a class=\"heading-tagline-label\" href=\"https:\/\/thelatin.news\/es\/category\/news-es\/spain-es\/\">Ver todo<\/a><i class=\"rbi rbi-cright heading-tagline-icon\" aria-hidden=\"true\"><\/i><\/div><\/div><\/div>\t\t<\/div>\n\t\t\t\t<\/div>\n\t\t\t\t<div class=\"elementor-element elementor-element-34ab81a elementor-widget elementor-widget-foxiz-list-small-1\" data-id=\"34ab81a\" data-element_type=\"widget\" data-widget_type=\"foxiz-list-small-1.default\">\n\t\t\t\t<div class=\"elementor-widget-container\">\n\t\t\t<div id=\"uid_34ab81a\" class=\"block-wrap block-small block-list block-list-small-1 short-pagination rb-columns rb-col-5 rb-tcol-4 rb-mcol-1 is-gap-custom col-border is-border-gray bottom-border is-b-border-gray no-last-bb ecat-bg-4 meta-s-default\"><div class=\"block-inner\">\t\t<div class=\"p-wrap p-small p-list-small-1\" data-pid=\"15445\">\r\n\t\t\t<div class=\"p-content\">\r\n\t\t\t<div class=\"p-categories p-top\"><a class=\"p-category category-id-84\" href=\"https:\/\/thelatin.news\/category\/news\/spain\/\" rel=\"category\">Spain<\/a><a class=\"p-category category-id-3305\" href=\"https:\/\/thelatin.news\/es\/category\/news-es\/spain-es\/\" rel=\"category\">Spania<\/a><a class=\"p-category category-id-7\" href=\"https:\/\/thelatin.news\/category\/news\/technology\/\" rel=\"category\">Technology<\/a><a class=\"p-category category-id-3307\" href=\"https:\/\/thelatin.news\/es\/category\/news-es\/technology-es\/\" rel=\"category\">Tecnolog\u00eda<\/a><\/div><h3 class=\"entry-title\">\t\t<a class=\"p-url\" href=\"https:\/\/thelatin.news\/es\/pluxee-impulsa-la-atencion-al-cliente-con-tecnologia-avanzada-en-espana\/\" rel=\"bookmark\">Pluxee impulsa la atenci\u00f3n al cliente con tecnolog\u00eda avanzada en Espa\u00f1a<\/a><\/h3><p class=\"entry-summary\">Pluxee Espa\u00f1a recibe por tercer a\u00f1o consecutivo el galard\u00f3n en el Certamen de los L\u00edderes&hellip;<\/p>\r\n\t\t\t\t\t\t<div class=\"p-meta has-bookmark\">\r\n\t\t\t\t<div class=\"meta-inner is-meta\">\r\n\t\t\t\t\t\t\t<span class=\"meta-el meta-read\"><i class=\"rbi rbi-watch\" aria-hidden=\"true\"><\/i>1 Min Read<\/span>\r\n\t\t\t\t\t\t<\/div>\r\n\t\t\t\t<span class=\"rb-bookmark bookmark-trigger\" data-pid=\"15445\"><\/span>\t\t\t<\/div>\r\n\t\t\t\t<\/div>\r\n\t\t\t\t<\/div>\r\n\t\t\t<div class=\"p-wrap p-small p-list-small-1\" data-pid=\"15444\">\r\n\t\t\t<div class=\"p-content\">\r\n\t\t\t<div class=\"p-categories p-top\"><a class=\"p-category category-id-84\" href=\"https:\/\/thelatin.news\/category\/news\/spain\/\" rel=\"category\">Spain<\/a><a class=\"p-category category-id-3305\" href=\"https:\/\/thelatin.news\/es\/category\/news-es\/spain-es\/\" rel=\"category\">Spania<\/a><a class=\"p-category category-id-3215\" href=\"https:\/\/thelatin.news\/category\/news\/travel\/\" rel=\"category\">Travel<\/a><a class=\"p-category category-id-3308\" href=\"https:\/\/thelatin.news\/es\/category\/news-es\/travel-es\/\" rel=\"category\">Viajar<\/a><\/div><h3 class=\"entry-title\">\t\t<a class=\"p-url\" href=\"https:\/\/thelatin.news\/es\/la-justicia-prohibio-a-fernando-espinosa-viajar-a-espana-para-participar-de-un-congreso\/\" rel=\"bookmark\">La Justicia prohibi\u00f3 a Fernando Espinosa viajar a Espa\u00f1a para participar de un congreso<\/a><\/h3><p class=\"entry-summary\">La Justicia prohibi\u00f3 este viernes al intendente K de La Matanza Fernando Espinoza viajar a&hellip;<\/p>\r\n\t\t\t\t\t\t<div class=\"p-meta has-bookmark\">\r\n\t\t\t\t<div class=\"meta-inner is-meta\">\r\n\t\t\t\t\t\t\t<span class=\"meta-el meta-read\"><i class=\"rbi rbi-watch\" aria-hidden=\"true\"><\/i>1 Min Read<\/span>\r\n\t\t\t\t\t\t<\/div>\r\n\t\t\t\t<span class=\"rb-bookmark bookmark-trigger\" data-pid=\"15444\"><\/span>\t\t\t<\/div>\r\n\t\t\t\t<\/div>\r\n\t\t\t\t<\/div>\r\n\t\t\t<div class=\"p-wrap p-small p-list-small-1\" data-pid=\"13896\">\r\n\t\t\t<div class=\"p-content\">\r\n\t\t\t<div class=\"p-categories p-top\"><a class=\"p-category category-id-84\" href=\"https:\/\/thelatin.news\/category\/news\/spain\/\" rel=\"category\">Spain<\/a><a class=\"p-category category-id-3305\" href=\"https:\/\/thelatin.news\/es\/category\/news-es\/spain-es\/\" rel=\"category\">Spania<\/a><a class=\"p-category category-id-7\" href=\"https:\/\/thelatin.news\/category\/news\/technology\/\" rel=\"category\">Technology<\/a><a class=\"p-category category-id-3307\" href=\"https:\/\/thelatin.news\/es\/category\/news-es\/technology-es\/\" rel=\"category\">Tecnolog\u00eda<\/a><\/div><h3 class=\"entry-title\">\t\t<a class=\"p-url\" href=\"https:\/\/thelatin.news\/es\/un-mecanico-de-la-itv-muestra-cual-es-el-vehiculo-indestructible-de-espana-todos-estan-de-acuerdo\/\" rel=\"bookmark\">Un mec\u00e1nico de la ITV muestra cu\u00e1l es el veh\u00edculo indestructible de Espa\u00f1a: todos est\u00e1n de acuerdo<\/a><\/h3><p class=\"entry-summary\">En la era actual, la tecnolog\u00eda avanza a pasos agigantados, y con ella, la producci\u00f3n&hellip;<\/p>\r\n\t\t\t\t\t\t<div class=\"p-meta has-bookmark\">\r\n\t\t\t\t<div class=\"meta-inner is-meta\">\r\n\t\t\t\t\t\t\t<span class=\"meta-el meta-read\"><i class=\"rbi rbi-watch\" aria-hidden=\"true\"><\/i>1 Min Read<\/span>\r\n\t\t\t\t\t\t<\/div>\r\n\t\t\t\t<span class=\"rb-bookmark bookmark-trigger\" data-pid=\"13896\"><\/span>\t\t\t<\/div>\r\n\t\t\t\t<\/div>\r\n\t\t\t\t<\/div>\r\n\t\t\t<div class=\"p-wrap p-small p-list-small-1\" data-pid=\"13895\">\r\n\t\t\t<div class=\"p-content\">\r\n\t\t\t<div class=\"p-categories p-top\"><a class=\"p-category category-id-84\" href=\"https:\/\/thelatin.news\/category\/news\/spain\/\" rel=\"category\">Spain<\/a><a class=\"p-category category-id-3305\" href=\"https:\/\/thelatin.news\/es\/category\/news-es\/spain-es\/\" rel=\"category\">Spania<\/a><a class=\"p-category category-id-3215\" href=\"https:\/\/thelatin.news\/category\/news\/travel\/\" rel=\"category\">Travel<\/a><a class=\"p-category category-id-3308\" href=\"https:\/\/thelatin.news\/es\/category\/news-es\/travel-es\/\" rel=\"category\">Viajar<\/a><\/div><h3 class=\"entry-title\">\t\t<a class=\"p-url\" href=\"https:\/\/thelatin.news\/es\/estos-son-los-pueblos-mas-feos-de-espana-segun-una-revista-de-viajes-especializada\/\" rel=\"bookmark\">Estos son los pueblos m\u00e1s feos de Espa\u00f1a, seg\u00fan una revista de viajes especializada<\/a><\/h3><p class=\"entry-summary\">Dice un refr\u00e1n que 'Lo m\u00e1s feo, con inter\u00e9s, hermoso es'. Esta es una forma&hellip;<\/p>\r\n\t\t\t\t\t\t<div class=\"p-meta has-bookmark\">\r\n\t\t\t\t<div class=\"meta-inner is-meta\">\r\n\t\t\t\t\t\t\t<span class=\"meta-el meta-read\"><i class=\"rbi rbi-watch\" aria-hidden=\"true\"><\/i>1 Min Read<\/span>\r\n\t\t\t\t\t\t<\/div>\r\n\t\t\t\t<span class=\"rb-bookmark bookmark-trigger\" data-pid=\"13895\"><\/span>\t\t\t<\/div>\r\n\t\t\t\t<\/div>\r\n\t\t\t\t<\/div>\r\n\t\t\t<div class=\"p-wrap p-small p-list-small-1\" data-pid=\"13556\">\r\n\t\t\t<div class=\"p-content\">\r\n\t\t\t<div class=\"p-categories p-top\"><a class=\"p-category category-id-84\" href=\"https:\/\/thelatin.news\/category\/news\/spain\/\" rel=\"category\">Spain<\/a><a class=\"p-category category-id-3305\" href=\"https:\/\/thelatin.news\/es\/category\/news-es\/spain-es\/\" rel=\"category\">Spania<\/a><a class=\"p-category category-id-7\" href=\"https:\/\/thelatin.news\/category\/news\/technology\/\" rel=\"category\">Technology<\/a><a class=\"p-category category-id-3307\" href=\"https:\/\/thelatin.news\/es\/category\/news-es\/technology-es\/\" rel=\"category\">Tecnolog\u00eda<\/a><\/div><h3 class=\"entry-title\">\t\t<a class=\"p-url\" href=\"https:\/\/thelatin.news\/es\/ante-el-empuje-de-asia-espana-y-marruecos-buscan-maneras-de-apostar-por-la-industria-tecnologica\/\" rel=\"bookmark\">Ante el empuje de Asia, Espa\u00f1a y Marruecos buscan maneras de apostar por la industria tecnol\u00f3gica<\/a><\/h3><p class=\"entry-summary\">Espa\u00f1a y Marruecos no quieren quedarse atr\u00e1s La industria qu\u00edmica, una de las principales bazas&hellip;<\/p>\r\n\t\t\t\t\t\t<div class=\"p-meta has-bookmark\">\r\n\t\t\t\t<div class=\"meta-inner is-meta\">\r\n\t\t\t\t\t\t\t<span class=\"meta-el meta-read\"><i class=\"rbi rbi-watch\" aria-hidden=\"true\"><\/i>1 Min Read<\/span>\r\n\t\t\t\t\t\t<\/div>\r\n\t\t\t\t<span class=\"rb-bookmark bookmark-trigger\" data-pid=\"13556\"><\/span>\t\t\t<\/div>\r\n\t\t\t\t<\/div>\r\n\t\t\t\t<\/div>\r\n\t\t\t<div class=\"p-wrap p-small p-list-small-1\" data-pid=\"13555\">\r\n\t\t\t<div class=\"p-content\">\r\n\t\t\t<div class=\"p-categories p-top\"><a class=\"p-category category-id-84\" href=\"https:\/\/thelatin.news\/category\/news\/spain\/\" rel=\"category\">Spain<\/a><a class=\"p-category category-id-3305\" href=\"https:\/\/thelatin.news\/es\/category\/news-es\/spain-es\/\" rel=\"category\">Spania<\/a><a class=\"p-category category-id-3215\" href=\"https:\/\/thelatin.news\/category\/news\/travel\/\" rel=\"category\">Travel<\/a><a class=\"p-category category-id-3308\" href=\"https:\/\/thelatin.news\/es\/category\/news-es\/travel-es\/\" rel=\"category\">Viajar<\/a><\/div><h3 class=\"entry-title\">\t\t<a class=\"p-url\" href=\"https:\/\/thelatin.news\/es\/en-que-temporada-del-ano-podria-ser-mas-barato-viajar-a-espana\/\" rel=\"bookmark\">\u00bfEn qu\u00e9 temporada del a\u00f1o podr\u00eda ser m\u00e1s barato viajar a Espa\u00f1a?<\/a><\/h3><p class=\"entry-summary\">Si no sabe qu\u00e9 destino escoger para su pr\u00f3ximo viaje, pero est\u00e1 buscando una opci\u00f3n&hellip;<\/p>\r\n\t\t\t\t\t\t<div class=\"p-meta has-bookmark\">\r\n\t\t\t\t<div class=\"meta-inner is-meta\">\r\n\t\t\t\t\t\t\t<span class=\"meta-el meta-read\"><i class=\"rbi rbi-watch\" aria-hidden=\"true\"><\/i>1 Min Read<\/span>\r\n\t\t\t\t\t\t<\/div>\r\n\t\t\t\t<span class=\"rb-bookmark bookmark-trigger\" data-pid=\"13555\"><\/span>\t\t\t<\/div>\r\n\t\t\t\t<\/div>\r\n\t\t\t\t<\/div>\r\n\t\t\t<div class=\"p-wrap p-small p-list-small-1\" data-pid=\"12806\">\r\n\t\t\t<div class=\"p-content\">\r\n\t\t\t<div class=\"p-categories p-top\"><a class=\"p-category category-id-84\" href=\"https:\/\/thelatin.news\/category\/news\/spain\/\" rel=\"category\">Spain<\/a><a class=\"p-category category-id-3305\" href=\"https:\/\/thelatin.news\/es\/category\/news-es\/spain-es\/\" rel=\"category\">Spania<\/a><a class=\"p-category category-id-7\" href=\"https:\/\/thelatin.news\/category\/news\/technology\/\" rel=\"category\">Technology<\/a><a class=\"p-category category-id-3307\" href=\"https:\/\/thelatin.news\/es\/category\/news-es\/technology-es\/\" rel=\"category\">Tecnolog\u00eda<\/a><\/div><h3 class=\"entry-title\">\t\t<a class=\"p-url\" href=\"https:\/\/thelatin.news\/es\/sostenibilidad-y-tecnologia-el-futuro-de-la-logistica-en-espana\/\" rel=\"bookmark\">Sostenibilidad y tecnolog\u00eda: el futuro de la log\u00edstica en Espa\u00f1a<\/a><\/h3><p class=\"entry-summary\">Rafael Aguilera Mu\u00f1oz, Director General en la Organizaci\u00f3n Empresarial de Log\u00edstica y Transporte (UNO)En entrevista&hellip;<\/p>\r\n\t\t\t\t\t\t<div class=\"p-meta has-bookmark\">\r\n\t\t\t\t<div class=\"meta-inner is-meta\">\r\n\t\t\t\t\t\t\t<span class=\"meta-el meta-read\"><i class=\"rbi rbi-watch\" aria-hidden=\"true\"><\/i>1 Min Read<\/span>\r\n\t\t\t\t\t\t<\/div>\r\n\t\t\t\t<span class=\"rb-bookmark bookmark-trigger\" data-pid=\"12806\"><\/span>\t\t\t<\/div>\r\n\t\t\t\t<\/div>\r\n\t\t\t\t<\/div>\r\n\t\t\t<div class=\"p-wrap p-small p-list-small-1\" data-pid=\"12805\">\r\n\t\t\t<div class=\"p-content\">\r\n\t\t\t<div class=\"p-categories p-top\"><a class=\"p-category category-id-84\" href=\"https:\/\/thelatin.news\/category\/news\/spain\/\" rel=\"category\">Spain<\/a><a class=\"p-category category-id-3305\" href=\"https:\/\/thelatin.news\/es\/category\/news-es\/spain-es\/\" rel=\"category\">Spania<\/a><a class=\"p-category category-id-3215\" href=\"https:\/\/thelatin.news\/category\/news\/travel\/\" rel=\"category\">Travel<\/a><a class=\"p-category category-id-3308\" href=\"https:\/\/thelatin.news\/es\/category\/news-es\/travel-es\/\" rel=\"category\">Viajar<\/a><\/div><h3 class=\"entry-title\">\t\t<a class=\"p-url\" href=\"https:\/\/thelatin.news\/es\/la-mejor-ciudad-de-europa-para-viajar-en-2024-es-espanola-fiesta-historia-y-playas\/\" rel=\"bookmark\">\u201cLa mejor ciudad de Europa\u201d para viajar en 2024 es espa\u00f1ola: fiesta, historia y playas<\/a><\/h3><p class=\"entry-summary\">Vista panor\u00e1mica de Marbella, mejor ciudad europea para viajar en 2024. (ShutterStock Espa\u00f1a)Cada a\u00f1o se&hellip;<\/p>\r\n\t\t\t\t\t\t<div class=\"p-meta has-bookmark\">\r\n\t\t\t\t<div class=\"meta-inner is-meta\">\r\n\t\t\t\t\t\t\t<span class=\"meta-el meta-read\"><i class=\"rbi rbi-watch\" aria-hidden=\"true\"><\/i>1 Min Read<\/span>\r\n\t\t\t\t\t\t<\/div>\r\n\t\t\t\t<span class=\"rb-bookmark bookmark-trigger\" data-pid=\"12805\"><\/span>\t\t\t<\/div>\r\n\t\t\t\t<\/div>\r\n\t\t\t\t<\/div>\r\n\t\t\t<div class=\"p-wrap p-small p-list-small-1\" data-pid=\"12804\">\r\n\t\t\t<div class=\"p-content\">\r\n\t\t\t<div class=\"p-categories p-top\"><a class=\"p-category category-id-3306\" href=\"https:\/\/thelatin.news\/es\/category\/news-es\/sports-es\/\" rel=\"category\">Deportes<\/a><a class=\"p-category category-id-84\" href=\"https:\/\/thelatin.news\/category\/news\/spain\/\" rel=\"category\">Spain<\/a><a class=\"p-category category-id-3305\" href=\"https:\/\/thelatin.news\/es\/category\/news-es\/spain-es\/\" rel=\"category\">Spania<\/a><a class=\"p-category category-id-3\" href=\"https:\/\/thelatin.news\/category\/news\/sports\/\" rel=\"category\">Sports<\/a><\/div><h3 class=\"entry-title\">\t\t<a class=\"p-url\" href=\"https:\/\/thelatin.news\/es\/las-mejores-fotos-del-espana-italia-sub-17-en-los-barrios\/\" rel=\"bookmark\">Las mejores fotos del Espa\u00f1a &#8211; Italia sub 17 en Los Barrios<\/a><\/h3><p class=\"entry-summary\">&#13; &#13; El Carlos Pi\u00f1a de Los Barrios ha vivido muchos partidos de categor\u00edas y&hellip;<\/p>\r\n\t\t\t\t\t\t<div class=\"p-meta has-bookmark\">\r\n\t\t\t\t<div class=\"meta-inner is-meta\">\r\n\t\t\t\t\t\t\t<span class=\"meta-el meta-read\"><i class=\"rbi rbi-watch\" aria-hidden=\"true\"><\/i>1 Min Read<\/span>\r\n\t\t\t\t\t\t<\/div>\r\n\t\t\t\t<span class=\"rb-bookmark bookmark-trigger\" data-pid=\"12804\"><\/span>\t\t\t<\/div>\r\n\t\t\t\t<\/div>\r\n\t\t\t\t<\/div>\r\n\t\t\t<div class=\"p-wrap p-small p-list-small-1\" data-pid=\"12633\">\r\n\t\t\t<div class=\"p-content\">\r\n\t\t\t<div class=\"p-categories p-top\"><a class=\"p-category category-id-84\" href=\"https:\/\/thelatin.news\/category\/news\/spain\/\" rel=\"category\">Spain<\/a><a class=\"p-category category-id-3305\" href=\"https:\/\/thelatin.news\/es\/category\/news-es\/spain-es\/\" rel=\"category\">Spania<\/a><a class=\"p-category category-id-7\" href=\"https:\/\/thelatin.news\/category\/news\/technology\/\" rel=\"category\">Technology<\/a><a class=\"p-category category-id-3307\" href=\"https:\/\/thelatin.news\/es\/category\/news-es\/technology-es\/\" rel=\"category\">Tecnolog\u00eda<\/a><\/div><h3 class=\"entry-title\">\t\t<a class=\"p-url\" href=\"https:\/\/thelatin.news\/es\/caida-de-microsoft-a-nivel-mundial-ultima-hora-en-directo\/\" rel=\"bookmark\">Ca\u00edda de Microsoft a nivel mundial, \u00faltima hora en directo<\/a><\/h3><p class=\"entry-summary\">105 vuelos cancelados en Espa\u00f1a por el fallo de la empresa de ciberseguridad CrowdStrike que&hellip;<\/p>\r\n\t\t\t\t\t\t<div class=\"p-meta has-bookmark\">\r\n\t\t\t\t<div class=\"meta-inner is-meta\">\r\n\t\t\t\t\t\t\t<span class=\"meta-el meta-read\"><i class=\"rbi rbi-watch\" aria-hidden=\"true\"><\/i>1 Min Read<\/span>\r\n\t\t\t\t\t\t<\/div>\r\n\t\t\t\t<span class=\"rb-bookmark bookmark-trigger\" data-pid=\"12633\"><\/span>\t\t\t<\/div>\r\n\t\t\t\t<\/div>\r\n\t\t\t\t<\/div>\r\n\t<\/div>\t\t<div class=\"pagination-wrap pagination-loadmore\">\r\n\t\t\t<a href=\"#\" class=\"loadmore-trigger\"><span>Mostrar m\u00e1s<\/span><i class=\"rb-loader\" aria-hidden=\"true\"><\/i><\/a>\r\n\t\t<\/div>\r\n\t\t<\/div>\t\t<\/div>\n\t\t\t\t<\/div>\n\t\t\t\t\t<\/div>\n\t\t<\/div>\n\t\t\t\t\t<\/div>\n\t\t<\/section>\n\t\t\t\t<section class=\"elementor-section elementor-top-section elementor-element elementor-element-84bf734 elementor-section-boxed elementor-section-height-default elementor-section-height-default\" data-id=\"84bf734\" data-element_type=\"section\">\n\t\t\t\t\t\t<div class=\"elementor-container elementor-column-gap-custom\">\n\t\t\t\t\t<div class=\"elementor-column elementor-col-100 elementor-top-column elementor-element elementor-element-c759ace\" data-id=\"c759ace\" data-element_type=\"column\">\n\t\t\t<div class=\"elementor-widget-wrap elementor-element-populated\">\n\t\t\t\t\t\t<div class=\"elementor-element elementor-element-313ebbe elementor-widget elementor-widget-foxiz-heading\" data-id=\"313ebbe\" data-element_type=\"widget\" data-widget_type=\"foxiz-heading.default\">\n\t\t\t\t<div class=\"elementor-widget-container\">\n\t\t\t<div id=\"uid_313ebbe\" class=\"block-h heading-layout-5\"><div class=\"heading-inner\"><h3 class=\"heading-title\"><a href=\"https:\/\/thelatin.news\/es\/category\/news-es\/spain-es\/\">Rumania<\/a><\/h3><div class=\"heading-tagline h6\"><a class=\"heading-tagline-label\" href=\"https:\/\/thelatin.news\/es\/category\/news-es\/spain-es\/\">Ver todo<\/a><i class=\"rbi rbi-cright heading-tagline-icon\" aria-hidden=\"true\"><\/i><\/div><\/div><\/div>\t\t<\/div>\n\t\t\t\t<\/div>\n\t\t\t\t<div class=\"elementor-element elementor-element-d72cc81 elementor-widget elementor-widget-foxiz-list-small-1\" data-id=\"d72cc81\" data-element_type=\"widget\" data-widget_type=\"foxiz-list-small-1.default\">\n\t\t\t\t<div class=\"elementor-widget-container\">\n\t\t\t<div id=\"uid_d72cc81\" class=\"block-wrap block-small block-list block-list-small-1 short-pagination rb-columns rb-col-5 rb-tcol-4 rb-mcol-1 is-gap-custom col-border is-border-gray bottom-border is-b-border-gray no-last-bb ecat-bg-4 meta-s-default\"><div class=\"block-inner\">\t\t<div class=\"p-wrap p-small p-list-small-1\" data-pid=\"15438\">\r\n\t\t\t<div class=\"p-content\">\r\n\t\t\t<div class=\"p-categories p-top\"><a class=\"p-category category-id-3301\" href=\"https:\/\/thelatin.news\/es\/category\/news-es\/lifestyle-es\/\" rel=\"category\">Estilo de vida<\/a><a class=\"p-category category-id-5\" href=\"https:\/\/thelatin.news\/category\/news\/lifestyle\/\" rel=\"category\">Lifestyle<\/a><a class=\"p-category category-id-88\" href=\"https:\/\/thelatin.news\/category\/news\/romainia\/\" rel=\"category\">Romainia<\/a><a class=\"p-category category-id-3304\" href=\"https:\/\/thelatin.news\/es\/category\/news-es\/romainia-es\/\" rel=\"category\">Rumania<\/a><\/div><h3 class=\"entry-title\">\t\t<a class=\"p-url\" href=\"https:\/\/thelatin.news\/es\/agustin-fernandez-esta-siendo-amenazado-un-fan-de-rumania-obsesionado-con-gala-montes-seria-el-responsable\/\" rel=\"bookmark\">\u00bfAgust\u00edn Fern\u00e1ndez est\u00e1 siendo amenazado? Un \u2018fan\u2019 de Rumania obsesionado con Gala Montes ser\u00eda el responsable<\/a><\/h3><p class=\"entry-summary\">La participaci\u00f3n de Agust\u00edn Fern\u00e1ndez y Gala Montes en La Casa de los Famosos 2024,&hellip;<\/p>\r\n\t\t\t\t\t\t<div class=\"p-meta has-bookmark\">\r\n\t\t\t\t<div class=\"meta-inner is-meta\">\r\n\t\t\t\t\t\t\t<span class=\"meta-el meta-read\"><i class=\"rbi rbi-watch\" aria-hidden=\"true\"><\/i>1 Min Read<\/span>\r\n\t\t\t\t\t\t<\/div>\r\n\t\t\t\t<span class=\"rb-bookmark bookmark-trigger\" data-pid=\"15438\"><\/span>\t\t\t<\/div>\r\n\t\t\t\t<\/div>\r\n\t\t\t\t<\/div>\r\n\t\t\t<div class=\"p-wrap p-small p-list-small-1\" data-pid=\"15435\">\r\n\t\t\t<div class=\"p-content\">\r\n\t\t\t<div class=\"p-categories p-top\"><a class=\"p-category category-id-2\" href=\"https:\/\/thelatin.news\/category\/news\/business\/\" rel=\"category\">Business<\/a><a class=\"p-category category-id-3297\" href=\"https:\/\/thelatin.news\/es\/category\/news-es\/business-es\/\" rel=\"category\">Negocio<\/a><a class=\"p-category category-id-88\" href=\"https:\/\/thelatin.news\/category\/news\/romainia\/\" rel=\"category\">Romainia<\/a><a class=\"p-category category-id-3304\" href=\"https:\/\/thelatin.news\/es\/category\/news-es\/romainia-es\/\" rel=\"category\">Rumania<\/a><\/div><h3 class=\"entry-title\">\t\t<a class=\"p-url\" href=\"https:\/\/thelatin.news\/es\/nuevo-negocio-para-el-club\/\" rel=\"bookmark\">nuevo negocio para el club<\/a><\/h3><p class=\"entry-summary\">Noticias relacionadas El presidente del FC Barcelona, Joan Laporta, ha aprovechado el par\u00e9ntesis futbol\u00edstico del&hellip;<\/p>\r\n\t\t\t\t\t\t<div class=\"p-meta has-bookmark\">\r\n\t\t\t\t<div class=\"meta-inner is-meta\">\r\n\t\t\t\t\t\t\t<span class=\"meta-el meta-read\"><i class=\"rbi rbi-watch\" aria-hidden=\"true\"><\/i>1 Min Read<\/span>\r\n\t\t\t\t\t\t<\/div>\r\n\t\t\t\t<span class=\"rb-bookmark bookmark-trigger\" data-pid=\"15435\"><\/span>\t\t\t<\/div>\r\n\t\t\t\t<\/div>\r\n\t\t\t\t<\/div>\r\n\t\t\t<div class=\"p-wrap p-small p-list-small-1\" data-pid=\"15434\">\r\n\t\t\t<div class=\"p-content\">\r\n\t\t\t<div class=\"p-categories p-top\"><a class=\"p-category category-id-82\" href=\"https:\/\/thelatin.news\/category\/news\/entertainment\/\" rel=\"category\">Entertainment<\/a><a class=\"p-category category-id-3298\" href=\"https:\/\/thelatin.news\/es\/category\/news-es\/entertainment-es\/\" rel=\"category\">Entretenimiento<\/a><a class=\"p-category category-id-88\" href=\"https:\/\/thelatin.news\/category\/news\/romainia\/\" rel=\"category\">Romainia<\/a><a class=\"p-category category-id-3304\" href=\"https:\/\/thelatin.news\/es\/category\/news-es\/romainia-es\/\" rel=\"category\">Rumania<\/a><\/div><h3 class=\"entry-title\">\t\t<a class=\"p-url\" href=\"https:\/\/thelatin.news\/es\/seminci-exhibe-la-cinta-que-rumania-lleva-al-oscar-una-revision-del-pais-tras-ceaucescu\/\" rel=\"bookmark\">Seminci exhibe la cinta que Ruman\u00eda lleva al Oscar, una revisi\u00f3n del pa\u00eds tras Ceaucescu<\/a><\/h3><p class=\"entry-summary\">Valladolid, 23 oct (EFE).- La Seminci ha estrenado este mi\u00e9rcoles 'Tres kil\u00f3metros al fin del&hellip;<\/p>\r\n\t\t\t\t\t\t<div class=\"p-meta has-bookmark\">\r\n\t\t\t\t<div class=\"meta-inner is-meta\">\r\n\t\t\t\t\t\t\t<span class=\"meta-el meta-read\"><i class=\"rbi rbi-watch\" aria-hidden=\"true\"><\/i>1 Min Read<\/span>\r\n\t\t\t\t\t\t<\/div>\r\n\t\t\t\t<span class=\"rb-bookmark bookmark-trigger\" data-pid=\"15434\"><\/span>\t\t\t<\/div>\r\n\t\t\t\t<\/div>\r\n\t\t\t\t<\/div>\r\n\t\t\t<div class=\"p-wrap p-small p-list-small-1\" data-pid=\"13807\">\r\n\t\t\t<div class=\"p-content\">\r\n\t\t\t<div class=\"p-categories p-top\"><a class=\"p-category category-id-3301\" href=\"https:\/\/thelatin.news\/es\/category\/news-es\/lifestyle-es\/\" rel=\"category\">Estilo de vida<\/a><a class=\"p-category category-id-5\" href=\"https:\/\/thelatin.news\/category\/news\/lifestyle\/\" rel=\"category\">Lifestyle<\/a><a class=\"p-category category-id-88\" href=\"https:\/\/thelatin.news\/category\/news\/romainia\/\" rel=\"category\">Romainia<\/a><a class=\"p-category category-id-3304\" href=\"https:\/\/thelatin.news\/es\/category\/news-es\/romainia-es\/\" rel=\"category\">Rumania<\/a><\/div><h3 class=\"entry-title\">\t\t<a class=\"p-url\" href=\"https:\/\/thelatin.news\/es\/los-fiscales-rumanos-pidieron-al-tribunal-que-prorrogue-la-detencion-de-andrew-tate\/\" rel=\"bookmark\">Los fiscales rumanos pidieron al tribunal que prorrogue la detenci\u00f3n de Andrew Tate<\/a><\/h3>\t\t\t<div class=\"p-meta has-bookmark\">\r\n\t\t\t\t<div class=\"meta-inner is-meta\">\r\n\t\t\t\t\t\t\t<span class=\"meta-el meta-read\"><i class=\"rbi rbi-watch\" aria-hidden=\"true\"><\/i>0 Min Read<\/span>\r\n\t\t\t\t\t\t<\/div>\r\n\t\t\t\t<span class=\"rb-bookmark bookmark-trigger\" data-pid=\"13807\"><\/span>\t\t\t<\/div>\r\n\t\t\t\t<\/div>\r\n\t\t\t\t<\/div>\r\n\t\t\t<div class=\"p-wrap p-small p-list-small-1\" data-pid=\"13804\">\r\n\t\t\t<div class=\"p-content\">\r\n\t\t\t<div class=\"p-categories p-top\"><a class=\"p-category category-id-2\" href=\"https:\/\/thelatin.news\/category\/news\/business\/\" rel=\"category\">Business<\/a><a class=\"p-category category-id-3297\" href=\"https:\/\/thelatin.news\/es\/category\/news-es\/business-es\/\" rel=\"category\">Negocio<\/a><a class=\"p-category category-id-88\" href=\"https:\/\/thelatin.news\/category\/news\/romainia\/\" rel=\"category\">Romainia<\/a><a class=\"p-category category-id-3304\" href=\"https:\/\/thelatin.news\/es\/category\/news-es\/romainia-es\/\" rel=\"category\">Rumania<\/a><\/div><h3 class=\"entry-title\">\t\t<a class=\"p-url\" href=\"https:\/\/thelatin.news\/es\/zara-home-lanzara-su-tienda-online-en-rumania\/\" rel=\"bookmark\">Zara Home lanzar\u00e1 su tienda online en Ruman\u00eda<\/a><\/h3><p class=\"entry-summary\">Publicado el 22 oct. 2015 No cabe duda alguna de que el e-commerce se encuentra&hellip;<\/p>\r\n\t\t\t\t\t\t<div class=\"p-meta has-bookmark\">\r\n\t\t\t\t<div class=\"meta-inner is-meta\">\r\n\t\t\t\t\t\t\t<span class=\"meta-el meta-read\"><i class=\"rbi rbi-watch\" aria-hidden=\"true\"><\/i>1 Min Read<\/span>\r\n\t\t\t\t\t\t<\/div>\r\n\t\t\t\t<span class=\"rb-bookmark bookmark-trigger\" data-pid=\"13804\"><\/span>\t\t\t<\/div>\r\n\t\t\t\t<\/div>\r\n\t\t\t\t<\/div>\r\n\t\t\t<div class=\"p-wrap p-small p-list-small-1\" data-pid=\"13803\">\r\n\t\t\t<div class=\"p-content\">\r\n\t\t\t<div class=\"p-categories p-top\"><a class=\"p-category category-id-82\" href=\"https:\/\/thelatin.news\/category\/news\/entertainment\/\" rel=\"category\">Entertainment<\/a><a class=\"p-category category-id-3298\" href=\"https:\/\/thelatin.news\/es\/category\/news-es\/entertainment-es\/\" rel=\"category\">Entretenimiento<\/a><a class=\"p-category category-id-88\" href=\"https:\/\/thelatin.news\/category\/news\/romainia\/\" rel=\"category\">Romainia<\/a><a class=\"p-category category-id-3304\" href=\"https:\/\/thelatin.news\/es\/category\/news-es\/romainia-es\/\" rel=\"category\">Rumania<\/a><\/div><h3 class=\"entry-title\">\t\t<a class=\"p-url\" href=\"https:\/\/thelatin.news\/es\/wiz-khalifa-fue-detenido-en-rumania-por-fumar-marihuana-en-show-de-un-festival\/\" rel=\"bookmark\">Wiz Khalifa fue detenido en Ruman\u00eda por fumar marihuana en \u2018show\u2019 de un festival<\/a><\/h3><p class=\"entry-summary\">El artista de 38, Wiz Khalifa, se pronunci\u00f3 al respecto de su detenci\u00f3n. Foto: Agencia&hellip;<\/p>\r\n\t\t\t\t\t\t<div class=\"p-meta has-bookmark\">\r\n\t\t\t\t<div class=\"meta-inner is-meta\">\r\n\t\t\t\t\t\t\t<span class=\"meta-el meta-read\"><i class=\"rbi rbi-watch\" aria-hidden=\"true\"><\/i>1 Min Read<\/span>\r\n\t\t\t\t\t\t<\/div>\r\n\t\t\t\t<span class=\"rb-bookmark bookmark-trigger\" data-pid=\"13803\"><\/span>\t\t\t<\/div>\r\n\t\t\t\t<\/div>\r\n\t\t\t\t<\/div>\r\n\t\t\t<div class=\"p-wrap p-small p-list-small-1\" data-pid=\"13459\">\r\n\t\t\t<div class=\"p-content\">\r\n\t\t\t<div class=\"p-categories p-top\"><a class=\"p-category category-id-3301\" href=\"https:\/\/thelatin.news\/es\/category\/news-es\/lifestyle-es\/\" rel=\"category\">Estilo de vida<\/a><a class=\"p-category category-id-5\" href=\"https:\/\/thelatin.news\/category\/news\/lifestyle\/\" rel=\"category\">Lifestyle<\/a><a class=\"p-category category-id-88\" href=\"https:\/\/thelatin.news\/category\/news\/romainia\/\" rel=\"category\">Romainia<\/a><a class=\"p-category category-id-3304\" href=\"https:\/\/thelatin.news\/es\/category\/news-es\/romainia-es\/\" rel=\"category\">Rumania<\/a><\/div><h3 class=\"entry-title\">\t\t<a class=\"p-url\" href=\"https:\/\/thelatin.news\/es\/devuelven-la-medalla-de-bronce-a-la-gimnasta-rumana-ana-barbosu-a-quien-bajaron-del-podio-tras-una-protesta-de-estados-unidos\/\" rel=\"bookmark\">\u2018Devuelven\u2019 la medalla de bronce a la gimnasta rumana Ana Barbosu, a quien \u2018bajaron\u2019 del podio tras una protesta de Estados Unidos<\/a><\/h3><p class=\"entry-summary\">Escrito en DEPORTES el 10\/8\/2024 \u00b7 14:56 hs EFE.- La gimnasta rumana Ana Barbosu gan\u00f3&hellip;<\/p>\r\n\t\t\t\t\t\t<div class=\"p-meta has-bookmark\">\r\n\t\t\t\t<div class=\"meta-inner is-meta\">\r\n\t\t\t\t\t\t\t<span class=\"meta-el meta-read\"><i class=\"rbi rbi-watch\" aria-hidden=\"true\"><\/i>1 Min Read<\/span>\r\n\t\t\t\t\t\t<\/div>\r\n\t\t\t\t<span class=\"rb-bookmark bookmark-trigger\" data-pid=\"13459\"><\/span>\t\t\t<\/div>\r\n\t\t\t\t<\/div>\r\n\t\t\t\t<\/div>\r\n\t\t\t<div class=\"p-wrap p-small p-list-small-1\" data-pid=\"13456\">\r\n\t\t\t<div class=\"p-content\">\r\n\t\t\t<div class=\"p-categories p-top\"><a class=\"p-category category-id-2\" href=\"https:\/\/thelatin.news\/category\/news\/business\/\" rel=\"category\">Business<\/a><a class=\"p-category category-id-3297\" href=\"https:\/\/thelatin.news\/es\/category\/news-es\/business-es\/\" rel=\"category\">Negocio<\/a><a class=\"p-category category-id-88\" href=\"https:\/\/thelatin.news\/category\/news\/romainia\/\" rel=\"category\">Romainia<\/a><a class=\"p-category category-id-3304\" href=\"https:\/\/thelatin.news\/es\/category\/news-es\/romainia-es\/\" rel=\"category\">Rumania<\/a><\/div><h3 class=\"entry-title\">\t\t<a class=\"p-url\" href=\"https:\/\/thelatin.news\/es\/sophia-marca-rumana-de-cortinas-entra-en-el-mercado-espanol\/\" rel=\"bookmark\">Sophia, marca rumana de cortinas, entra en el mercado espa\u00f1ol<\/a><\/h3><p class=\"entry-summary\">Sophia, una de las principales marcas rumanas de cortinas, drapeados y decoraci\u00f3n a medida, con&hellip;<\/p>\r\n\t\t\t\t\t\t<div class=\"p-meta has-bookmark\">\r\n\t\t\t\t<div class=\"meta-inner is-meta\">\r\n\t\t\t\t\t\t\t<span class=\"meta-el meta-read\"><i class=\"rbi rbi-watch\" aria-hidden=\"true\"><\/i>1 Min Read<\/span>\r\n\t\t\t\t\t\t<\/div>\r\n\t\t\t\t<span class=\"rb-bookmark bookmark-trigger\" data-pid=\"13456\"><\/span>\t\t\t<\/div>\r\n\t\t\t\t<\/div>\r\n\t\t\t\t<\/div>\r\n\t\t\t<div class=\"p-wrap p-small p-list-small-1\" data-pid=\"13455\">\r\n\t\t\t<div class=\"p-content\">\r\n\t\t\t<div class=\"p-categories p-top\"><a class=\"p-category category-id-82\" href=\"https:\/\/thelatin.news\/category\/news\/entertainment\/\" rel=\"category\">Entertainment<\/a><a class=\"p-category category-id-3298\" href=\"https:\/\/thelatin.news\/es\/category\/news-es\/entertainment-es\/\" rel=\"category\">Entretenimiento<\/a><a class=\"p-category category-id-88\" href=\"https:\/\/thelatin.news\/category\/news\/romainia\/\" rel=\"category\">Romainia<\/a><a class=\"p-category category-id-3304\" href=\"https:\/\/thelatin.news\/es\/category\/news-es\/romainia-es\/\" rel=\"category\">Rumania<\/a><\/div><h3 class=\"entry-title\">\t\t<a class=\"p-url\" href=\"https:\/\/thelatin.news\/es\/wiz-khalifa-habla-sobre-su-arresto-por-drogas-en-rumania\/\" rel=\"bookmark\">Wiz Khalifa habla sobre su arresto por drogas en Rumania<\/a><\/h3><p class=\"entry-summary\">Wiz Khalifa Timothy Norris\/Getty Photographs para La diligencia Wiz Khalifa se ha pronunciado tras ser&hellip;<\/p>\r\n\t\t\t\t\t\t<div class=\"p-meta has-bookmark\">\r\n\t\t\t\t<div class=\"meta-inner is-meta\">\r\n\t\t\t\t\t\t\t<span class=\"meta-el meta-read\"><i class=\"rbi rbi-watch\" aria-hidden=\"true\"><\/i>1 Min Read<\/span>\r\n\t\t\t\t\t\t<\/div>\r\n\t\t\t\t<span class=\"rb-bookmark bookmark-trigger\" data-pid=\"13455\"><\/span>\t\t\t<\/div>\r\n\t\t\t\t<\/div>\r\n\t\t\t\t<\/div>\r\n\t\t\t<div class=\"p-wrap p-small p-list-small-1\" data-pid=\"12624\">\r\n\t\t\t<div class=\"p-content\">\r\n\t\t\t<div class=\"p-categories p-top\"><a class=\"p-category category-id-3301\" href=\"https:\/\/thelatin.news\/es\/category\/news-es\/lifestyle-es\/\" rel=\"category\">Estilo de vida<\/a><a class=\"p-category category-id-5\" href=\"https:\/\/thelatin.news\/category\/news\/lifestyle\/\" rel=\"category\">Lifestyle<\/a><a class=\"p-category category-id-88\" href=\"https:\/\/thelatin.news\/category\/news\/romainia\/\" rel=\"category\">Romainia<\/a><a class=\"p-category category-id-3304\" href=\"https:\/\/thelatin.news\/es\/category\/news-es\/romainia-es\/\" rel=\"category\">Rumania<\/a><\/div><h3 class=\"entry-title\">\t\t<a class=\"p-url\" href=\"https:\/\/thelatin.news\/es\/arrestan-a-wiz-khalifa-en-rumania-por-posesion-de-drogas\/\" rel=\"bookmark\">Arrestan a Wiz Khalifa en Rumania por posesi\u00f3n de drogas<\/a><\/h3><p class=\"entry-summary\">Wiz Khalifa, conocido por todo el mundo, gracias a sus \u00e9xitos musicales y el estilo&hellip;<\/p>\r\n\t\t\t\t\t\t<div class=\"p-meta has-bookmark\">\r\n\t\t\t\t<div class=\"meta-inner is-meta\">\r\n\t\t\t\t\t\t\t<span class=\"meta-el meta-read\"><i class=\"rbi rbi-watch\" aria-hidden=\"true\"><\/i>1 Min Read<\/span>\r\n\t\t\t\t\t\t<\/div>\r\n\t\t\t\t<span class=\"rb-bookmark bookmark-trigger\" data-pid=\"12624\"><\/span>\t\t\t<\/div>\r\n\t\t\t\t<\/div>\r\n\t\t\t\t<\/div>\r\n\t<\/div>\t\t<div class=\"pagination-wrap pagination-loadmore\">\r\n\t\t\t<a href=\"#\" class=\"loadmore-trigger\"><span>Mostrar m\u00e1s<\/span><i class=\"rb-loader\" aria-hidden=\"true\"><\/i><\/a>\r\n\t\t<\/div>\r\n\t\t<\/div>\t\t<\/div>\n\t\t\t\t<\/div>\n\t\t\t\t\t<\/div>\n\t\t<\/div>\n\t\t\t\t\t<\/div>\n\t\t<\/section>\n\t\t\t\t<section class=\"elementor-section elementor-top-section elementor-element elementor-element-b1513de elementor-section-boxed elementor-section-height-default elementor-section-height-default\" data-id=\"b1513de\" data-element_type=\"section\">\n\t\t\t\t\t\t<div class=\"elementor-container elementor-column-gap-custom\">\n\t\t\t\t\t<div class=\"elementor-column elementor-col-100 elementor-top-column elementor-element elementor-element-e3b7608\" data-id=\"e3b7608\" data-element_type=\"column\">\n\t\t\t<div class=\"elementor-widget-wrap elementor-element-populated\">\n\t\t\t\t\t\t<div class=\"elementor-element elementor-element-75c7930 elementor-widget elementor-widget-foxiz-heading\" data-id=\"75c7930\" data-element_type=\"widget\" data-widget_type=\"foxiz-heading.default\">\n\t\t\t\t<div class=\"elementor-widget-container\">\n\t\t\t<div id=\"uid_75c7930\" class=\"block-h heading-layout-5\"><div class=\"heading-inner\"><h3 class=\"heading-title\"><a href=\"https:\/\/thelatin.news\/es\/category\/press-relesaes-es\/\">Comunicados de prensa<\/a><\/h3><div class=\"heading-tagline h6\"><a class=\"heading-tagline-label\" href=\"https:\/\/thelatin.news\/es\/category\/press-relesaes-es\/\">Ver todo<\/a><i class=\"rbi rbi-cright heading-tagline-icon\" aria-hidden=\"true\"><\/i><\/div><\/div><\/div>\t\t<\/div>\n\t\t\t\t<\/div>\n\t\t\t\t<div class=\"elementor-element elementor-element-5ccfdd0 elementor-widget elementor-widget-foxiz-list-small-1\" data-id=\"5ccfdd0\" data-element_type=\"widget\" data-widget_type=\"foxiz-list-small-1.default\">\n\t\t\t\t<div class=\"elementor-widget-container\">\n\t\t\t<div id=\"uid_5ccfdd0\" class=\"block-wrap block-small block-list block-list-small-1 short-pagination rb-columns rb-col-5 rb-tcol-4 rb-mcol-1 is-gap-custom col-border is-border-gray bottom-border is-b-border-gray no-last-bb ecat-bg-4 meta-s-default\"><div class=\"block-inner\">\t\t<div class=\"p-wrap p-small p-list-small-1\" data-pid=\"19731\">\r\n\t\t\t<div class=\"p-content\">\r\n\t\t\t<div class=\"p-categories p-top\"><a class=\"p-category category-id-3309\" href=\"https:\/\/thelatin.news\/es\/category\/press-relesaes-es\/\" rel=\"category\">Comunicados de prensa<\/a><a class=\"p-category category-id-3294\" href=\"https:\/\/thelatin.news\/es\/category\/europe-es\/\" rel=\"category\">Europa<\/a><a class=\"p-category category-id-78\" href=\"https:\/\/thelatin.news\/category\/europe\/\" rel=\"category\">Europe<\/a><a class=\"p-category category-id-79\" href=\"https:\/\/thelatin.news\/category\/press-relesaes\/\" rel=\"category\">Press relesaes<\/a><\/div><h3 class=\"entry-title\">\t\t<a class=\"p-url\" href=\"https:\/\/thelatin.news\/es\/sugardaddymeet-ya-esta-disponible-en-espana-la-mayor-plataforma-para-citas-discretas-y-lujosas\/\" rel=\"bookmark\">SugarDaddyMeet ya est\u00e1 disponible en Espa\u00f1a: La mayor plataforma para citas discretas y lujosas<\/a><\/h3><p class=\"entry-summary\">Madrid, Spain \u2013 (EuropeNewswire.Net) \u2013 SugarDaddyMeet, una plataforma profesional de citas especializada en relaciones tipo&hellip;<\/p>\r\n\t\t\t\t\t\t<div class=\"p-meta has-bookmark\">\r\n\t\t\t\t<div class=\"meta-inner is-meta\">\r\n\t\t\t\t\t\t\t<span class=\"meta-el meta-read\"><i class=\"rbi rbi-watch\" aria-hidden=\"true\"><\/i>6 Min Read<\/span>\r\n\t\t\t\t\t\t<\/div>\r\n\t\t\t\t<span class=\"rb-bookmark bookmark-trigger\" data-pid=\"19731\"><\/span>\t\t\t<\/div>\r\n\t\t\t\t<\/div>\r\n\t\t\t\t<\/div>\r\n\t\t\t<div class=\"p-wrap p-small p-list-small-1\" data-pid=\"12396\">\r\n\t\t\t<div class=\"p-content\">\r\n\t\t\t<div class=\"p-categories p-top\"><a class=\"p-category category-id-3309\" href=\"https:\/\/thelatin.news\/es\/category\/press-relesaes-es\/\" rel=\"category\">Comunicados de prensa<\/a><a class=\"p-category category-id-3294\" href=\"https:\/\/thelatin.news\/es\/category\/europe-es\/\" rel=\"category\">Europa<\/a><a class=\"p-category category-id-78\" href=\"https:\/\/thelatin.news\/category\/europe\/\" rel=\"category\">Europe<\/a><a class=\"p-category category-id-79\" href=\"https:\/\/thelatin.news\/category\/press-relesaes\/\" rel=\"category\">Press relesaes<\/a><\/div><h3 class=\"entry-title\">\t\t<a class=\"p-url\" href=\"https:\/\/thelatin.news\/es\/la-anatomia-de-la-sala-de-redaccion-de-la-ue-el-latido-del-periodismo-en-europa\/\" rel=\"bookmark\">La anatom\u00eda de la sala de redacci\u00f3n de la UE: el latido del periodismo en Europa<\/a><\/h3><p class=\"entry-summary\">En la era de la informaci\u00f3n, la sala de redacci\u00f3n es el sistema nervioso central&hellip;<\/p>\r\n\t\t\t\t\t\t<div class=\"p-meta has-bookmark\">\r\n\t\t\t\t<div class=\"meta-inner is-meta\">\r\n\t\t\t\t\t\t\t<span class=\"meta-el meta-read\"><i class=\"rbi rbi-watch\" aria-hidden=\"true\"><\/i>7 Min Read<\/span>\r\n\t\t\t\t\t\t<\/div>\r\n\t\t\t\t<span class=\"rb-bookmark bookmark-trigger\" data-pid=\"12396\"><\/span>\t\t\t<\/div>\r\n\t\t\t\t<\/div>\r\n\t\t\t\t<\/div>\r\n\t\t\t<div class=\"p-wrap p-small p-list-small-1\" data-pid=\"12410\">\r\n\t\t\t<div class=\"p-content\">\r\n\t\t\t<div class=\"p-categories p-top\"><a class=\"p-category category-id-3309\" href=\"https:\/\/thelatin.news\/es\/category\/press-relesaes-es\/\" rel=\"category\">Comunicados de prensa<\/a><a class=\"p-category category-id-3294\" href=\"https:\/\/thelatin.news\/es\/category\/europe-es\/\" rel=\"category\">Europa<\/a><a class=\"p-category category-id-78\" href=\"https:\/\/thelatin.news\/category\/europe\/\" rel=\"category\">Europe<\/a><a class=\"p-category category-id-79\" href=\"https:\/\/thelatin.news\/category\/press-relesaes\/\" rel=\"category\">Press relesaes<\/a><\/div><h3 class=\"entry-title\">\t\t<a class=\"p-url\" href=\"https:\/\/thelatin.news\/es\/el-estado-actual-y-futuro-de-las-redacciones-en-la-union-europea\/\" rel=\"bookmark\">El estado actual y futuro de las redacciones en la Uni\u00f3n Europea<\/a><\/h3><p class=\"entry-summary\">Par\u00eds, Francia \u2013 (EuropeNewswire.Net) \u2014 La Uni\u00f3n Europea (UE) ha sido durante mucho tiempo un&hellip;<\/p>\r\n\t\t\t\t\t\t<div class=\"p-meta has-bookmark\">\r\n\t\t\t\t<div class=\"meta-inner is-meta\">\r\n\t\t\t\t\t\t\t<span class=\"meta-el meta-read\"><i class=\"rbi rbi-watch\" aria-hidden=\"true\"><\/i>6 Min Read<\/span>\r\n\t\t\t\t\t\t<\/div>\r\n\t\t\t\t<span class=\"rb-bookmark bookmark-trigger\" data-pid=\"12410\"><\/span>\t\t\t<\/div>\r\n\t\t\t\t<\/div>\r\n\t\t\t\t<\/div>\r\n\t\t\t<div class=\"p-wrap p-small p-list-small-1\" data-pid=\"11517\">\r\n\t\t\t<div class=\"p-content\">\r\n\t\t\t<div class=\"p-categories p-top\"><a class=\"p-category category-id-3309\" href=\"https:\/\/thelatin.news\/es\/category\/press-relesaes-es\/\" rel=\"category\">Comunicados de prensa<\/a><a class=\"p-category category-id-3294\" href=\"https:\/\/thelatin.news\/es\/category\/europe-es\/\" rel=\"category\">Europa<\/a><a class=\"p-category category-id-78\" href=\"https:\/\/thelatin.news\/category\/europe\/\" rel=\"category\">Europe<\/a><a class=\"p-category category-id-79\" href=\"https:\/\/thelatin.news\/category\/press-relesaes\/\" rel=\"category\">Press relesaes<\/a><\/div><h3 class=\"entry-title\">\t\t<a class=\"p-url\" href=\"https:\/\/thelatin.news\/es\/la-union-europea-una-union-de-prosperidad-y-estabilidad\/\" rel=\"bookmark\">La Uni\u00f3n Europea: una uni\u00f3n de prosperidad y estabilidad<\/a><\/h3><p class=\"entry-summary\">La Uni\u00f3n Europea (UE) se presenta como una entidad \u00fanica que une a naciones independientes&hellip;<\/p>\r\n\t\t\t\t\t\t<div class=\"p-meta has-bookmark\">\r\n\t\t\t\t<div class=\"meta-inner is-meta\">\r\n\t\t\t\t\t\t\t<span class=\"meta-el meta-read\"><i class=\"rbi rbi-watch\" aria-hidden=\"true\"><\/i>6 Min Read<\/span>\r\n\t\t\t\t\t\t<\/div>\r\n\t\t\t\t<span class=\"rb-bookmark bookmark-trigger\" data-pid=\"11517\"><\/span>\t\t\t<\/div>\r\n\t\t\t\t<\/div>\r\n\t\t\t\t<\/div>\r\n\t\t\t<div class=\"p-wrap p-small p-list-small-1\" data-pid=\"10710\">\r\n\t\t\t<div class=\"p-content\">\r\n\t\t\t<div class=\"p-categories p-top\"><a class=\"p-category category-id-3309\" href=\"https:\/\/thelatin.news\/es\/category\/press-relesaes-es\/\" rel=\"category\">Comunicados de prensa<\/a><a class=\"p-category category-id-3294\" href=\"https:\/\/thelatin.news\/es\/category\/europe-es\/\" rel=\"category\">Europa<\/a><\/div><h3 class=\"entry-title\">\t\t<a class=\"p-url\" href=\"https:\/\/thelatin.news\/es\/el-legado-del-latin-rastreando-las-lenguas-romances-en-europa-espana-portugal-italia-francia-rumania-andorra-y-moldavia\/\" rel=\"bookmark\">El legado del lat\u00edn: rastreando las lenguas romances en Europa (Espa\u00f1a, Portugal, Italia, Francia, Rumania, Andorra y Moldavia)<\/a><\/h3><p class=\"entry-summary\">El paisaje ling\u00fc\u00edstico de Europa es una rica tela, tejida con hilos de or\u00edgenes e&hellip;<\/p>\r\n\t\t\t\t\t\t<div class=\"p-meta has-bookmark\">\r\n\t\t\t\t<div class=\"meta-inner is-meta\">\r\n\t\t\t\t\t\t\t<span class=\"meta-el meta-read\"><i class=\"rbi rbi-watch\" aria-hidden=\"true\"><\/i>6 Min Read<\/span>\r\n\t\t\t\t\t\t<\/div>\r\n\t\t\t\t<span class=\"rb-bookmark bookmark-trigger\" data-pid=\"10710\"><\/span>\t\t\t<\/div>\r\n\t\t\t\t<\/div>\r\n\t\t\t\t<\/div>\r\n\t\t\t<div class=\"p-wrap p-small p-list-small-1\" data-pid=\"10712\">\r\n\t\t\t<div class=\"p-content\">\r\n\t\t\t<div class=\"p-categories p-top\"><a class=\"p-category category-id-3309\" href=\"https:\/\/thelatin.news\/es\/category\/press-relesaes-es\/\" rel=\"category\">Comunicados de prensa<\/a><a class=\"p-category category-id-3294\" href=\"https:\/\/thelatin.news\/es\/category\/europe-es\/\" rel=\"category\">Europa<\/a><\/div><h3 class=\"entry-title\">\t\t<a class=\"p-url\" href=\"https:\/\/thelatin.news\/es\/el-papel-de-francia-italia-portugal-espana-y-rumania-en-europa-una-vision-global\/\" rel=\"bookmark\">El papel de Francia, Italia, Portugal, Espa\u00f1a y Rumania en Europa: una visi\u00f3n global<\/a><\/h3><p class=\"entry-summary\">Europe es un continente rico en historia, cultura y diversidad econ\u00f3mica, con cada pa\u00eds contribuyendo&hellip;<\/p>\r\n\t\t\t\t\t\t<div class=\"p-meta has-bookmark\">\r\n\t\t\t\t<div class=\"meta-inner is-meta\">\r\n\t\t\t\t\t\t\t<span class=\"meta-el meta-read\"><i class=\"rbi rbi-watch\" aria-hidden=\"true\"><\/i>5 Min Read<\/span>\r\n\t\t\t\t\t\t<\/div>\r\n\t\t\t\t<span class=\"rb-bookmark bookmark-trigger\" data-pid=\"10712\"><\/span>\t\t\t<\/div>\r\n\t\t\t\t<\/div>\r\n\t\t\t\t<\/div>\r\n\t\t\t<div class=\"p-wrap p-small p-list-small-1\" data-pid=\"10714\">\r\n\t\t\t<div class=\"p-content\">\r\n\t\t\t<div class=\"p-categories p-top\"><a class=\"p-category category-id-3309\" href=\"https:\/\/thelatin.news\/es\/category\/press-relesaes-es\/\" rel=\"category\">Comunicados de prensa<\/a><a class=\"p-category category-id-3294\" href=\"https:\/\/thelatin.news\/es\/category\/europe-es\/\" rel=\"category\">Europa<\/a><\/div><h3 class=\"entry-title\">\t\t<a class=\"p-url\" href=\"https:\/\/thelatin.news\/es\/principales-actores-de-las-bolsas-de-valores-europeas-y-sus-perspectivas-economicas\/\" rel=\"bookmark\">Principales actores de las bolsas de valores europeas y sus perspectivas econ\u00f3micas<\/a><\/h3><p class=\"entry-summary\">El panorama de las bolsas de valores europeas es diverso y din\u00e1mico, con varios actores&hellip;<\/p>\r\n\t\t\t\t\t\t<div class=\"p-meta has-bookmark\">\r\n\t\t\t\t<div class=\"meta-inner is-meta\">\r\n\t\t\t\t\t\t\t<span class=\"meta-el meta-read\"><i class=\"rbi rbi-watch\" aria-hidden=\"true\"><\/i>5 Min Read<\/span>\r\n\t\t\t\t\t\t<\/div>\r\n\t\t\t\t<span class=\"rb-bookmark bookmark-trigger\" data-pid=\"10714\"><\/span>\t\t\t<\/div>\r\n\t\t\t\t<\/div>\r\n\t\t\t\t<\/div>\r\n\t\t\t<div class=\"p-wrap p-small p-list-small-1\" data-pid=\"10716\">\r\n\t\t\t<div class=\"p-content\">\r\n\t\t\t<div class=\"p-categories p-top\"><a class=\"p-category category-id-3309\" href=\"https:\/\/thelatin.news\/es\/category\/press-relesaes-es\/\" rel=\"category\">Comunicados de prensa<\/a><a class=\"p-category category-id-3294\" href=\"https:\/\/thelatin.news\/es\/category\/europe-es\/\" rel=\"category\">Europa<\/a><\/div><h3 class=\"entry-title\">\t\t<a class=\"p-url\" href=\"https:\/\/thelatin.news\/es\/la-fortaleza-del-euro-en-el-mercado-financiero-mundial\/\" rel=\"bookmark\">La fortaleza del euro en el mercado financiero mundial<\/a><\/h3><p class=\"entry-summary\">El euro, como moneda de la zona del euro, es un actor importante en el&hellip;<\/p>\r\n\t\t\t\t\t\t<div class=\"p-meta has-bookmark\">\r\n\t\t\t\t<div class=\"meta-inner is-meta\">\r\n\t\t\t\t\t\t\t<span class=\"meta-el meta-read\"><i class=\"rbi rbi-watch\" aria-hidden=\"true\"><\/i>5 Min Read<\/span>\r\n\t\t\t\t\t\t<\/div>\r\n\t\t\t\t<span class=\"rb-bookmark bookmark-trigger\" data-pid=\"10716\"><\/span>\t\t\t<\/div>\r\n\t\t\t\t<\/div>\r\n\t\t\t\t<\/div>\r\n\t\t\t<div class=\"p-wrap p-small p-list-small-1\" data-pid=\"10718\">\r\n\t\t\t<div class=\"p-content\">\r\n\t\t\t<div class=\"p-categories p-top\"><a class=\"p-category category-id-3309\" href=\"https:\/\/thelatin.news\/es\/category\/press-relesaes-es\/\" rel=\"category\">Comunicados de prensa<\/a><a class=\"p-category category-id-3294\" href=\"https:\/\/thelatin.news\/es\/category\/europe-es\/\" rel=\"category\">Europa<\/a><\/div><h3 class=\"entry-title\">\t\t<a class=\"p-url\" href=\"https:\/\/thelatin.news\/es\/el-valor-estrategico-de-la-distribucion-de-comunicados-de-prensa-en-los-mercados-financieros-europeos\/\" rel=\"bookmark\">El valor estrat\u00e9gico de la distribuci\u00f3n de comunicados de prensa en los mercados financieros europeos<\/a><\/h3><p class=\"entry-summary\">En el intrincado entramado de los mercados financieros europeos, la distribuci\u00f3n de comunicados de prensa&hellip;<\/p>\r\n\t\t\t\t\t\t<div class=\"p-meta has-bookmark\">\r\n\t\t\t\t<div class=\"meta-inner is-meta\">\r\n\t\t\t\t\t\t\t<span class=\"meta-el meta-read\"><i class=\"rbi rbi-watch\" aria-hidden=\"true\"><\/i>8 Min Read<\/span>\r\n\t\t\t\t\t\t<\/div>\r\n\t\t\t\t<span class=\"rb-bookmark bookmark-trigger\" data-pid=\"10718\"><\/span>\t\t\t<\/div>\r\n\t\t\t\t<\/div>\r\n\t\t\t\t<\/div>\r\n\t<\/div><\/div>\t\t<\/div>\n\t\t\t\t<\/div>\n\t\t\t\t\t<\/div>\n\t\t<\/div>\n\t\t\t\t\t<\/div>\n\t\t<\/section>\n\t\t\t\t<\/div>\n\t\t","protected":false},"excerpt":{"rendered":"<p>edit Comunicati stampaEuropa L\u2019eredit\u00e0 del latino: Tracciare le lingue romanze in Europa (Spagna, Portogallo, Italia, Francia, Romania, Andorra e Moldavia) Il paesaggio linguistico dell\u2019Europa \u00e8 una ricca tessitura, intessuta con fili di origini e storie diverse. Tra questi, le lingue con radici nel latino, note come lingue romanze, occupano un&hellip; By Newsroom Giugno 5, 2024 [&hellip;]<\/p>\n","protected":false},"author":1,"featured_media":0,"parent":0,"menu_order":0,"comment_status":"closed","ping_status":"closed","template":"","meta":{"footnotes":""},"class_list":["post-10015","page","type-page","status-publish"],"_links":{"self":[{"href":"https:\/\/thelatin.news\/es\/wp-json\/wp\/v2\/pages\/10015","targetHints":{"allow":["GET"]}}],"collection":[{"href":"https:\/\/thelatin.news\/es\/wp-json\/wp\/v2\/pages"}],"about":[{"href":"https:\/\/thelatin.news\/es\/wp-json\/wp\/v2\/types\/page"}],"author":[{"embeddable":true,"href":"https:\/\/thelatin.news\/es\/wp-json\/wp\/v2\/users\/1"}],"replies":[{"embeddable":true,"href":"https:\/\/thelatin.news\/es\/wp-json\/wp\/v2\/comments?post=10015"}],"version-history":[{"count":35,"href":"https:\/\/thelatin.news\/es\/wp-json\/wp\/v2\/pages\/10015\/revisions"}],"predecessor-version":[{"id":10816,"href":"https:\/\/thelatin.news\/es\/wp-json\/wp\/v2\/pages\/10015\/revisions\/10816"}],"wp:attachment":[{"href":"https:\/\/thelatin.news\/es\/wp-json\/wp\/v2\/media?parent=10015"}],"curies":[{"name":"wp","href":"https:\/\/api.w.org\/{rel}","templated":true}]}}