{"id":7167,"date":"2024-05-14T09:50:58","date_gmt":"2024-05-14T09:50:58","guid":{"rendered":"https:\/\/thelatin.news\/sobre-nosaltres\/"},"modified":"2024-06-08T20:16:34","modified_gmt":"2024-06-08T20:16:34","slug":"sobre-nosaltres","status":"publish","type":"page","link":"https:\/\/thelatin.news\/ca\/sobre-nosaltres\/","title":{"rendered":"Sobre nosaltres"},"content":{"rendered":"\t\t<div data-elementor-type=\"wp-page\" data-elementor-id=\"7167\" class=\"elementor elementor-7167 elementor-2\">\n\t\t\t\t<div class=\"elementor-element elementor-element-cecbabd e-flex e-con-boxed e-con e-parent\" data-id=\"cecbabd\" data-element_type=\"container\">\n\t\t\t\t\t<div class=\"e-con-inner\">\n\t\t<div class=\"elementor-element elementor-element-142e13d e-con-full e-flex e-con e-child\" data-id=\"142e13d\" data-element_type=\"container\">\n\t\t\t\t<div class=\"elementor-element elementor-element-fafdd90 elementor-widget elementor-widget-text-editor\" data-id=\"fafdd90\" data-element_type=\"widget\" data-widget_type=\"text-editor.default\">\n\t\t\t\t<div class=\"elementor-widget-container\">\n\t\t\t\t\t\t\t<h2>Sobre TheLatin.News\u2122<\/h2><p>TheLatin.News\u2122 agrupa, publica i distribueix not\u00edcies sobre Andora, Fran\u00e7a, It\u00e0lia, Mold\u00e0via, Portugal, Romania i Espanya. Els comunicats de premsa es publiquen i es distribueixen als mitjans de comunicaci\u00f3 en franc\u00e8s, itali\u00e0, portugu\u00e8s, espanyol i roman\u00e8s, tots idiomes amb arrels en llat\u00ed. Per obtenir m\u00e9s informaci\u00f3 sobre la distribuci\u00f3 de notes de premsa a aquests pa\u00efsos o a tota Europa, poseu-vos en contacte amb <a href=\"https:\/\/europenewswire.net\/\">EuropeNewswire.Net<\/a> o poseu-vos en contacte amb nosaltres a aquestes aplicacions de missatgeria: <a href=\"https:\/\/api.whatsapp.com\/send\/?phone=18327162363&amp;text&amp;app_absent=0\">WhatsApp<\/a> , <a href=\"skype:groupwebmedia?xat\">Skype<\/a> o <a href=\"https:\/\/t.me\/groupwebmedia\">Telegram<\/a> .<\/p><h2 style=\"margin: 15px 0;\">Sobre la influ\u00e8ncia llatina a Europa<\/h2><h3><a href=\"https:\/\/thelatin.news\/the-role-of-france-italy-portugal-spain-and-romania-in-europe-a-comprehensive-overview\/\">El paper de Fran\u00e7a, It\u00e0lia, Portugal, Espanya i Romania a Europa: una visi\u00f3 general<\/a><\/h3><p>Europa \u00e9s un continent ric en hist\u00f2ria, cultura i diversitat econ\u00f2mica, i cada pa\u00eds contribueix de manera \u00fanica al teixit de la Uni\u00f3 Europea (UE). Fran\u00e7a, It\u00e0lia, Portugal, Espanya i Romania s\u00f3n cinc d&#8217;aquestes nacions, cadascuna jugant un paper fonamental en el desenvolupament i el sosteniment de la integraci\u00f3 i la identitat europees. Aquest assaig aprofundeix en les contribucions individuals d&#8217;aquests pa\u00efsos al projecte europeu&#8230; <a href=\"https:\/\/thelatin.news\/the-role-of-france-italy-portugal-spain-and-romania-in-europe-a-comprehensive-overview\/\">Llegeix m\u00e9s<\/a><\/p><h3><a href=\"https:\/\/thelatin.news\/the-legacy-of-latin-tracing-the-romance-languages-in-europe-spain-portugal-italy-france-romania-andorra-and-moldova\/\">El llegat del llat\u00ed: rastrejant les lleng\u00fces rom\u00e0niques a Europa (Espanya, Portugal, It\u00e0lia, Fran\u00e7a, Romania, Andorra i Mold\u00e0via)<\/a><\/h3><p>El paisatge ling\u00fc\u00edstic d&#8217;Europa \u00e9s un ric tap\u00eds, teixit amb fils d&#8217;or\u00edgens i hist\u00f2ries diverses. Entre aquestes, les lleng\u00fces amb arrels en llat\u00ed, conegudes com a lleng\u00fces rom\u00e0niques, ocupen un lloc especial. S\u00f3n el llegat viu de l&#8217;Imperi Rom\u00e0, un testimoni de la influ\u00e8ncia perdurable del llat\u00ed, la llengua dels romans&#8230; <a href=\"https:\/\/thelatin.news\/the-legacy-of-latin-tracing-the-romance-languages-in-europe-spain-portugal-italy-france-romania-andorra-and-moldova\/\">Llegeix m\u00e9s<\/a><\/p>\t\t\t\t\t\t<\/div>\n\t\t\t\t<\/div>\n\t\t\t\t<\/div>\n\t\t<div class=\"elementor-element elementor-element-1525e39 e-con-full rb-sticky e-flex e-con e-child\" data-id=\"1525e39\" data-element_type=\"container\">\n\t\t\t\t<div class=\"elementor-element elementor-element-0495956 elementor-widget elementor-widget-foxiz-heading\" data-id=\"0495956\" data-element_type=\"widget\" data-widget_type=\"foxiz-heading.default\">\n\t\t\t\t<div class=\"elementor-widget-container\">\n\t\t\t<div id=\"uid_0495956\" class=\"block-h heading-layout-2\"><div class=\"heading-inner\"><h2 class=\"heading-title\"><span>\u00daltimes not\u00edcies<\/span><\/h2><\/div><\/div>\t\t<\/div>\n\t\t\t\t<\/div>\n\t\t\t\t<div class=\"elementor-element elementor-element-912eb7a elementor-widget elementor-widget-foxiz-list-small-2\" data-id=\"912eb7a\" data-element_type=\"widget\" data-widget_type=\"foxiz-list-small-2.default\">\n\t\t\t\t<div class=\"elementor-widget-container\">\n\t\t\t<div id=\"uid_912eb7a\" class=\"block-wrap block-small block-list block-list-small-2 rb-columns rb-col-1 is-feat-left meta-s-default\"><div class=\"block-inner\">\t\t<div class=\"p-wrap p-small p-list-small-2\" data-pid=\"15719\">\r\n\t\t\t<div class=\"p-content\">\r\n\t\t\t<h5 class=\"entry-title\">\t\t<a class=\"p-url\" href=\"https:\/\/thelatin.news\/ca\/el-fabricant-de-robots-universal-robots-sincorpora-al-dfactory-barcelona\/\" rel=\"bookmark\">El fabricant de robots Universal Robots s&#8217;incorpora al DFactory Barcelona<\/a><\/h5>\t\t\t<div class=\"p-meta\">\r\n\t\t\t\t<div class=\"meta-inner is-meta\">\r\n\t\t\t\t\t<span class=\"meta-el meta-update\">\r\n\t\t<i class=\"rbi rbi-time\" aria-hidden=\"true\"><\/i>\t\t<time class=\"updated\" datetime=\"2024-11-07T15:30:09+00:00\">7 de novembre de 2024<\/time>\r\n\t\t<\/span>\r\n\t\t\t\t\t\t<\/div>\r\n\t\t\t\t\t\t\t<\/div>\r\n\t\t\t\t<\/div>\r\n\t\t\t\t<\/div>\r\n\t\t\t<div class=\"p-wrap p-small p-list-small-2\" data-pid=\"15432\">\r\n\t\t\t<div class=\"p-content\">\r\n\t\t\t<h5 class=\"entry-title\">\t\t<a class=\"p-url\" href=\"https:\/\/thelatin.news\/ca\/carmen-janeiro-la-germana-de-jesulin-de-ubrique-empresaria-dexit-a-marbella-amb-2-empreses\/\" rel=\"bookmark\">Carmen Janeiro, la germana de Jesul\u00edn de Ubrique, empres\u00e0ria d&#8217;\u00e8xit a Marbella amb 2 empreses&#8230;<\/a><\/h5>\t\t\t<div class=\"p-meta\">\r\n\t\t\t\t<div class=\"meta-inner is-meta\">\r\n\t\t\t\t\t<span class=\"meta-el meta-update\">\r\n\t\t<i class=\"rbi rbi-time\" aria-hidden=\"true\"><\/i>\t\t<time class=\"updated\" datetime=\"2024-10-25T08:10:07+00:00\">25 d'octubre de 2024<\/time>\r\n\t\t<\/span>\r\n\t\t\t\t\t\t<\/div>\r\n\t\t\t\t\t\t\t<\/div>\r\n\t\t\t\t<\/div>\r\n\t\t\t\t<\/div>\r\n\t\t\t<div class=\"p-wrap p-small p-list-small-2\" data-pid=\"15431\">\r\n\t\t\t<div class=\"p-content\">\r\n\t\t\t<h5 class=\"entry-title\">\t\t<a class=\"p-url\" href=\"https:\/\/thelatin.news\/ca\/carlos-alcaraz-titubeja-en-la-seva-estrena-a-la-laver-cup-al-costat-de-zverev\/\" rel=\"bookmark\">Carlos Alcaraz titubeja en la seva estrena a la Laver Cup al costat de Zverev<\/a><\/h5>\t\t\t<div class=\"p-meta\">\r\n\t\t\t\t<div class=\"meta-inner is-meta\">\r\n\t\t\t\t\t<span class=\"meta-el meta-update\">\r\n\t\t<i class=\"rbi rbi-time\" aria-hidden=\"true\"><\/i>\t\t<time class=\"updated\" datetime=\"2024-10-25T07:50:08+00:00\">25 d'octubre de 2024<\/time>\r\n\t\t<\/span>\r\n\t\t\t\t\t\t<\/div>\r\n\t\t\t\t\t\t\t<\/div>\r\n\t\t\t\t<\/div>\r\n\t\t\t\t<\/div>\r\n\t\t\t<div class=\"p-wrap p-small p-list-small-2\" data-pid=\"15430\">\r\n\t\t\t<div class=\"p-content\">\r\n\t\t\t<h5 class=\"entry-title\">\t\t<a class=\"p-url\" href=\"https:\/\/thelatin.news\/ca\/bartolome-nofuentes-participa-de-manera-destacada-en-la-semana-europea-de-las-regiones-y-ciudades-celebrada-en-bruselas\/\" rel=\"bookmark\">Bartolom\u00e9 Nofuentes participa de manera destacada en la Semana Europea de las Regiones y Ciudades celebrada en Bruselas<\/a><\/h5>\t\t\t<div class=\"p-meta\">\r\n\t\t\t\t<div class=\"meta-inner is-meta\">\r\n\t\t\t\t\t<span class=\"meta-el meta-update\">\r\n\t\t<i class=\"rbi rbi-time\" aria-hidden=\"true\"><\/i>\t\t<time class=\"updated\" datetime=\"2024-10-25T07:40:12+00:00\">25 d'octubre de 2024<\/time>\r\n\t\t<\/span>\r\n\t\t\t\t\t\t<\/div>\r\n\t\t\t\t\t\t\t<\/div>\r\n\t\t\t\t<\/div>\r\n\t\t\t\t<\/div>\r\n\t\t\t<div class=\"p-wrap p-small p-list-small-2\" data-pid=\"15429\">\r\n\t\t\t<div class=\"p-content\">\r\n\t\t\t<h5 class=\"entry-title\">\t\t<a class=\"p-url\" href=\"https:\/\/thelatin.news\/ca\/dos-lleidatans-campions-de-la-supercopa-de-franca-dhoquei-patins\/\" rel=\"bookmark\">Dos lleidatans, campions de la Supercopa de Fran\u00e7a d&#8217;hoquei patins<\/a><\/h5>\t\t\t<div class=\"p-meta\">\r\n\t\t\t\t<div class=\"meta-inner is-meta\">\r\n\t\t\t\t\t<span class=\"meta-el meta-update\">\r\n\t\t<i class=\"rbi rbi-time\" aria-hidden=\"true\"><\/i>\t\t<time class=\"updated\" datetime=\"2024-10-25T07:30:13+00:00\">25 d'octubre de 2024<\/time>\r\n\t\t<\/span>\r\n\t\t\t\t\t\t<\/div>\r\n\t\t\t\t\t\t\t<\/div>\r\n\t\t\t\t<\/div>\r\n\t\t\t\t<\/div>\r\n\t<\/div><\/div>\t\t<\/div>\n\t\t\t\t<\/div>\n\t\t\t\t<\/div>\n\t\t\t\t\t<\/div>\n\t\t\t\t<\/div>\n\t\t\t\t<\/div>\n\t\t","protected":false},"excerpt":{"rendered":"<p>Sobre TheLatin.News\u2122 TheLatin.News\u2122 agrupa, publica i distribueix not\u00edcies sobre Andora, Fran\u00e7a, It\u00e0lia, Mold\u00e0via, Portugal, Romania i Espanya. Els comunicats de premsa es publiquen i es distribueixen als mitjans de comunicaci\u00f3 en franc\u00e8s, itali\u00e0, portugu\u00e8s, espanyol i roman\u00e8s, tots idiomes amb arrels en llat\u00ed. Per obtenir m\u00e9s informaci\u00f3 sobre la distribuci\u00f3 de notes de premsa a [&hellip;]<\/p>\n","protected":false},"author":1,"featured_media":0,"parent":0,"menu_order":0,"comment_status":"closed","ping_status":"closed","template":"","meta":{"footnotes":""},"class_list":["post-7167","page","type-page","status-publish"],"_links":{"self":[{"href":"https:\/\/thelatin.news\/ca\/wp-json\/wp\/v2\/pages\/7167","targetHints":{"allow":["GET"]}}],"collection":[{"href":"https:\/\/thelatin.news\/ca\/wp-json\/wp\/v2\/pages"}],"about":[{"href":"https:\/\/thelatin.news\/ca\/wp-json\/wp\/v2\/types\/page"}],"author":[{"embeddable":true,"href":"https:\/\/thelatin.news\/ca\/wp-json\/wp\/v2\/users\/1"}],"replies":[{"embeddable":true,"href":"https:\/\/thelatin.news\/ca\/wp-json\/wp\/v2\/comments?post=7167"}],"version-history":[{"count":16,"href":"https:\/\/thelatin.news\/ca\/wp-json\/wp\/v2\/pages\/7167\/revisions"}],"predecessor-version":[{"id":10741,"href":"https:\/\/thelatin.news\/ca\/wp-json\/wp\/v2\/pages\/7167\/revisions\/10741"}],"wp:attachment":[{"href":"https:\/\/thelatin.news\/ca\/wp-json\/wp\/v2\/media?parent=7167"}],"curies":[{"name":"wp","href":"https:\/\/api.w.org\/{rel}","templated":true}]}}